{"id":7510,"date":"2024-05-25T21:24:44","date_gmt":"2024-05-25T21:24:44","guid":{"rendered":"https:\/\/diocesisdelinares.com\/100\/?page_id=7510"},"modified":"2024-05-25T22:32:04","modified_gmt":"2024-05-25T22:32:04","slug":"recorrido-virtual-chanco","status":"publish","type":"page","link":"https:\/\/diocesisdelinares.com\/100\/recorrido-virtual-chanco\/","title":{"rendered":"Santuario Nuestra Se\u00f1ora de la Candelaria Chanco"},"content":{"rendered":"<div data-colibri-id=\"7510-c1\" class=\"style-3161 style-local-7510-c1 position-relative\">\n  <!---->\n  <div data-colibri-component=\"section\" data-colibri-id=\"7510-c2\" id=\"about\" class=\"h-section h-section-global-spacing d-flex align-items-lg-center align-items-md-center align-items-center style-3162 style-local-7510-c2 position-relative\">\n    <!---->\n    <!---->\n    <div class=\"h-section-grid-container h-section-boxed-container\">\n      <!---->\n      <div data-colibri-id=\"7510-c3\" class=\"h-row-container gutters-row-lg-2 gutters-row-md-2 gutters-row-2 gutters-row-v-lg-2 gutters-row-v-md-2 gutters-row-v-2 style-3163 style-local-7510-c3 position-relative\">\n        <!---->\n        <div class=\"h-row justify-content-lg-center justify-content-md-center justify-content-center align-items-lg-stretch align-items-md-stretch align-items-stretch gutters-col-lg-2 gutters-col-md-2 gutters-col-2 gutters-col-v-lg-2 gutters-col-v-md-2 gutters-col-v-2\">\n          <!---->\n          <div class=\"h-column h-column-container d-flex h-col-lg-auto h-col-md-auto h-col-auto style-3164-outer style-local-7510-c4-outer\">\n            <div data-colibri-id=\"7510-c4\" class=\"d-flex h-flex-basis h-column__inner h-px-lg-2 h-px-md-2 h-px-2 v-inner-lg-2 v-inner-md-2 v-inner-2 style-3164 style-local-7510-c4 position-relative\">\n              <!---->\n              <!---->\n              <div class=\"w-100 h-y-container h-column__content h-column__v-align flex-basis-100 align-self-lg-center align-self-md-center align-self-center\">\n                <!---->\n                <div data-colibri-id=\"7510-c5\" class=\"h-global-transition-all h-heading style-3165 style-local-7510-c5 position-relative h-element\">\n                  <!---->\n                  <div class=\"h-heading__outer style-3165 style-local-7510-c5\">\n                    <!---->\n                    <!---->\n                    <a href=\"https:\/\/app.lapentor.com\/sphere\/parroquia-maria-auxiliadora-salesianos-linares\" target=\"_blank\" h-use-smooth-scroll=\"true\" rel=\"noopener\">\n                      <h5 class=\"\">Parroquia san ambrosio, chanco\n                        <br>santuario nuestra se\u00f1ora de la candelaria<\/h5>\n                    <\/a>\n                  <\/div>\n                <\/div>\n                <div data-colibri-id=\"7510-c6\" class=\"h-global-transition-all h-heading style-3166 style-local-7510-c6 position-relative h-element\">\n                  <!---->\n                  <div class=\"h-heading__outer style-3166 style-local-7510-c6\">\n                    <!---->\n                    <!---->\n                    <h2 class=\"\">Cada \u00edcono lleva a la&nbsp;<em style=\"color: rgb(247, 144, 7); font-family: &quot;Playfair Display&quot;;\">historia<\/em> y los&nbsp;&nbsp;<em style=\"color: rgb(247, 144, 7); font-family: &quot;Playfair Display&quot;;\">detalles<\/em>                      de la im\u00e1gen o espacio seleccionado<\/h2>\n                  <\/div>\n                <\/div>\n                <div data-colibri-id=\"7510-c7\" class=\"h-text h-text-component style-3167 style-local-7510-c7 position-relative h-element\">\n                  <!---->\n                  <!---->\n                  <div class=\"\">\n                    <p>La Parroquia San Ambrosio de Chanco fue fundada el 24 de enero de 1835.<\/p>\n                    <p><span style=\"color: rgb(3, 3, 3); font-weight: 400;\">Historia Anterior: CHANCO<\/span><\/p>\n                    <p>(Texto original del padre Jofr\u00e9 Rojas, extractado de un libro publicado por la Di\u00f3cesis de Linares)<\/p>\n                    <p>\u201cEl pueblo de Chanco esta situado por la costa y hacia el norte a 20 kil\u00f3metros de Curanipe; su nombre en mapudung\u00fan significa \u201cbrazo de r\u00edo\u201d. Es un pueblo antiqu\u00edsimo, pues fue primeramente la sede del Cacicado del lugar, poblado\n                      que aument\u00f3 de tama\u00f1o con la llegada de los primeros espa\u00f1oles encomenderos que vinieron a explotar los campos.<\/p>\n                    <p>Hay constancia que en 1699 ya exist\u00eda un pueblo, pues en el Archivo Parroquial pueden encontrarse m\u00e1s de 125 familias distintas que habitaban en el lugar y sus alrededores. En 1675 aparece, nombrada por primera vez, la existencia del\n                      pueblo como tal.<\/p>\n                    <p>Desde 1663, el pueblo era atendido en lo espiritual por franciscanos del Convento de Unihue, lugar equidistante entre Chanco, Cauquenes y Sauzal. Estos religiosos visitaban anualmente la regi\u00f3n en dos jornadas de ocho d\u00edas, en calidad\n                      de \u201ctenientes curas del doctrinero\u201d.<\/p>\n                  <\/div>\n                <\/div>\n                <div data-colibri-id=\"7510-c8\" class=\"style-3210 style-local-7510-c8 position-relative h-element\">\n                  <!---->\n                  <div class=\"\"><iframe style=\"border-radius:12px\" src=\"https:\/\/open.spotify.com\/embed\/episode\/3jXJAng7XPPylQRdxAEfAd?utm_source=generator\" width=\"100%\" height=\"352\" frameBorder=\"0\" allowfullscreen=\"\" allow=\"autoplay; clipboard-write; encrypted-media; fullscreen; picture-in-picture\" loading=\"lazy\"><\/iframe><\/div>\n                <\/div>\n                <div data-colibri-id=\"7510-c9\" class=\"h-x-container style-3168 style-local-7510-c9 position-relative h-element\">\n                  <!---->\n                  <div class=\"h-x-container-inner style-dynamic-7510-c9-group style-3168-spacing style-local-7510-c9-spacing\"><span class=\"h-button__outer style-3169-outer style-local-7510-c10-outer d-inline-flex h-element\"><a h-use-smooth-scroll=\"true\" href=\"https:\/\/app.lapentor.com\/sphere\/nstra-sra-de-la-candelaria-chancotemplo-san-ambrosio\" target=\"_blank\" data-colibri-id=\"7510-c10\" class=\"d-flex w-100 align-items-center h-button justify-content-lg-center justify-content-md-center justify-content-center style-3169 style-local-7510-c10 position-relative\" rel=\"noopener\"><!----><!----> <span>Iniciar Recorrido Virtual pntalla completa<\/span><\/a>\n                    <\/span>\n                  <\/div>\n                <\/div>\n              <\/div>\n            <\/div>\n          <\/div>\n          <div class=\"h-column h-column-container d-flex h-col-lg-auto h-col-md-auto h-col-auto style-3170-outer style-local-7510-c11-outer\">\n            <div data-colibri-id=\"7510-c11\" class=\"d-flex h-flex-basis h-column__inner h-px-lg-2 h-px-md-2 h-px-2 v-inner-lg-2 v-inner-md-2 v-inner-2 style-3170 style-local-7510-c11 position-relative\">\n              <!---->\n              <!---->\n              <div class=\"w-100 h-y-container h-column__content h-column__v-align flex-basis-100 align-self-lg-center align-self-md-center align-self-center\">\n                <!---->\n                <div data-colibri-id=\"7510-c12\" class=\"style-3171 style-local-7510-c12 position-relative h-element\">\n                  <!---->\n                  <div class=\"\"><iframe loading=\"lazy\" src=\"https:\/\/app.lapentor.com\/sphere\/nstra-sra-de-la-candelaria-chancotemplo-san-ambrosio\" frameborder=\"0\" width=\"100%\" height=\"400px\" scrolling=\"no\" allow=\"vr,gyroscope,accelerometer\" allowfullscreen=\"true\" webkitallowfullscreen=\"true\" mozallowfullscreen=\"true\" oallowfullscreen=\"true\" msallowfullscreen=\"true\"><\/iframe><\/div>\n                <\/div>\n              <\/div>\n            <\/div>\n          <\/div>\n        <\/div>\n      <\/div>\n    <\/div>\n  <\/div>\n  <div data-colibri-component=\"section\" data-colibri-id=\"7510-c13\" id=\"custom\" class=\"h-section h-section-global-spacing d-flex align-items-lg-center align-items-md-center align-items-center style-3183 style-local-7510-c13 position-relative\">\n    <!---->\n    <!---->\n    <div class=\"h-section-grid-container h-section-boxed-container\">\n      <!---->\n      <div data-colibri-id=\"7510-c14\" class=\"h-row-container gutters-row-lg-2 gutters-row-md-2 gutters-row-0 gutters-row-v-lg-2 gutters-row-v-md-2 gutters-row-v-2 style-3186 style-local-7510-c14 position-relative\">\n        <!---->\n        <div class=\"h-row justify-content-lg-center justify-content-md-center justify-content-center align-items-lg-stretch align-items-md-stretch align-items-stretch gutters-col-lg-2 gutters-col-md-2 gutters-col-0 gutters-col-v-lg-2 gutters-col-v-md-2 gutters-col-v-2\">\n          <!---->\n          <div class=\"h-column h-column-container d-flex h-col-lg-auto h-col-md-auto h-col-auto style-3187-outer style-local-7510-c15-outer\">\n            <div data-colibri-id=\"7510-c15\" class=\"d-flex h-flex-basis h-column__inner h-px-lg-2 h-px-md-2 h-px-2 v-inner-lg-2 v-inner-md-2 v-inner-2 style-3187 style-local-7510-c15 position-relative\">\n              <!---->\n              <!---->\n              <div class=\"w-100 h-y-container h-column__content h-column__v-align flex-basis-100 align-self-lg-start align-self-md-start align-self-start\">\n                <!---->\n                <div data-colibri-id=\"7510-c16\" class=\"h-text h-text-component style-3188 style-local-7510-c16 position-relative h-element\">\n                  <!---->\n                  <!---->\n                  <div class=\"\">\n                    <p><strong>LA ANTIGUA IGLESIA<\/strong><\/p>\n                    <p>Su Templo estaba ubicado en el centro de la actual Plaza de la ciudad y med\u00eda alrededor de 8 metros de ancho por 16 de largo. Estaba construido de murallas de adob\u00f3n y su techumbre era de tejas, con corredores por el lado norte y poniente\n                      que lo defend\u00edan de las lluvias y, seg\u00fan consta en el decreto de fundaci\u00f3n de la Parroquia hecho por el obispo don Jos\u00e9 Ignacio Cienfuegos \u201cel Templo fue construido con el aporte de todos los vecinos\u201d. Fue demolido en 1910, quedando\n                      sepultado entonces bajo la actual Plaza el antiguo Cementerio Parroquial.\u201d\n                      <br>\n                    <\/p>\n                    <p><strong>LA PARROQUIA DE CHANCO<\/strong>\n                      <br>\n                    <\/p>\n                    <p>Desde el 6 de febrero del 1781 comienza a ser la Doctrina de Chanco Viceparroquia y se abren los primeros libros parroquiales, en donde se inscriben los bautizos, matrimonios y defunciones. Su primer vice p\u00e1rroco fue fray Jos\u00e9 Montero.\n                      <br>\n                    <\/p>\n                    <p>Por decreto del obispo don Jos\u00e9 Ignacio Cienfuegos, el 24 de enero de 1835 fue erigida la parroquia de San Ambrosio de Chanco, siendo su primer cura p\u00e1rroco don Esteban Riveros.\n                      <br>\n                    <\/p>\n                    <p>Poco despu\u00e9s de la creaci\u00f3n de la parroquia, sufri\u00f3 Chanco un tremendo terremoto, que conmovi\u00f3 a sus tranquilos habitantes y produjo muchos destrozos derribando edificios, entre otros la Iglesia de la Villa, que se levantaba como dijimos\n                      anteriormente en donde est\u00e1 actualmente la Plaza. as\u00ed como fue acompa\u00f1ado por una salida de mar \u2013fue \u00e9ste el terremoto del 20 de febrero de 1835- el que a semejanza del tristemente famoso sismo del 24 de enero de 1939, asol\u00f3 las\n                      regiones comprendidas entre los r\u00edos Maule y B\u00edo B\u00edo y destruy\u00f3 particularmente la ciudad de Chill\u00e1n.\n                      <br>\n                    <\/p>\n                    <p>Es f\u00e1cil comprender la consternaci\u00f3n que esto produjo en toda la regi\u00f3n de la costa. Sin embargo, los chanquinos no se amilanaron, ya al a\u00f1o siguiente comenzaron la reconstrucci\u00f3n del Templo; para cuyos efectos- con las debidas autorizaciones,\n                      se vendieron, en subasta p\u00fablica, alguna alhajas de oro y de plata que adornaban la imagen de Nuestra Se\u00f1ora de la Candelaria. Los trabajos de reconstrucci\u00f3n duraron hasta el a\u00f1o 1840.<\/p>\n                    <p>Seg\u00fan los datos recogidos por los historiadores la imagen tiene m\u00e1s de 250 a\u00f1os de permanencia en Chanco.<\/p>\n                    <p>\n                      <br>\n                    <\/p>\n                    <p>La parroquia de San Ambrosio fue fundada el 24 de enero de 1835 por decreto del obispo don Jos\u00e9 Ignacio Cienfuegos. Pertenece a la Zona T\u00edpica de Chanco, es un referente en el patrimonio arquitect\u00f3nico de la ciudad desde el a\u00f1o 2000.\n                      El terremoto de 2010 ocasion\u00f3 graves da\u00f1os a la iglesia por lo que fue demolida. Posteriormente dio inicio a un proyecto de restauraci\u00f3n ejecutado por la Direcci\u00f3n de Arquitectura del Ministerio de Obras P\u00fablicas. El 24 de enero\n                      de 2020 se dio por concluida la restauraci\u00f3n del templo parroquial de San Ambrosio de Chanco, considerado como monumento hist\u00f3rico nacional, manteniendo el estilo arquitect\u00f3nico de la iglesia previo al sismo del 27 de febrero del\n                      2010. Con presencia de autoridades y con financiamiento de recursos estatales, fue consagrado el templo por monse\u00f1or Tomislav Koljatic, Obispo de Linares. Ese mismo d\u00eda por la tarde-noche se dio inicio a la novena de Nuestra Se\u00f1ora\n                      de la Candelaria de Chanco. En la historia de esta parroquia se recuerda el liderazgo del Padre Rolando Escobar Belmar, quien por largos a\u00f1os acompa\u00f1\u00f3 el caminar de Chanco y sus comunidades, quienes a\u00fan le recuerdan con gran cari\u00f1o.\n                      Su actual p\u00e1rroco es el Padre Francisco Hormaz\u00e1bal Pastenes, sacerdote diocesano.<\/p>\n                    <p>\n                      <br>\n                    <\/p>\n                    <p>\n                      <br>\n                    <\/p>\n                  <\/div>\n                <\/div>\n              <\/div>\n            <\/div>\n          <\/div>\n        <\/div>\n      <\/div>\n      <div data-colibri-id=\"7510-c17\" class=\"h-row-container gutters-row-lg-2 gutters-row-md-2 gutters-row-0 gutters-row-v-lg-2 gutters-row-v-md-2 gutters-row-v-2 style-3184 style-local-7510-c17 position-relative\">\n        <!---->\n        <div class=\"h-row justify-content-lg-center justify-content-md-center justify-content-center align-items-lg-stretch align-items-md-stretch align-items-stretch gutters-col-lg-2 gutters-col-md-2 gutters-col-0 gutters-col-v-lg-2 gutters-col-v-md-2 gutters-col-v-2\">\n          <!---->\n          <div class=\"h-column h-column-container d-flex h-col-lg-auto h-col-md-auto h-col-auto style-3185-outer style-local-7510-c18-outer\">\n            <div data-colibri-id=\"7510-c18\" class=\"d-flex h-flex-basis h-column__inner h-ui-empty-state-container h-px-lg-2 h-px-md-2 h-px-2 v-inner-lg-2 v-inner-md-2 v-inner-2 style-3185 style-local-7510-c18 position-relative\">\n              <!---->\n              <!---->\n              <div class=\"w-100 h-y-container h-column__content h-column__v-align flex-basis-100\">\n                <!---->\n              <\/div>\n            <\/div>\n          <\/div>\n        <\/div>\n      <\/div>\n    <\/div>\n  <\/div>\n<\/div>","protected":false},"excerpt":{"rendered":"<p>Parroquia san ambrosio, chanco santuario nuestra se\u00f1ora de la candelaria Cada \u00edcono lleva a la&nbsp;historia y los&nbsp;&nbsp;detalles de la im\u00e1gen o espacio seleccionado La Parroquia San Ambrosio de Chanco fue fundada el 24 de enero de 1835. Historia Anterior: CHANCO (Texto original del padre Jofr\u00e9 Rojas, extractado de un libro publicado por la Di\u00f3cesis de [&hellip;]<\/p>\n","protected":false},"author":1,"featured_media":0,"parent":0,"menu_order":0,"comment_status":"closed","ping_status":"closed","template":"page-templates\/full-width-page.php","meta":{"footnotes":""},"class_list":["post-7510","page","type-page","status-publish","hentry"],"_links":{"self":[{"href":"https:\/\/diocesisdelinares.com\/100\/wp-json\/wp\/v2\/pages\/7510","targetHints":{"allow":["GET"]}}],"collection":[{"href":"https:\/\/diocesisdelinares.com\/100\/wp-json\/wp\/v2\/pages"}],"about":[{"href":"https:\/\/diocesisdelinares.com\/100\/wp-json\/wp\/v2\/types\/page"}],"author":[{"embeddable":true,"href":"https:\/\/diocesisdelinares.com\/100\/wp-json\/wp\/v2\/users\/1"}],"replies":[{"embeddable":true,"href":"https:\/\/diocesisdelinares.com\/100\/wp-json\/wp\/v2\/comments?post=7510"}],"version-history":[{"count":4,"href":"https:\/\/diocesisdelinares.com\/100\/wp-json\/wp\/v2\/pages\/7510\/revisions"}],"predecessor-version":[{"id":7648,"href":"https:\/\/diocesisdelinares.com\/100\/wp-json\/wp\/v2\/pages\/7510\/revisions\/7648"}],"wp:attachment":[{"href":"https:\/\/diocesisdelinares.com\/100\/wp-json\/wp\/v2\/media?parent=7510"}],"curies":[{"name":"wp","href":"https:\/\/api.w.org\/{rel}","templated":true}]}}