{"id":6386,"date":"2023-05-26T20:28:29","date_gmt":"2023-05-26T20:28:29","guid":{"rendered":"https:\/\/diocesisdelinares.com\/100\/?page_id=6386"},"modified":"2023-05-26T21:04:03","modified_gmt":"2023-05-26T21:04:03","slug":"cristo-del-espino","status":"publish","type":"page","link":"https:\/\/diocesisdelinares.com\/100\/parroquia-san-alfonso\/cristo-del-espino\/","title":{"rendered":"Cristo del Espino"},"content":{"rendered":"<div data-colibri-id=\"6386-c1\" class=\"style-2689 style-local-6386-c1 position-relative\">\n  <!---->\n  <div data-colibri-component=\"section\" data-colibri-id=\"6386-c2\" id=\"about\" class=\"h-section h-section-global-spacing d-flex align-items-lg-center align-items-md-center align-items-center style-2690 style-local-6386-c2 position-relative\">\n    <!---->\n    <!---->\n    <div class=\"h-section-grid-container h-section-boxed-container\">\n      <!---->\n      <div data-colibri-id=\"6386-c3\" class=\"h-row-container gutters-row-lg-2 gutters-row-md-2 gutters-row-0 gutters-row-v-lg-2 gutters-row-v-md-2 gutters-row-v-2 style-2691 style-local-6386-c3 position-relative\">\n        <!---->\n        <div class=\"h-row justify-content-lg-center justify-content-md-center justify-content-center align-items-lg-stretch align-items-md-stretch align-items-stretch gutters-col-lg-2 gutters-col-md-2 gutters-col-0 gutters-col-v-lg-2 gutters-col-v-md-2 gutters-col-v-2\">\n          <!---->\n          <div class=\"h-column h-column-container d-flex h-col-lg-auto h-col-md-auto h-col-auto style-2692-outer style-local-6386-c4-outer\">\n            <div data-colibri-id=\"6386-c4\" class=\"d-flex h-flex-basis h-column__inner h-px-lg-2 h-px-md-2 h-px-2 v-inner-lg-2 v-inner-md-2 v-inner-2 style-2692 style-local-6386-c4 position-relative\">\n              <!---->\n              <!---->\n              <div class=\"w-100 h-y-container h-column__content h-column__v-align flex-basis-100 align-self-lg-start align-self-md-start align-self-start\">\n                <!---->\n                <div data-colibri-id=\"6386-c5\" class=\"h-x-container style-2693 style-local-6386-c5 position-relative h-element\">\n                  <!---->\n                  <div class=\"h-x-container-inner style-dynamic-6386-c5-group\">\n                    <!----><span class=\"h-button__outer style-2694-outer style-local-6386-c6-outer d-inline-flex h-element\"><a  h-use-smooth-scroll=\"true\" href=\"https:\/\/diocesisdelinares.com\/100\/\"  data-colibri-id=\"6386-c6\" class=\"d-flex w-100 align-items-center h-button justify-content-lg-center justify-content-md-center justify-content-center style-2694 style-local-6386-c6 position-relative\"><!----><!----> <span >Volver a la p\u00e1gina de inicio<\/span><\/a>\n                    <\/span>\n                  <\/div>\n                <\/div>\n              <\/div>\n            <\/div>\n          <\/div>\n        <\/div>\n      <\/div>\n      <div data-colibri-id=\"6386-c7\" class=\"h-row-container gutters-row-lg-2 gutters-row-md-2 gutters-row-2 gutters-row-v-lg-2 gutters-row-v-md-2 gutters-row-v-2 style-2695 style-local-6386-c7 position-relative\">\n        <!---->\n        <div class=\"h-row justify-content-lg-center justify-content-md-center justify-content-center align-items-lg-stretch align-items-md-stretch align-items-stretch gutters-col-lg-2 gutters-col-md-2 gutters-col-2 gutters-col-v-lg-2 gutters-col-v-md-2 gutters-col-v-2\">\n          <!---->\n          <div class=\"h-column h-column-container d-flex h-col-lg-auto h-col-md-auto h-col-auto style-2696-outer style-local-6386-c8-outer\">\n            <div data-colibri-id=\"6386-c8\" class=\"d-flex h-flex-basis h-column__inner h-px-lg-2 h-px-md-2 h-px-2 v-inner-lg-2 v-inner-md-2 v-inner-2 style-2696 style-local-6386-c8 position-relative\">\n              <!---->\n              <!---->\n              <div class=\"w-100 h-y-container h-column__content h-column__v-align flex-basis-100 align-self-lg-center align-self-md-center align-self-center\">\n                <!---->\n                <div data-colibri-id=\"6386-c26\" class=\"d-block style-2714 style-local-6386-c26 position-relative h-element\">\n                  <!---->\n                  <div class=\"h-image__frame-container-outer\">\n                    <div class=\"h-image__frame-container\">\n                      <!---->\n                      <!---->\n                      <img loading=\"lazy\" decoding=\"async\" width=\"1918\" height=\"1918\" src=\"https:\/\/diocesisdelinares.com\/100\/wp-content\/uploads\/2023\/05\/cropped-cropped-20230523_150807-scaled-2.jpg\" class=\"wp-image-6452 style-2714-image style-local-6386-c26-image\" alt=\"\" srcset=\"https:\/\/diocesisdelinares.com\/100\/wp-content\/uploads\/2023\/05\/cropped-cropped-20230523_150807-scaled-2.jpg 1918w, https:\/\/diocesisdelinares.com\/100\/wp-content\/uploads\/2023\/05\/cropped-cropped-20230523_150807-scaled-2-300x300.jpg 300w, https:\/\/diocesisdelinares.com\/100\/wp-content\/uploads\/2023\/05\/cropped-cropped-20230523_150807-scaled-2-1024x1024.jpg 1024w, https:\/\/diocesisdelinares.com\/100\/wp-content\/uploads\/2023\/05\/cropped-cropped-20230523_150807-scaled-2-150x150.jpg 150w, https:\/\/diocesisdelinares.com\/100\/wp-content\/uploads\/2023\/05\/cropped-cropped-20230523_150807-scaled-2-768x768.jpg 768w, https:\/\/diocesisdelinares.com\/100\/wp-content\/uploads\/2023\/05\/cropped-cropped-20230523_150807-scaled-2-1536x1536.jpg 1536w\" sizes=\"auto, (max-width: 1918px) 100vw, 1918px\" \/>\n                      <div class=\"h-image__frame h-hide-lg h-hide-md h-hide-sm style-2714-frameImage style-local-6386-c26-frameImage\"><\/div>\n                    <\/div>\n                  <\/div>\n                <\/div>\n                <div data-colibri-id=\"6386-c9\" class=\"h-global-transition-all h-heading style-2697 style-local-6386-c9 position-relative h-element\">\n                  <!---->\n                  <div class=\"h-heading__outer style-2697 style-local-6386-c9\">\n                    <!---->\n                    <!---->\n                    <h3 class=\"\">Un poco de Historia de esta imagen <em style=\"color: rgb(3, 169, 244); font-family: &quot;Playfair Display&quot;;\"><br><\/em><em style=\"color: rgb(3, 169, 244); font-family: &quot;Playfair Display&quot;; font-weight: 900;\">\u00abCristo del Espino\u00bb<\/em><\/h3>\n                  <\/div>\n                <\/div>\n                <div data-colibri-id=\"6386-c10\" class=\"h-lead h-text h-text-component style-2698 style-local-6386-c10 position-relative h-element\">\n                  <!---->\n                  <!---->\n                  <div class=\"\"><\/div>\n                <\/div>\n                <div data-colibri-id=\"6386-c11\" class=\"h-text h-text-component style-2699 style-local-6386-c11 position-relative h-element\">\n                  <!---->\n                  <!---->\n                  <div class=\"\">\n                    <p>Seg\u00fan se desprende de los relatos fidedignos de la \u00e9poca, la historia de esta imagen se remonta al a\u00f1o 1835, cuando Do\u00f1a Nicolasa Mu\u00f1oz, due\u00f1a del Fundo la Casualidad de Hualve, situado a unos km al poniente de Cauquenes. Un d\u00eda mand\u00f3\n                      al inquilino Antonio Lara a cortar un a\u00f1oso espino que crec\u00eda a unos cuantos metros de la casa, para fabricar de \u00e9l un arado.<\/p>\n                    <p>Al cumplir Antonio lo mandado, result\u00f3 que a cada hachazo que \u00e9l propinaba al espino se escuchaban desde el tronco lastimeros quejidos. Busc\u00f3 cuidadosamente para ver de d\u00f3nde proced\u00edan y no encontrando a nadie, reanud\u00f3 su tarea. Pero\n                      por tres veces seguidas se repitieron los quejidos. Sumamente turbado, fue a dar la noticia a su patrona quien, acompa\u00f1ada de su mayordomo, se dirigi\u00f3 al sitio en cuesti\u00f3n. Ante la presencia de ellos, Antonio continu\u00f3 la operaci\u00f3n\n                      y maravillados, no s\u00f3lo escucharon los quejidos, sino que vieron brotar sangre del tronco del espino.<\/p>\n                  <\/div>\n                <\/div>\n              <\/div>\n            <\/div>\n          <\/div>\n          <div class=\"h-column h-column-container d-flex h-col-lg-auto h-col-md-auto h-col-auto style-2700-outer style-local-6386-c12-outer\">\n            <div data-colibri-id=\"6386-c12\" class=\"d-flex h-flex-basis h-column__inner h-px-lg-2 h-px-md-2 h-px-2 v-inner-lg-2 v-inner-md-2 v-inner-2 style-2700 style-local-6386-c12 position-relative\">\n              <!---->\n              <!---->\n              <div class=\"w-100 h-y-container h-column__content h-column__v-align flex-basis-100 align-self-lg-center align-self-md-center align-self-center\">\n                <!---->\n                <div data-colibri-id=\"6386-c13\" class=\"h-row-container gutters-row-lg-0 gutters-row-md-0 gutters-row-0 gutters-row-v-lg-0 gutters-row-v-md-0 gutters-row-v-0 style-2701 style-local-6386-c13 position-relative\">\n                  <!---->\n                  <div class=\"h-row justify-content-lg-start justify-content-md-start justify-content-start align-items-lg-stretch align-items-md-stretch align-items-stretch gutters-col-lg-0 gutters-col-md-0 gutters-col-0 gutters-col-v-lg-0 gutters-col-v-md-0 gutters-col-v-0\">\n                    <!---->\n                    <div class=\"h-column h-column-container d-flex h-col-lg-auto h-col-md-auto h-col-auto style-2702-outer style-local-6386-c14-outer\">\n                      <div data-colibri-id=\"6386-c14\" class=\"d-flex h-flex-basis h-column__inner h-px-lg-3 h-px-md-3 h-px-3 v-inner-lg-3 v-inner-md-3 v-inner-3 style-2702 style-local-6386-c14 position-relative\">\n                        <!---->\n                        <!---->\n                        <div class=\"w-100 h-y-container h-column__content h-column__v-align flex-basis-100 align-self-lg-center align-self-md-center align-self-center\">\n                          <!---->\n                          <div data-colibri-id=\"6386-c15\" class=\"h-text h-text-component style-2703 style-local-6386-c15 position-relative h-element\">\n                            <!---->\n                            <!---->\n                            <div class=\"\">\n                              <p>Admirada del portento Do\u00f1a Nicolasa mand\u00f3 aserrar el \u00e1rbol en su base y con mucho cuidado procedieron a retirar astilla por astilla. Con gran admiraci\u00f3n descubrieron que en su interior estaba esculpida la imagen del Santo\n                                Cristo. La fueron desprendiendo cuidadosamente y vieron que su rostro ten\u00eda los ojos cerrados. S\u00f3lo le faltaban los brazos. Le condujeron a casa y all\u00ed, esculpieron los brazos y las manos. Do\u00f1a Nicolasa erigi\u00f3 un oratorio\n                                en su casa y all\u00ed levant\u00f3 un altar para honrar esta imagen.<\/p>\n                              <p>En 1835, un gran terremoto destruy\u00f3 las casas del fundo, libr\u00e1ndose milagrosamente de la destrucci\u00f3n la Capilla del Santo Cristo del Espino, lo que reafirm\u00f3 el origen sobrenatural de la Santa imagen.<\/p>\n                              <p>Do\u00f1a Nicolasa Mu\u00f1oz, falleci\u00f3 a los 110 a\u00f1os y luego, el fundo, pas\u00f3 a Don Sebasti\u00e1n Villalobos, sacerdote que fuera fundador de la Casa de Ejercicios de San Ignacio. Este benem\u00e9rito sacerdote fue quien entreg\u00f3 a los Padres\n                                Redentoristas la dicha casa de ejercicios que, finalmente se traslad\u00f3 al actual convento de San Alfonso, en donde hasta el presente se rinde culto a esta imagen, muy bien conservada, pese al paso de los a\u00f1os y a la exposici\u00f3n\n                                diaria.<\/p>\n                            <\/div>\n                          <\/div>\n                          <div data-colibri-id=\"6386-c16\" class=\"style-2704 style-local-6386-c16 position-relative h-element\">\n                            <!---->\n                          <\/div>\n                        <\/div>\n                      <\/div>\n                    <\/div>\n                  <\/div>\n                <\/div>\n                <div data-colibri-id=\"6386-c17\" class=\"h-multiple-image style-2705 style-local-6386-c17 position-relative h-element\">\n                  <!---->\n                  <div class=\"position-relative\">\n                    <div class=\"h-multiple-image-inside-container\">\n                      <div class=\"ratio-inner\">\n                        <div data-colibri-id=\"6386-c18\" class=\"d-block style-2706 style-local-6386-c18 position-relative h-element\">\n                          <!---->\n                          <div class=\"h-image__frame-container-outer\">\n                            <div class=\"h-image__frame-container\">\n                              <!---->\n                              <!---->\n                              <img loading=\"lazy\" decoding=\"async\" width=\"1919\" height=\"2102\" src=\"https:\/\/diocesisdelinares.com\/100\/wp-content\/uploads\/2023\/05\/cropped-20230523_151229-scaled-1.jpg\" class=\"style-2705-images style-local-6386-c17-images wp-image-6400 style-2706-image style-local-6386-c18-image\" alt=\"\" srcset=\"https:\/\/diocesisdelinares.com\/100\/wp-content\/uploads\/2023\/05\/cropped-20230523_151229-scaled-1.jpg 1919w, https:\/\/diocesisdelinares.com\/100\/wp-content\/uploads\/2023\/05\/cropped-20230523_151229-scaled-1-274x300.jpg 274w, https:\/\/diocesisdelinares.com\/100\/wp-content\/uploads\/2023\/05\/cropped-20230523_151229-scaled-1-935x1024.jpg 935w, https:\/\/diocesisdelinares.com\/100\/wp-content\/uploads\/2023\/05\/cropped-20230523_151229-scaled-1-768x841.jpg 768w, https:\/\/diocesisdelinares.com\/100\/wp-content\/uploads\/2023\/05\/cropped-20230523_151229-scaled-1-1402x1536.jpg 1402w, https:\/\/diocesisdelinares.com\/100\/wp-content\/uploads\/2023\/05\/cropped-20230523_151229-scaled-1-1870x2048.jpg 1870w\" sizes=\"auto, (max-width: 1919px) 100vw, 1919px\" \/>\n                              <div class=\"h-image__frame h-hide-lg h-hide-md h-hide-sm style-2706-frameImage style-local-6386-c18-frameImage\"><\/div>\n                            <\/div>\n                          <\/div>\n                        <\/div>\n                        <div data-colibri-id=\"6386-c19\" class=\"d-block style-2707 style-local-6386-c19 position-relative h-element\">\n                          <!---->\n                          <div class=\"h-image__frame-container-outer\">\n                            <div class=\"h-image__frame-container\">\n                              <!---->\n                              <!---->\n                              <img loading=\"lazy\" decoding=\"async\" width=\"2559\" height=\"1871\" src=\"https:\/\/diocesisdelinares.com\/100\/wp-content\/uploads\/2023\/05\/cropped-20230523_150839-scaled-1.jpg\" class=\"style-2705-images style-local-6386-c17-images wp-image-6398 style-2707-image style-local-6386-c19-image\" alt=\"\" srcset=\"https:\/\/diocesisdelinares.com\/100\/wp-content\/uploads\/2023\/05\/cropped-20230523_150839-scaled-1.jpg 2559w, https:\/\/diocesisdelinares.com\/100\/wp-content\/uploads\/2023\/05\/cropped-20230523_150839-scaled-1-300x219.jpg 300w, https:\/\/diocesisdelinares.com\/100\/wp-content\/uploads\/2023\/05\/cropped-20230523_150839-scaled-1-1024x749.jpg 1024w, https:\/\/diocesisdelinares.com\/100\/wp-content\/uploads\/2023\/05\/cropped-20230523_150839-scaled-1-768x562.jpg 768w, https:\/\/diocesisdelinares.com\/100\/wp-content\/uploads\/2023\/05\/cropped-20230523_150839-scaled-1-1536x1123.jpg 1536w, https:\/\/diocesisdelinares.com\/100\/wp-content\/uploads\/2023\/05\/cropped-20230523_150839-scaled-1-2048x1497.jpg 2048w\" sizes=\"auto, (max-width: 2559px) 100vw, 2559px\" \/>\n                              <div class=\"h-image__frame h-hide-lg h-hide-md h-hide-sm style-2707-frameImage style-local-6386-c19-frameImage\"><\/div>\n                            <\/div>\n                          <\/div>\n                        <\/div>\n                      <\/div>\n                    <\/div>\n                  <\/div>\n                <\/div>\n              <\/div>\n            <\/div>\n          <\/div>\n        <\/div>\n      <\/div>\n    <\/div>\n  <\/div>\n  <div data-colibri-component=\"section\" data-colibri-id=\"6386-c20\" id=\"photo-gallery\" class=\"h-section h-section-global-spacing d-flex align-items-lg-center align-items-md-center align-items-center style-2708 style-local-6386-c20 position-relative\">\n    <!---->\n    <!---->\n    <div class=\"h-section-grid-container h-section-boxed-container\">\n      <!---->\n      <div data-colibri-id=\"6386-c21\" class=\"h-row-container gutters-row-lg-2 gutters-row-md-2 gutters-row-2 gutters-row-v-lg-2 gutters-row-v-md-2 gutters-row-v-2 style-2709 style-local-6386-c21 position-relative\">\n        <!---->\n        <div class=\"h-row justify-content-lg-center justify-content-md-center justify-content-center align-items-lg-stretch align-items-md-stretch align-items-stretch gutters-col-lg-2 gutters-col-md-2 gutters-col-2 gutters-col-v-lg-2 gutters-col-v-md-2 gutters-col-v-2\">\n          <!---->\n          <div class=\"h-column h-column-container d-flex h-col-lg-auto h-col-md-auto h-col-auto style-2710-outer style-local-6386-c22-outer\">\n            <div data-colibri-id=\"6386-c22\" class=\"d-flex h-flex-basis h-column__inner h-px-lg-2 h-px-md-2 h-px-2 v-inner-lg-2 v-inner-md-2 v-inner-2 style-2710 style-local-6386-c22 position-relative\">\n              <!---->\n              <!---->\n              <div class=\"w-100 h-y-container h-column__content h-column__v-align flex-basis-100 align-self-lg-start align-self-md-start align-self-start\">\n                <!---->\n                <div data-colibri-component=\"masonry\" data-colibri-id=\"6386-c23\" class=\"h-photo-gallery margin-none caption-none style-2711 style-local-6386-c23 position-relative h-element\">\n                  <!---->\n                  <div class=\"h-global-transition-all caption-wrapper-full\"><div id='colibri-6386-c23' class='gallery-wrapper'>    <style type=\"text\/css\">\n\n        @media (min-width: 1023px) {        #colibri-6386-c23        dl {\n            float: left;\n            width: 33.333333333333% !important;\n            max-width: 33.333333333333% !important;\n            min-width: 33.333333333333% !important;\n        }\n\n        #colibri-6386-c23        dl:nth-of-type(3n +1 ) {\n            clear: both;\n        }\n\n        }@media (min-width: 768px) and (max-width: 1023px) {        #colibri-6386-c23        dl {\n            float: left;\n            width: 33.333333333333% !important;\n            max-width: 33.333333333333% !important;\n            min-width: 33.333333333333% !important;\n        }\n\n        #colibri-6386-c23        dl:nth-of-type(3n +1 ) {\n            clear: both;\n        }\n\n        }@media (max-width: 767px) {        #colibri-6386-c23        dl {\n            float: left;\n            width: 50% !important;\n            max-width: 50% !important;\n            min-width: 50% !important;\n        }\n\n        #colibri-6386-c23        dl:nth-of-type(2n +1 ) {\n            clear: both;\n        }\n\n        }\n        #colibri-6386-c23        .gallery-item {\n            position: relative;\n        }\n\n        \n    <\/style>\n    <div   class='colibri-6386-c23-dls-wrapper gallery-items-wrapper' ><dl class='gallery-item masonry-item'>\n\t\t\t<dt class='gallery-icon portrait'>\n\t\t\t\t<a data-fancybox=\"colibri-6386-c23-group\" href='https:\/\/diocesisdelinares.com\/100\/wp-content\/uploads\/2023\/05\/20230523_150807-1-scaled.jpg'><img loading=\"lazy\" decoding=\"async\"  width=\"225\" height=\"300\" src=\"https:\/\/diocesisdelinares.com\/100\/wp-content\/uploads\/2023\/05\/20230523_150807-1-225x300.jpg\"  class='colibri-6386-c23-image' alt=\"\" srcset=\"https:\/\/diocesisdelinares.com\/100\/wp-content\/uploads\/2023\/05\/20230523_150807-1-225x300.jpg 225w, https:\/\/diocesisdelinares.com\/100\/wp-content\/uploads\/2023\/05\/20230523_150807-1-768x1024.jpg 768w, https:\/\/diocesisdelinares.com\/100\/wp-content\/uploads\/2023\/05\/20230523_150807-1-1152x1536.jpg 1152w, https:\/\/diocesisdelinares.com\/100\/wp-content\/uploads\/2023\/05\/20230523_150807-1-1536x2048.jpg 1536w, https:\/\/diocesisdelinares.com\/100\/wp-content\/uploads\/2023\/05\/20230523_150807-1-scaled.jpg 1920w\" sizes=\"auto, (max-width: 225px) 100vw, 225px\" \/><\/a>\n\t\t\t<\/dt><\/dl><dl class='gallery-item masonry-item'>\n\t\t\t<dt class='gallery-icon portrait'>\n\t\t\t\t<a data-fancybox=\"colibri-6386-c23-group\" href='https:\/\/diocesisdelinares.com\/100\/wp-content\/uploads\/2023\/05\/20230523_150814-scaled.jpg'><img loading=\"lazy\" decoding=\"async\"  width=\"225\" height=\"300\" src=\"https:\/\/diocesisdelinares.com\/100\/wp-content\/uploads\/2023\/05\/20230523_150814-225x300.jpg\"  class='colibri-6386-c23-image' alt=\"\" srcset=\"https:\/\/diocesisdelinares.com\/100\/wp-content\/uploads\/2023\/05\/20230523_150814-225x300.jpg 225w, https:\/\/diocesisdelinares.com\/100\/wp-content\/uploads\/2023\/05\/20230523_150814-768x1024.jpg 768w, https:\/\/diocesisdelinares.com\/100\/wp-content\/uploads\/2023\/05\/20230523_150814-1152x1536.jpg 1152w, https:\/\/diocesisdelinares.com\/100\/wp-content\/uploads\/2023\/05\/20230523_150814-1536x2048.jpg 1536w, https:\/\/diocesisdelinares.com\/100\/wp-content\/uploads\/2023\/05\/20230523_150814-scaled.jpg 1920w\" sizes=\"auto, (max-width: 225px) 100vw, 225px\" \/><\/a>\n\t\t\t<\/dt><\/dl><dl class='gallery-item masonry-item'>\n\t\t\t<dt class='gallery-icon portrait'>\n\t\t\t\t<a data-fancybox=\"colibri-6386-c23-group\" href='https:\/\/diocesisdelinares.com\/100\/wp-content\/uploads\/2023\/05\/20230523_151229-1-scaled.jpg'><img loading=\"lazy\" decoding=\"async\"  width=\"225\" height=\"300\" src=\"https:\/\/diocesisdelinares.com\/100\/wp-content\/uploads\/2023\/05\/20230523_151229-1-225x300.jpg\"  class='colibri-6386-c23-image' alt=\"\" srcset=\"https:\/\/diocesisdelinares.com\/100\/wp-content\/uploads\/2023\/05\/20230523_151229-1-225x300.jpg 225w, https:\/\/diocesisdelinares.com\/100\/wp-content\/uploads\/2023\/05\/20230523_151229-1-768x1024.jpg 768w, https:\/\/diocesisdelinares.com\/100\/wp-content\/uploads\/2023\/05\/20230523_151229-1-1152x1536.jpg 1152w, https:\/\/diocesisdelinares.com\/100\/wp-content\/uploads\/2023\/05\/20230523_151229-1-1536x2048.jpg 1536w, https:\/\/diocesisdelinares.com\/100\/wp-content\/uploads\/2023\/05\/20230523_151229-1-scaled.jpg 1920w\" sizes=\"auto, (max-width: 225px) 100vw, 225px\" \/><\/a>\n\t\t\t<\/dt><\/dl><dl class='gallery-item masonry-item'>\n\t\t\t<dt class='gallery-icon portrait'>\n\t\t\t\t<a data-fancybox=\"colibri-6386-c23-group\" href='https:\/\/diocesisdelinares.com\/100\/wp-content\/uploads\/2023\/05\/20230523_150807-2-scaled.jpg'><img loading=\"lazy\" decoding=\"async\"  width=\"225\" height=\"300\" src=\"https:\/\/diocesisdelinares.com\/100\/wp-content\/uploads\/2023\/05\/20230523_150807-2-225x300.jpg\"  class='colibri-6386-c23-image' alt=\"\" srcset=\"https:\/\/diocesisdelinares.com\/100\/wp-content\/uploads\/2023\/05\/20230523_150807-2-225x300.jpg 225w, https:\/\/diocesisdelinares.com\/100\/wp-content\/uploads\/2023\/05\/20230523_150807-2-768x1024.jpg 768w, https:\/\/diocesisdelinares.com\/100\/wp-content\/uploads\/2023\/05\/20230523_150807-2-1152x1536.jpg 1152w, https:\/\/diocesisdelinares.com\/100\/wp-content\/uploads\/2023\/05\/20230523_150807-2-1536x2048.jpg 1536w, https:\/\/diocesisdelinares.com\/100\/wp-content\/uploads\/2023\/05\/20230523_150807-2-scaled.jpg 1920w\" sizes=\"auto, (max-width: 225px) 100vw, 225px\" \/><\/a>\n\t\t\t<\/dt><\/dl><dl class='gallery-item masonry-item'>\n\t\t\t<dt class='gallery-icon portrait'>\n\t\t\t\t<a data-fancybox=\"colibri-6386-c23-group\" href='https:\/\/diocesisdelinares.com\/100\/wp-content\/uploads\/2023\/05\/20230523_150814-1-scaled.jpg'><img loading=\"lazy\" decoding=\"async\"  width=\"225\" height=\"300\" src=\"https:\/\/diocesisdelinares.com\/100\/wp-content\/uploads\/2023\/05\/20230523_150814-1-225x300.jpg\"  class='colibri-6386-c23-image' alt=\"\" srcset=\"https:\/\/diocesisdelinares.com\/100\/wp-content\/uploads\/2023\/05\/20230523_150814-1-225x300.jpg 225w, https:\/\/diocesisdelinares.com\/100\/wp-content\/uploads\/2023\/05\/20230523_150814-1-768x1024.jpg 768w, https:\/\/diocesisdelinares.com\/100\/wp-content\/uploads\/2023\/05\/20230523_150814-1-1152x1536.jpg 1152w, https:\/\/diocesisdelinares.com\/100\/wp-content\/uploads\/2023\/05\/20230523_150814-1-1536x2048.jpg 1536w, https:\/\/diocesisdelinares.com\/100\/wp-content\/uploads\/2023\/05\/20230523_150814-1-scaled.jpg 1920w\" sizes=\"auto, (max-width: 225px) 100vw, 225px\" \/><\/a>\n\t\t\t<\/dt><\/dl><dl class='gallery-item masonry-item'>\n\t\t\t<dt class='gallery-icon portrait'>\n\t\t\t\t<a data-fancybox=\"colibri-6386-c23-group\" href='https:\/\/diocesisdelinares.com\/100\/wp-content\/uploads\/2023\/05\/20230523_151229-2-scaled.jpg'><img loading=\"lazy\" decoding=\"async\"  width=\"225\" height=\"300\" src=\"https:\/\/diocesisdelinares.com\/100\/wp-content\/uploads\/2023\/05\/20230523_151229-2-225x300.jpg\"  class='colibri-6386-c23-image' alt=\"\" srcset=\"https:\/\/diocesisdelinares.com\/100\/wp-content\/uploads\/2023\/05\/20230523_151229-2-225x300.jpg 225w, https:\/\/diocesisdelinares.com\/100\/wp-content\/uploads\/2023\/05\/20230523_151229-2-768x1024.jpg 768w, https:\/\/diocesisdelinares.com\/100\/wp-content\/uploads\/2023\/05\/20230523_151229-2-1152x1536.jpg 1152w, https:\/\/diocesisdelinares.com\/100\/wp-content\/uploads\/2023\/05\/20230523_151229-2-1536x2048.jpg 1536w, https:\/\/diocesisdelinares.com\/100\/wp-content\/uploads\/2023\/05\/20230523_151229-2-scaled.jpg 1920w\" sizes=\"auto, (max-width: 225px) 100vw, 225px\" \/><\/a>\n\t\t\t<\/dt><\/dl><dl class='gallery-item masonry-item'>\n\t\t\t<dt class='gallery-icon landscape'>\n\t\t\t\t<a data-fancybox=\"colibri-6386-c23-group\" href='https:\/\/diocesisdelinares.com\/100\/wp-content\/uploads\/2023\/05\/20230523_151242-1-scaled.jpg'><img loading=\"lazy\" decoding=\"async\"  width=\"300\" height=\"225\" src=\"https:\/\/diocesisdelinares.com\/100\/wp-content\/uploads\/2023\/05\/20230523_151242-1-300x225.jpg\"  class='colibri-6386-c23-image' alt=\"\" srcset=\"https:\/\/diocesisdelinares.com\/100\/wp-content\/uploads\/2023\/05\/20230523_151242-1-300x225.jpg 300w, https:\/\/diocesisdelinares.com\/100\/wp-content\/uploads\/2023\/05\/20230523_151242-1-1024x768.jpg 1024w, https:\/\/diocesisdelinares.com\/100\/wp-content\/uploads\/2023\/05\/20230523_151242-1-768x576.jpg 768w, https:\/\/diocesisdelinares.com\/100\/wp-content\/uploads\/2023\/05\/20230523_151242-1-1536x1152.jpg 1536w, https:\/\/diocesisdelinares.com\/100\/wp-content\/uploads\/2023\/05\/20230523_151242-1-2048x1536.jpg 2048w\" sizes=\"auto, (max-width: 300px) 100vw, 300px\" \/><\/a>\n\t\t\t<\/dt><\/dl><dl class='gallery-item masonry-item'>\n\t\t\t<dt class='gallery-icon landscape'>\n\t\t\t\t<a data-fancybox=\"colibri-6386-c23-group\" href='https:\/\/diocesisdelinares.com\/100\/wp-content\/uploads\/2023\/05\/20230523_151242-scaled.jpg'><img loading=\"lazy\" decoding=\"async\"  width=\"300\" height=\"225\" src=\"https:\/\/diocesisdelinares.com\/100\/wp-content\/uploads\/2023\/05\/20230523_151242-300x225.jpg\"  class='colibri-6386-c23-image' alt=\"\" srcset=\"https:\/\/diocesisdelinares.com\/100\/wp-content\/uploads\/2023\/05\/20230523_151242-300x225.jpg 300w, https:\/\/diocesisdelinares.com\/100\/wp-content\/uploads\/2023\/05\/20230523_151242-1024x768.jpg 1024w, https:\/\/diocesisdelinares.com\/100\/wp-content\/uploads\/2023\/05\/20230523_151242-768x576.jpg 768w, https:\/\/diocesisdelinares.com\/100\/wp-content\/uploads\/2023\/05\/20230523_151242-1536x1152.jpg 1536w, https:\/\/diocesisdelinares.com\/100\/wp-content\/uploads\/2023\/05\/20230523_151242-2048x1536.jpg 2048w\" sizes=\"auto, (max-width: 300px) 100vw, 300px\" \/><\/a>\n\t\t\t<\/dt><\/dl><dl class='gallery-item masonry-item'>\n\t\t\t<dt class='gallery-icon landscape'>\n\t\t\t\t<a data-fancybox=\"colibri-6386-c23-group\" href='https:\/\/diocesisdelinares.com\/100\/wp-content\/uploads\/2023\/05\/20230523_150839-1-scaled.jpg'><img loading=\"lazy\" decoding=\"async\"  width=\"300\" height=\"225\" src=\"https:\/\/diocesisdelinares.com\/100\/wp-content\/uploads\/2023\/05\/20230523_150839-1-300x225.jpg\"  class='colibri-6386-c23-image' alt=\"\" srcset=\"https:\/\/diocesisdelinares.com\/100\/wp-content\/uploads\/2023\/05\/20230523_150839-1-300x225.jpg 300w, https:\/\/diocesisdelinares.com\/100\/wp-content\/uploads\/2023\/05\/20230523_150839-1-1024x768.jpg 1024w, https:\/\/diocesisdelinares.com\/100\/wp-content\/uploads\/2023\/05\/20230523_150839-1-768x576.jpg 768w, https:\/\/diocesisdelinares.com\/100\/wp-content\/uploads\/2023\/05\/20230523_150839-1-1536x1152.jpg 1536w, https:\/\/diocesisdelinares.com\/100\/wp-content\/uploads\/2023\/05\/20230523_150839-1-2048x1536.jpg 2048w\" sizes=\"auto, (max-width: 300px) 100vw, 300px\" \/><\/a>\n\t\t\t<\/dt><\/dl><dl class='gallery-item masonry-item'>\n\t\t\t<dt class='gallery-icon landscape'>\n\t\t\t\t<a data-fancybox=\"colibri-6386-c23-group\" href='https:\/\/diocesisdelinares.com\/100\/wp-content\/uploads\/2023\/05\/20230523_150839-2-scaled.jpg'><img loading=\"lazy\" decoding=\"async\"  width=\"300\" height=\"225\" src=\"https:\/\/diocesisdelinares.com\/100\/wp-content\/uploads\/2023\/05\/20230523_150839-2-300x225.jpg\"  class='colibri-6386-c23-image' alt=\"\" srcset=\"https:\/\/diocesisdelinares.com\/100\/wp-content\/uploads\/2023\/05\/20230523_150839-2-300x225.jpg 300w, https:\/\/diocesisdelinares.com\/100\/wp-content\/uploads\/2023\/05\/20230523_150839-2-1024x768.jpg 1024w, https:\/\/diocesisdelinares.com\/100\/wp-content\/uploads\/2023\/05\/20230523_150839-2-768x576.jpg 768w, https:\/\/diocesisdelinares.com\/100\/wp-content\/uploads\/2023\/05\/20230523_150839-2-1536x1152.jpg 1536w, https:\/\/diocesisdelinares.com\/100\/wp-content\/uploads\/2023\/05\/20230523_150839-2-2048x1536.jpg 2048w\" sizes=\"auto, (max-width: 300px) 100vw, 300px\" \/><\/a>\n\t\t\t<\/dt><\/dl>\n\t\t\t\n\t\t<\/div>\n<style>#colibri-6386-c23 .wp-caption-text.gallery-caption{display:none;}<\/style><\/div><\/div>\n                <\/div>\n              <\/div>\n            <\/div>\n          <\/div>\n        <\/div>\n      <\/div>\n      <div data-colibri-id=\"6386-c24\" class=\"h-row-container gutters-row-lg-2 gutters-row-md-2 gutters-row-0 gutters-row-v-lg-2 gutters-row-v-md-2 gutters-row-v-2 style-2712 style-local-6386-c24 position-relative\">\n        <!---->\n        <div class=\"h-row justify-content-lg-center justify-content-md-center justify-content-center align-items-lg-stretch align-items-md-stretch align-items-stretch gutters-col-lg-2 gutters-col-md-2 gutters-col-0 gutters-col-v-lg-2 gutters-col-v-md-2 gutters-col-v-2\">\n          <!---->\n          <div class=\"h-column h-column-container d-flex h-col-lg-auto h-col-md-auto h-col-auto style-2713-outer style-local-6386-c25-outer\">\n            <div data-colibri-id=\"6386-c25\" class=\"d-flex h-flex-basis h-column__inner h-ui-empty-state-container h-px-lg-2 h-px-md-2 h-px-2 v-inner-lg-2 v-inner-md-2 v-inner-2 style-2713 style-local-6386-c25 position-relative\">\n              <!---->\n              <!---->\n              <div class=\"w-100 h-y-container h-column__content h-column__v-align flex-basis-100\">\n                <!---->\n              <\/div>\n            <\/div>\n          <\/div>\n        <\/div>\n      <\/div>\n    <\/div>\n  <\/div>\n<\/div>","protected":false},"excerpt":{"rendered":"<p>Volver a la p\u00e1gina de inicio Un poco de Historia de esta imagen \u00abCristo del Espino\u00bb Seg\u00fan se desprende de los relatos fidedignos de la \u00e9poca, la historia de esta imagen se remonta al a\u00f1o 1835, cuando Do\u00f1a Nicolasa Mu\u00f1oz, due\u00f1a del Fundo la Casualidad de Hualve, situado a unos km al poniente de Cauquenes. [&hellip;]<\/p>\n","protected":false},"author":1,"featured_media":0,"parent":6308,"menu_order":0,"comment_status":"closed","ping_status":"closed","template":"page-templates\/full-width-page.php","meta":{"footnotes":""},"class_list":["post-6386","page","type-page","status-publish","hentry"],"_links":{"self":[{"href":"https:\/\/diocesisdelinares.com\/100\/wp-json\/wp\/v2\/pages\/6386","targetHints":{"allow":["GET"]}}],"collection":[{"href":"https:\/\/diocesisdelinares.com\/100\/wp-json\/wp\/v2\/pages"}],"about":[{"href":"https:\/\/diocesisdelinares.com\/100\/wp-json\/wp\/v2\/types\/page"}],"author":[{"embeddable":true,"href":"https:\/\/diocesisdelinares.com\/100\/wp-json\/wp\/v2\/users\/1"}],"replies":[{"embeddable":true,"href":"https:\/\/diocesisdelinares.com\/100\/wp-json\/wp\/v2\/comments?post=6386"}],"version-history":[{"count":3,"href":"https:\/\/diocesisdelinares.com\/100\/wp-json\/wp\/v2\/pages\/6386\/revisions"}],"predecessor-version":[{"id":6454,"href":"https:\/\/diocesisdelinares.com\/100\/wp-json\/wp\/v2\/pages\/6386\/revisions\/6454"}],"up":[{"embeddable":true,"href":"https:\/\/diocesisdelinares.com\/100\/wp-json\/wp\/v2\/pages\/6308"}],"wp:attachment":[{"href":"https:\/\/diocesisdelinares.com\/100\/wp-json\/wp\/v2\/media?parent=6386"}],"curies":[{"name":"wp","href":"https:\/\/api.w.org\/{rel}","templated":true}]}}