{"id":6308,"date":"2023-05-26T16:37:42","date_gmt":"2023-05-26T16:37:42","guid":{"rendered":"https:\/\/diocesisdelinares.com\/100\/?page_id=6308"},"modified":"2024-05-25T22:33:56","modified_gmt":"2024-05-25T22:33:56","slug":"parroquia-san-alfonso","status":"publish","type":"page","link":"https:\/\/diocesisdelinares.com\/100\/parroquia-san-alfonso\/","title":{"rendered":"Parroquia San Alfonso Cauquenes"},"content":{"rendered":"<div data-colibri-id=\"6308-c1\" class=\"style-2605 style-local-6308-c1 position-relative\">\n  <!---->\n  <div data-colibri-component=\"section\" data-colibri-id=\"6308-c2\" id=\"custom\" class=\"h-section h-section-global-spacing d-flex align-items-lg-center align-items-md-center align-items-center style-2606 style-local-6308-c2 position-relative\">\n    <!---->\n    <!---->\n    <div class=\"h-section-grid-container h-section-boxed-container\">\n      <!---->\n      <div data-colibri-id=\"6308-c3\" class=\"h-row-container gutters-row-lg-2 gutters-row-md-2 gutters-row-0 gutters-row-v-lg-2 gutters-row-v-md-2 gutters-row-v-2 style-2607 style-local-6308-c3 position-relative\">\n        <!---->\n        <div class=\"h-row justify-content-lg-center justify-content-md-center justify-content-center align-items-lg-stretch align-items-md-stretch align-items-stretch gutters-col-lg-2 gutters-col-md-2 gutters-col-0 gutters-col-v-lg-2 gutters-col-v-md-2 gutters-col-v-2\">\n          <!---->\n          <div class=\"h-column h-column-container d-flex h-col-lg-auto h-col-md-auto h-col-auto style-2608-outer style-local-6308-c4-outer\">\n            <div data-colibri-id=\"6308-c4\" class=\"d-flex h-flex-basis h-column__inner h-px-lg-2 h-px-md-2 h-px-2 v-inner-lg-2 v-inner-md-2 v-inner-2 style-2608 style-local-6308-c4 position-relative\">\n              <!---->\n              <!---->\n              <div class=\"w-100 h-y-container h-column__content h-column__v-align flex-basis-100 align-self-lg-start align-self-md-start align-self-start\">\n                <!---->\n                <div data-colibri-id=\"6308-c5\" class=\"h-x-container style-2609 style-local-6308-c5 position-relative h-element\">\n                  <!---->\n                  <div class=\"h-x-container-inner style-dynamic-6308-c5-group\">\n                    <!----><span class=\"h-button__outer style-2610-outer style-local-6308-c6-outer d-inline-flex h-element\"><a  h-use-smooth-scroll=\"true\" href=\"https:\/\/diocesisdelinares.com\/100\/\"  data-colibri-id=\"6308-c6\" class=\"d-flex w-100 align-items-center h-button justify-content-lg-center justify-content-md-center justify-content-center style-2610 style-local-6308-c6 position-relative\"><!----><!----> <span >Volver a la p\u00e1gina de inicio<\/span><\/a>\n                    <\/span>\n                  <\/div>\n                <\/div>\n              <\/div>\n            <\/div>\n          <\/div>\n        <\/div>\n      <\/div>\n      <div data-colibri-id=\"6308-c7\" class=\"h-row-container gutters-row-lg-2 gutters-row-md-2 gutters-row-0 gutters-row-v-lg-2 gutters-row-v-md-2 gutters-row-v-2 style-2611 style-local-6308-c7 position-relative\">\n        <!---->\n        <div class=\"h-row justify-content-lg-center justify-content-md-center justify-content-center align-items-lg-stretch align-items-md-stretch align-items-stretch gutters-col-lg-2 gutters-col-md-2 gutters-col-0 gutters-col-v-lg-2 gutters-col-v-md-2 gutters-col-v-2\">\n          <!---->\n          <div class=\"h-column h-column-container d-flex h-col-lg-auto h-col-md-auto h-col-auto style-2612-outer style-local-6308-c8-outer\">\n            <div data-colibri-id=\"6308-c8\" class=\"d-flex h-flex-basis h-column__inner h-px-lg-2 h-px-md-2 h-px-2 v-inner-lg-2 v-inner-md-2 v-inner-2 style-2612 style-local-6308-c8 position-relative\">\n              <!---->\n              <!---->\n              <div class=\"w-100 h-y-container h-column__content h-column__v-align flex-basis-100 align-self-lg-start align-self-md-start align-self-start\">\n                <!---->\n                <div data-colibri-id=\"6308-c9\" class=\"h-global-transition-all h-heading style-2613 style-local-6308-c9 position-relative h-element\">\n                  <!---->\n                  <div class=\"h-heading__outer style-2613 style-local-6308-c9\">\n                    <!---->\n                    <!---->\n                    <h3 class=\"\">Parroquia San Alfonso Mar\u00eda de Ligorio, Cauquenes<\/h3>\n                  <\/div>\n                <\/div>\n              <\/div>\n            <\/div>\n          <\/div>\n        <\/div>\n      <\/div>\n      <div data-colibri-id=\"6308-c10\" class=\"h-row-container gutters-row-lg-2 gutters-row-md-2 gutters-row-0 gutters-row-v-lg-2 gutters-row-v-md-2 gutters-row-v-2 style-2614 style-local-6308-c10 position-relative\">\n        <!---->\n        <div class=\"h-row justify-content-lg-center justify-content-md-center justify-content-center align-items-lg-stretch align-items-md-stretch align-items-stretch gutters-col-lg-2 gutters-col-md-2 gutters-col-0 gutters-col-v-lg-2 gutters-col-v-md-2 gutters-col-v-2\">\n          <!---->\n          <div class=\"h-column h-column-container d-flex h-col-lg-auto h-col-md-auto h-col-auto style-2615-outer style-local-6308-c11-outer\">\n            <div data-colibri-id=\"6308-c11\" class=\"d-flex h-flex-basis h-column__inner h-px-lg-2 h-px-md-2 h-px-2 v-inner-lg-2 v-inner-md-2 v-inner-2 style-2615 style-local-6308-c11 position-relative\">\n              <!---->\n              <!---->\n              <div class=\"w-100 h-y-container h-column__content h-column__v-align flex-basis-100 align-self-lg-start align-self-md-start align-self-start\">\n                <!---->\n                <div data-colibri-id=\"6308-c12\" class=\"h-text h-text-component style-2616 style-local-6308-c12 position-relative h-element\">\n                  <!---->\n                  <!---->\n                  <div class=\"\">\n                    <p>Sitial apreciable en la ciudad de Cauquenes, revela la ubicaci\u00f3n privilegiada de la parroquia San Alfonso Mar\u00eda de Ligorio, atendida por los Padres Redentoristas, establecidos en Calle Montt 121\/ esquina Victoria, en uno de los lugares\n                      m\u00e1s altos de la ciudad, al poniente de la Plaza de Armas y al poniente de Parral &#8211; Ruta 5 Sur.&nbsp;&nbsp;Destacando desde lejos sus imponentes dimensiones de estilo rom\u00e1nico mezclado con g\u00f3tico y dos encumbradas torres con ventanales\n                      que, enmarcan una gran nave central y sus dos naves laterales. En la fachada se destaca un roset\u00f3n que ilumina la nave principal y que en los d\u00edas de sol deja reflejar el colorido armonioso de sus vitrales.<\/p>\n                    <p><span style=\"font-weight: 400; color: rgb(0, 0, 0);\">Un Poco de Historia<\/span><\/p>\n                    <p>En 1876, llega a Chile la Congregaci\u00f3n del Sant\u00edsimo Redentor, m\u00e1s conocidos como los padres redentoristas. En 1891 se traslad\u00f3 a Cauquenes un grupo de religiosos redentoristas, instal\u00e1ndose en una casa cedida por el padre Bartolom\u00e9\n                      Villalobos. Luego el padre Agust\u00edn Vargas llegado desde Talca, organiza a la comunidad, logrando que hermanos redentoristas franceses, viajen desde Europa para iniciar la construcci\u00f3n del Convento San Alfonso Mar\u00eda de Ligorio, un\n                      edificio de dos pisos con jard\u00edn interior; y una iglesia con dos campanarios que configuraba el l\u00edmite sur del convento. El terremoto de 1939 que afect\u00f3 tambi\u00e9n a la ciudad de Cauquenes, da\u00f1\u00f3 el convento. En la iglesia, tambi\u00e9n afectada,\n                      hubo que reforzar sus campanarios, asegurar las murallas y modificar el \u00e1bside. En 1951 la iglesia es nombrada Parroquia y pasa a depender del Obispado de Linares. El nuevo terremoto del 27 de febrero de 2010 caus\u00f3 graves da\u00f1os.\n                      El convento fue completamente demolido, sin embargo la iglesia, como \u201cInmueble de Conservaci\u00f3n Hist\u00f3rica\u201d, logr\u00f3 ser restaurada por el Fondo de Desarrollo Regional, siendo reinaugurada el 19 de mayo de 2013 por el Obispo de la Di\u00f3cesis\n                      de Linares, monse\u00f1or Tomislav Koljatic.<\/p>\n                    <p>\n                      <br>\n                    <\/p>\n                  <\/div>\n                <\/div>\n              <\/div>\n            <\/div>\n          <\/div>\n        <\/div>\n      <\/div>\n    <\/div>\n  <\/div>\n  <div data-colibri-component=\"section\" data-colibri-id=\"6308-c13\" id=\"overlappable\" class=\"h-section h-section-global-spacing d-flex align-items-lg-center align-items-md-center align-items-center style-2617 style-local-6308-c13 position-relative\">\n    <!---->\n    <!---->\n    <div class=\"h-section-grid-container h-section-boxed-container\">\n      <!---->\n      <div data-colibri-id=\"6308-c14\" class=\"h-row-container gutters-row-lg-2 gutters-row-md-2 gutters-row-0 gutters-row-v-lg-2 gutters-row-v-md-2 gutters-row-v-2 style-2618 style-local-6308-c14 position-relative\">\n        <!---->\n        <div class=\"h-row justify-content-lg-center justify-content-md-center justify-content-center align-items-lg-stretch align-items-md-stretch align-items-stretch gutters-col-lg-2 gutters-col-md-2 gutters-col-0 gutters-col-v-lg-2 gutters-col-v-md-2 gutters-col-v-2\">\n          <!---->\n          <div class=\"h-column h-column-container d-flex h-col-lg-auto h-col-md-auto h-col-auto style-2619-outer style-local-6308-c15-outer\">\n            <div data-colibri-id=\"6308-c15\" class=\"d-flex h-flex-basis h-column__inner h-px-lg-2 h-px-md-2 h-px-2 v-inner-lg-2 v-inner-md-2 v-inner-2 style-2619 style-local-6308-c15 position-relative\">\n              <!---->\n              <!---->\n              <div class=\"w-100 h-y-container h-column__content h-column__v-align flex-basis-100 align-self-lg-start align-self-md-start align-self-start\">\n                <!---->\n                <div data-colibri-id=\"6308-c16\" class=\"style-2620 style-local-6308-c16 position-relative h-element\">\n                  <!---->\n                <\/div>\n              <\/div>\n            <\/div>\n          <\/div>\n        <\/div>\n      <\/div>\n      <div data-colibri-id=\"6308-c17\" class=\"h-row-container gutters-row-lg-0 gutters-row-md-0 gutters-row-0 gutters-row-v-lg-0 gutters-row-v-md-0 gutters-row-v-0 style-2621 style-local-6308-c17 position-relative\">\n        <!---->\n        <div class=\"h-row justify-content-lg-center justify-content-md-center justify-content-center align-items-lg-stretch align-items-md-stretch align-items-stretch gutters-col-lg-0 gutters-col-md-0 gutters-col-0 gutters-col-v-lg-0 gutters-col-v-md-0 gutters-col-v-0\">\n          <!---->\n          <div class=\"h-column h-column-container d-flex h-col-lg-auto h-col-md-auto h-col-auto style-2622-outer style-local-6308-c18-outer\">\n            <div data-colibri-id=\"6308-c18\" class=\"d-flex h-flex-basis h-column__inner h-px-lg-0 h-px-md-0 h-px-0 v-inner-lg-0 v-inner-md-0 v-inner-0 style-2622 style-local-6308-c18 position-relative\">\n              <!---->\n              <!---->\n              <div class=\"w-100 h-y-container h-column__content h-column__v-align flex-basis-100 align-self-lg-start align-self-md-start align-self-start\">\n                <!---->\n                <div data-colibri-id=\"6308-c19\" class=\"style-2623 style-local-6308-c19 position-relative h-element\">\n                  <!---->\n                <\/div>\n              <\/div>\n            <\/div>\n          <\/div>\n          <div class=\"h-column h-column-container d-flex h-col-lg-auto h-col-md-auto h-col-auto style-2624-outer style-local-6308-c20-outer\">\n            <div data-colibri-id=\"6308-c20\" class=\"d-flex h-flex-basis h-column__inner h-px-lg-2 h-px-md-2 h-px-2 v-inner-lg-2 v-inner-md-2 v-inner-2 style-2624 style-local-6308-c20 position-relative\">\n              <!---->\n              <!---->\n              <div class=\"w-100 h-y-container h-column__content h-column__v-align flex-basis-100 align-self-lg-center align-self-md-center align-self-center\">\n                <!---->\n                <div data-colibri-id=\"6308-c21\" class=\"h-global-transition-all h-heading style-2625 style-local-6308-c21 position-relative h-element\">\n                  <!---->\n                  <div class=\"h-heading__outer style-2625 style-local-6308-c21\">\n                    <!---->\n                    <!---->\n                    <h4 class=\"\"><\/h4>\n                  <\/div>\n                <\/div>\n                <div data-colibri-id=\"6308-c22\" class=\"h-text h-text-component style-2626 style-local-6308-c22 position-relative h-element\">\n                  <!---->\n                  <!---->\n                  <div class=\"\">\n                    <p>Este hermoso monumento comunal fue construido con la colaboraci\u00f3n de fieles vecinos, y fundamentalmente gracias a la gesti\u00f3n del Presb\u00edtero Don Bartolom\u00e9 Villalobos en el a\u00f1o 1893 (Cuyos restos reposan en el templo). Por efecto del\n                      gran terremoto de 1939, se debi\u00f3 transformar parte de su estructura y repararlo. Posee el reconocimiento de la comunidad que lo considera una edificaci\u00f3n relevante de la ciudad. Adem\u00e1s, como edificio de culto posee una fuerte consideraci\u00f3n\n                      por parte de las personas que profesan la fe cat\u00f3lica, congregando multitudes en cada celebraci\u00f3n.&nbsp;&nbsp;<span style=\"color: rgb(51, 51, 51); font-family: Muli; font-size: 16px; font-weight: 300;\">.<\/span><\/p>\n                  <\/div>\n                <\/div>\n              <\/div>\n            <\/div>\n          <\/div>\n          <div class=\"h-column h-column-container d-flex h-col-lg-auto h-col-md-auto h-col-auto style-2624-outer style-local-6308-c23-outer\">\n            <div data-colibri-id=\"6308-c23\" class=\"d-flex h-flex-basis h-column__inner h-px-lg-2 h-px-md-2 h-px-2 v-inner-lg-2 v-inner-md-2 v-inner-2 style-2624 style-local-6308-c23 position-relative\">\n              <!---->\n              <!---->\n              <div class=\"w-100 h-y-container h-column__content h-column__v-align flex-basis-100 align-self-lg-center align-self-md-center align-self-center\">\n                <!---->\n                <div data-colibri-id=\"6308-c24\" class=\"h-global-transition-all h-heading style-2625 style-local-6308-c24 position-relative h-element\">\n                  <!---->\n                  <div class=\"h-heading__outer style-2625 style-local-6308-c24\">\n                    <!---->\n                    <!---->\n                    <h4 class=\"\"><\/h4>\n                  <\/div>\n                <\/div>\n                <div data-colibri-id=\"6308-c25\" class=\"h-text h-text-component style-2626 style-local-6308-c25 position-relative h-element\">\n                  <!---->\n                  <!---->\n                  <div class=\"\">\n                    <p>Al ingresar se puede ver en su costado izquierdo, la apreciable imagen de \u201cEl Cristo del Espino\u201d, que congrega una especial devoci\u00f3n entre los cauqueninos y que, seg\u00fan la tradici\u00f3n oral, relata que esta imagen fue encontrada en el\n                      tronco de un espino en el sector de Hualve, localidad al poniente de Cauquenes.<\/p>\n                    <p>\n                      <br>\n                    <\/p>\n                  <\/div>\n                <\/div>\n                <div data-colibri-id=\"6308-c26\" class=\"d-block style-2627 style-local-6308-c26 position-relative h-element\">\n                  <!---->\n                  <div class=\"h-image__frame-container-outer\">\n                    <div class=\"h-image__frame-container\">\n                      <!---->\n                      <!---->\n                      <img loading=\"lazy\" decoding=\"async\" width=\"1920\" height=\"2560\" src=\"https:\/\/diocesisdelinares.com\/100\/wp-content\/uploads\/2023\/05\/20230523_151927-1-scaled.jpg\" class=\"wp-image-6356 style-2627-image style-local-6308-c26-image\" alt=\"\" srcset=\"https:\/\/diocesisdelinares.com\/100\/wp-content\/uploads\/2023\/05\/20230523_151927-1-scaled.jpg 1920w, https:\/\/diocesisdelinares.com\/100\/wp-content\/uploads\/2023\/05\/20230523_151927-1-225x300.jpg 225w, https:\/\/diocesisdelinares.com\/100\/wp-content\/uploads\/2023\/05\/20230523_151927-1-768x1024.jpg 768w, https:\/\/diocesisdelinares.com\/100\/wp-content\/uploads\/2023\/05\/20230523_151927-1-1152x1536.jpg 1152w, https:\/\/diocesisdelinares.com\/100\/wp-content\/uploads\/2023\/05\/20230523_151927-1-1536x2048.jpg 1536w\" sizes=\"auto, (max-width: 1920px) 100vw, 1920px\" \/>\n                      <div class=\"h-image__frame h-hide-lg h-hide-md h-hide-sm style-2627-frameImage style-local-6308-c26-frameImage\"><\/div>\n                    <\/div>\n                  <\/div>\n                <\/div>\n              <\/div>\n            <\/div>\n          <\/div>\n          <div class=\"h-column h-column-container d-flex h-col-lg-auto h-col-md-auto h-col-auto style-2628-outer style-local-6308-c27-outer\">\n            <div data-colibri-id=\"6308-c27\" class=\"d-flex h-flex-basis h-column__inner h-ui-empty-state-container h-px-lg-0 h-px-md-0 h-px-0 v-inner-lg-0 v-inner-md-0 v-inner-0 style-2628 style-local-6308-c27 position-relative\">\n              <!---->\n              <!---->\n              <div class=\"w-100 h-y-container h-column__content h-column__v-align flex-basis-100\">\n                <!---->\n              <\/div>\n            <\/div>\n          <\/div>\n        <\/div>\n      <\/div>\n    <\/div>\n  <\/div>\n  <div data-colibri-component=\"section\" data-colibri-id=\"6308-c28\" id=\"about\" class=\"h-section h-section-global-spacing d-flex align-items-lg-center align-items-md-center align-items-center style-2629 style-local-6308-c28 position-relative\">\n    <!---->\n    <!---->\n    <div class=\"h-section-grid-container h-section-boxed-container\">\n      <!---->\n      <div data-colibri-id=\"6308-c29\" class=\"h-row-container gutters-row-lg-2 gutters-row-md-2 gutters-row-2 gutters-row-v-lg-2 gutters-row-v-md-2 gutters-row-v-2 style-2630 style-local-6308-c29 position-relative\">\n        <!---->\n        <div class=\"h-row justify-content-lg-center justify-content-md-center justify-content-center align-items-lg-center align-items-md-center align-items-center gutters-col-lg-2 gutters-col-md-2 gutters-col-2 gutters-col-v-lg-2 gutters-col-v-md-2 gutters-col-v-2\">\n          <!---->\n          <div class=\"h-column h-column-container d-flex h-col-lg-auto h-col-md-auto h-col-auto align-self-lg-center align-self-md-center align-self-center style-2631-outer style-local-6308-c30-outer\">\n            <div data-colibri-id=\"6308-c30\" class=\"d-flex h-flex-basis h-column__inner h-px-lg-0 h-px-md-0 h-px-0 v-inner-lg-0 v-inner-md-0 v-inner-0 style-2631 style-local-6308-c30 position-relative\">\n              <!---->\n              <!---->\n              <div class=\"w-100 h-y-container h-column__content h-column__v-align flex-basis-100 align-self-lg-center align-self-md-center align-self-center\">\n                <!---->\n                <div data-colibri-id=\"6308-c31\" class=\"d-block style-2632 style-local-6308-c31 position-relative h-element\">\n                  <!---->\n                  <div class=\"h-image__frame-container-outer\">\n                    <div class=\"h-image__frame-container\">\n                      <!---->\n                      <!---->\n                      <img loading=\"lazy\" decoding=\"async\" width=\"1920\" height=\"2560\" src=\"https:\/\/diocesisdelinares.com\/100\/wp-content\/uploads\/2023\/05\/20230523_150554-scaled.jpg\" class=\"wp-image-6367 style-2632-image style-local-6308-c31-image\" alt=\"\" srcset=\"https:\/\/diocesisdelinares.com\/100\/wp-content\/uploads\/2023\/05\/20230523_150554-scaled.jpg 1920w, https:\/\/diocesisdelinares.com\/100\/wp-content\/uploads\/2023\/05\/20230523_150554-225x300.jpg 225w, https:\/\/diocesisdelinares.com\/100\/wp-content\/uploads\/2023\/05\/20230523_150554-768x1024.jpg 768w, https:\/\/diocesisdelinares.com\/100\/wp-content\/uploads\/2023\/05\/20230523_150554-1152x1536.jpg 1152w, https:\/\/diocesisdelinares.com\/100\/wp-content\/uploads\/2023\/05\/20230523_150554-1536x2048.jpg 1536w\" sizes=\"auto, (max-width: 1920px) 100vw, 1920px\" \/>\n                      <div class=\"h-image__frame h-hide-lg h-hide-md h-hide-sm style-2632-frameImage style-local-6308-c31-frameImage\"><\/div>\n                    <\/div>\n                  <\/div>\n                <\/div>\n                <div data-colibri-id=\"6308-c32\" class=\"h-multiple-image style-2633 style-local-6308-c32 position-relative h-element\">\n                  <!---->\n                  <div class=\"position-relative\">\n                    <div class=\"h-multiple-image-inside-container\">\n                      <div class=\"ratio-inner\">\n                        <div data-colibri-id=\"6308-c33\" class=\"d-block style-2634 style-local-6308-c33 position-relative h-element\">\n                          <!---->\n                          <div class=\"h-image__frame-container-outer\">\n                            <div class=\"h-image__frame-container\">\n                              <!---->\n                              <!---->\n                              <img loading=\"lazy\" decoding=\"async\" width=\"1439\" height=\"2559\" src=\"https:\/\/diocesisdelinares.com\/100\/wp-content\/uploads\/2023\/05\/cropped-20230523_131207-1-scaled-1.jpg\" class=\"style-2633-images style-local-6308-c32-images wp-image-6369 style-2634-image style-local-6308-c33-image\" alt=\"\" srcset=\"https:\/\/diocesisdelinares.com\/100\/wp-content\/uploads\/2023\/05\/cropped-20230523_131207-1-scaled-1.jpg 1439w, https:\/\/diocesisdelinares.com\/100\/wp-content\/uploads\/2023\/05\/cropped-20230523_131207-1-scaled-1-169x300.jpg 169w, https:\/\/diocesisdelinares.com\/100\/wp-content\/uploads\/2023\/05\/cropped-20230523_131207-1-scaled-1-576x1024.jpg 576w, https:\/\/diocesisdelinares.com\/100\/wp-content\/uploads\/2023\/05\/cropped-20230523_131207-1-scaled-1-768x1366.jpg 768w, https:\/\/diocesisdelinares.com\/100\/wp-content\/uploads\/2023\/05\/cropped-20230523_131207-1-scaled-1-864x1536.jpg 864w, https:\/\/diocesisdelinares.com\/100\/wp-content\/uploads\/2023\/05\/cropped-20230523_131207-1-scaled-1-1152x2048.jpg 1152w\" sizes=\"auto, (max-width: 1439px) 100vw, 1439px\" \/>\n                              <div class=\"h-image__frame h-hide-lg h-hide-md h-hide-sm style-2634-frameImage style-local-6308-c33-frameImage\"><\/div>\n                            <\/div>\n                          <\/div>\n                        <\/div>\n                      <\/div>\n                    <\/div>\n                  <\/div>\n                <\/div>\n              <\/div>\n            <\/div>\n          <\/div>\n          <div class=\"h-column h-column-container d-flex h-col-lg-auto h-col-md-auto h-col-auto align-self-lg-center align-self-md-center align-self-center style-2635-outer style-local-6308-c34-outer\">\n            <div data-colibri-id=\"6308-c34\" class=\"d-flex h-flex-basis h-column__inner h-px-lg-0 h-px-md-0 h-px-0 v-inner-lg-0 v-inner-md-0 v-inner-0 style-2635 style-local-6308-c34 position-relative\">\n              <!---->\n              <!---->\n              <div class=\"w-100 h-y-container h-column__content h-column__v-align flex-basis-100 align-self-lg-center align-self-md-center align-self-center\">\n                <!---->\n                <div data-colibri-id=\"6308-c35\" class=\"d-block style-2636 style-local-6308-c35 position-relative h-element\">\n                  <!---->\n                  <div class=\"h-image__frame-container-outer\">\n                    <div class=\"h-image__frame-container\">\n                      <!---->\n                      <!---->\n                      <img loading=\"lazy\" decoding=\"async\" width=\"1920\" height=\"2560\" src=\"https:\/\/diocesisdelinares.com\/100\/wp-content\/uploads\/2023\/05\/20230523_150615-scaled.jpg\" class=\"wp-image-6366 style-2636-image style-local-6308-c35-image\" alt=\"\" srcset=\"https:\/\/diocesisdelinares.com\/100\/wp-content\/uploads\/2023\/05\/20230523_150615-scaled.jpg 1920w, https:\/\/diocesisdelinares.com\/100\/wp-content\/uploads\/2023\/05\/20230523_150615-225x300.jpg 225w, https:\/\/diocesisdelinares.com\/100\/wp-content\/uploads\/2023\/05\/20230523_150615-768x1024.jpg 768w, https:\/\/diocesisdelinares.com\/100\/wp-content\/uploads\/2023\/05\/20230523_150615-1152x1536.jpg 1152w, https:\/\/diocesisdelinares.com\/100\/wp-content\/uploads\/2023\/05\/20230523_150615-1536x2048.jpg 1536w\" sizes=\"auto, (max-width: 1920px) 100vw, 1920px\" \/>\n                      <div class=\"h-image__frame h-hide-lg h-hide-md h-hide-sm style-2636-frameImage style-local-6308-c35-frameImage\"><\/div>\n                    <\/div>\n                  <\/div>\n                <\/div>\n                <div data-colibri-id=\"6308-c36\" class=\"h-row-container gutters-row-lg-0 gutters-row-md-0 gutters-row-0 gutters-row-v-lg-0 gutters-row-v-md-0 gutters-row-v-0 style-2637 style-local-6308-c36 position-relative\">\n                  <!---->\n                  <div class=\"h-row justify-content-lg-center justify-content-md-end justify-content-center align-items-lg-stretch align-items-md-stretch align-items-stretch gutters-col-lg-0 gutters-col-md-0 gutters-col-0 gutters-col-v-lg-0 gutters-col-v-md-0 gutters-col-v-0\">\n                    <!---->\n                    <div class=\"h-column h-column-container d-flex h-col-lg-auto h-col-md-auto h-col-auto style-2638-outer style-local-6308-c37-outer\">\n                      <div data-colibri-id=\"6308-c37\" class=\"d-flex h-flex-basis h-column__inner h-px-lg-0 h-px-md-0 h-px-0 v-inner-lg-0 v-inner-md-0 v-inner-0 style-2638 style-local-6308-c37 position-relative\">\n                        <!---->\n                        <!---->\n                        <div class=\"w-100 h-y-container h-column__content h-column__v-align flex-basis-100 align-self-lg-start align-self-md-start align-self-center\">\n                          <!---->\n                          <div data-colibri-id=\"6308-c38\" class=\"h-text h-text-component style-2639 style-local-6308-c38 position-relative h-element\">\n                            <!---->\n                            <!---->\n                            <div class=\"\">\n                              <p>San Alfonso un Templo que, desde su imponente estructura y promoci\u00f3n de vida comunitaria y misi\u00f3n evangelizadora, da testimonio de identidad a la historia del Pueblo de Cauquenes. Marcada por los sismos de gran envergadura,\n                                terremoto de 1925, 1939, 2010, entre los de mayor intensidad, han hecho replantear la estructura de sus torres, pero con la reconstrucci\u00f3n de los estragos causados por el 27\/F, las c\u00fapulas volvieron a su estado original\n                                en estilo g\u00f3tico. Siendo siempre este Templo la postal y referente de religiosidad que identifica a los cauqueninos.<\/p>\n                              <p>\n                                <br>\n                              <\/p>\n                            <\/div>\n                          <\/div>\n                        <\/div>\n                      <\/div>\n                    <\/div>\n                  <\/div>\n                <\/div>\n              <\/div>\n            <\/div>\n          <\/div>\n        <\/div>\n      <\/div>\n    <\/div>\n  <\/div>\n  <div data-colibri-component=\"section\" data-colibri-id=\"6308-c39\" id=\"features\" class=\"h-section h-section-global-spacing d-flex align-items-lg-center align-items-md-center align-items-center style-2640 style-local-6308-c39 position-relative\">\n    <!---->\n    <!---->\n    <div class=\"h-section-grid-container h-section-boxed-container\">\n      <div data-colibri-id=\"6308-c65\" class=\"h-row-container gutters-row-lg-2 gutters-row-md-2 gutters-row-0 gutters-row-v-lg-2 gutters-row-v-md-2 gutters-row-v-2 style-2653 style-local-6308-c65 position-relative\">\n        <!---->\n        <div class=\"h-row justify-content-lg-center justify-content-md-center justify-content-center align-items-lg-stretch align-items-md-stretch align-items-stretch gutters-col-lg-2 gutters-col-md-2 gutters-col-0 gutters-col-v-lg-2 gutters-col-v-md-2 gutters-col-v-2\">\n          <!---->\n          <div class=\"h-column h-column-container d-flex h-col-lg-auto h-col-md-auto h-col-auto style-2654-outer style-local-6308-c66-outer\">\n            <div data-colibri-id=\"6308-c66\" class=\"d-flex h-flex-basis h-column__inner h-px-lg-2 h-px-md-2 h-px-2 v-inner-lg-2 v-inner-md-2 v-inner-2 style-2654 style-local-6308-c66 position-relative\">\n              <!---->\n              <!---->\n              <div class=\"w-100 h-y-container h-column__content h-column__v-align flex-basis-100 align-self-lg-start align-self-md-start align-self-start\">\n                <!---->\n                <div data-colibri-id=\"6308-c67\" class=\"h-global-transition-all h-heading style-2655 style-local-6308-c67 position-relative h-element\">\n                  <!---->\n                  <div class=\"h-heading__outer style-2655 style-local-6308-c67\">\n                    <!---->\n                    <!---->\n                    <h2 class=\"\">Patrimonio Destacado<\/h2>\n                  <\/div>\n                <\/div>\n                <div data-colibri-id=\"6308-c68\" class=\"h-lead h-text h-text-component style-2656 style-local-6308-c68 position-relative h-element\">\n                  <!---->\n                  <!---->\n                  <div class=\"\"><\/div>\n                <\/div>\n              <\/div>\n            <\/div>\n          <\/div>\n        <\/div>\n      <\/div>\n      <div data-colibri-id=\"6308-c40\" class=\"h-row-container gutters-row-lg-2 gutters-row-md-2 gutters-row-2 gutters-row-v-lg-2 gutters-row-v-md-2 gutters-row-v-2 style-2641 style-local-6308-c40 position-relative\">\n        <!---->\n        <div class=\"h-row justify-content-lg-center justify-content-md-center justify-content-center align-items-lg-stretch align-items-md-stretch align-items-stretch gutters-col-lg-2 gutters-col-md-2 gutters-col-2 gutters-col-v-lg-2 gutters-col-v-md-2 gutters-col-v-2\">\n          <!---->\n          <div class=\"h-column h-column-container d-flex h-col-lg-6 h-col-md-6 h-col-12 style-2642-outer style-local-6308-c41-outer\">\n            <div data-colibri-id=\"6308-c41\" class=\"d-flex h-flex-basis h-column__inner h-px-lg-0 h-px-md-0 h-px-0 v-inner-lg-0 v-inner-md-0 v-inner-0 style-2642 style-local-6308-c41 position-relative\">\n              <!---->\n              <!---->\n              <div class=\"w-100 h-y-container h-column__content h-column__v-align flex-basis-100 align-self-lg-start align-self-md-start align-self-start\">\n                <!---->\n                <div data-colibri-id=\"6308-c42\" class=\"h-row-container gutters-row-lg-0 gutters-row-md-0 gutters-row-0 gutters-row-v-lg-0 gutters-row-v-md-0 gutters-row-v-0 style-2643 style-local-6308-c42 position-relative\">\n                  <!---->\n                  <div class=\"h-row justify-content-lg-center justify-content-md-center justify-content-center align-items-lg-stretch align-items-md-stretch align-items-stretch gutters-col-lg-0 gutters-col-md-0 gutters-col-0 gutters-col-v-lg-0 gutters-col-v-md-0 gutters-col-v-0\">\n                    <!---->\n                    <div class=\"h-column h-column-container d-flex h-col-lg-auto h-col-md-auto h-col-auto style-2644-outer style-local-6308-c43-outer\">\n                      <div data-colibri-id=\"6308-c43\" class=\"d-flex h-flex-basis h-column__inner h-ui-empty-state-container h-px-lg-0 h-px-md-0 h-px-0 v-inner-lg-0 v-inner-md-0 v-inner-0 style-2644 style-local-6308-c43 position-relative\">\n                        <!---->\n                        <!---->\n                        <div class=\"w-100 h-y-container h-column__content h-column__v-align flex-basis-100\">\n                          <!---->\n                        <\/div>\n                      <\/div>\n                    <\/div>\n                    <div class=\"h-column h-column-container d-flex h-col-lg-auto h-col-md-auto h-col-auto style-2645-outer style-local-6308-c44-outer\">\n                      <div data-colibri-id=\"6308-c44\" class=\"d-flex h-flex-basis h-column__inner h-px-lg-3 h-px-md-3 h-px-3 v-inner-lg-3 v-inner-md-3 v-inner-3 style-2645 style-local-6308-c44 position-relative\">\n                        <!---->\n                        <!---->\n                        <div class=\"w-100 h-y-container h-column__content h-column__v-align flex-basis-100 align-self-lg-center align-self-md-center align-self-center\">\n                          <!---->\n                          <div data-colibri-id=\"6308-c45\" class=\"h-global-transition-all h-heading style-2646 style-local-6308-c45 position-relative h-element\">\n                            <!---->\n                            <div class=\"h-heading__outer style-2646 style-local-6308-c45\">\n                              <!---->\n                              <!---->\n                              <a href=\"https:\/\/diocesisdelinares.com\/100\/parroquia-san-francisco-parral\/carruaje\/\" h-use-smooth-scroll=\"true\">\n                                <h4 class=\"\">\u00abCristo del Espino\u00bb<\/h4>\n                              <\/a>\n                            <\/div>\n                          <\/div>\n                          <div data-colibri-id=\"6308-c46\" class=\"h-text h-text-component style-2647 style-local-6308-c46 position-relative h-element\">\n                            <!---->\n                            <!---->\n                            <div class=\"\"><\/div>\n                          <\/div>\n                          <div data-colibri-id=\"6308-c47\" class=\"h-x-container style-2648 style-local-6308-c47 position-relative h-element\">\n                            <!---->\n                            <div class=\"h-x-container-inner style-dynamic-6308-c47-group style-2648-spacing style-local-6308-c47-spacing\"><span class=\"h-button__outer style-2649-outer style-local-6308-c48-outer d-inline-flex h-element\"><a h-use-smooth-scroll=\"true\" href=\"https:\/\/diocesisdelinares.com\/100\/parroquia-san-alfonso\/cristo-del-espino\/\" target=\"_blank\" data-colibri-id=\"6308-c48\" class=\"d-flex w-100 align-items-center h-button justify-content-lg-center justify-content-md-center justify-content-center style-2649 style-local-6308-c48 position-relative\" rel=\"noopener\"><!----><!----> <span>Saber M\u00e1s<\/span><\/a>\n                              <\/span>\n                            <\/div>\n                          <\/div>\n                        <\/div>\n                      <\/div>\n                    <\/div>\n                  <\/div>\n                <\/div>\n              <\/div>\n            <\/div>\n          <\/div>\n          <div class=\"h-column h-column-container d-flex h-col-lg-6 h-col-md-6 h-col-12 style-2642-outer style-local-6308-c49-outer\">\n            <div data-colibri-id=\"6308-c49\" class=\"d-flex h-flex-basis h-column__inner h-px-lg-0 h-px-md-0 h-px-0 v-inner-lg-0 v-inner-md-0 v-inner-0 style-2642 style-local-6308-c49 position-relative\">\n              <!---->\n              <!---->\n              <div class=\"w-100 h-y-container h-column__content h-column__v-align flex-basis-100 align-self-lg-start align-self-md-start align-self-start\">\n                <!---->\n                <div data-colibri-id=\"6308-c50\" class=\"h-row-container gutters-row-lg-0 gutters-row-md-0 gutters-row-0 gutters-row-v-lg-0 gutters-row-v-md-0 gutters-row-v-0 style-2643 style-local-6308-c50 position-relative\">\n                  <!---->\n                  <div class=\"h-row justify-content-lg-center justify-content-md-center justify-content-center align-items-lg-stretch align-items-md-stretch align-items-stretch gutters-col-lg-0 gutters-col-md-0 gutters-col-0 gutters-col-v-lg-0 gutters-col-v-md-0 gutters-col-v-0\">\n                    <!---->\n                    <div class=\"h-column h-column-container d-flex h-col-lg-auto h-col-md-auto h-col-auto style-2650-outer style-local-6308-c51-outer\">\n                      <div data-colibri-id=\"6308-c51\" class=\"d-flex h-flex-basis h-column__inner h-ui-empty-state-container h-px-lg-0 h-px-md-0 h-px-0 v-inner-lg-0 v-inner-md-0 v-inner-0 style-2650 style-local-6308-c51 position-relative\">\n                        <!---->\n                        <!---->\n                        <div class=\"w-100 h-y-container h-column__content h-column__v-align flex-basis-100\">\n                          <!---->\n                        <\/div>\n                      <\/div>\n                    <\/div>\n                    <div class=\"h-column h-column-container d-flex h-col-lg-auto h-col-md-auto h-col-auto style-2645-outer style-local-6308-c52-outer\">\n                      <div data-colibri-id=\"6308-c52\" class=\"d-flex h-flex-basis h-column__inner h-px-lg-3 h-px-md-3 h-px-3 v-inner-lg-3 v-inner-md-3 v-inner-3 style-2645 style-local-6308-c52 position-relative\">\n                        <!---->\n                        <!---->\n                        <div class=\"w-100 h-y-container h-column__content h-column__v-align flex-basis-100 align-self-lg-center align-self-md-center align-self-center\">\n                          <!---->\n                          <div data-colibri-id=\"6308-c53\" class=\"h-global-transition-all h-heading style-2646 style-local-6308-c53 position-relative h-element\">\n                            <!---->\n                            <div class=\"h-heading__outer style-2646 style-local-6308-c53\">\n                              <!---->\n                              <!---->\n                              <h4 class=\"\">Exposiciones D\u00eda del Patrimonio Religioso<\/h4>\n                            <\/div>\n                          <\/div>\n                          <div data-colibri-id=\"6308-c54\" class=\"h-text h-text-component style-2647 style-local-6308-c54 position-relative h-element\">\n                            <!---->\n                            <!---->\n                            <div class=\"\"><\/div>\n                          <\/div>\n                          <div data-colibri-id=\"6308-c55\" class=\"h-x-container style-2648 style-local-6308-c55 position-relative h-element\">\n                            <!---->\n                            <div class=\"h-x-container-inner style-dynamic-6308-c55-group style-2648-spacing style-local-6308-c55-spacing\"><span class=\"h-button__outer style-2649-outer style-local-6308-c56-outer d-inline-flex h-element\"><a h-use-smooth-scroll=\"true\" href=\"https:\/\/diocesisdelinares.com\/100\/parroquia-san-alfonso\/expo\/\" target=\"_blank\" data-colibri-id=\"6308-c56\" class=\"d-flex w-100 align-items-center h-button justify-content-lg-center justify-content-md-center justify-content-center style-2649 style-local-6308-c56 position-relative\" rel=\"noopener\"><!----><!----> <span>saber M\u00e1s<\/span><\/a>\n                              <\/span>\n                            <\/div>\n                          <\/div>\n                        <\/div>\n                      <\/div>\n                    <\/div>\n                  <\/div>\n                <\/div>\n              <\/div>\n            <\/div>\n          <\/div>\n          <div class=\"h-column h-column-container d-flex h-col-lg-6 h-col-md-6 h-col-12 style-2642-outer style-local-6308-c57-outer\">\n            <div data-colibri-id=\"6308-c57\" class=\"d-flex h-flex-basis h-column__inner h-px-lg-0 h-px-md-0 h-px-0 v-inner-lg-0 v-inner-md-0 v-inner-0 style-2642 style-local-6308-c57 position-relative\">\n              <!---->\n              <!---->\n              <div class=\"w-100 h-y-container h-column__content h-column__v-align flex-basis-100 align-self-lg-start align-self-md-start align-self-start\">\n                <!---->\n                <div data-colibri-id=\"6308-c58\" class=\"h-row-container gutters-row-lg-0 gutters-row-md-0 gutters-row-0 gutters-row-v-lg-0 gutters-row-v-md-0 gutters-row-v-0 style-2643 style-local-6308-c58 position-relative\">\n                  <!---->\n                  <div class=\"h-row justify-content-lg-center justify-content-md-center justify-content-center align-items-lg-stretch align-items-md-stretch align-items-stretch gutters-col-lg-0 gutters-col-md-0 gutters-col-0 gutters-col-v-lg-0 gutters-col-v-md-0 gutters-col-v-0\">\n                    <!---->\n                    <div class=\"h-column h-column-container d-flex h-col-lg-auto h-col-md-auto h-col-auto style-2651-outer style-local-6308-c59-outer\">\n                      <div data-colibri-id=\"6308-c59\" class=\"d-flex h-flex-basis h-column__inner h-ui-empty-state-container h-px-lg-0 h-px-md-0 h-px-0 v-inner-lg-0 v-inner-md-0 v-inner-0 style-2651 style-local-6308-c59 position-relative\">\n                        <!---->\n                        <!---->\n                        <div class=\"w-100 h-y-container h-column__content h-column__v-align flex-basis-100\">\n                          <!---->\n                        <\/div>\n                      <\/div>\n                    <\/div>\n                    <div class=\"h-column h-column-container d-flex h-col-lg-auto h-col-md-auto h-col-auto style-2645-outer style-local-6308-c60-outer\">\n                      <div data-colibri-id=\"6308-c60\" class=\"d-flex h-flex-basis h-column__inner h-px-lg-3 h-px-md-3 h-px-3 v-inner-lg-3 v-inner-md-3 v-inner-3 style-2645 style-local-6308-c60 position-relative\">\n                        <!---->\n                        <!---->\n                        <div class=\"w-100 h-y-container h-column__content h-column__v-align flex-basis-100 align-self-lg-center align-self-md-center align-self-center\">\n                          <!---->\n                          <div data-colibri-id=\"6308-c61\" class=\"h-global-transition-all h-heading style-2646 style-local-6308-c61 position-relative h-element\">\n                            <!---->\n                            <div class=\"h-heading__outer style-2646 style-local-6308-c61\">\n                              <!---->\n                              <!---->\n                              <h4 class=\"\">Patrimonio&nbsp;vitivin\u00edcola en Parroquia San Alfonso<\/h4>\n                            <\/div>\n                          <\/div>\n                          <div data-colibri-id=\"6308-c62\" class=\"h-text h-text-component style-2647 style-local-6308-c62 position-relative h-element\">\n                            <!---->\n                            <!---->\n                            <div class=\"\"><\/div>\n                          <\/div>\n                          <div data-colibri-id=\"6308-c63\" class=\"h-x-container style-2648 style-local-6308-c63 position-relative h-element\">\n                            <!---->\n                            <div class=\"h-x-container-inner style-dynamic-6308-c63-group style-2648-spacing style-local-6308-c63-spacing\"><span class=\"h-button__outer style-2649-outer style-local-6308-c64-outer d-inline-flex h-element\"><a h-use-smooth-scroll=\"true\" href=\"https:\/\/diocesisdelinares.com\/100\/parroquia-san-alfonso\/exposicion-vitivinicola\/\" target=\"_blank\" data-colibri-id=\"6308-c64\" class=\"d-flex w-100 align-items-center h-button justify-content-lg-center justify-content-md-center justify-content-center style-2649 style-local-6308-c64 position-relative\" rel=\"noopener\"><!----><!----> <span>saber M\u00e1s<\/span><\/a>\n                              <\/span>\n                            <\/div>\n                          <\/div>\n                        <\/div>\n                      <\/div>\n                    <\/div>\n                  <\/div>\n                <\/div>\n              <\/div>\n            <\/div>\n          <\/div>\n        <\/div>\n      <\/div>\n    <\/div>\n  <\/div>\n  <div data-colibri-component=\"section\" data-colibri-id=\"6308-c69\" id=\"photo-gallery\" class=\"h-section h-section-global-spacing d-flex align-items-lg-center align-items-md-center align-items-center style-2657 style-local-6308-c69 position-relative\">\n    <!---->\n    <!---->\n    <div class=\"h-section-grid-container h-section-boxed-container\">\n      <div data-colibri-id=\"6308-c73\" class=\"h-row-container gutters-row-lg-2 gutters-row-md-2 gutters-row-2 gutters-row-v-lg-2 gutters-row-v-md-2 gutters-row-v-2 style-2661 style-local-6308-c73 position-relative\">\n        <!---->\n        <div class=\"h-row justify-content-lg-center justify-content-md-center justify-content-center align-items-lg-stretch align-items-md-stretch align-items-stretch gutters-col-lg-2 gutters-col-md-2 gutters-col-2 gutters-col-v-lg-2 gutters-col-v-md-2 gutters-col-v-2\">\n          <!---->\n          <div class=\"h-column h-column-container d-flex h-col-lg-auto h-col-md-auto h-col-auto style-2662-outer style-local-6308-c74-outer\">\n            <div data-colibri-id=\"6308-c74\" class=\"d-flex h-flex-basis h-column__inner h-px-lg-2 h-px-md-2 h-px-2 v-inner-lg-2 v-inner-md-2 v-inner-2 style-2662 style-local-6308-c74 position-relative\">\n              <!---->\n              <!---->\n              <div class=\"w-100 h-y-container h-column__content h-column__v-align flex-basis-100 align-self-lg-start align-self-md-start align-self-start\">\n                <!---->\n                <div data-colibri-id=\"6308-c75\" class=\"h-global-transition-all h-heading style-2663 style-local-6308-c75 position-relative h-element\">\n                  <!---->\n                  <div class=\"h-heading__outer style-2663 style-local-6308-c75\">\n                    <!---->\n                    <!---->\n                    <h2 class=\"\">Galer\u00eda Fotogr\u00e1fica<\/h2>\n                  <\/div>\n                <\/div>\n              <\/div>\n            <\/div>\n          <\/div>\n        <\/div>\n      <\/div>\n      <div data-colibri-id=\"6308-c70\" class=\"h-row-container gutters-row-lg-2 gutters-row-md-2 gutters-row-0 gutters-row-v-lg-2 gutters-row-v-md-2 gutters-row-v-2 style-2658 style-local-6308-c70 position-relative\">\n        <!---->\n        <div class=\"h-row justify-content-lg-center justify-content-md-center justify-content-center align-items-lg-stretch align-items-md-stretch align-items-stretch gutters-col-lg-2 gutters-col-md-2 gutters-col-0 gutters-col-v-lg-2 gutters-col-v-md-2 gutters-col-v-2\">\n          <!---->\n          <div class=\"h-column h-column-container d-flex h-col-lg-auto h-col-md-auto h-col-auto style-2659-outer style-local-6308-c71-outer\">\n            <div data-colibri-id=\"6308-c71\" class=\"d-flex h-flex-basis h-column__inner h-px-lg-2 h-px-md-2 h-px-2 v-inner-lg-2 v-inner-md-2 v-inner-2 style-2659 style-local-6308-c71 position-relative\">\n              <!---->\n              <!---->\n              <div class=\"w-100 h-y-container h-column__content h-column__v-align flex-basis-100 align-self-lg-start align-self-md-start align-self-start\">\n                <!---->\n                <div data-colibri-component=\"\" data-colibri-id=\"6308-c72\" class=\"h-photo-gallery margin-none caption-displayTrue caption-vertical-align-top style-2660 style-local-6308-c72 position-relative h-element\">\n                  <!---->\n                  <div class=\"h-global-transition-all\"><div id='colibri-6308-c72' class='gallery-wrapper'>    <style type=\"text\/css\">\n\n        @media (min-width: 1023px) {        #colibri-6308-c72        dl {\n            float: left;\n            width: 33.333333333333% !important;\n            max-width: 33.333333333333% !important;\n            min-width: 33.333333333333% !important;\n        }\n\n        #colibri-6308-c72        dl:nth-of-type(3n +1 ) {\n            clear: both;\n        }\n\n        }@media (min-width: 768px) and (max-width: 1023px) {        #colibri-6308-c72        dl {\n            float: left;\n            width: 25% !important;\n            max-width: 25% !important;\n            min-width: 25% !important;\n        }\n\n        #colibri-6308-c72        dl:nth-of-type(4n +1 ) {\n            clear: both;\n        }\n\n        }@media (max-width: 767px) {        #colibri-6308-c72        dl {\n            float: left;\n            width: 50% !important;\n            max-width: 50% !important;\n            min-width: 50% !important;\n        }\n\n        #colibri-6308-c72        dl:nth-of-type(2n +1 ) {\n            clear: both;\n        }\n\n        }\n        #colibri-6308-c72        .gallery-item {\n            position: relative;\n        }\n\n        \n    <\/style>\n    <div   class='colibri-6308-c72-dls-wrapper gallery-items-wrapper' ><dl class='gallery-item masonry-item'>\n\t\t\t<dt class='gallery-icon landscape'>\n\t\t\t\t<a data-fancybox=\"colibri-6308-c72-group\" href='https:\/\/diocesisdelinares.com\/100\/wp-content\/uploads\/2023\/05\/20230523_123340-scaled.jpg'><img loading=\"lazy\" decoding=\"async\"  width=\"300\" height=\"225\" src=\"https:\/\/diocesisdelinares.com\/100\/wp-content\/uploads\/2023\/05\/20230523_123340-300x225.jpg\"  class='colibri-6308-c72-image' alt=\"\" srcset=\"https:\/\/diocesisdelinares.com\/100\/wp-content\/uploads\/2023\/05\/20230523_123340-300x225.jpg 300w, https:\/\/diocesisdelinares.com\/100\/wp-content\/uploads\/2023\/05\/20230523_123340-1024x768.jpg 1024w, https:\/\/diocesisdelinares.com\/100\/wp-content\/uploads\/2023\/05\/20230523_123340-768x576.jpg 768w, https:\/\/diocesisdelinares.com\/100\/wp-content\/uploads\/2023\/05\/20230523_123340-1536x1152.jpg 1536w, https:\/\/diocesisdelinares.com\/100\/wp-content\/uploads\/2023\/05\/20230523_123340-2048x1536.jpg 2048w\" sizes=\"auto, (max-width: 300px) 100vw, 300px\" \/><\/a>\n\t\t\t<\/dt><\/dl><dl class='gallery-item masonry-item'>\n\t\t\t<dt class='gallery-icon landscape'>\n\t\t\t\t<a data-fancybox=\"colibri-6308-c72-group\" href='https:\/\/diocesisdelinares.com\/100\/wp-content\/uploads\/2023\/05\/20230523_123351-scaled.jpg'><img loading=\"lazy\" decoding=\"async\"  width=\"300\" height=\"225\" src=\"https:\/\/diocesisdelinares.com\/100\/wp-content\/uploads\/2023\/05\/20230523_123351-300x225.jpg\"  class='colibri-6308-c72-image' alt=\"\" srcset=\"https:\/\/diocesisdelinares.com\/100\/wp-content\/uploads\/2023\/05\/20230523_123351-300x225.jpg 300w, https:\/\/diocesisdelinares.com\/100\/wp-content\/uploads\/2023\/05\/20230523_123351-1024x768.jpg 1024w, https:\/\/diocesisdelinares.com\/100\/wp-content\/uploads\/2023\/05\/20230523_123351-768x576.jpg 768w, https:\/\/diocesisdelinares.com\/100\/wp-content\/uploads\/2023\/05\/20230523_123351-1536x1152.jpg 1536w, https:\/\/diocesisdelinares.com\/100\/wp-content\/uploads\/2023\/05\/20230523_123351-2048x1536.jpg 2048w\" sizes=\"auto, (max-width: 300px) 100vw, 300px\" \/><\/a>\n\t\t\t<\/dt><\/dl><dl class='gallery-item masonry-item'>\n\t\t\t<dt class='gallery-icon landscape'>\n\t\t\t\t<a data-fancybox=\"colibri-6308-c72-group\" href='https:\/\/diocesisdelinares.com\/100\/wp-content\/uploads\/2023\/05\/20230523_123502-scaled.jpg'><img loading=\"lazy\" decoding=\"async\"  width=\"300\" height=\"225\" src=\"https:\/\/diocesisdelinares.com\/100\/wp-content\/uploads\/2023\/05\/20230523_123502-300x225.jpg\"  class='colibri-6308-c72-image' alt=\"\" srcset=\"https:\/\/diocesisdelinares.com\/100\/wp-content\/uploads\/2023\/05\/20230523_123502-300x225.jpg 300w, https:\/\/diocesisdelinares.com\/100\/wp-content\/uploads\/2023\/05\/20230523_123502-1024x768.jpg 1024w, https:\/\/diocesisdelinares.com\/100\/wp-content\/uploads\/2023\/05\/20230523_123502-768x576.jpg 768w, https:\/\/diocesisdelinares.com\/100\/wp-content\/uploads\/2023\/05\/20230523_123502-1536x1152.jpg 1536w, https:\/\/diocesisdelinares.com\/100\/wp-content\/uploads\/2023\/05\/20230523_123502-2048x1536.jpg 2048w\" sizes=\"auto, (max-width: 300px) 100vw, 300px\" \/><\/a>\n\t\t\t<\/dt><\/dl><dl class='gallery-item masonry-item'>\n\t\t\t<dt class='gallery-icon portrait'>\n\t\t\t\t<a data-fancybox=\"colibri-6308-c72-group\" href='https:\/\/diocesisdelinares.com\/100\/wp-content\/uploads\/2023\/05\/20230523_123627-scaled.jpg'><img loading=\"lazy\" decoding=\"async\"  width=\"225\" height=\"300\" src=\"https:\/\/diocesisdelinares.com\/100\/wp-content\/uploads\/2023\/05\/20230523_123627-225x300.jpg\"  class='colibri-6308-c72-image' alt=\"\" srcset=\"https:\/\/diocesisdelinares.com\/100\/wp-content\/uploads\/2023\/05\/20230523_123627-225x300.jpg 225w, https:\/\/diocesisdelinares.com\/100\/wp-content\/uploads\/2023\/05\/20230523_123627-768x1024.jpg 768w, https:\/\/diocesisdelinares.com\/100\/wp-content\/uploads\/2023\/05\/20230523_123627-1152x1536.jpg 1152w, https:\/\/diocesisdelinares.com\/100\/wp-content\/uploads\/2023\/05\/20230523_123627-1536x2048.jpg 1536w, https:\/\/diocesisdelinares.com\/100\/wp-content\/uploads\/2023\/05\/20230523_123627-scaled.jpg 1920w\" sizes=\"auto, (max-width: 225px) 100vw, 225px\" \/><\/a>\n\t\t\t<\/dt><\/dl><dl class='gallery-item masonry-item'>\n\t\t\t<dt class='gallery-icon portrait'>\n\t\t\t\t<a data-fancybox=\"colibri-6308-c72-group\" href='https:\/\/diocesisdelinares.com\/100\/wp-content\/uploads\/2023\/05\/20230523_123750-scaled.jpg'><img loading=\"lazy\" decoding=\"async\"  width=\"225\" height=\"300\" src=\"https:\/\/diocesisdelinares.com\/100\/wp-content\/uploads\/2023\/05\/20230523_123750-225x300.jpg\"  class='colibri-6308-c72-image' alt=\"\" srcset=\"https:\/\/diocesisdelinares.com\/100\/wp-content\/uploads\/2023\/05\/20230523_123750-225x300.jpg 225w, https:\/\/diocesisdelinares.com\/100\/wp-content\/uploads\/2023\/05\/20230523_123750-768x1024.jpg 768w, https:\/\/diocesisdelinares.com\/100\/wp-content\/uploads\/2023\/05\/20230523_123750-1152x1536.jpg 1152w, https:\/\/diocesisdelinares.com\/100\/wp-content\/uploads\/2023\/05\/20230523_123750-1536x2048.jpg 1536w, https:\/\/diocesisdelinares.com\/100\/wp-content\/uploads\/2023\/05\/20230523_123750-scaled.jpg 1920w\" sizes=\"auto, (max-width: 225px) 100vw, 225px\" \/><\/a>\n\t\t\t<\/dt><\/dl><dl class='gallery-item masonry-item'>\n\t\t\t<dt class='gallery-icon portrait'>\n\t\t\t\t<a data-fancybox=\"colibri-6308-c72-group\" href='https:\/\/diocesisdelinares.com\/100\/wp-content\/uploads\/2023\/05\/20230523_123757-scaled.jpg'><img loading=\"lazy\" decoding=\"async\"  width=\"225\" height=\"300\" src=\"https:\/\/diocesisdelinares.com\/100\/wp-content\/uploads\/2023\/05\/20230523_123757-225x300.jpg\"  class='colibri-6308-c72-image' alt=\"\" srcset=\"https:\/\/diocesisdelinares.com\/100\/wp-content\/uploads\/2023\/05\/20230523_123757-225x300.jpg 225w, https:\/\/diocesisdelinares.com\/100\/wp-content\/uploads\/2023\/05\/20230523_123757-768x1024.jpg 768w, https:\/\/diocesisdelinares.com\/100\/wp-content\/uploads\/2023\/05\/20230523_123757-1152x1536.jpg 1152w, https:\/\/diocesisdelinares.com\/100\/wp-content\/uploads\/2023\/05\/20230523_123757-1536x2048.jpg 1536w, https:\/\/diocesisdelinares.com\/100\/wp-content\/uploads\/2023\/05\/20230523_123757-scaled.jpg 1920w\" sizes=\"auto, (max-width: 225px) 100vw, 225px\" \/><\/a>\n\t\t\t<\/dt><\/dl><dl class='gallery-item masonry-item'>\n\t\t\t<dt class='gallery-icon portrait'>\n\t\t\t\t<a data-fancybox=\"colibri-6308-c72-group\" href='https:\/\/diocesisdelinares.com\/100\/wp-content\/uploads\/2023\/05\/20230523_124411-scaled.jpg'><img loading=\"lazy\" decoding=\"async\"  width=\"225\" height=\"300\" src=\"https:\/\/diocesisdelinares.com\/100\/wp-content\/uploads\/2023\/05\/20230523_124411-225x300.jpg\"  class='colibri-6308-c72-image' alt=\"\" srcset=\"https:\/\/diocesisdelinares.com\/100\/wp-content\/uploads\/2023\/05\/20230523_124411-225x300.jpg 225w, https:\/\/diocesisdelinares.com\/100\/wp-content\/uploads\/2023\/05\/20230523_124411-768x1024.jpg 768w, https:\/\/diocesisdelinares.com\/100\/wp-content\/uploads\/2023\/05\/20230523_124411-1152x1536.jpg 1152w, https:\/\/diocesisdelinares.com\/100\/wp-content\/uploads\/2023\/05\/20230523_124411-1536x2048.jpg 1536w, https:\/\/diocesisdelinares.com\/100\/wp-content\/uploads\/2023\/05\/20230523_124411-scaled.jpg 1920w\" sizes=\"auto, (max-width: 225px) 100vw, 225px\" \/><\/a>\n\t\t\t<\/dt><\/dl><dl class='gallery-item masonry-item'>\n\t\t\t<dt class='gallery-icon landscape'>\n\t\t\t\t<a data-fancybox=\"colibri-6308-c72-group\" href='https:\/\/diocesisdelinares.com\/100\/wp-content\/uploads\/2023\/05\/20230523_124510-scaled.jpg'><img loading=\"lazy\" decoding=\"async\"  width=\"300\" height=\"225\" src=\"https:\/\/diocesisdelinares.com\/100\/wp-content\/uploads\/2023\/05\/20230523_124510-300x225.jpg\"  class='colibri-6308-c72-image' alt=\"\" srcset=\"https:\/\/diocesisdelinares.com\/100\/wp-content\/uploads\/2023\/05\/20230523_124510-300x225.jpg 300w, https:\/\/diocesisdelinares.com\/100\/wp-content\/uploads\/2023\/05\/20230523_124510-1024x768.jpg 1024w, https:\/\/diocesisdelinares.com\/100\/wp-content\/uploads\/2023\/05\/20230523_124510-768x576.jpg 768w, https:\/\/diocesisdelinares.com\/100\/wp-content\/uploads\/2023\/05\/20230523_124510-1536x1152.jpg 1536w, https:\/\/diocesisdelinares.com\/100\/wp-content\/uploads\/2023\/05\/20230523_124510-2048x1536.jpg 2048w\" sizes=\"auto, (max-width: 300px) 100vw, 300px\" \/><\/a>\n\t\t\t<\/dt><\/dl><dl class='gallery-item masonry-item'>\n\t\t\t<dt class='gallery-icon portrait'>\n\t\t\t\t<a data-fancybox=\"colibri-6308-c72-group\" href='https:\/\/diocesisdelinares.com\/100\/wp-content\/uploads\/2023\/05\/20230523_130504-scaled.jpg'><img loading=\"lazy\" decoding=\"async\"  width=\"225\" height=\"300\" src=\"https:\/\/diocesisdelinares.com\/100\/wp-content\/uploads\/2023\/05\/20230523_130504-225x300.jpg\"  class='colibri-6308-c72-image' alt=\"\" srcset=\"https:\/\/diocesisdelinares.com\/100\/wp-content\/uploads\/2023\/05\/20230523_130504-225x300.jpg 225w, https:\/\/diocesisdelinares.com\/100\/wp-content\/uploads\/2023\/05\/20230523_130504-768x1024.jpg 768w, https:\/\/diocesisdelinares.com\/100\/wp-content\/uploads\/2023\/05\/20230523_130504-1152x1536.jpg 1152w, https:\/\/diocesisdelinares.com\/100\/wp-content\/uploads\/2023\/05\/20230523_130504-1536x2048.jpg 1536w, https:\/\/diocesisdelinares.com\/100\/wp-content\/uploads\/2023\/05\/20230523_130504-scaled.jpg 1920w\" sizes=\"auto, (max-width: 225px) 100vw, 225px\" \/><\/a>\n\t\t\t<\/dt><\/dl><dl class='gallery-item masonry-item'>\n\t\t\t<dt class='gallery-icon portrait'>\n\t\t\t\t<a data-fancybox=\"colibri-6308-c72-group\" href='https:\/\/diocesisdelinares.com\/100\/wp-content\/uploads\/2023\/05\/20230523_130756-scaled.jpg'><img loading=\"lazy\" decoding=\"async\"  width=\"225\" height=\"300\" src=\"https:\/\/diocesisdelinares.com\/100\/wp-content\/uploads\/2023\/05\/20230523_130756-225x300.jpg\"  class='colibri-6308-c72-image' alt=\"\" srcset=\"https:\/\/diocesisdelinares.com\/100\/wp-content\/uploads\/2023\/05\/20230523_130756-225x300.jpg 225w, https:\/\/diocesisdelinares.com\/100\/wp-content\/uploads\/2023\/05\/20230523_130756-768x1024.jpg 768w, https:\/\/diocesisdelinares.com\/100\/wp-content\/uploads\/2023\/05\/20230523_130756-1152x1536.jpg 1152w, https:\/\/diocesisdelinares.com\/100\/wp-content\/uploads\/2023\/05\/20230523_130756-1536x2048.jpg 1536w, https:\/\/diocesisdelinares.com\/100\/wp-content\/uploads\/2023\/05\/20230523_130756-scaled.jpg 1920w\" sizes=\"auto, (max-width: 225px) 100vw, 225px\" \/><\/a>\n\t\t\t<\/dt><\/dl><dl class='gallery-item masonry-item'>\n\t\t\t<dt class='gallery-icon portrait'>\n\t\t\t\t<a data-fancybox=\"colibri-6308-c72-group\" href='https:\/\/diocesisdelinares.com\/100\/wp-content\/uploads\/2023\/05\/20230523_130915-scaled.jpg'><img loading=\"lazy\" decoding=\"async\"  width=\"225\" height=\"300\" src=\"https:\/\/diocesisdelinares.com\/100\/wp-content\/uploads\/2023\/05\/20230523_130915-225x300.jpg\"  class='colibri-6308-c72-image' alt=\"\" srcset=\"https:\/\/diocesisdelinares.com\/100\/wp-content\/uploads\/2023\/05\/20230523_130915-225x300.jpg 225w, https:\/\/diocesisdelinares.com\/100\/wp-content\/uploads\/2023\/05\/20230523_130915-768x1024.jpg 768w, https:\/\/diocesisdelinares.com\/100\/wp-content\/uploads\/2023\/05\/20230523_130915-1152x1536.jpg 1152w, https:\/\/diocesisdelinares.com\/100\/wp-content\/uploads\/2023\/05\/20230523_130915-1536x2048.jpg 1536w, https:\/\/diocesisdelinares.com\/100\/wp-content\/uploads\/2023\/05\/20230523_130915-scaled.jpg 1920w\" sizes=\"auto, (max-width: 225px) 100vw, 225px\" \/><\/a>\n\t\t\t<\/dt><\/dl><dl class='gallery-item masonry-item'>\n\t\t\t<dt class='gallery-icon portrait'>\n\t\t\t\t<a data-fancybox=\"colibri-6308-c72-group\" href='https:\/\/diocesisdelinares.com\/100\/wp-content\/uploads\/2023\/05\/20230523_131038-scaled.jpg'><img loading=\"lazy\" decoding=\"async\"  width=\"225\" height=\"300\" src=\"https:\/\/diocesisdelinares.com\/100\/wp-content\/uploads\/2023\/05\/20230523_131038-225x300.jpg\"  class='colibri-6308-c72-image' alt=\"\" srcset=\"https:\/\/diocesisdelinares.com\/100\/wp-content\/uploads\/2023\/05\/20230523_131038-225x300.jpg 225w, https:\/\/diocesisdelinares.com\/100\/wp-content\/uploads\/2023\/05\/20230523_131038-768x1024.jpg 768w, https:\/\/diocesisdelinares.com\/100\/wp-content\/uploads\/2023\/05\/20230523_131038-1152x1536.jpg 1152w, https:\/\/diocesisdelinares.com\/100\/wp-content\/uploads\/2023\/05\/20230523_131038-1536x2048.jpg 1536w, https:\/\/diocesisdelinares.com\/100\/wp-content\/uploads\/2023\/05\/20230523_131038-scaled.jpg 1920w\" sizes=\"auto, (max-width: 225px) 100vw, 225px\" \/><\/a>\n\t\t\t<\/dt><\/dl><dl class='gallery-item masonry-item'>\n\t\t\t<dt class='gallery-icon portrait'>\n\t\t\t\t<a data-fancybox=\"colibri-6308-c72-group\" href='https:\/\/diocesisdelinares.com\/100\/wp-content\/uploads\/2023\/05\/20230523_131207-scaled.jpg'><img loading=\"lazy\" decoding=\"async\"  width=\"225\" height=\"300\" src=\"https:\/\/diocesisdelinares.com\/100\/wp-content\/uploads\/2023\/05\/20230523_131207-225x300.jpg\"  class='colibri-6308-c72-image' alt=\"\" srcset=\"https:\/\/diocesisdelinares.com\/100\/wp-content\/uploads\/2023\/05\/20230523_131207-225x300.jpg 225w, https:\/\/diocesisdelinares.com\/100\/wp-content\/uploads\/2023\/05\/20230523_131207-768x1024.jpg 768w, https:\/\/diocesisdelinares.com\/100\/wp-content\/uploads\/2023\/05\/20230523_131207-1152x1536.jpg 1152w, https:\/\/diocesisdelinares.com\/100\/wp-content\/uploads\/2023\/05\/20230523_131207-1536x2048.jpg 1536w, https:\/\/diocesisdelinares.com\/100\/wp-content\/uploads\/2023\/05\/20230523_131207-scaled.jpg 1920w\" sizes=\"auto, (max-width: 225px) 100vw, 225px\" \/><\/a>\n\t\t\t<\/dt><\/dl><dl class='gallery-item masonry-item'>\n\t\t\t<dt class='gallery-icon landscape'>\n\t\t\t\t<a data-fancybox=\"colibri-6308-c72-group\" href='https:\/\/diocesisdelinares.com\/100\/wp-content\/uploads\/2023\/05\/20230523_131252-scaled.jpg'><img loading=\"lazy\" decoding=\"async\"  width=\"300\" height=\"225\" src=\"https:\/\/diocesisdelinares.com\/100\/wp-content\/uploads\/2023\/05\/20230523_131252-300x225.jpg\"  class='colibri-6308-c72-image' alt=\"\" srcset=\"https:\/\/diocesisdelinares.com\/100\/wp-content\/uploads\/2023\/05\/20230523_131252-300x225.jpg 300w, https:\/\/diocesisdelinares.com\/100\/wp-content\/uploads\/2023\/05\/20230523_131252-1024x768.jpg 1024w, https:\/\/diocesisdelinares.com\/100\/wp-content\/uploads\/2023\/05\/20230523_131252-768x576.jpg 768w, https:\/\/diocesisdelinares.com\/100\/wp-content\/uploads\/2023\/05\/20230523_131252-1536x1152.jpg 1536w, https:\/\/diocesisdelinares.com\/100\/wp-content\/uploads\/2023\/05\/20230523_131252-2048x1536.jpg 2048w\" sizes=\"auto, (max-width: 300px) 100vw, 300px\" \/><\/a>\n\t\t\t<\/dt><\/dl><dl class='gallery-item masonry-item'>\n\t\t\t<dt class='gallery-icon portrait'>\n\t\t\t\t<a data-fancybox=\"colibri-6308-c72-group\" href='https:\/\/diocesisdelinares.com\/100\/wp-content\/uploads\/2023\/05\/20230523_131523-scaled.jpg'><img loading=\"lazy\" decoding=\"async\"  width=\"225\" height=\"300\" src=\"https:\/\/diocesisdelinares.com\/100\/wp-content\/uploads\/2023\/05\/20230523_131523-225x300.jpg\"  class='colibri-6308-c72-image' alt=\"\" srcset=\"https:\/\/diocesisdelinares.com\/100\/wp-content\/uploads\/2023\/05\/20230523_131523-225x300.jpg 225w, https:\/\/diocesisdelinares.com\/100\/wp-content\/uploads\/2023\/05\/20230523_131523-768x1024.jpg 768w, https:\/\/diocesisdelinares.com\/100\/wp-content\/uploads\/2023\/05\/20230523_131523-1152x1536.jpg 1152w, https:\/\/diocesisdelinares.com\/100\/wp-content\/uploads\/2023\/05\/20230523_131523-1536x2048.jpg 1536w, https:\/\/diocesisdelinares.com\/100\/wp-content\/uploads\/2023\/05\/20230523_131523-scaled.jpg 1920w\" sizes=\"auto, (max-width: 225px) 100vw, 225px\" \/><\/a>\n\t\t\t<\/dt><\/dl><dl class='gallery-item masonry-item'>\n\t\t\t<dt class='gallery-icon portrait'>\n\t\t\t\t<a data-fancybox=\"colibri-6308-c72-group\" href='https:\/\/diocesisdelinares.com\/100\/wp-content\/uploads\/2023\/05\/20230523_144714-scaled.jpg'><img loading=\"lazy\" decoding=\"async\"  width=\"225\" height=\"300\" src=\"https:\/\/diocesisdelinares.com\/100\/wp-content\/uploads\/2023\/05\/20230523_144714-225x300.jpg\"  class='colibri-6308-c72-image' alt=\"\" srcset=\"https:\/\/diocesisdelinares.com\/100\/wp-content\/uploads\/2023\/05\/20230523_144714-225x300.jpg 225w, https:\/\/diocesisdelinares.com\/100\/wp-content\/uploads\/2023\/05\/20230523_144714-768x1024.jpg 768w, https:\/\/diocesisdelinares.com\/100\/wp-content\/uploads\/2023\/05\/20230523_144714-1152x1536.jpg 1152w, https:\/\/diocesisdelinares.com\/100\/wp-content\/uploads\/2023\/05\/20230523_144714-1536x2048.jpg 1536w, https:\/\/diocesisdelinares.com\/100\/wp-content\/uploads\/2023\/05\/20230523_144714-scaled.jpg 1920w\" sizes=\"auto, (max-width: 225px) 100vw, 225px\" \/><\/a>\n\t\t\t<\/dt><\/dl><dl class='gallery-item masonry-item'>\n\t\t\t<dt class='gallery-icon portrait'>\n\t\t\t\t<a data-fancybox=\"colibri-6308-c72-group\" href='https:\/\/diocesisdelinares.com\/100\/wp-content\/uploads\/2023\/05\/20230523_150914-scaled.jpg'><img loading=\"lazy\" decoding=\"async\"  width=\"225\" height=\"300\" src=\"https:\/\/diocesisdelinares.com\/100\/wp-content\/uploads\/2023\/05\/20230523_150914-225x300.jpg\"  class='colibri-6308-c72-image' alt=\"\" srcset=\"https:\/\/diocesisdelinares.com\/100\/wp-content\/uploads\/2023\/05\/20230523_150914-225x300.jpg 225w, https:\/\/diocesisdelinares.com\/100\/wp-content\/uploads\/2023\/05\/20230523_150914-768x1024.jpg 768w, https:\/\/diocesisdelinares.com\/100\/wp-content\/uploads\/2023\/05\/20230523_150914-1152x1536.jpg 1152w, https:\/\/diocesisdelinares.com\/100\/wp-content\/uploads\/2023\/05\/20230523_150914-1536x2048.jpg 1536w, https:\/\/diocesisdelinares.com\/100\/wp-content\/uploads\/2023\/05\/20230523_150914-scaled.jpg 1920w\" sizes=\"auto, (max-width: 225px) 100vw, 225px\" \/><\/a>\n\t\t\t<\/dt><\/dl><dl class='gallery-item masonry-item'>\n\t\t\t<dt class='gallery-icon portrait'>\n\t\t\t\t<a data-fancybox=\"colibri-6308-c72-group\" href='https:\/\/diocesisdelinares.com\/100\/wp-content\/uploads\/2023\/05\/20230523_151004-scaled.jpg'><img loading=\"lazy\" decoding=\"async\"  width=\"225\" height=\"300\" src=\"https:\/\/diocesisdelinares.com\/100\/wp-content\/uploads\/2023\/05\/20230523_151004-225x300.jpg\"  class='colibri-6308-c72-image' alt=\"\" srcset=\"https:\/\/diocesisdelinares.com\/100\/wp-content\/uploads\/2023\/05\/20230523_151004-225x300.jpg 225w, https:\/\/diocesisdelinares.com\/100\/wp-content\/uploads\/2023\/05\/20230523_151004-768x1024.jpg 768w, https:\/\/diocesisdelinares.com\/100\/wp-content\/uploads\/2023\/05\/20230523_151004-1152x1536.jpg 1152w, https:\/\/diocesisdelinares.com\/100\/wp-content\/uploads\/2023\/05\/20230523_151004-1536x2048.jpg 1536w, https:\/\/diocesisdelinares.com\/100\/wp-content\/uploads\/2023\/05\/20230523_151004-scaled.jpg 1920w\" sizes=\"auto, (max-width: 225px) 100vw, 225px\" \/><\/a>\n\t\t\t<\/dt><\/dl><dl class='gallery-item masonry-item'>\n\t\t\t<dt class='gallery-icon portrait'>\n\t\t\t\t<a data-fancybox=\"colibri-6308-c72-group\" href='https:\/\/diocesisdelinares.com\/100\/wp-content\/uploads\/2023\/05\/20230523_151025-scaled.jpg'><img loading=\"lazy\" decoding=\"async\"  width=\"225\" height=\"300\" src=\"https:\/\/diocesisdelinares.com\/100\/wp-content\/uploads\/2023\/05\/20230523_151025-225x300.jpg\"  class='colibri-6308-c72-image' alt=\"\" srcset=\"https:\/\/diocesisdelinares.com\/100\/wp-content\/uploads\/2023\/05\/20230523_151025-225x300.jpg 225w, https:\/\/diocesisdelinares.com\/100\/wp-content\/uploads\/2023\/05\/20230523_151025-768x1024.jpg 768w, https:\/\/diocesisdelinares.com\/100\/wp-content\/uploads\/2023\/05\/20230523_151025-1152x1536.jpg 1152w, https:\/\/diocesisdelinares.com\/100\/wp-content\/uploads\/2023\/05\/20230523_151025-1536x2048.jpg 1536w, https:\/\/diocesisdelinares.com\/100\/wp-content\/uploads\/2023\/05\/20230523_151025-scaled.jpg 1920w\" sizes=\"auto, (max-width: 225px) 100vw, 225px\" \/><\/a>\n\t\t\t<\/dt><\/dl><dl class='gallery-item masonry-item'>\n\t\t\t<dt class='gallery-icon portrait'>\n\t\t\t\t<a data-fancybox=\"colibri-6308-c72-group\" href='https:\/\/diocesisdelinares.com\/100\/wp-content\/uploads\/2023\/05\/20230523_151039-scaled.jpg'><img loading=\"lazy\" decoding=\"async\"  width=\"225\" height=\"300\" src=\"https:\/\/diocesisdelinares.com\/100\/wp-content\/uploads\/2023\/05\/20230523_151039-225x300.jpg\"  class='colibri-6308-c72-image' alt=\"\" srcset=\"https:\/\/diocesisdelinares.com\/100\/wp-content\/uploads\/2023\/05\/20230523_151039-225x300.jpg 225w, https:\/\/diocesisdelinares.com\/100\/wp-content\/uploads\/2023\/05\/20230523_151039-768x1024.jpg 768w, https:\/\/diocesisdelinares.com\/100\/wp-content\/uploads\/2023\/05\/20230523_151039-1152x1536.jpg 1152w, https:\/\/diocesisdelinares.com\/100\/wp-content\/uploads\/2023\/05\/20230523_151039-1536x2048.jpg 1536w, https:\/\/diocesisdelinares.com\/100\/wp-content\/uploads\/2023\/05\/20230523_151039-scaled.jpg 1920w\" sizes=\"auto, (max-width: 225px) 100vw, 225px\" \/><\/a>\n\t\t\t<\/dt><\/dl><dl class='gallery-item masonry-item'>\n\t\t\t<dt class='gallery-icon portrait'>\n\t\t\t\t<a data-fancybox=\"colibri-6308-c72-group\" href='https:\/\/diocesisdelinares.com\/100\/wp-content\/uploads\/2023\/05\/20230523_151046-scaled.jpg'><img loading=\"lazy\" decoding=\"async\"  width=\"225\" height=\"300\" src=\"https:\/\/diocesisdelinares.com\/100\/wp-content\/uploads\/2023\/05\/20230523_151046-225x300.jpg\"  class='colibri-6308-c72-image' alt=\"\" srcset=\"https:\/\/diocesisdelinares.com\/100\/wp-content\/uploads\/2023\/05\/20230523_151046-225x300.jpg 225w, https:\/\/diocesisdelinares.com\/100\/wp-content\/uploads\/2023\/05\/20230523_151046-768x1024.jpg 768w, https:\/\/diocesisdelinares.com\/100\/wp-content\/uploads\/2023\/05\/20230523_151046-1152x1536.jpg 1152w, https:\/\/diocesisdelinares.com\/100\/wp-content\/uploads\/2023\/05\/20230523_151046-1536x2048.jpg 1536w, https:\/\/diocesisdelinares.com\/100\/wp-content\/uploads\/2023\/05\/20230523_151046-scaled.jpg 1920w\" sizes=\"auto, (max-width: 225px) 100vw, 225px\" \/><\/a>\n\t\t\t<\/dt><\/dl><dl class='gallery-item masonry-item'>\n\t\t\t<dt class='gallery-icon portrait'>\n\t\t\t\t<a data-fancybox=\"colibri-6308-c72-group\" href='https:\/\/diocesisdelinares.com\/100\/wp-content\/uploads\/2023\/05\/20230523_151927-scaled.jpg'><img loading=\"lazy\" decoding=\"async\"  width=\"225\" height=\"300\" src=\"https:\/\/diocesisdelinares.com\/100\/wp-content\/uploads\/2023\/05\/20230523_151927-225x300.jpg\"  class='colibri-6308-c72-image' alt=\"\" srcset=\"https:\/\/diocesisdelinares.com\/100\/wp-content\/uploads\/2023\/05\/20230523_151927-225x300.jpg 225w, https:\/\/diocesisdelinares.com\/100\/wp-content\/uploads\/2023\/05\/20230523_151927-768x1024.jpg 768w, https:\/\/diocesisdelinares.com\/100\/wp-content\/uploads\/2023\/05\/20230523_151927-1152x1536.jpg 1152w, https:\/\/diocesisdelinares.com\/100\/wp-content\/uploads\/2023\/05\/20230523_151927-1536x2048.jpg 1536w, https:\/\/diocesisdelinares.com\/100\/wp-content\/uploads\/2023\/05\/20230523_151927-scaled.jpg 1920w\" sizes=\"auto, (max-width: 225px) 100vw, 225px\" \/><\/a>\n\t\t\t<\/dt><\/dl><dl class='gallery-item masonry-item'>\n\t\t\t<dt class='gallery-icon landscape'>\n\t\t\t\t<a data-fancybox=\"colibri-6308-c72-group\" href='https:\/\/diocesisdelinares.com\/100\/wp-content\/uploads\/2023\/05\/20230523_152128-scaled.jpg'><img loading=\"lazy\" decoding=\"async\"  width=\"300\" height=\"225\" src=\"https:\/\/diocesisdelinares.com\/100\/wp-content\/uploads\/2023\/05\/20230523_152128-300x225.jpg\"  class='colibri-6308-c72-image' alt=\"\" srcset=\"https:\/\/diocesisdelinares.com\/100\/wp-content\/uploads\/2023\/05\/20230523_152128-300x225.jpg 300w, https:\/\/diocesisdelinares.com\/100\/wp-content\/uploads\/2023\/05\/20230523_152128-1024x768.jpg 1024w, https:\/\/diocesisdelinares.com\/100\/wp-content\/uploads\/2023\/05\/20230523_152128-768x576.jpg 768w, https:\/\/diocesisdelinares.com\/100\/wp-content\/uploads\/2023\/05\/20230523_152128-1536x1152.jpg 1536w, https:\/\/diocesisdelinares.com\/100\/wp-content\/uploads\/2023\/05\/20230523_152128-2048x1536.jpg 2048w\" sizes=\"auto, (max-width: 300px) 100vw, 300px\" \/><\/a>\n\t\t\t<\/dt><\/dl><dl class='gallery-item masonry-item'>\n\t\t\t<dt class='gallery-icon portrait'>\n\t\t\t\t<a data-fancybox=\"colibri-6308-c72-group\" href='https:\/\/diocesisdelinares.com\/100\/wp-content\/uploads\/2023\/05\/20230523_152141-scaled.jpg'><img loading=\"lazy\" decoding=\"async\"  width=\"225\" height=\"300\" src=\"https:\/\/diocesisdelinares.com\/100\/wp-content\/uploads\/2023\/05\/20230523_152141-225x300.jpg\"  class='colibri-6308-c72-image' alt=\"\" srcset=\"https:\/\/diocesisdelinares.com\/100\/wp-content\/uploads\/2023\/05\/20230523_152141-225x300.jpg 225w, https:\/\/diocesisdelinares.com\/100\/wp-content\/uploads\/2023\/05\/20230523_152141-768x1024.jpg 768w, https:\/\/diocesisdelinares.com\/100\/wp-content\/uploads\/2023\/05\/20230523_152141-1152x1536.jpg 1152w, https:\/\/diocesisdelinares.com\/100\/wp-content\/uploads\/2023\/05\/20230523_152141-1536x2048.jpg 1536w, https:\/\/diocesisdelinares.com\/100\/wp-content\/uploads\/2023\/05\/20230523_152141-scaled.jpg 1920w\" sizes=\"auto, (max-width: 225px) 100vw, 225px\" \/><\/a>\n\t\t\t<\/dt><\/dl><dl class='gallery-item masonry-item'>\n\t\t\t<dt class='gallery-icon landscape'>\n\t\t\t\t<a data-fancybox=\"colibri-6308-c72-group\" href='https:\/\/diocesisdelinares.com\/100\/wp-content\/uploads\/2023\/05\/20230523_124609-scaled.jpg'><img loading=\"lazy\" decoding=\"async\"  width=\"300\" height=\"225\" src=\"https:\/\/diocesisdelinares.com\/100\/wp-content\/uploads\/2023\/05\/20230523_124609-300x225.jpg\"  class='colibri-6308-c72-image' alt=\"\" srcset=\"https:\/\/diocesisdelinares.com\/100\/wp-content\/uploads\/2023\/05\/20230523_124609-300x225.jpg 300w, https:\/\/diocesisdelinares.com\/100\/wp-content\/uploads\/2023\/05\/20230523_124609-1024x768.jpg 1024w, https:\/\/diocesisdelinares.com\/100\/wp-content\/uploads\/2023\/05\/20230523_124609-768x576.jpg 768w, https:\/\/diocesisdelinares.com\/100\/wp-content\/uploads\/2023\/05\/20230523_124609-1536x1152.jpg 1536w, https:\/\/diocesisdelinares.com\/100\/wp-content\/uploads\/2023\/05\/20230523_124609-2048x1536.jpg 2048w\" sizes=\"auto, (max-width: 300px) 100vw, 300px\" \/><\/a>\n\t\t\t<\/dt><\/dl><dl class='gallery-item masonry-item'>\n\t\t\t<dt class='gallery-icon portrait'>\n\t\t\t\t<a data-fancybox=\"colibri-6308-c72-group\" href='https:\/\/diocesisdelinares.com\/100\/wp-content\/uploads\/2023\/05\/20230523_130217-scaled.jpg'><img loading=\"lazy\" decoding=\"async\"  width=\"225\" height=\"300\" src=\"https:\/\/diocesisdelinares.com\/100\/wp-content\/uploads\/2023\/05\/20230523_130217-225x300.jpg\"  class='colibri-6308-c72-image' alt=\"\" srcset=\"https:\/\/diocesisdelinares.com\/100\/wp-content\/uploads\/2023\/05\/20230523_130217-225x300.jpg 225w, https:\/\/diocesisdelinares.com\/100\/wp-content\/uploads\/2023\/05\/20230523_130217-768x1024.jpg 768w, https:\/\/diocesisdelinares.com\/100\/wp-content\/uploads\/2023\/05\/20230523_130217-1152x1536.jpg 1152w, https:\/\/diocesisdelinares.com\/100\/wp-content\/uploads\/2023\/05\/20230523_130217-1536x2048.jpg 1536w, https:\/\/diocesisdelinares.com\/100\/wp-content\/uploads\/2023\/05\/20230523_130217-scaled.jpg 1920w\" sizes=\"auto, (max-width: 225px) 100vw, 225px\" \/><\/a>\n\t\t\t<\/dt><\/dl><dl class='gallery-item masonry-item'>\n\t\t\t<dt class='gallery-icon portrait'>\n\t\t\t\t<a data-fancybox=\"colibri-6308-c72-group\" href='https:\/\/diocesisdelinares.com\/100\/wp-content\/uploads\/2023\/05\/20230523_131017-scaled.jpg'><img loading=\"lazy\" decoding=\"async\"  width=\"225\" height=\"300\" src=\"https:\/\/diocesisdelinares.com\/100\/wp-content\/uploads\/2023\/05\/20230523_131017-225x300.jpg\"  class='colibri-6308-c72-image' alt=\"\" srcset=\"https:\/\/diocesisdelinares.com\/100\/wp-content\/uploads\/2023\/05\/20230523_131017-225x300.jpg 225w, https:\/\/diocesisdelinares.com\/100\/wp-content\/uploads\/2023\/05\/20230523_131017-768x1024.jpg 768w, https:\/\/diocesisdelinares.com\/100\/wp-content\/uploads\/2023\/05\/20230523_131017-1152x1536.jpg 1152w, https:\/\/diocesisdelinares.com\/100\/wp-content\/uploads\/2023\/05\/20230523_131017-1536x2048.jpg 1536w, https:\/\/diocesisdelinares.com\/100\/wp-content\/uploads\/2023\/05\/20230523_131017-scaled.jpg 1920w\" sizes=\"auto, (max-width: 225px) 100vw, 225px\" \/><\/a>\n\t\t\t<\/dt><\/dl><dl class='gallery-item masonry-item'>\n\t\t\t<dt class='gallery-icon portrait'>\n\t\t\t\t<a data-fancybox=\"colibri-6308-c72-group\" href='https:\/\/diocesisdelinares.com\/100\/wp-content\/uploads\/2023\/05\/20230523_145004-scaled.jpg'><img loading=\"lazy\" decoding=\"async\"  width=\"225\" height=\"300\" src=\"https:\/\/diocesisdelinares.com\/100\/wp-content\/uploads\/2023\/05\/20230523_145004-225x300.jpg\"  class='colibri-6308-c72-image' alt=\"\" srcset=\"https:\/\/diocesisdelinares.com\/100\/wp-content\/uploads\/2023\/05\/20230523_145004-225x300.jpg 225w, https:\/\/diocesisdelinares.com\/100\/wp-content\/uploads\/2023\/05\/20230523_145004-768x1024.jpg 768w, https:\/\/diocesisdelinares.com\/100\/wp-content\/uploads\/2023\/05\/20230523_145004-1152x1536.jpg 1152w, https:\/\/diocesisdelinares.com\/100\/wp-content\/uploads\/2023\/05\/20230523_145004-1536x2048.jpg 1536w, https:\/\/diocesisdelinares.com\/100\/wp-content\/uploads\/2023\/05\/20230523_145004-scaled.jpg 1920w\" sizes=\"auto, (max-width: 225px) 100vw, 225px\" \/><\/a>\n\t\t\t<\/dt><\/dl><dl class='gallery-item masonry-item'>\n\t\t\t<dt class='gallery-icon portrait'>\n\t\t\t\t<a data-fancybox=\"colibri-6308-c72-group\" href='https:\/\/diocesisdelinares.com\/100\/wp-content\/uploads\/2023\/05\/20230523_150406-scaled.jpg'><img loading=\"lazy\" decoding=\"async\"  width=\"225\" height=\"300\" src=\"https:\/\/diocesisdelinares.com\/100\/wp-content\/uploads\/2023\/05\/20230523_150406-225x300.jpg\"  class='colibri-6308-c72-image' alt=\"\" srcset=\"https:\/\/diocesisdelinares.com\/100\/wp-content\/uploads\/2023\/05\/20230523_150406-225x300.jpg 225w, https:\/\/diocesisdelinares.com\/100\/wp-content\/uploads\/2023\/05\/20230523_150406-768x1024.jpg 768w, https:\/\/diocesisdelinares.com\/100\/wp-content\/uploads\/2023\/05\/20230523_150406-1152x1536.jpg 1152w, https:\/\/diocesisdelinares.com\/100\/wp-content\/uploads\/2023\/05\/20230523_150406-1536x2048.jpg 1536w, https:\/\/diocesisdelinares.com\/100\/wp-content\/uploads\/2023\/05\/20230523_150406-scaled.jpg 1920w\" sizes=\"auto, (max-width: 225px) 100vw, 225px\" \/><\/a>\n\t\t\t<\/dt><\/dl><dl class='gallery-item masonry-item'>\n\t\t\t<dt class='gallery-icon portrait'>\n\t\t\t\t<a data-fancybox=\"colibri-6308-c72-group\" href='https:\/\/diocesisdelinares.com\/100\/wp-content\/uploads\/2023\/05\/20230523_150711-scaled.jpg'><img loading=\"lazy\" decoding=\"async\"  width=\"225\" height=\"300\" src=\"https:\/\/diocesisdelinares.com\/100\/wp-content\/uploads\/2023\/05\/20230523_150711-225x300.jpg\"  class='colibri-6308-c72-image' alt=\"\" srcset=\"https:\/\/diocesisdelinares.com\/100\/wp-content\/uploads\/2023\/05\/20230523_150711-225x300.jpg 225w, https:\/\/diocesisdelinares.com\/100\/wp-content\/uploads\/2023\/05\/20230523_150711-768x1024.jpg 768w, https:\/\/diocesisdelinares.com\/100\/wp-content\/uploads\/2023\/05\/20230523_150711-1152x1536.jpg 1152w, https:\/\/diocesisdelinares.com\/100\/wp-content\/uploads\/2023\/05\/20230523_150711-1536x2048.jpg 1536w, https:\/\/diocesisdelinares.com\/100\/wp-content\/uploads\/2023\/05\/20230523_150711-scaled.jpg 1920w\" sizes=\"auto, (max-width: 225px) 100vw, 225px\" \/><\/a>\n\t\t\t<\/dt><\/dl><dl class='gallery-item masonry-item'>\n\t\t\t<dt class='gallery-icon portrait'>\n\t\t\t\t<a data-fancybox=\"colibri-6308-c72-group\" href='https:\/\/diocesisdelinares.com\/100\/wp-content\/uploads\/2023\/05\/20230523_150727-scaled.jpg'><img loading=\"lazy\" decoding=\"async\"  width=\"225\" height=\"300\" src=\"https:\/\/diocesisdelinares.com\/100\/wp-content\/uploads\/2023\/05\/20230523_150727-225x300.jpg\"  class='colibri-6308-c72-image' alt=\"\" srcset=\"https:\/\/diocesisdelinares.com\/100\/wp-content\/uploads\/2023\/05\/20230523_150727-225x300.jpg 225w, https:\/\/diocesisdelinares.com\/100\/wp-content\/uploads\/2023\/05\/20230523_150727-768x1024.jpg 768w, https:\/\/diocesisdelinares.com\/100\/wp-content\/uploads\/2023\/05\/20230523_150727-1152x1536.jpg 1152w, https:\/\/diocesisdelinares.com\/100\/wp-content\/uploads\/2023\/05\/20230523_150727-1536x2048.jpg 1536w, https:\/\/diocesisdelinares.com\/100\/wp-content\/uploads\/2023\/05\/20230523_150727-scaled.jpg 1920w\" sizes=\"auto, (max-width: 225px) 100vw, 225px\" \/><\/a>\n\t\t\t<\/dt><\/dl>\n\t\t\t\n\t\t<\/div>\n<style>#colibri-6308-c72 .wp-caption-text.gallery-caption{display:none;}<\/style><\/div><\/div>\n                <\/div>\n              <\/div>\n            <\/div>\n          <\/div>\n        <\/div>\n      <\/div>\n    <\/div>\n  <\/div>\n<\/div>","protected":false},"excerpt":{"rendered":"<p>Volver a la p\u00e1gina de inicio Parroquia San Alfonso Mar\u00eda de Ligorio, Cauquenes Sitial apreciable en la ciudad de Cauquenes, revela la ubicaci\u00f3n privilegiada de la parroquia San Alfonso Mar\u00eda de Ligorio, atendida por los Padres Redentoristas, establecidos en Calle Montt 121\/ esquina Victoria, en uno de los lugares m\u00e1s altos de la ciudad, al [&hellip;]<\/p>\n","protected":false},"author":1,"featured_media":0,"parent":0,"menu_order":0,"comment_status":"closed","ping_status":"closed","template":"page-templates\/full-width-page.php","meta":{"footnotes":""},"class_list":["post-6308","page","type-page","status-publish","hentry"],"_links":{"self":[{"href":"https:\/\/diocesisdelinares.com\/100\/wp-json\/wp\/v2\/pages\/6308","targetHints":{"allow":["GET"]}}],"collection":[{"href":"https:\/\/diocesisdelinares.com\/100\/wp-json\/wp\/v2\/pages"}],"about":[{"href":"https:\/\/diocesisdelinares.com\/100\/wp-json\/wp\/v2\/types\/page"}],"author":[{"embeddable":true,"href":"https:\/\/diocesisdelinares.com\/100\/wp-json\/wp\/v2\/users\/1"}],"replies":[{"embeddable":true,"href":"https:\/\/diocesisdelinares.com\/100\/wp-json\/wp\/v2\/comments?post=6308"}],"version-history":[{"count":11,"href":"https:\/\/diocesisdelinares.com\/100\/wp-json\/wp\/v2\/pages\/6308\/revisions"}],"predecessor-version":[{"id":7655,"href":"https:\/\/diocesisdelinares.com\/100\/wp-json\/wp\/v2\/pages\/6308\/revisions\/7655"}],"wp:attachment":[{"href":"https:\/\/diocesisdelinares.com\/100\/wp-json\/wp\/v2\/media?parent=6308"}],"curies":[{"name":"wp","href":"https:\/\/api.w.org\/{rel}","templated":true}]}}