{"id":5997,"date":"2023-05-26T00:22:07","date_gmt":"2023-05-26T00:22:07","guid":{"rendered":"https:\/\/diocesisdelinares.com\/100\/?page_id=5997"},"modified":"2023-05-26T13:47:42","modified_gmt":"2023-05-26T13:47:42","slug":"cristo-de-la-patagua","status":"publish","type":"page","link":"https:\/\/diocesisdelinares.com\/100\/parroquia-san-francisco-parral\/cristo-de-la-patagua\/","title":{"rendered":"El Cristo de la Patagua"},"content":{"rendered":"<div data-colibri-id=\"5997-c1\" class=\"style-2410 style-local-5997-c1 position-relative\">\n  <!---->\n  <div data-colibri-component=\"section\" data-colibri-id=\"5997-c2\" id=\"about\" class=\"h-section h-section-global-spacing d-flex align-items-lg-center align-items-md-center align-items-center style-2411 style-local-5997-c2 position-relative\">\n    <!---->\n    <!---->\n    <div class=\"h-section-grid-container h-section-boxed-container\">\n      <!---->\n      <div data-colibri-id=\"5997-c3\" class=\"h-row-container gutters-row-lg-2 gutters-row-md-2 gutters-row-0 gutters-row-v-lg-2 gutters-row-v-md-2 gutters-row-v-2 style-2464 style-local-5997-c3 position-relative\">\n        <!---->\n        <div class=\"h-row justify-content-lg-center justify-content-md-center justify-content-center align-items-lg-stretch align-items-md-stretch align-items-stretch gutters-col-lg-2 gutters-col-md-2 gutters-col-0 gutters-col-v-lg-2 gutters-col-v-md-2 gutters-col-v-2\">\n          <!---->\n          <div class=\"h-column h-column-container d-flex h-col-lg-auto h-col-md-auto h-col-auto style-2465-outer style-local-5997-c4-outer\">\n            <div data-colibri-id=\"5997-c4\" class=\"d-flex h-flex-basis h-column__inner h-px-lg-2 h-px-md-2 h-px-2 v-inner-lg-2 v-inner-md-2 v-inner-2 style-2465 style-local-5997-c4 position-relative\">\n              <!---->\n              <!---->\n              <div class=\"w-100 h-y-container h-column__content h-column__v-align flex-basis-100 align-self-lg-start align-self-md-start align-self-start\">\n                <!---->\n                <div data-colibri-id=\"5997-c5\" class=\"h-x-container style-2558 style-local-5997-c5 position-relative h-element\">\n                  <!---->\n                  <div class=\"h-x-container-inner style-dynamic-5997-c5-group\">\n                    <!----><span class=\"h-button__outer style-2559-outer style-local-5997-c6-outer d-inline-flex h-element\"><a  h-use-smooth-scroll=\"true\" href=\"https:\/\/diocesisdelinares.com\/100\/\"  data-colibri-id=\"5997-c6\" class=\"d-flex w-100 align-items-center h-button justify-content-lg-center justify-content-md-center justify-content-center style-2559 style-local-5997-c6 position-relative\"><!----><!----> <span >Volver a la p\u00e1gina de inicio<\/span><\/a>\n                    <\/span>\n                  <\/div>\n                <\/div>\n              <\/div>\n            <\/div>\n          <\/div>\n        <\/div>\n      <\/div>\n      <div data-colibri-id=\"5997-c7\" class=\"h-row-container gutters-row-lg-0 gutters-row-md-0 gutters-row-0 gutters-row-v-lg-0 gutters-row-v-md-0 gutters-row-v-0 style-2412 style-local-5997-c7 position-relative\">\n        <!---->\n        <div class=\"h-row justify-content-lg-start justify-content-md-start justify-content-start align-items-lg-stretch align-items-md-stretch align-items-stretch gutters-col-lg-0 gutters-col-md-0 gutters-col-0 gutters-col-v-lg-0 gutters-col-v-md-0 gutters-col-v-0\">\n          <!---->\n          <div class=\"h-column h-column-container d-flex h-col-lg-auto h-col-md-auto h-col-auto style-2413-outer style-local-5997-c8-outer\">\n            <div data-colibri-id=\"5997-c8\" class=\"d-flex h-flex-basis h-column__inner h-px-lg-3 h-px-md-3 h-px-3 v-inner-lg-3 v-inner-md-3 v-inner-3 style-2413 style-local-5997-c8 position-relative\">\n              <!---->\n              <!---->\n              <div class=\"w-100 h-y-container h-column__content h-column__v-align flex-basis-100 align-self-lg-center align-self-md-center align-self-center\">\n                <!---->\n                <div data-colibri-id=\"5997-c9\" class=\"h-text h-text-component style-2414 style-local-5997-c9 position-relative h-element\">\n                  <!---->\n                  <!---->\n                  <div class=\"\">\n                    <p>El \u201c<span style=\"font-weight: 600;\">Cristo de la Patagua<\/span>\u201d es llamado tambi\u00e9n \u201c<span style=\"font-weight: 600;\">Se\u00f1or de la Humilda<\/span>d\u201d en raz\u00f3n a la forma que tiene la imagen. La denominaci\u00f3n primera le viene de la madera\n                      de la que est\u00e1 hecha y del modo c\u00f3mo fue encontrado. Su tama\u00f1o apenas alcanza a 60 cent\u00edmetros de alto.<\/p>\n                  <\/div>\n                <\/div>\n                <div data-colibri-id=\"5997-c10\" class=\"style-2415 style-local-5997-c10 position-relative h-element\">\n                  <!---->\n                <\/div>\n              <\/div>\n            <\/div>\n          <\/div>\n        <\/div>\n      <\/div>\n      <div data-colibri-id=\"5997-c11\" class=\"h-row-container gutters-row-lg-2 gutters-row-md-2 gutters-row-2 gutters-row-v-lg-2 gutters-row-v-md-2 gutters-row-v-2 style-2416 style-local-5997-c11 position-relative\">\n        <!---->\n        <div class=\"h-row justify-content-lg-center justify-content-md-center justify-content-center align-items-lg-stretch align-items-md-stretch align-items-stretch gutters-col-lg-2 gutters-col-md-2 gutters-col-2 gutters-col-v-lg-2 gutters-col-v-md-2 gutters-col-v-2\">\n          <!---->\n          <div class=\"h-column h-column-container d-flex h-col-lg-auto h-col-md-auto h-col-auto style-2417-outer style-local-5997-c12-outer\">\n            <div data-colibri-id=\"5997-c12\" class=\"d-flex h-flex-basis h-column__inner h-px-lg-2 h-px-md-2 h-px-2 v-inner-lg-2 v-inner-md-2 v-inner-2 style-2417 style-local-5997-c12 position-relative\">\n              <!---->\n              <!---->\n              <div class=\"w-100 h-y-container h-column__content h-column__v-align flex-basis-100 align-self-lg-center align-self-md-center align-self-center\">\n                <!---->\n                <div data-colibri-id=\"5997-c13\" class=\"h-global-transition-all h-heading style-2418 style-local-5997-c13 position-relative h-element\">\n                  <!---->\n                  <div class=\"h-heading__outer style-2418 style-local-5997-c13\">\n                    <!---->\n                    <!---->\n                    <h3 class=\"\">Imagen&nbsp;<em style=\"font-family: &quot;Playfair Display&quot;; color: rgb(3, 169, 244);\"><br>\u00abCristo de la Patagua\u00bb<\/em><\/h3>\n                  <\/div>\n                <\/div>\n                <div data-colibri-id=\"5997-c14\" class=\"h-lead h-text h-text-component style-2419 style-local-5997-c14 position-relative h-element\">\n                  <!---->\n                  <!---->\n                  <div class=\"\">\n                    <p><span style=\"font-weight: 600;\">Cuenta la historia (recopilada por P. Honorio Aguilera Ch\u00e1vez, en febrero de 1961)<\/span><\/p>\n                    <p>\n                      <br>\n                    <\/p>\n                  <\/div>\n                <\/div>\n                <div data-colibri-id=\"5997-c15\" class=\"h-text h-text-component style-2420 style-local-5997-c15 position-relative h-element\">\n                  <!---->\n                  <!---->\n                  <div class=\"\">\n                    <p>\n                      <br>\n                    <\/p>\n                    <p>La imagen fue hallada, de una manera extra\u00f1a, dentro de un tronco de una gruesa Patagua (pitra, en araucano), un par de cientos a\u00f1os atr\u00e1s. La patagua es un \u00e1rbol tili\u00e1ceo chileno (tricuspidaria dependens), que crece junto a los pantanos.<\/p>\n                    <p>En las cercan\u00edas del estero de Bureo (pu, dentro; reo, olas), que desemboca en el r\u00edo Perquilauqu\u00e9n (perquin, plumas; lavquen, r\u00edo) y del poblado de Villaseca, al norponiente de Parral, estaba la propiedad en donde fue encontrada esta\n                      curiosa imagen de Cristo Crucificado.<\/p>\n                    <p>Un d\u00eda cualquiera llego sorpresivamente, a las casas de la propiedad un extra\u00f1o peregrino. Solicit\u00f3 que se dieran algunos trozos de le\u00f1a, que dijo necesitar con urgencia. Casualmente hab\u00eda, en la le\u00f1era, un trozo muy grueso y enorme\n                      de una antigua patagua que, tras vivir muchos a\u00f1os junto a una vertiente, se hab\u00eda reci\u00e9n secado.<\/p>\n                    <p>Los due\u00f1os de la casa entregaron, al peregrino extra\u00f1o, el trozo de patagua y una cortante hacha. Contento se entreg\u00f3 a la dura faena de desastillar el duro y enorme tronco. Tras laborioso trabajo, solo le iba quedando la parte m\u00e1s\n                      gruesa por destrozar, en la tarde.<\/p>\n                    <p>Por fin, al dar un fuerte hachazo, en esa parte, se vio saltar a la distancia un objeto extra\u00f1o y curioso. Lo recogi\u00f3 el peregrino y se los llev\u00f3 a los due\u00f1os de la casa. Todos vieron, con natural asombro, que representaba claramente\n                      a Cristo crucificado, en postura de profundad humildad.<\/p>\n                    <p>El peregrino solicit\u00f3 que le dejaran retocar la imagen. Autorizado para ello, la model\u00f3 con un afilado cuchillo que andaba trayendo al cinto. Al d\u00eda siguiente, muy de ma\u00f1ana, parti\u00f3 llevando la le\u00f1a que le hab\u00edan dado y dejando, en\n                      poder de los due\u00f1os de casa, la imagen que hab\u00eda descubierto y retocado.<\/p>\n                    <p>Se dio a la imagen el nombre de \u201cCristo de la Patagua\u201d y corri\u00f3 su historia por los contornos con rapidez. Fueron muchas las personas curiosas que acudieron a verla. Pronto comenz\u00f3 a ser venerada, por la gente de los alrededores, en\n                      atenci\u00f3n sobre todo a la forma como hab\u00eda sido encontrada.<\/p>\n                    <p>Por all\u00ed cerca viv\u00eda una familia ind\u00edgena; eran los Mitriuco (mitriu, planta medicinal; co, agua). Se compon\u00eda esta familia del padre, la madre tres hijos. Un d\u00eda se vieron atacado por una grave enfermedad y murieron todos, menos el\n                      menor de los hijos que era ciego, sin saberse c\u00f3mo arribo el pobre indio medio muerto de hambre y cubierto de trunes (capsulas espinudas y adhesivas de abrojos), a la casa donde estaba \u201cel Se\u00f1or de la Patagua\u201d. Dec\u00eda \u00e9l que, una\n                      mano extra\u00f1a lo iba empujando. Todos atribuyeron este hecho al Santo Cristo. Con ello aumento la veneraci\u00f3n que la gente ya le profesaba.<\/p>\n                    <p>La se\u00f1ora Carmen Maureira, cuyos padres fueron los que encontraron, en su propiedad, \u201cel Cristo de la Patagua\u201d cerca del estero de Bureo, trajo la imagen a la ciudad de Parral y la tuvo en su casa de calle Dieciocho esq. Libertad.\n                      Esta se\u00f1ora, algunos a\u00f1os antes de morir, entreg\u00f3 al Convento de San Francisco \u201cEl Cristo de la Patagua\u201d. Muri\u00f3 la se\u00f1ora Carmen Maureira en 1926, a los 86 a\u00f1os de edad. Hab\u00eda nacido, entonces, en 1840. Algunos a\u00f1os antes que ella\n                      naciera, hab\u00edan encontrado, sus padres, \u201cel Cristo de la Patagua\u201d. Por lo tanto, se puede decir que, la imagen en cuesti\u00f3n, tiene hoy en d\u00eda unos 183 a\u00f1os. Una nieta de la se\u00f1ora Carmen, la se\u00f1ora Ester Vivanco de Ib\u00e1\u00f1ez, conserva\n                      vivo el recuerdo de los hechos narrados por sus antepasados y guarda algunos papeles que se refieren al \u201cCristo de la Patagua\u201d.<\/p>\n                    <p>\n                      <br>\n                    <\/p>\n                  <\/div>\n                <\/div>\n              <\/div>\n            <\/div>\n          <\/div>\n          <div class=\"h-column h-column-container d-flex h-col-lg-auto h-col-md-auto h-col-auto style-2421-outer style-local-5997-c16-outer\">\n            <div data-colibri-id=\"5997-c16\" class=\"d-flex h-flex-basis h-column__inner h-px-lg-2 h-px-md-2 h-px-2 v-inner-lg-2 v-inner-md-2 v-inner-2 style-2421 style-local-5997-c16 position-relative\">\n              <!---->\n              <!---->\n              <div class=\"w-100 h-y-container h-column__content h-column__v-align flex-basis-100 align-self-lg-center align-self-md-center align-self-center\">\n                <!---->\n                <div data-colibri-id=\"5997-c17\" class=\"h-multiple-image style-2422 style-local-5997-c17 position-relative h-element\">\n                  <!---->\n                  <div class=\"position-relative\">\n                    <div class=\"h-multiple-image-inside-container\">\n                      <div class=\"ratio-inner\">\n                        <div data-colibri-id=\"5997-c18\" class=\"d-block style-2423 style-local-5997-c18 position-relative h-element\">\n                          <!---->\n                          <div class=\"h-image__frame-container-outer\">\n                            <div class=\"h-image__frame-container\">\n                              <!---->\n                              <!---->\n                              <img loading=\"lazy\" decoding=\"async\" width=\"2180\" height=\"3645\" src=\"https:\/\/diocesisdelinares.com\/100\/wp-content\/uploads\/2023\/05\/cropped-IMG_9396.png\" class=\"style-2422-images style-local-5997-c17-images wp-image-6099 style-2423-image style-local-5997-c18-image\" alt=\"\" srcset=\"https:\/\/diocesisdelinares.com\/100\/wp-content\/uploads\/2023\/05\/cropped-IMG_9396.png 2180w, https:\/\/diocesisdelinares.com\/100\/wp-content\/uploads\/2023\/05\/cropped-IMG_9396-179x300.png 179w, https:\/\/diocesisdelinares.com\/100\/wp-content\/uploads\/2023\/05\/cropped-IMG_9396-612x1024.png 612w, https:\/\/diocesisdelinares.com\/100\/wp-content\/uploads\/2023\/05\/cropped-IMG_9396-768x1284.png 768w, https:\/\/diocesisdelinares.com\/100\/wp-content\/uploads\/2023\/05\/cropped-IMG_9396-919x1536.png 919w, https:\/\/diocesisdelinares.com\/100\/wp-content\/uploads\/2023\/05\/cropped-IMG_9396-1225x2048.png 1225w\" sizes=\"auto, (max-width: 2180px) 100vw, 2180px\" \/>\n                              <div class=\"h-image__frame h-hide-lg h-hide-md h-hide-sm style-2423-frameImage style-local-5997-c18-frameImage\"><\/div>\n                            <\/div>\n                          <\/div>\n                        <\/div>\n                        <div data-colibri-id=\"5997-c19\" class=\"d-block style-2424 style-local-5997-c19 position-relative h-element\">\n                          <!---->\n                          <div class=\"h-image__frame-container-outer\">\n                            <div class=\"h-image__frame-container\">\n                              <!---->\n                              <!---->\n                              <img loading=\"lazy\" decoding=\"async\" width=\"2880\" height=\"3840\" src=\"https:\/\/diocesisdelinares.com\/100\/wp-content\/uploads\/2023\/05\/IMG_9403.png\" class=\"style-2422-images style-local-5997-c17-images wp-image-6093 style-2424-image style-local-5997-c19-image\" alt=\"\" srcset=\"https:\/\/diocesisdelinares.com\/100\/wp-content\/uploads\/2023\/05\/IMG_9403.png 2880w, https:\/\/diocesisdelinares.com\/100\/wp-content\/uploads\/2023\/05\/IMG_9403-225x300.png 225w, https:\/\/diocesisdelinares.com\/100\/wp-content\/uploads\/2023\/05\/IMG_9403-768x1024.png 768w, https:\/\/diocesisdelinares.com\/100\/wp-content\/uploads\/2023\/05\/IMG_9403-1152x1536.png 1152w, https:\/\/diocesisdelinares.com\/100\/wp-content\/uploads\/2023\/05\/IMG_9403-1536x2048.png 1536w\" sizes=\"auto, (max-width: 2880px) 100vw, 2880px\" \/>\n                              <div class=\"h-image__frame h-hide-lg h-hide-md h-hide-sm style-2424-frameImage style-local-5997-c19-frameImage\"><\/div>\n                            <\/div>\n                          <\/div>\n                        <\/div>\n                      <\/div>\n                    <\/div>\n                  <\/div>\n                <\/div>\n                <div data-colibri-id=\"5997-c20\" class=\"d-block style-2425 style-local-5997-c20 position-relative h-element\">\n                  <!---->\n                  <div class=\"h-image__frame-container-outer\">\n                    <div class=\"h-image__frame-container\">\n                      <!---->\n                      <!---->\n                      <img loading=\"lazy\" decoding=\"async\" width=\"2880\" height=\"3840\" src=\"https:\/\/diocesisdelinares.com\/100\/wp-content\/uploads\/2023\/05\/IMG_9391.png\" class=\"wp-image-6081 style-2425-image style-local-5997-c20-image\" alt=\"\" srcset=\"https:\/\/diocesisdelinares.com\/100\/wp-content\/uploads\/2023\/05\/IMG_9391.png 2880w, https:\/\/diocesisdelinares.com\/100\/wp-content\/uploads\/2023\/05\/IMG_9391-225x300.png 225w, https:\/\/diocesisdelinares.com\/100\/wp-content\/uploads\/2023\/05\/IMG_9391-768x1024.png 768w, https:\/\/diocesisdelinares.com\/100\/wp-content\/uploads\/2023\/05\/IMG_9391-1152x1536.png 1152w, https:\/\/diocesisdelinares.com\/100\/wp-content\/uploads\/2023\/05\/IMG_9391-1536x2048.png 1536w\" sizes=\"auto, (max-width: 2880px) 100vw, 2880px\" \/>\n                      <div class=\"h-image__frame h-hide-lg h-hide-md h-hide-sm style-2425-frameImage style-local-5997-c20-frameImage\"><\/div>\n                    <\/div>\n                  <\/div>\n                <\/div>\n              <\/div>\n            <\/div>\n          <\/div>\n        <\/div>\n      <\/div>\n    <\/div>\n  <\/div>\n  <div data-colibri-component=\"section\" data-colibri-id=\"5997-c21\" id=\"photo-gallery\" class=\"h-section h-section-global-spacing d-flex align-items-lg-center align-items-md-center align-items-center style-2426 style-local-5997-c21 position-relative\">\n    <!---->\n    <!---->\n    <div class=\"h-section-grid-container h-section-boxed-container\">\n      <!---->\n      <div data-colibri-id=\"5997-c22\" class=\"h-row-container gutters-row-lg-2 gutters-row-md-2 gutters-row-2 gutters-row-v-lg-2 gutters-row-v-md-2 gutters-row-v-2 style-2427 style-local-5997-c22 position-relative\">\n        <!---->\n        <div class=\"h-row justify-content-lg-center justify-content-md-center justify-content-center align-items-lg-stretch align-items-md-stretch align-items-stretch gutters-col-lg-2 gutters-col-md-2 gutters-col-2 gutters-col-v-lg-2 gutters-col-v-md-2 gutters-col-v-2\">\n          <!---->\n          <div class=\"h-column h-column-container d-flex h-col-lg-auto h-col-md-auto h-col-auto style-2428-outer style-local-5997-c23-outer\">\n            <div data-colibri-id=\"5997-c23\" class=\"d-flex h-flex-basis h-column__inner h-px-lg-2 h-px-md-2 h-px-2 v-inner-lg-2 v-inner-md-2 v-inner-2 style-2428 style-local-5997-c23 position-relative\">\n              <!---->\n              <!---->\n              <div class=\"w-100 h-y-container h-column__content h-column__v-align flex-basis-100 align-self-lg-start align-self-md-start align-self-start\">\n                <!---->\n                <div data-colibri-component=\"masonry\" data-colibri-id=\"5997-c24\" class=\"h-photo-gallery margin-none caption-none style-2429 style-local-5997-c24 position-relative h-element\">\n                  <!---->\n                  <div class=\"h-global-transition-all caption-wrapper-full\"><div id='colibri-5997-c24' class='gallery-wrapper'>    <style type=\"text\/css\">\n\n        @media (min-width: 1023px) {        #colibri-5997-c24        dl {\n            float: left;\n            width: 33.333333333333% !important;\n            max-width: 33.333333333333% !important;\n            min-width: 33.333333333333% !important;\n        }\n\n        #colibri-5997-c24        dl:nth-of-type(3n +1 ) {\n            clear: both;\n        }\n\n        }@media (min-width: 768px) and (max-width: 1023px) {        #colibri-5997-c24        dl {\n            float: left;\n            width: 33.333333333333% !important;\n            max-width: 33.333333333333% !important;\n            min-width: 33.333333333333% !important;\n        }\n\n        #colibri-5997-c24        dl:nth-of-type(3n +1 ) {\n            clear: both;\n        }\n\n        }@media (max-width: 767px) {        #colibri-5997-c24        dl {\n            float: left;\n            width: 50% !important;\n            max-width: 50% !important;\n            min-width: 50% !important;\n        }\n\n        #colibri-5997-c24        dl:nth-of-type(2n +1 ) {\n            clear: both;\n        }\n\n        }\n        #colibri-5997-c24        .gallery-item {\n            position: relative;\n        }\n\n        \n    <\/style>\n    <div   class='colibri-5997-c24-dls-wrapper gallery-items-wrapper' ><dl class='gallery-item masonry-item'>\n\t\t\t<dt class='gallery-icon portrait'>\n\t\t\t\t<a data-fancybox=\"colibri-5997-c24-group\" href='https:\/\/diocesisdelinares.com\/100\/wp-content\/uploads\/2023\/05\/IMG_9392.png'><img loading=\"lazy\" decoding=\"async\"  width=\"225\" height=\"300\" src=\"https:\/\/diocesisdelinares.com\/100\/wp-content\/uploads\/2023\/05\/IMG_9392-225x300.png\"  class='colibri-5997-c24-image' alt=\"\" srcset=\"https:\/\/diocesisdelinares.com\/100\/wp-content\/uploads\/2023\/05\/IMG_9392-225x300.png 225w, https:\/\/diocesisdelinares.com\/100\/wp-content\/uploads\/2023\/05\/IMG_9392-768x1024.png 768w, https:\/\/diocesisdelinares.com\/100\/wp-content\/uploads\/2023\/05\/IMG_9392-1152x1536.png 1152w, https:\/\/diocesisdelinares.com\/100\/wp-content\/uploads\/2023\/05\/IMG_9392-1536x2048.png 1536w\" sizes=\"auto, (max-width: 225px) 100vw, 225px\" \/><\/a>\n\t\t\t<\/dt><\/dl><dl class='gallery-item masonry-item'>\n\t\t\t<dt class='gallery-icon portrait'>\n\t\t\t\t<a data-fancybox=\"colibri-5997-c24-group\" href='https:\/\/diocesisdelinares.com\/100\/wp-content\/uploads\/2023\/05\/IMG_9392-1.png'><img loading=\"lazy\" decoding=\"async\"  width=\"225\" height=\"300\" src=\"https:\/\/diocesisdelinares.com\/100\/wp-content\/uploads\/2023\/05\/IMG_9392-1-225x300.png\"  class='colibri-5997-c24-image' alt=\"\" srcset=\"https:\/\/diocesisdelinares.com\/100\/wp-content\/uploads\/2023\/05\/IMG_9392-1-225x300.png 225w, https:\/\/diocesisdelinares.com\/100\/wp-content\/uploads\/2023\/05\/IMG_9392-1-768x1024.png 768w, https:\/\/diocesisdelinares.com\/100\/wp-content\/uploads\/2023\/05\/IMG_9392-1-1152x1536.png 1152w, https:\/\/diocesisdelinares.com\/100\/wp-content\/uploads\/2023\/05\/IMG_9392-1-1536x2048.png 1536w\" sizes=\"auto, (max-width: 225px) 100vw, 225px\" \/><\/a>\n\t\t\t<\/dt><\/dl><dl class='gallery-item masonry-item'>\n\t\t\t<dt class='gallery-icon portrait'>\n\t\t\t\t<a data-fancybox=\"colibri-5997-c24-group\" href='https:\/\/diocesisdelinares.com\/100\/wp-content\/uploads\/2023\/05\/IMG_9394.png'><img loading=\"lazy\" decoding=\"async\"  width=\"225\" height=\"300\" src=\"https:\/\/diocesisdelinares.com\/100\/wp-content\/uploads\/2023\/05\/IMG_9394-225x300.png\"  class='colibri-5997-c24-image' alt=\"\" srcset=\"https:\/\/diocesisdelinares.com\/100\/wp-content\/uploads\/2023\/05\/IMG_9394-225x300.png 225w, https:\/\/diocesisdelinares.com\/100\/wp-content\/uploads\/2023\/05\/IMG_9394-768x1024.png 768w, https:\/\/diocesisdelinares.com\/100\/wp-content\/uploads\/2023\/05\/IMG_9394-1152x1536.png 1152w, https:\/\/diocesisdelinares.com\/100\/wp-content\/uploads\/2023\/05\/IMG_9394-1536x2048.png 1536w\" sizes=\"auto, (max-width: 225px) 100vw, 225px\" \/><\/a>\n\t\t\t<\/dt><\/dl><dl class='gallery-item masonry-item'>\n\t\t\t<dt class='gallery-icon portrait'>\n\t\t\t\t<a data-fancybox=\"colibri-5997-c24-group\" href='https:\/\/diocesisdelinares.com\/100\/wp-content\/uploads\/2023\/05\/IMG_9395.png'><img loading=\"lazy\" decoding=\"async\"  width=\"225\" height=\"300\" src=\"https:\/\/diocesisdelinares.com\/100\/wp-content\/uploads\/2023\/05\/IMG_9395-225x300.png\"  class='colibri-5997-c24-image' alt=\"\" srcset=\"https:\/\/diocesisdelinares.com\/100\/wp-content\/uploads\/2023\/05\/IMG_9395-225x300.png 225w, https:\/\/diocesisdelinares.com\/100\/wp-content\/uploads\/2023\/05\/IMG_9395-768x1024.png 768w, https:\/\/diocesisdelinares.com\/100\/wp-content\/uploads\/2023\/05\/IMG_9395-1152x1536.png 1152w, https:\/\/diocesisdelinares.com\/100\/wp-content\/uploads\/2023\/05\/IMG_9395-1536x2048.png 1536w\" sizes=\"auto, (max-width: 225px) 100vw, 225px\" \/><\/a>\n\t\t\t<\/dt><\/dl><dl class='gallery-item masonry-item'>\n\t\t\t<dt class='gallery-icon portrait'>\n\t\t\t\t<a data-fancybox=\"colibri-5997-c24-group\" href='https:\/\/diocesisdelinares.com\/100\/wp-content\/uploads\/2023\/05\/IMG_9396.png'><img loading=\"lazy\" decoding=\"async\"  width=\"225\" height=\"300\" src=\"https:\/\/diocesisdelinares.com\/100\/wp-content\/uploads\/2023\/05\/IMG_9396-225x300.png\"  class='colibri-5997-c24-image' alt=\"\" srcset=\"https:\/\/diocesisdelinares.com\/100\/wp-content\/uploads\/2023\/05\/IMG_9396-225x300.png 225w, https:\/\/diocesisdelinares.com\/100\/wp-content\/uploads\/2023\/05\/IMG_9396-768x1024.png 768w, https:\/\/diocesisdelinares.com\/100\/wp-content\/uploads\/2023\/05\/IMG_9396-1152x1536.png 1152w, https:\/\/diocesisdelinares.com\/100\/wp-content\/uploads\/2023\/05\/IMG_9396-1536x2048.png 1536w\" sizes=\"auto, (max-width: 225px) 100vw, 225px\" \/><\/a>\n\t\t\t<\/dt><\/dl><dl class='gallery-item masonry-item'>\n\t\t\t<dt class='gallery-icon portrait'>\n\t\t\t\t<a data-fancybox=\"colibri-5997-c24-group\" href='https:\/\/diocesisdelinares.com\/100\/wp-content\/uploads\/2023\/05\/IMG_9397.png'><img loading=\"lazy\" decoding=\"async\"  width=\"225\" height=\"300\" src=\"https:\/\/diocesisdelinares.com\/100\/wp-content\/uploads\/2023\/05\/IMG_9397-225x300.png\"  class='colibri-5997-c24-image' alt=\"\" srcset=\"https:\/\/diocesisdelinares.com\/100\/wp-content\/uploads\/2023\/05\/IMG_9397-225x300.png 225w, https:\/\/diocesisdelinares.com\/100\/wp-content\/uploads\/2023\/05\/IMG_9397-768x1024.png 768w, https:\/\/diocesisdelinares.com\/100\/wp-content\/uploads\/2023\/05\/IMG_9397-1152x1536.png 1152w, https:\/\/diocesisdelinares.com\/100\/wp-content\/uploads\/2023\/05\/IMG_9397-1536x2048.png 1536w\" sizes=\"auto, (max-width: 225px) 100vw, 225px\" \/><\/a>\n\t\t\t<\/dt><\/dl><dl class='gallery-item masonry-item'>\n\t\t\t<dt class='gallery-icon portrait'>\n\t\t\t\t<a data-fancybox=\"colibri-5997-c24-group\" href='https:\/\/diocesisdelinares.com\/100\/wp-content\/uploads\/2023\/05\/IMG_9398.png'><img loading=\"lazy\" decoding=\"async\"  width=\"225\" height=\"300\" src=\"https:\/\/diocesisdelinares.com\/100\/wp-content\/uploads\/2023\/05\/IMG_9398-225x300.png\"  class='colibri-5997-c24-image' alt=\"\" srcset=\"https:\/\/diocesisdelinares.com\/100\/wp-content\/uploads\/2023\/05\/IMG_9398-225x300.png 225w, https:\/\/diocesisdelinares.com\/100\/wp-content\/uploads\/2023\/05\/IMG_9398-768x1024.png 768w, https:\/\/diocesisdelinares.com\/100\/wp-content\/uploads\/2023\/05\/IMG_9398-1152x1536.png 1152w, https:\/\/diocesisdelinares.com\/100\/wp-content\/uploads\/2023\/05\/IMG_9398-1536x2048.png 1536w\" sizes=\"auto, (max-width: 225px) 100vw, 225px\" \/><\/a>\n\t\t\t<\/dt><\/dl><dl class='gallery-item masonry-item'>\n\t\t\t<dt class='gallery-icon portrait'>\n\t\t\t\t<a data-fancybox=\"colibri-5997-c24-group\" href='https:\/\/diocesisdelinares.com\/100\/wp-content\/uploads\/2023\/05\/IMG_9399.png'><img loading=\"lazy\" decoding=\"async\"  width=\"225\" height=\"300\" src=\"https:\/\/diocesisdelinares.com\/100\/wp-content\/uploads\/2023\/05\/IMG_9399-225x300.png\"  class='colibri-5997-c24-image' alt=\"\" srcset=\"https:\/\/diocesisdelinares.com\/100\/wp-content\/uploads\/2023\/05\/IMG_9399-225x300.png 225w, https:\/\/diocesisdelinares.com\/100\/wp-content\/uploads\/2023\/05\/IMG_9399-768x1024.png 768w, https:\/\/diocesisdelinares.com\/100\/wp-content\/uploads\/2023\/05\/IMG_9399-1152x1536.png 1152w, https:\/\/diocesisdelinares.com\/100\/wp-content\/uploads\/2023\/05\/IMG_9399-1536x2048.png 1536w\" sizes=\"auto, (max-width: 225px) 100vw, 225px\" \/><\/a>\n\t\t\t<\/dt><\/dl><dl class='gallery-item masonry-item'>\n\t\t\t<dt class='gallery-icon portrait'>\n\t\t\t\t<a data-fancybox=\"colibri-5997-c24-group\" href='https:\/\/diocesisdelinares.com\/100\/wp-content\/uploads\/2023\/05\/IMG_9400.png'><img loading=\"lazy\" decoding=\"async\"  width=\"225\" height=\"300\" src=\"https:\/\/diocesisdelinares.com\/100\/wp-content\/uploads\/2023\/05\/IMG_9400-225x300.png\"  class='colibri-5997-c24-image' alt=\"\" srcset=\"https:\/\/diocesisdelinares.com\/100\/wp-content\/uploads\/2023\/05\/IMG_9400-225x300.png 225w, https:\/\/diocesisdelinares.com\/100\/wp-content\/uploads\/2023\/05\/IMG_9400-768x1024.png 768w, https:\/\/diocesisdelinares.com\/100\/wp-content\/uploads\/2023\/05\/IMG_9400-1152x1536.png 1152w, https:\/\/diocesisdelinares.com\/100\/wp-content\/uploads\/2023\/05\/IMG_9400-1536x2048.png 1536w\" sizes=\"auto, (max-width: 225px) 100vw, 225px\" \/><\/a>\n\t\t\t<\/dt><\/dl><dl class='gallery-item masonry-item'>\n\t\t\t<dt class='gallery-icon portrait'>\n\t\t\t\t<a data-fancybox=\"colibri-5997-c24-group\" href='https:\/\/diocesisdelinares.com\/100\/wp-content\/uploads\/2023\/05\/IMG_9401.png'><img loading=\"lazy\" decoding=\"async\"  width=\"225\" height=\"300\" src=\"https:\/\/diocesisdelinares.com\/100\/wp-content\/uploads\/2023\/05\/IMG_9401-225x300.png\"  class='colibri-5997-c24-image' alt=\"\" srcset=\"https:\/\/diocesisdelinares.com\/100\/wp-content\/uploads\/2023\/05\/IMG_9401-225x300.png 225w, https:\/\/diocesisdelinares.com\/100\/wp-content\/uploads\/2023\/05\/IMG_9401-768x1024.png 768w, https:\/\/diocesisdelinares.com\/100\/wp-content\/uploads\/2023\/05\/IMG_9401-1152x1536.png 1152w, https:\/\/diocesisdelinares.com\/100\/wp-content\/uploads\/2023\/05\/IMG_9401-1536x2048.png 1536w\" sizes=\"auto, (max-width: 225px) 100vw, 225px\" \/><\/a>\n\t\t\t<\/dt><\/dl><dl class='gallery-item masonry-item'>\n\t\t\t<dt class='gallery-icon portrait'>\n\t\t\t\t<a data-fancybox=\"colibri-5997-c24-group\" href='https:\/\/diocesisdelinares.com\/100\/wp-content\/uploads\/2023\/05\/IMG_9402.png'><img loading=\"lazy\" decoding=\"async\"  width=\"225\" height=\"300\" src=\"https:\/\/diocesisdelinares.com\/100\/wp-content\/uploads\/2023\/05\/IMG_9402-225x300.png\"  class='colibri-5997-c24-image' alt=\"\" srcset=\"https:\/\/diocesisdelinares.com\/100\/wp-content\/uploads\/2023\/05\/IMG_9402-225x300.png 225w, https:\/\/diocesisdelinares.com\/100\/wp-content\/uploads\/2023\/05\/IMG_9402-768x1024.png 768w, https:\/\/diocesisdelinares.com\/100\/wp-content\/uploads\/2023\/05\/IMG_9402-1152x1536.png 1152w, https:\/\/diocesisdelinares.com\/100\/wp-content\/uploads\/2023\/05\/IMG_9402-1536x2048.png 1536w\" sizes=\"auto, (max-width: 225px) 100vw, 225px\" \/><\/a>\n\t\t\t<\/dt><\/dl><dl class='gallery-item masonry-item'>\n\t\t\t<dt class='gallery-icon portrait'>\n\t\t\t\t<a data-fancybox=\"colibri-5997-c24-group\" href='https:\/\/diocesisdelinares.com\/100\/wp-content\/uploads\/2023\/05\/IMG_9403.png'><img loading=\"lazy\" decoding=\"async\"  width=\"225\" height=\"300\" src=\"https:\/\/diocesisdelinares.com\/100\/wp-content\/uploads\/2023\/05\/IMG_9403-225x300.png\"  class='colibri-5997-c24-image' alt=\"\" srcset=\"https:\/\/diocesisdelinares.com\/100\/wp-content\/uploads\/2023\/05\/IMG_9403-225x300.png 225w, https:\/\/diocesisdelinares.com\/100\/wp-content\/uploads\/2023\/05\/IMG_9403-768x1024.png 768w, https:\/\/diocesisdelinares.com\/100\/wp-content\/uploads\/2023\/05\/IMG_9403-1152x1536.png 1152w, https:\/\/diocesisdelinares.com\/100\/wp-content\/uploads\/2023\/05\/IMG_9403-1536x2048.png 1536w\" sizes=\"auto, (max-width: 225px) 100vw, 225px\" \/><\/a>\n\t\t\t<\/dt><\/dl><dl class='gallery-item masonry-item'>\n\t\t\t<dt class='gallery-icon portrait'>\n\t\t\t\t<a data-fancybox=\"colibri-5997-c24-group\" href='https:\/\/diocesisdelinares.com\/100\/wp-content\/uploads\/2023\/05\/IMG_9404.png'><img loading=\"lazy\" decoding=\"async\"  width=\"225\" height=\"300\" src=\"https:\/\/diocesisdelinares.com\/100\/wp-content\/uploads\/2023\/05\/IMG_9404-225x300.png\"  class='colibri-5997-c24-image' alt=\"\" srcset=\"https:\/\/diocesisdelinares.com\/100\/wp-content\/uploads\/2023\/05\/IMG_9404-225x300.png 225w, https:\/\/diocesisdelinares.com\/100\/wp-content\/uploads\/2023\/05\/IMG_9404-768x1024.png 768w, https:\/\/diocesisdelinares.com\/100\/wp-content\/uploads\/2023\/05\/IMG_9404-1152x1536.png 1152w, https:\/\/diocesisdelinares.com\/100\/wp-content\/uploads\/2023\/05\/IMG_9404-1536x2048.png 1536w\" sizes=\"auto, (max-width: 225px) 100vw, 225px\" \/><\/a>\n\t\t\t<\/dt><\/dl><dl class='gallery-item masonry-item'>\n\t\t\t<dt class='gallery-icon portrait'>\n\t\t\t\t<a data-fancybox=\"colibri-5997-c24-group\" href='https:\/\/diocesisdelinares.com\/100\/wp-content\/uploads\/2023\/05\/IMG_9405.png'><img loading=\"lazy\" decoding=\"async\"  width=\"225\" height=\"300\" src=\"https:\/\/diocesisdelinares.com\/100\/wp-content\/uploads\/2023\/05\/IMG_9405-225x300.png\"  class='colibri-5997-c24-image' alt=\"\" srcset=\"https:\/\/diocesisdelinares.com\/100\/wp-content\/uploads\/2023\/05\/IMG_9405-225x300.png 225w, https:\/\/diocesisdelinares.com\/100\/wp-content\/uploads\/2023\/05\/IMG_9405-768x1024.png 768w, https:\/\/diocesisdelinares.com\/100\/wp-content\/uploads\/2023\/05\/IMG_9405-1152x1536.png 1152w, https:\/\/diocesisdelinares.com\/100\/wp-content\/uploads\/2023\/05\/IMG_9405-1536x2048.png 1536w\" sizes=\"auto, (max-width: 225px) 100vw, 225px\" \/><\/a>\n\t\t\t<\/dt><\/dl><dl class='gallery-item masonry-item'>\n\t\t\t<dt class='gallery-icon portrait'>\n\t\t\t\t<a data-fancybox=\"colibri-5997-c24-group\" href='https:\/\/diocesisdelinares.com\/100\/wp-content\/uploads\/2023\/05\/IMG_9406.png'><img loading=\"lazy\" decoding=\"async\"  width=\"225\" height=\"300\" src=\"https:\/\/diocesisdelinares.com\/100\/wp-content\/uploads\/2023\/05\/IMG_9406-225x300.png\"  class='colibri-5997-c24-image' alt=\"\" srcset=\"https:\/\/diocesisdelinares.com\/100\/wp-content\/uploads\/2023\/05\/IMG_9406-225x300.png 225w, https:\/\/diocesisdelinares.com\/100\/wp-content\/uploads\/2023\/05\/IMG_9406-768x1024.png 768w, https:\/\/diocesisdelinares.com\/100\/wp-content\/uploads\/2023\/05\/IMG_9406-1152x1536.png 1152w, https:\/\/diocesisdelinares.com\/100\/wp-content\/uploads\/2023\/05\/IMG_9406-1536x2048.png 1536w\" sizes=\"auto, (max-width: 225px) 100vw, 225px\" \/><\/a>\n\t\t\t<\/dt><\/dl><dl class='gallery-item masonry-item'>\n\t\t\t<dt class='gallery-icon portrait'>\n\t\t\t\t<a data-fancybox=\"colibri-5997-c24-group\" href='https:\/\/diocesisdelinares.com\/100\/wp-content\/uploads\/2023\/05\/IMG_9407.png'><img loading=\"lazy\" decoding=\"async\"  width=\"225\" height=\"300\" src=\"https:\/\/diocesisdelinares.com\/100\/wp-content\/uploads\/2023\/05\/IMG_9407-225x300.png\"  class='colibri-5997-c24-image' alt=\"\" srcset=\"https:\/\/diocesisdelinares.com\/100\/wp-content\/uploads\/2023\/05\/IMG_9407-225x300.png 225w, https:\/\/diocesisdelinares.com\/100\/wp-content\/uploads\/2023\/05\/IMG_9407-768x1024.png 768w, https:\/\/diocesisdelinares.com\/100\/wp-content\/uploads\/2023\/05\/IMG_9407-1152x1536.png 1152w, https:\/\/diocesisdelinares.com\/100\/wp-content\/uploads\/2023\/05\/IMG_9407-1536x2048.png 1536w\" sizes=\"auto, (max-width: 225px) 100vw, 225px\" \/><\/a>\n\t\t\t<\/dt><\/dl>\n\t\t<\/div>\n<style>#colibri-5997-c24 .wp-caption-text.gallery-caption{display:none;}<\/style><\/div><\/div>\n                <\/div>\n              <\/div>\n            <\/div>\n          <\/div>\n        <\/div>\n      <\/div>\n      <div data-colibri-id=\"5997-c25\" class=\"h-row-container gutters-row-lg-2 gutters-row-md-2 gutters-row-0 gutters-row-v-lg-2 gutters-row-v-md-2 gutters-row-v-2 style-2475 style-local-5997-c25 position-relative\">\n        <!---->\n        <div class=\"h-row justify-content-lg-center justify-content-md-center justify-content-center align-items-lg-stretch align-items-md-stretch align-items-stretch gutters-col-lg-2 gutters-col-md-2 gutters-col-0 gutters-col-v-lg-2 gutters-col-v-md-2 gutters-col-v-2\">\n          <!---->\n          <div class=\"h-column h-column-container d-flex h-col-lg-auto h-col-md-auto h-col-auto style-2476-outer style-local-5997-c26-outer\">\n            <div data-colibri-id=\"5997-c26\" class=\"d-flex h-flex-basis h-column__inner h-px-lg-2 h-px-md-2 h-px-2 v-inner-lg-2 v-inner-md-2 v-inner-2 style-2476 style-local-5997-c26 position-relative\">\n              <!---->\n              <!---->\n              <div class=\"w-100 h-y-container h-column__content h-column__v-align flex-basis-100 align-self-lg-start align-self-md-start align-self-start\">\n                <!---->\n                <div data-colibri-component=\"video\" data-colibri-id=\"5997-c27\" class=\"d-block h-video d-block h-video style-2477 style-local-5997-c27 position-relative h-element\">\n                  <!---->\n                  <!---->\n                  <div class=\"video-container position-relative\">\n                    <div class=\"h-global-transition-all ratio-inner\"><iframe src=https:\/\/www.youtube.com\/embed\/uc-N83zNd2s?autoplay=0&amp;mute=0&amp;modestbranding=0&amp;rel=0&amp;enablejsapi=1&amp; class='h-video-main'  allowfullscreen><\/iframe><\/div>\n                  <\/div>\n                <\/div>\n              <\/div>\n            <\/div>\n          <\/div>\n        <\/div>\n      <\/div>\n    <\/div>\n  <\/div>\n<\/div>","protected":false},"excerpt":{"rendered":"<p>Volver a la p\u00e1gina de inicio El \u201cCristo de la Patagua\u201d es llamado tambi\u00e9n \u201cSe\u00f1or de la Humildad\u201d en raz\u00f3n a la forma que tiene la imagen. La denominaci\u00f3n primera le viene de la madera de la que est\u00e1 hecha y del modo c\u00f3mo fue encontrado. Su tama\u00f1o apenas alcanza a 60 cent\u00edmetros de alto. [&hellip;]<\/p>\n","protected":false},"author":1,"featured_media":0,"parent":5743,"menu_order":0,"comment_status":"closed","ping_status":"closed","template":"page-templates\/full-width-page.php","meta":{"footnotes":""},"class_list":["post-5997","page","type-page","status-publish","hentry"],"_links":{"self":[{"href":"https:\/\/diocesisdelinares.com\/100\/wp-json\/wp\/v2\/pages\/5997","targetHints":{"allow":["GET"]}}],"collection":[{"href":"https:\/\/diocesisdelinares.com\/100\/wp-json\/wp\/v2\/pages"}],"about":[{"href":"https:\/\/diocesisdelinares.com\/100\/wp-json\/wp\/v2\/types\/page"}],"author":[{"embeddable":true,"href":"https:\/\/diocesisdelinares.com\/100\/wp-json\/wp\/v2\/users\/1"}],"replies":[{"embeddable":true,"href":"https:\/\/diocesisdelinares.com\/100\/wp-json\/wp\/v2\/comments?post=5997"}],"version-history":[{"count":7,"href":"https:\/\/diocesisdelinares.com\/100\/wp-json\/wp\/v2\/pages\/5997\/revisions"}],"predecessor-version":[{"id":6264,"href":"https:\/\/diocesisdelinares.com\/100\/wp-json\/wp\/v2\/pages\/5997\/revisions\/6264"}],"up":[{"embeddable":true,"href":"https:\/\/diocesisdelinares.com\/100\/wp-json\/wp\/v2\/pages\/5743"}],"wp:attachment":[{"href":"https:\/\/diocesisdelinares.com\/100\/wp-json\/wp\/v2\/media?parent=5997"}],"curies":[{"name":"wp","href":"https:\/\/api.w.org\/{rel}","templated":true}]}}