{"id":5972,"date":"2023-05-25T23:59:45","date_gmt":"2023-05-25T23:59:45","guid":{"rendered":"https:\/\/diocesisdelinares.com\/100\/?page_id=5972"},"modified":"2023-05-26T13:04:41","modified_gmt":"2023-05-26T13:04:41","slug":"imagenmilagrosa","status":"publish","type":"page","link":"https:\/\/diocesisdelinares.com\/100\/parroquia-san-francisco-parral\/imagenmilagrosa\/","title":{"rendered":"El Se\u00f1or de los Males Incurables"},"content":{"rendered":"<div data-colibri-id=\"5972-c1\" class=\"style-2390 style-local-5972-c1 position-relative\">\n  <!---->\n  <div data-colibri-component=\"section\" data-colibri-id=\"5972-c2\" id=\"about\" class=\"h-section h-section-global-spacing d-flex align-items-lg-center align-items-md-center align-items-center style-2391 style-local-5972-c2 position-relative\">\n    <!---->\n    <!---->\n    <div class=\"h-section-grid-container h-section-boxed-container\">\n      <!---->\n      <div data-colibri-id=\"5972-c3\" class=\"h-row-container gutters-row-lg-2 gutters-row-md-2 gutters-row-0 gutters-row-v-lg-2 gutters-row-v-md-2 gutters-row-v-2 style-2481 style-local-5972-c3 position-relative\">\n        <!---->\n        <div class=\"h-row justify-content-lg-center justify-content-md-center justify-content-center align-items-lg-stretch align-items-md-stretch align-items-stretch gutters-col-lg-2 gutters-col-md-2 gutters-col-0 gutters-col-v-lg-2 gutters-col-v-md-2 gutters-col-v-2\">\n          <!---->\n          <div class=\"h-column h-column-container d-flex h-col-lg-auto h-col-md-auto h-col-auto style-2482-outer style-local-5972-c4-outer\">\n            <div data-colibri-id=\"5972-c4\" class=\"d-flex h-flex-basis h-column__inner h-px-lg-2 h-px-md-2 h-px-2 v-inner-lg-2 v-inner-md-2 v-inner-2 style-2482 style-local-5972-c4 position-relative\">\n              <!---->\n              <!---->\n              <div class=\"w-100 h-y-container h-column__content h-column__v-align flex-basis-100 align-self-lg-start align-self-md-start align-self-start\">\n                <!---->\n                <div data-colibri-id=\"5972-c33\" class=\"h-x-container style-2560 style-local-5972-c33 position-relative h-element\">\n                  <!---->\n                  <div class=\"h-x-container-inner style-dynamic-5972-c33-group\">\n                    <!----><span class=\"h-button__outer style-2561-outer style-local-5972-c34-outer d-inline-flex h-element\"><a  h-use-smooth-scroll=\"true\" href=\"https:\/\/diocesisdelinares.com\/100\/\"  data-colibri-id=\"5972-c34\" class=\"d-flex w-100 align-items-center h-button justify-content-lg-center justify-content-md-center justify-content-center style-2561 style-local-5972-c34 position-relative\"><!----><!----> <span >Volver a la p\u00e1gina de inicio<\/span><\/a>\n                    <\/span>\n                  <\/div>\n                <\/div>\n              <\/div>\n            <\/div>\n          <\/div>\n        <\/div>\n      <\/div>\n      <div data-colibri-id=\"5972-c15\" class=\"h-row-container gutters-row-lg-0 gutters-row-md-0 gutters-row-0 gutters-row-v-lg-0 gutters-row-v-md-0 gutters-row-v-0 style-2398 style-local-5972-c15 position-relative\">\n        <!---->\n        <div class=\"h-row justify-content-lg-start justify-content-md-start justify-content-start align-items-lg-stretch align-items-md-stretch align-items-stretch gutters-col-lg-0 gutters-col-md-0 gutters-col-0 gutters-col-v-lg-0 gutters-col-v-md-0 gutters-col-v-0\">\n          <!---->\n          <div class=\"h-column h-column-container d-flex h-col-lg-auto h-col-md-auto h-col-auto style-2399-outer style-local-5972-c16-outer\">\n            <div data-colibri-id=\"5972-c16\" class=\"d-flex h-flex-basis h-column__inner h-px-lg-3 h-px-md-3 h-px-3 v-inner-lg-3 v-inner-md-3 v-inner-3 style-2399 style-local-5972-c16 position-relative\">\n              <!---->\n              <!---->\n              <div class=\"w-100 h-y-container h-column__content h-column__v-align flex-basis-100 align-self-lg-center align-self-md-center align-self-center\">\n                <!---->\n                <div data-colibri-id=\"5972-c17\" class=\"h-text h-text-component style-2400 style-local-5972-c17 position-relative h-element\">\n                  <!---->\n                  <!---->\n                  <div class=\"\">\n                    <p>La imagen del \u00abSe\u00f1or de los Males Incurables\u00bb es curiosa y tiene una muy interesante historia, que se relaciona con un famoso y triste flagelo que azot\u00f3 a la ciudad de Parral, en el a\u00f1o 1887, una epidemia que causo espantosos estragos,\n                      desol\u00f3 los barrios enteros, sin dejar en muchos hogares ning\u00fan mortal. El barrio de La Estaci\u00f3n y del Puente Viejo, fue donde m\u00e1s se sintieron las consecuencias de tan terrible mal.<\/p>\n                    <p>La imagen es peque\u00f1a y presenta a Cristo sentado en una silla de madera, y en actitud pensativa. Es una forma poco com\u00fan de representar a Cristo. Adem\u00e1s, la cara est\u00e1 ladeada hacia la derecha. Su historia es parte importante de la\n                      tradici\u00f3n oral de los parralinos que se ha transmitido del siglo XVII, hasta nuestros d\u00edas.<\/p>\n                  <\/div>\n                <\/div>\n                <div data-colibri-id=\"5972-c18\" class=\"style-2401 style-local-5972-c18 position-relative h-element\">\n                  <!---->\n                <\/div>\n              <\/div>\n            <\/div>\n          <\/div>\n        <\/div>\n      <\/div>\n      <div data-colibri-id=\"5972-c19\" class=\"h-row-container gutters-row-lg-2 gutters-row-md-2 gutters-row-2 gutters-row-v-lg-2 gutters-row-v-md-2 gutters-row-v-2 style-2392 style-local-5972-c19 position-relative\">\n        <!---->\n        <div class=\"h-row justify-content-lg-center justify-content-md-center justify-content-center align-items-lg-stretch align-items-md-stretch align-items-stretch gutters-col-lg-2 gutters-col-md-2 gutters-col-2 gutters-col-v-lg-2 gutters-col-v-md-2 gutters-col-v-2\">\n          <!---->\n          <div class=\"h-column h-column-container d-flex h-col-lg-auto h-col-md-auto h-col-auto style-2393-outer style-local-5972-c20-outer\">\n            <div data-colibri-id=\"5972-c20\" class=\"d-flex h-flex-basis h-column__inner h-px-lg-2 h-px-md-2 h-px-2 v-inner-lg-2 v-inner-md-2 v-inner-2 style-2393 style-local-5972-c20 position-relative\">\n              <!---->\n              <!---->\n              <div class=\"w-100 h-y-container h-column__content h-column__v-align flex-basis-100 align-self-lg-center align-self-md-center align-self-center\">\n                <!---->\n                <div data-colibri-id=\"5972-c21\" class=\"h-global-transition-all h-heading style-2394 style-local-5972-c21 position-relative h-element\">\n                  <!---->\n                  <div class=\"h-heading__outer style-2394 style-local-5972-c21\">\n                    <!---->\n                    <!---->\n                    <h3 class=\"\">Imagen&nbsp;<em style=\"color: rgb(3, 169, 244); font-family: &quot;Playfair Display&quot;;\"><br>\u00abEl se\u00f1or de los males incurables\u00bb<\/em><\/h3>\n                  <\/div>\n                <\/div>\n                <div data-colibri-id=\"5972-c22\" class=\"h-lead h-text h-text-component style-2395 style-local-5972-c22 position-relative h-element\">\n                  <!---->\n                  <!---->\n                  <div class=\"\">\n                    <p>Una hermosa historia de \u201cEl Se\u00f1or de los males incurables\u201d<\/p>\n                    <p>\n                      <br>\n                    <\/p>\n                  <\/div>\n                <\/div>\n                <div data-colibri-id=\"5972-c23\" class=\"h-text h-text-component style-2396 style-local-5972-c23 position-relative h-element\">\n                  <!---->\n                  <!---->\n                  <div class=\"\">\n                    <p>El a\u00f1o de 1887 devast\u00f3 a Parral la contagiosa peste de la viruela, en forma incontenible y desastrosa. Pocas casas, sobre toda gente pobre, se libraron de esta temible enfermedad. Los barrios populares fueron, los m\u00e1s afectados.<\/p>\n                    <p>La medicina del siglo XVII no ten\u00eda entonces los medios de que ahora dispone para cortar el mal y evitar el contagio.<\/p>\n                    <p>Al lado sur de la Alameda de Parral fueron diezmadas casi todas las casas. Sin embargo, se dice que el hogar de do\u00f1a Luisa Gonz\u00e1lez se vio libre de la peste, ante la extra\u00f1eza de la gente, que no sab\u00eda explicarse, el motivo de esta\n                      excepci\u00f3n. Do\u00f1a Luisa, ten\u00eda en su casa esta imagen de \u201cEl Se\u00f1or de los males incurables\u00bb, que hab\u00eda heredado de sus antepasados y al que hac\u00eda s\u00faplicas continuas, para que la librar\u00e1 del peligro. Adem\u00e1s, le manten\u00eda prendida de\n                      d\u00eda y de noche gruesas velas de cera, en n\u00famero siempre impar.<\/p>\n                    <p>La fama de este suceso corri\u00f3 por todo el pueblo de Parral. Empez\u00f3 la gente a acudir, en demanda de protecci\u00f3n ante la curiosa imagen.<\/p>\n                    <p>Le llevaban velas y le hac\u00edan s\u00faplicas, fervorosas. Con insistencia le ped\u00edan que los librara del peligro y cesara la peste devastadora.<\/p>\n                    <p>Larga y dura fue la lucha contra la viruela. Dur\u00f3 el flagelo cinco meses, es decir, de Mayo a Septiembre de 1887. Las v\u00edctimas fueron incontables y casi no hubo hogar que no tuviera que lamentar la p\u00e9rdida de alg\u00fan ser querido. Pero\n                      al fin desapareci\u00f3 el mal. La gente del pueblo atribuy\u00f3 el cese de la peste a un favor divino y a la intercesi\u00f3n de \u00bb El Se\u00f1or de los males incurables\u00bb.<\/p>\n                    <p>Cuando iba a finalizar el siglo, corri\u00f3 la insistente creencia de que se producir\u00eda el acabo de mundo, rumor que se repite en todos los fines de siglo.<\/p>\n                    <p>Nuevamente los parralinos volvieron sus ojos hacia \u00abel Se\u00f1or de los males incurables\u00bb, volvieron a encenderle velas en forma continua. Al fin, nada sucedi\u00f3 de extra\u00f1o en el paso de un siglo a otro, pero \u201cEl Se\u00f1or de los males incurables\u201d\n                      sigue recibiendo la devoci\u00f3n de su pueblo.<\/p>\n                    <p>Poco a\u00f1os antes de su muerte, la due\u00f1a de la imagen de \u00abEl Se\u00f1or de los males incurables\u00bb, do\u00f1a Luisa Gonz\u00e1lez, hizo donaci\u00f3n de ella al Convento San Francisco de Parral, para que quedara en buenas manos y se le pudiera seguir rindiendo\n                      culto. Muchos a\u00f1os han pasado de estas historias, pero los hechos ya forman parte de la memoria colectiva en el Pueblo de Parral y la devoci\u00f3n se mantiene viva entre la gente, pues a\u00fan siguen pagando mandas en gratitud y reconocimiento\n                      por favores recibidos y las velas no dejan de ser encendidas en su honor.<\/p>\n                  <\/div>\n                <\/div>\n              <\/div>\n            <\/div>\n          <\/div>\n          <div class=\"h-column h-column-container d-flex h-col-lg-auto h-col-md-auto h-col-auto style-2397-outer style-local-5972-c24-outer\">\n            <div data-colibri-id=\"5972-c24\" class=\"d-flex h-flex-basis h-column__inner h-px-lg-2 h-px-md-2 h-px-2 v-inner-lg-2 v-inner-md-2 v-inner-2 style-2397 style-local-5972-c24 position-relative\">\n              <!---->\n              <!---->\n              <div class=\"w-100 h-y-container h-column__content h-column__v-align flex-basis-100 align-self-lg-center align-self-md-center align-self-center\">\n                <!---->\n                <div data-colibri-id=\"5972-c25\" class=\"h-multiple-image style-2402 style-local-5972-c25 position-relative h-element\">\n                  <!---->\n                  <div class=\"position-relative\">\n                    <div class=\"h-multiple-image-inside-container\">\n                      <div class=\"ratio-inner\">\n                        <div data-colibri-id=\"5972-c26\" class=\"d-block style-2403 style-local-5972-c26 position-relative h-element\">\n                          <!---->\n                          <div class=\"h-image__frame-container-outer\">\n                            <div class=\"h-image__frame-container\">\n                              <!---->\n                              <!---->\n                              <img loading=\"lazy\" decoding=\"async\" width=\"2559\" height=\"1019\" src=\"https:\/\/diocesisdelinares.com\/100\/wp-content\/uploads\/2023\/05\/cropped-20230523_094109-scaled-1.jpg\" class=\"style-2402-images style-local-5972-c25-images wp-image-5985 style-2403-image style-local-5972-c26-image\" alt=\"\" srcset=\"https:\/\/diocesisdelinares.com\/100\/wp-content\/uploads\/2023\/05\/cropped-20230523_094109-scaled-1.jpg 2559w, https:\/\/diocesisdelinares.com\/100\/wp-content\/uploads\/2023\/05\/cropped-20230523_094109-scaled-1-300x119.jpg 300w, https:\/\/diocesisdelinares.com\/100\/wp-content\/uploads\/2023\/05\/cropped-20230523_094109-scaled-1-1024x408.jpg 1024w, https:\/\/diocesisdelinares.com\/100\/wp-content\/uploads\/2023\/05\/cropped-20230523_094109-scaled-1-768x306.jpg 768w, https:\/\/diocesisdelinares.com\/100\/wp-content\/uploads\/2023\/05\/cropped-20230523_094109-scaled-1-1536x612.jpg 1536w, https:\/\/diocesisdelinares.com\/100\/wp-content\/uploads\/2023\/05\/cropped-20230523_094109-scaled-1-2048x816.jpg 2048w\" sizes=\"auto, (max-width: 2559px) 100vw, 2559px\" \/>\n                              <div class=\"h-image__frame h-hide-lg h-hide-md h-hide-sm style-2403-frameImage style-local-5972-c26-frameImage\"><\/div>\n                            <\/div>\n                          <\/div>\n                        <\/div>\n                        <div data-colibri-id=\"5972-c27\" class=\"d-block style-2404 style-local-5972-c27 position-relative h-element\">\n                          <!---->\n                          <div class=\"h-image__frame-container-outer\">\n                            <div class=\"h-image__frame-container\">\n                              <!---->\n                              <!---->\n                              <img loading=\"lazy\" decoding=\"async\" width=\"1508\" height=\"1666\" src=\"https:\/\/diocesisdelinares.com\/100\/wp-content\/uploads\/2023\/05\/cropped-IMG_0230-scaled-1.jpg\" class=\"style-2402-images style-local-5972-c25-images wp-image-5984 style-2404-image style-local-5972-c27-image\" alt=\"\" srcset=\"https:\/\/diocesisdelinares.com\/100\/wp-content\/uploads\/2023\/05\/cropped-IMG_0230-scaled-1.jpg 1508w, https:\/\/diocesisdelinares.com\/100\/wp-content\/uploads\/2023\/05\/cropped-IMG_0230-scaled-1-272x300.jpg 272w, https:\/\/diocesisdelinares.com\/100\/wp-content\/uploads\/2023\/05\/cropped-IMG_0230-scaled-1-927x1024.jpg 927w, https:\/\/diocesisdelinares.com\/100\/wp-content\/uploads\/2023\/05\/cropped-IMG_0230-scaled-1-768x848.jpg 768w, https:\/\/diocesisdelinares.com\/100\/wp-content\/uploads\/2023\/05\/cropped-IMG_0230-scaled-1-1390x1536.jpg 1390w\" sizes=\"auto, (max-width: 1508px) 100vw, 1508px\" \/>\n                              <div class=\"h-image__frame h-hide-lg h-hide-md h-hide-sm style-2404-frameImage style-local-5972-c27-frameImage\"><\/div>\n                            <\/div>\n                          <\/div>\n                        <\/div>\n                      <\/div>\n                    <\/div>\n                  <\/div>\n                <\/div>\n                <div data-colibri-id=\"5972-c28\" class=\"d-block style-2409 style-local-5972-c28 position-relative h-element\">\n                  <!---->\n                  <div class=\"h-image__frame-container-outer\">\n                    <div class=\"h-image__frame-container\">\n                      <!---->\n                      <!---->\n                      <img loading=\"lazy\" decoding=\"async\" width=\"1513\" height=\"2560\" src=\"https:\/\/diocesisdelinares.com\/100\/wp-content\/uploads\/2023\/05\/cropped-IMG_0230-scaled-2.jpg\" class=\"wp-image-5986 style-2409-image style-local-5972-c28-image\" alt=\"\" srcset=\"https:\/\/diocesisdelinares.com\/100\/wp-content\/uploads\/2023\/05\/cropped-IMG_0230-scaled-2.jpg 1513w, https:\/\/diocesisdelinares.com\/100\/wp-content\/uploads\/2023\/05\/cropped-IMG_0230-scaled-2-177x300.jpg 177w, https:\/\/diocesisdelinares.com\/100\/wp-content\/uploads\/2023\/05\/cropped-IMG_0230-scaled-2-605x1024.jpg 605w, https:\/\/diocesisdelinares.com\/100\/wp-content\/uploads\/2023\/05\/cropped-IMG_0230-scaled-2-768x1299.jpg 768w, https:\/\/diocesisdelinares.com\/100\/wp-content\/uploads\/2023\/05\/cropped-IMG_0230-scaled-2-908x1536.jpg 908w, https:\/\/diocesisdelinares.com\/100\/wp-content\/uploads\/2023\/05\/cropped-IMG_0230-scaled-2-1210x2048.jpg 1210w\" sizes=\"auto, (max-width: 1513px) 100vw, 1513px\" \/>\n                      <div class=\"h-image__frame h-hide-lg h-hide-md h-hide-sm style-2409-frameImage style-local-5972-c28-frameImage\"><\/div>\n                    <\/div>\n                  <\/div>\n                <\/div>\n              <\/div>\n            <\/div>\n          <\/div>\n        <\/div>\n      <\/div>\n    <\/div>\n  <\/div>\n  <div data-colibri-component=\"section\" data-colibri-id=\"5972-c29\" id=\"photo-gallery\" class=\"h-section h-section-global-spacing d-flex align-items-lg-center align-items-md-center align-items-center style-2405 style-local-5972-c29 position-relative\">\n    <!---->\n    <!---->\n    <div class=\"h-section-grid-container h-section-boxed-container\">\n      <!---->\n      <div data-colibri-id=\"5972-c30\" class=\"h-row-container gutters-row-lg-2 gutters-row-md-2 gutters-row-2 gutters-row-v-lg-2 gutters-row-v-md-2 gutters-row-v-2 style-2406 style-local-5972-c30 position-relative\">\n        <!---->\n        <div class=\"h-row justify-content-lg-center justify-content-md-center justify-content-center align-items-lg-stretch align-items-md-stretch align-items-stretch gutters-col-lg-2 gutters-col-md-2 gutters-col-2 gutters-col-v-lg-2 gutters-col-v-md-2 gutters-col-v-2\">\n          <!---->\n          <div class=\"h-column h-column-container d-flex h-col-lg-auto h-col-md-auto h-col-auto style-2407-outer style-local-5972-c31-outer\">\n            <div data-colibri-id=\"5972-c31\" class=\"d-flex h-flex-basis h-column__inner h-px-lg-2 h-px-md-2 h-px-2 v-inner-lg-2 v-inner-md-2 v-inner-2 style-2407 style-local-5972-c31 position-relative\">\n              <!---->\n              <!---->\n              <div class=\"w-100 h-y-container h-column__content h-column__v-align flex-basis-100 align-self-lg-start align-self-md-start align-self-start\">\n                <!---->\n                <div data-colibri-component=\"masonry\" data-colibri-id=\"5972-c32\" class=\"h-photo-gallery margin-none caption-none style-2408 style-local-5972-c32 position-relative h-element\">\n                  <!---->\n                  <div class=\"h-global-transition-all caption-wrapper-full\"><div id='colibri-5972-c32' class='gallery-wrapper'>    <style type=\"text\/css\">\n\n        @media (min-width: 1023px) {        #colibri-5972-c32        dl {\n            float: left;\n            width: 33.333333333333% !important;\n            max-width: 33.333333333333% !important;\n            min-width: 33.333333333333% !important;\n        }\n\n        #colibri-5972-c32        dl:nth-of-type(3n +1 ) {\n            clear: both;\n        }\n\n        }@media (min-width: 768px) and (max-width: 1023px) {        #colibri-5972-c32        dl {\n            float: left;\n            width: 33.333333333333% !important;\n            max-width: 33.333333333333% !important;\n            min-width: 33.333333333333% !important;\n        }\n\n        #colibri-5972-c32        dl:nth-of-type(3n +1 ) {\n            clear: both;\n        }\n\n        }@media (max-width: 767px) {        #colibri-5972-c32        dl {\n            float: left;\n            width: 50% !important;\n            max-width: 50% !important;\n            min-width: 50% !important;\n        }\n\n        #colibri-5972-c32        dl:nth-of-type(2n +1 ) {\n            clear: both;\n        }\n\n        }\n        #colibri-5972-c32        .gallery-item {\n            position: relative;\n        }\n\n        \n    <\/style>\n    <div   class='colibri-5972-c32-dls-wrapper gallery-items-wrapper' ><dl class='gallery-item masonry-item'>\n\t\t\t<dt class='gallery-icon portrait'>\n\t\t\t\t<a data-fancybox=\"colibri-5972-c32-group\" href='https:\/\/diocesisdelinares.com\/100\/wp-content\/uploads\/2023\/05\/IMG_9434.png'><img loading=\"lazy\" decoding=\"async\"  width=\"225\" height=\"300\" src=\"https:\/\/diocesisdelinares.com\/100\/wp-content\/uploads\/2023\/05\/IMG_9434-225x300.png\"  class='colibri-5972-c32-image' alt=\"\" srcset=\"https:\/\/diocesisdelinares.com\/100\/wp-content\/uploads\/2023\/05\/IMG_9434-225x300.png 225w, https:\/\/diocesisdelinares.com\/100\/wp-content\/uploads\/2023\/05\/IMG_9434-768x1024.png 768w, https:\/\/diocesisdelinares.com\/100\/wp-content\/uploads\/2023\/05\/IMG_9434-1152x1536.png 1152w, https:\/\/diocesisdelinares.com\/100\/wp-content\/uploads\/2023\/05\/IMG_9434-1536x2048.png 1536w\" sizes=\"auto, (max-width: 225px) 100vw, 225px\" \/><\/a>\n\t\t\t<\/dt><\/dl><dl class='gallery-item masonry-item'>\n\t\t\t<dt class='gallery-icon portrait'>\n\t\t\t\t<a data-fancybox=\"colibri-5972-c32-group\" href='https:\/\/diocesisdelinares.com\/100\/wp-content\/uploads\/2023\/05\/20230523_093954-1-scaled.jpg'><img loading=\"lazy\" decoding=\"async\"  width=\"225\" height=\"300\" src=\"https:\/\/diocesisdelinares.com\/100\/wp-content\/uploads\/2023\/05\/20230523_093954-1-225x300.jpg\"  class='colibri-5972-c32-image' alt=\"\" srcset=\"https:\/\/diocesisdelinares.com\/100\/wp-content\/uploads\/2023\/05\/20230523_093954-1-225x300.jpg 225w, https:\/\/diocesisdelinares.com\/100\/wp-content\/uploads\/2023\/05\/20230523_093954-1-768x1024.jpg 768w, https:\/\/diocesisdelinares.com\/100\/wp-content\/uploads\/2023\/05\/20230523_093954-1-1152x1536.jpg 1152w, https:\/\/diocesisdelinares.com\/100\/wp-content\/uploads\/2023\/05\/20230523_093954-1-1536x2048.jpg 1536w, https:\/\/diocesisdelinares.com\/100\/wp-content\/uploads\/2023\/05\/20230523_093954-1-scaled.jpg 1920w\" sizes=\"auto, (max-width: 225px) 100vw, 225px\" \/><\/a>\n\t\t\t<\/dt><\/dl><dl class='gallery-item masonry-item'>\n\t\t\t<dt class='gallery-icon portrait'>\n\t\t\t\t<a data-fancybox=\"colibri-5972-c32-group\" href='https:\/\/diocesisdelinares.com\/100\/wp-content\/uploads\/2023\/05\/20230523_093940-1-scaled.jpg'><img loading=\"lazy\" decoding=\"async\"  width=\"225\" height=\"300\" src=\"https:\/\/diocesisdelinares.com\/100\/wp-content\/uploads\/2023\/05\/20230523_093940-1-225x300.jpg\"  class='colibri-5972-c32-image' alt=\"\" srcset=\"https:\/\/diocesisdelinares.com\/100\/wp-content\/uploads\/2023\/05\/20230523_093940-1-225x300.jpg 225w, https:\/\/diocesisdelinares.com\/100\/wp-content\/uploads\/2023\/05\/20230523_093940-1-768x1024.jpg 768w, https:\/\/diocesisdelinares.com\/100\/wp-content\/uploads\/2023\/05\/20230523_093940-1-1152x1536.jpg 1152w, https:\/\/diocesisdelinares.com\/100\/wp-content\/uploads\/2023\/05\/20230523_093940-1-1536x2048.jpg 1536w, https:\/\/diocesisdelinares.com\/100\/wp-content\/uploads\/2023\/05\/20230523_093940-1-scaled.jpg 1920w\" sizes=\"auto, (max-width: 225px) 100vw, 225px\" \/><\/a>\n\t\t\t<\/dt><\/dl><dl class='gallery-item masonry-item'>\n\t\t\t<dt class='gallery-icon portrait'>\n\t\t\t\t<a data-fancybox=\"colibri-5972-c32-group\" href='https:\/\/diocesisdelinares.com\/100\/wp-content\/uploads\/2023\/05\/IMG_0234-scaled.jpg'><img loading=\"lazy\" decoding=\"async\"  width=\"200\" height=\"300\" src=\"https:\/\/diocesisdelinares.com\/100\/wp-content\/uploads\/2023\/05\/IMG_0234-200x300.jpg\"  class='colibri-5972-c32-image' alt=\"\" srcset=\"https:\/\/diocesisdelinares.com\/100\/wp-content\/uploads\/2023\/05\/IMG_0234-200x300.jpg 200w, https:\/\/diocesisdelinares.com\/100\/wp-content\/uploads\/2023\/05\/IMG_0234-683x1024.jpg 683w, https:\/\/diocesisdelinares.com\/100\/wp-content\/uploads\/2023\/05\/IMG_0234-768x1152.jpg 768w, https:\/\/diocesisdelinares.com\/100\/wp-content\/uploads\/2023\/05\/IMG_0234-1024x1536.jpg 1024w, https:\/\/diocesisdelinares.com\/100\/wp-content\/uploads\/2023\/05\/IMG_0234-1365x2048.jpg 1365w, https:\/\/diocesisdelinares.com\/100\/wp-content\/uploads\/2023\/05\/IMG_0234-scaled.jpg 1707w\" sizes=\"auto, (max-width: 200px) 100vw, 200px\" \/><\/a>\n\t\t\t<\/dt><\/dl><dl class='gallery-item masonry-item'>\n\t\t\t<dt class='gallery-icon landscape'>\n\t\t\t\t<a data-fancybox=\"colibri-5972-c32-group\" href='https:\/\/diocesisdelinares.com\/100\/wp-content\/uploads\/2023\/05\/20230523_094109-1-scaled.jpg'><img loading=\"lazy\" decoding=\"async\"  width=\"300\" height=\"225\" src=\"https:\/\/diocesisdelinares.com\/100\/wp-content\/uploads\/2023\/05\/20230523_094109-1-300x225.jpg\"  class='colibri-5972-c32-image' alt=\"\" srcset=\"https:\/\/diocesisdelinares.com\/100\/wp-content\/uploads\/2023\/05\/20230523_094109-1-300x225.jpg 300w, https:\/\/diocesisdelinares.com\/100\/wp-content\/uploads\/2023\/05\/20230523_094109-1-1024x768.jpg 1024w, https:\/\/diocesisdelinares.com\/100\/wp-content\/uploads\/2023\/05\/20230523_094109-1-768x576.jpg 768w, https:\/\/diocesisdelinares.com\/100\/wp-content\/uploads\/2023\/05\/20230523_094109-1-1536x1152.jpg 1536w, https:\/\/diocesisdelinares.com\/100\/wp-content\/uploads\/2023\/05\/20230523_094109-1-2048x1536.jpg 2048w\" sizes=\"auto, (max-width: 300px) 100vw, 300px\" \/><\/a>\n\t\t\t<\/dt><\/dl><dl class='gallery-item masonry-item'>\n\t\t\t<dt class='gallery-icon portrait'>\n\t\t\t\t<a data-fancybox=\"colibri-5972-c32-group\" href='https:\/\/diocesisdelinares.com\/100\/wp-content\/uploads\/2023\/05\/IMG_0232-1-scaled.jpg'><img loading=\"lazy\" decoding=\"async\"  width=\"200\" height=\"300\" src=\"https:\/\/diocesisdelinares.com\/100\/wp-content\/uploads\/2023\/05\/IMG_0232-1-200x300.jpg\"  class='colibri-5972-c32-image' alt=\"\" srcset=\"https:\/\/diocesisdelinares.com\/100\/wp-content\/uploads\/2023\/05\/IMG_0232-1-200x300.jpg 200w, https:\/\/diocesisdelinares.com\/100\/wp-content\/uploads\/2023\/05\/IMG_0232-1-683x1024.jpg 683w, https:\/\/diocesisdelinares.com\/100\/wp-content\/uploads\/2023\/05\/IMG_0232-1-768x1152.jpg 768w, https:\/\/diocesisdelinares.com\/100\/wp-content\/uploads\/2023\/05\/IMG_0232-1-1024x1536.jpg 1024w, https:\/\/diocesisdelinares.com\/100\/wp-content\/uploads\/2023\/05\/IMG_0232-1-1365x2048.jpg 1365w, https:\/\/diocesisdelinares.com\/100\/wp-content\/uploads\/2023\/05\/IMG_0232-1-scaled.jpg 1707w\" sizes=\"auto, (max-width: 200px) 100vw, 200px\" \/><\/a>\n\t\t\t<\/dt><\/dl><dl class='gallery-item masonry-item'>\n\t\t\t<dt class='gallery-icon portrait'>\n\t\t\t\t<a data-fancybox=\"colibri-5972-c32-group\" href='https:\/\/diocesisdelinares.com\/100\/wp-content\/uploads\/2023\/05\/IMG_0230-scaled.jpg'><img loading=\"lazy\" decoding=\"async\"  width=\"200\" height=\"300\" src=\"https:\/\/diocesisdelinares.com\/100\/wp-content\/uploads\/2023\/05\/IMG_0230-200x300.jpg\"  class='colibri-5972-c32-image' alt=\"\" srcset=\"https:\/\/diocesisdelinares.com\/100\/wp-content\/uploads\/2023\/05\/IMG_0230-200x300.jpg 200w, https:\/\/diocesisdelinares.com\/100\/wp-content\/uploads\/2023\/05\/IMG_0230-683x1024.jpg 683w, https:\/\/diocesisdelinares.com\/100\/wp-content\/uploads\/2023\/05\/IMG_0230-768x1152.jpg 768w, https:\/\/diocesisdelinares.com\/100\/wp-content\/uploads\/2023\/05\/IMG_0230-1024x1536.jpg 1024w, https:\/\/diocesisdelinares.com\/100\/wp-content\/uploads\/2023\/05\/IMG_0230-1365x2048.jpg 1365w, https:\/\/diocesisdelinares.com\/100\/wp-content\/uploads\/2023\/05\/IMG_0230-scaled.jpg 1707w\" sizes=\"auto, (max-width: 200px) 100vw, 200px\" \/><\/a>\n\t\t\t<\/dt><\/dl>\n\t\t\t\n\t\t<\/div>\n<style>#colibri-5972-c32 .wp-caption-text.gallery-caption{display:none;}<\/style><\/div><\/div>\n                <\/div>\n              <\/div>\n            <\/div>\n          <\/div>\n        <\/div>\n      <\/div>\n    <\/div>\n  <\/div>\n<\/div>","protected":false},"excerpt":{"rendered":"<p>Volver a la p\u00e1gina de inicio La imagen del \u00abSe\u00f1or de los Males Incurables\u00bb es curiosa y tiene una muy interesante historia, que se relaciona con un famoso y triste flagelo que azot\u00f3 a la ciudad de Parral, en el a\u00f1o 1887, una epidemia que causo espantosos estragos, desol\u00f3 los barrios enteros, sin dejar en [&hellip;]<\/p>\n","protected":false},"author":1,"featured_media":0,"parent":5743,"menu_order":0,"comment_status":"closed","ping_status":"closed","template":"page-templates\/full-width-page.php","meta":{"footnotes":""},"class_list":["post-5972","page","type-page","status-publish","hentry"],"_links":{"self":[{"href":"https:\/\/diocesisdelinares.com\/100\/wp-json\/wp\/v2\/pages\/5972","targetHints":{"allow":["GET"]}}],"collection":[{"href":"https:\/\/diocesisdelinares.com\/100\/wp-json\/wp\/v2\/pages"}],"about":[{"href":"https:\/\/diocesisdelinares.com\/100\/wp-json\/wp\/v2\/types\/page"}],"author":[{"embeddable":true,"href":"https:\/\/diocesisdelinares.com\/100\/wp-json\/wp\/v2\/users\/1"}],"replies":[{"embeddable":true,"href":"https:\/\/diocesisdelinares.com\/100\/wp-json\/wp\/v2\/comments?post=5972"}],"version-history":[{"count":5,"href":"https:\/\/diocesisdelinares.com\/100\/wp-json\/wp\/v2\/pages\/5972\/revisions"}],"predecessor-version":[{"id":6250,"href":"https:\/\/diocesisdelinares.com\/100\/wp-json\/wp\/v2\/pages\/5972\/revisions\/6250"}],"up":[{"embeddable":true,"href":"https:\/\/diocesisdelinares.com\/100\/wp-json\/wp\/v2\/pages\/5743"}],"wp:attachment":[{"href":"https:\/\/diocesisdelinares.com\/100\/wp-json\/wp\/v2\/media?parent=5972"}],"curies":[{"name":"wp","href":"https:\/\/api.w.org\/{rel}","templated":true}]}}