{"id":5914,"date":"2023-05-25T21:27:00","date_gmt":"2023-05-25T21:27:00","guid":{"rendered":"https:\/\/diocesisdelinares.com\/100\/?page_id=5914"},"modified":"2023-05-26T13:02:31","modified_gmt":"2023-05-26T13:02:31","slug":"carruaje","status":"publish","type":"page","link":"https:\/\/diocesisdelinares.com\/100\/parroquia-san-francisco-parral\/carruaje\/","title":{"rendered":"Carruaje de dos ruedas \u201cLas Cabritas\u201d"},"content":{"rendered":"<div data-colibri-id=\"5914-c1\" class=\"style-2322 style-local-5914-c1 position-relative\">\n  <!---->\n  <div data-colibri-component=\"section\" data-colibri-id=\"5914-c2\" id=\"about\" class=\"h-section h-section-global-spacing d-flex align-items-lg-center align-items-md-center align-items-center style-2366 style-local-5914-c2 position-relative\">\n    <!---->\n    <!---->\n    <div class=\"h-section-grid-container h-section-boxed-container\">\n      <!---->\n      <div data-colibri-id=\"5914-c3\" class=\"h-row-container gutters-row-lg-2 gutters-row-md-2 gutters-row-0 gutters-row-v-lg-2 gutters-row-v-md-2 gutters-row-v-2 style-2447 style-local-5914-c3 position-relative\">\n        <!---->\n        <div class=\"h-row justify-content-lg-center justify-content-md-center justify-content-center align-items-lg-stretch align-items-md-stretch align-items-stretch gutters-col-lg-2 gutters-col-md-2 gutters-col-0 gutters-col-v-lg-2 gutters-col-v-md-2 gutters-col-v-2\">\n          <!---->\n          <div class=\"h-column h-column-container d-flex h-col-lg-auto h-col-md-auto h-col-auto style-2448-outer style-local-5914-c4-outer\">\n            <div data-colibri-id=\"5914-c4\" class=\"d-flex h-flex-basis h-column__inner h-px-lg-2 h-px-md-2 h-px-2 v-inner-lg-2 v-inner-md-2 v-inner-2 style-2448 style-local-5914-c4 position-relative\">\n              <!---->\n              <!---->\n              <div class=\"w-100 h-y-container h-column__content h-column__v-align flex-basis-100 align-self-lg-start align-self-md-start align-self-start\">\n                <!---->\n                <div data-colibri-id=\"5914-c36\" class=\"h-x-container style-2556 style-local-5914-c36 position-relative h-element\">\n                  <!---->\n                  <div class=\"h-x-container-inner style-dynamic-5914-c36-group\">\n                    <!----><span class=\"h-button__outer style-2557-outer style-local-5914-c37-outer d-inline-flex h-element\"><a  h-use-smooth-scroll=\"true\" href=\"https:\/\/diocesisdelinares.com\/100\/\"  data-colibri-id=\"5914-c37\" class=\"d-flex w-100 align-items-center h-button justify-content-lg-center justify-content-md-center justify-content-center style-2557 style-local-5914-c37 position-relative\"><!----><!----> <span >Volver a la p\u00e1gina de inicio<\/span><\/a>\n                    <\/span>\n                  <\/div>\n                <\/div>\n              <\/div>\n            <\/div>\n          <\/div>\n        <\/div>\n      <\/div>\n      <div data-colibri-id=\"5914-c15\" class=\"h-row-container gutters-row-lg-2 gutters-row-md-2 gutters-row-2 gutters-row-v-lg-2 gutters-row-v-md-2 gutters-row-v-2 style-2367 style-local-5914-c15 position-relative\">\n        <!---->\n        <div class=\"h-row justify-content-lg-center justify-content-md-center justify-content-center align-items-lg-stretch align-items-md-stretch align-items-stretch gutters-col-lg-2 gutters-col-md-2 gutters-col-2 gutters-col-v-lg-2 gutters-col-v-md-2 gutters-col-v-2\">\n          <!---->\n          <div class=\"h-column h-column-container d-flex h-col-lg-auto h-col-md-auto h-col-auto style-2368-outer style-local-5914-c16-outer\">\n            <div data-colibri-id=\"5914-c16\" class=\"d-flex h-flex-basis h-column__inner h-px-lg-2 h-px-md-2 h-px-2 v-inner-lg-2 v-inner-md-2 v-inner-2 style-2368 style-local-5914-c16 position-relative\">\n              <!---->\n              <!---->\n              <div class=\"w-100 h-y-container h-column__content h-column__v-align flex-basis-100 align-self-lg-center align-self-md-center align-self-center\">\n                <!---->\n                <div data-colibri-id=\"5914-c17\" class=\"h-global-transition-all h-heading style-2369 style-local-5914-c17 position-relative h-element\">\n                  <!---->\n                  <div class=\"h-heading__outer style-2369 style-local-5914-c17\">\n                    <!---->\n                    <!---->\n                    <h3 class=\"\">Carruaje de dos ruedas <em style=\"font-family: &quot;Playfair Display&quot;; color: rgb(3, 169, 244);\"><br>\u00abLas cabritas\u00bb<\/em><\/h3>\n                  <\/div>\n                <\/div>\n                <div data-colibri-id=\"5914-c18\" class=\"h-lead h-text h-text-component style-2370 style-local-5914-c18 position-relative h-element\">\n                  <!---->\n                  <!---->\n                  <div class=\"\"><\/div>\n                <\/div>\n                <div data-colibri-id=\"5914-c19\" class=\"h-text h-text-component style-2371 style-local-5914-c19 position-relative h-element\">\n                  <!---->\n                  <!---->\n                  <div class=\"\">\n                    <p>Los carruajes, eran el medio de transporte com\u00fanmente utilizado desde el siglo XVIII, cuando algunos rudimentarios caminos comenzaban a comunicar nuestros poblados, cumpliendo una funci\u00f3n esencial. Son parte de un Chile profundo, de\n                      su modo de vivir, de una cultura agraria que perdura en tierras parralinas y en la Di\u00f3cesis de Linares. Se dice que el siglo XIX, fue la edad de oro del carruaje, diversos fueron los modelos que llegaron y otros se forjaron en Chile,\n                      pero la que se conserva en nuestra parroquia de San Francisco de Parral, es una \u201cCabrita de dos ruedas\u201d, fiel testimonio de una historia patrimonial que nos pertenece a todos.<\/p>\n                    <p>\n                      <br>\n                    <\/p>\n                    <p>\n                      <br>\n                    <\/p>\n                  <\/div>\n                <\/div>\n              <\/div>\n            <\/div>\n          <\/div>\n          <div class=\"h-column h-column-container d-flex h-col-lg-auto h-col-md-auto h-col-auto style-2374-outer style-local-5914-c20-outer\">\n            <div data-colibri-id=\"5914-c20\" class=\"d-flex h-flex-basis h-column__inner h-px-lg-2 h-px-md-2 h-px-2 v-inner-lg-2 v-inner-md-2 v-inner-2 style-2374 style-local-5914-c20 position-relative\">\n              <!---->\n              <!---->\n              <div class=\"w-100 h-y-container h-column__content h-column__v-align flex-basis-100 align-self-lg-center align-self-md-center align-self-center\">\n                <!---->\n                <div data-colibri-id=\"5914-c21\" class=\"h-row-container gutters-row-lg-0 gutters-row-md-0 gutters-row-0 gutters-row-v-lg-0 gutters-row-v-md-0 gutters-row-v-0 style-2375 style-local-5914-c21 position-relative\">\n                  <!---->\n                  <div class=\"h-row justify-content-lg-start justify-content-md-start justify-content-start align-items-lg-stretch align-items-md-stretch align-items-stretch gutters-col-lg-0 gutters-col-md-0 gutters-col-0 gutters-col-v-lg-0 gutters-col-v-md-0 gutters-col-v-0\">\n                    <!---->\n                    <div class=\"h-column h-column-container d-flex h-col-lg-auto h-col-md-auto h-col-auto style-2376-outer style-local-5914-c22-outer\">\n                      <div data-colibri-id=\"5914-c22\" class=\"d-flex h-flex-basis h-column__inner h-px-lg-3 h-px-md-3 h-px-3 v-inner-lg-3 v-inner-md-3 v-inner-3 style-2376 style-local-5914-c22 position-relative\">\n                        <!---->\n                        <!---->\n                        <div class=\"w-100 h-y-container h-column__content h-column__v-align flex-basis-100 align-self-lg-center align-self-md-center align-self-center\">\n                          <!---->\n                          <div data-colibri-id=\"5914-c23\" class=\"h-text h-text-component style-2379 style-local-5914-c23 position-relative h-element\">\n                            <!---->\n                            <!---->\n                            <div class=\"\">\n                              <p><span style=\"font-weight: 300; font-size: 16px; font-family: Muli; color: rgb(51, 51, 51);\">Hace bien recordar que, el patrimonio no es solo la arquitectura, son sus usos y costumbres, los lugares, los paisajes, las voces, los pueblos y caser\u00edos, los frutos del pa\u00eds, las artesan\u00edas, el legado de los antepasados, la memoria colectiva. Si eso se olvida, perdemos nuestra identidad. Y este carruaje, \u201cla cabrita\u201d, sigue acompa\u00f1ando la vida y celebraciones parroquiales, destacando su exhibici\u00f3n para el D\u00eda del Patrimonio en que vuelve a lucir hermosamente engalanada, cruzando las principales avenidas del Centro de Parral.<\/span><\/p>\n                            <\/div>\n                          <\/div>\n                          <div data-colibri-id=\"5914-c24\" class=\"style-2380 style-local-5914-c24 position-relative h-element\">\n                            <!---->\n                          <\/div>\n                        <\/div>\n                      <\/div>\n                    <\/div>\n                  <\/div>\n                <\/div>\n                <div data-colibri-id=\"5914-c25\" class=\"h-multiple-image style-2383 style-local-5914-c25 position-relative h-element\">\n                  <!---->\n                  <div class=\"position-relative\">\n                    <div class=\"h-multiple-image-inside-container\">\n                      <div class=\"ratio-inner\">\n                        <div data-colibri-id=\"5914-c26\" class=\"d-block style-2384 style-local-5914-c26 position-relative h-element\">\n                          <!---->\n                          <div class=\"h-image__frame-container-outer\">\n                            <div class=\"h-image__frame-container\">\n                              <!---->\n                              <!---->\n                              <img loading=\"lazy\" decoding=\"async\" width=\"883\" height=\"860\" src=\"https:\/\/diocesisdelinares.com\/100\/wp-content\/uploads\/2023\/05\/cropped-cabrita-Parroquia-san-Francisco-Parral-1.jpg\" class=\"style-2383-images style-local-5914-c25-images wp-image-5918 style-2384-image style-local-5914-c26-image\" alt=\"\" srcset=\"https:\/\/diocesisdelinares.com\/100\/wp-content\/uploads\/2023\/05\/cropped-cabrita-Parroquia-san-Francisco-Parral-1.jpg 883w, https:\/\/diocesisdelinares.com\/100\/wp-content\/uploads\/2023\/05\/cropped-cabrita-Parroquia-san-Francisco-Parral-1-300x292.jpg 300w, https:\/\/diocesisdelinares.com\/100\/wp-content\/uploads\/2023\/05\/cropped-cabrita-Parroquia-san-Francisco-Parral-1-768x748.jpg 768w\" sizes=\"auto, (max-width: 883px) 100vw, 883px\" \/>\n                              <div class=\"h-image__frame h-hide-lg h-hide-md h-hide-sm style-2384-frameImage style-local-5914-c26-frameImage\"><\/div>\n                            <\/div>\n                          <\/div>\n                        <\/div>\n                        <div data-colibri-id=\"5914-c27\" class=\"d-block style-2385 style-local-5914-c27 position-relative h-element\">\n                          <!---->\n                          <div class=\"h-image__frame-container-outer\">\n                            <div class=\"h-image__frame-container\">\n                              <!---->\n                              <!---->\n                              <img loading=\"lazy\" decoding=\"async\" width=\"1174\" height=\"859\" src=\"https:\/\/diocesisdelinares.com\/100\/wp-content\/uploads\/2023\/05\/cropped-cabrita.jpg\" class=\"style-2383-images style-local-5914-c25-images wp-image-5920 style-2385-image style-local-5914-c27-image\" alt=\"\" srcset=\"https:\/\/diocesisdelinares.com\/100\/wp-content\/uploads\/2023\/05\/cropped-cabrita.jpg 1174w, https:\/\/diocesisdelinares.com\/100\/wp-content\/uploads\/2023\/05\/cropped-cabrita-300x220.jpg 300w, https:\/\/diocesisdelinares.com\/100\/wp-content\/uploads\/2023\/05\/cropped-cabrita-1024x749.jpg 1024w, https:\/\/diocesisdelinares.com\/100\/wp-content\/uploads\/2023\/05\/cropped-cabrita-768x562.jpg 768w\" sizes=\"auto, (max-width: 1174px) 100vw, 1174px\" \/>\n                              <div class=\"h-image__frame h-hide-lg h-hide-md h-hide-sm style-2385-frameImage style-local-5914-c27-frameImage\"><\/div>\n                            <\/div>\n                          <\/div>\n                        <\/div>\n                      <\/div>\n                    <\/div>\n                  <\/div>\n                <\/div>\n              <\/div>\n            <\/div>\n          <\/div>\n        <\/div>\n      <\/div>\n    <\/div>\n  <\/div>\n  <div data-colibri-component=\"section\" data-colibri-id=\"5914-c28\" id=\"photo-gallery\" class=\"h-section h-section-global-spacing d-flex align-items-lg-center align-items-md-center align-items-center style-2386 style-local-5914-c28 position-relative\">\n    <!---->\n    <!---->\n    <div class=\"h-section-grid-container h-section-boxed-container\">\n      <!---->\n      <div data-colibri-id=\"5914-c29\" class=\"h-row-container gutters-row-lg-2 gutters-row-md-2 gutters-row-2 gutters-row-v-lg-2 gutters-row-v-md-2 gutters-row-v-2 style-2387 style-local-5914-c29 position-relative\">\n        <!---->\n        <div class=\"h-row justify-content-lg-center justify-content-md-center justify-content-center align-items-lg-stretch align-items-md-stretch align-items-stretch gutters-col-lg-2 gutters-col-md-2 gutters-col-2 gutters-col-v-lg-2 gutters-col-v-md-2 gutters-col-v-2\">\n          <!---->\n          <div class=\"h-column h-column-container d-flex h-col-lg-auto h-col-md-auto h-col-auto style-2388-outer style-local-5914-c30-outer\">\n            <div data-colibri-id=\"5914-c30\" class=\"d-flex h-flex-basis h-column__inner h-px-lg-2 h-px-md-2 h-px-2 v-inner-lg-2 v-inner-md-2 v-inner-2 style-2388 style-local-5914-c30 position-relative\">\n              <!---->\n              <!---->\n              <div class=\"w-100 h-y-container h-column__content h-column__v-align flex-basis-100 align-self-lg-start align-self-md-start align-self-start\">\n                <!---->\n                <div data-colibri-component=\"masonry\" data-colibri-id=\"5914-c31\" class=\"h-photo-gallery margin-none caption-none style-2389 style-local-5914-c31 position-relative h-element\">\n                  <!---->\n                  <div class=\"h-global-transition-all caption-wrapper-full\"><div id='colibri-5914-c31' class='gallery-wrapper'>    <style type=\"text\/css\">\n\n        @media (min-width: 1023px) {        #colibri-5914-c31        dl {\n            float: left;\n            width: 33.333333333333% !important;\n            max-width: 33.333333333333% !important;\n            min-width: 33.333333333333% !important;\n        }\n\n        #colibri-5914-c31        dl:nth-of-type(3n +1 ) {\n            clear: both;\n        }\n\n        }@media (min-width: 768px) and (max-width: 1023px) {        #colibri-5914-c31        dl {\n            float: left;\n            width: 33.333333333333% !important;\n            max-width: 33.333333333333% !important;\n            min-width: 33.333333333333% !important;\n        }\n\n        #colibri-5914-c31        dl:nth-of-type(3n +1 ) {\n            clear: both;\n        }\n\n        }@media (max-width: 767px) {        #colibri-5914-c31        dl {\n            float: left;\n            width: 50% !important;\n            max-width: 50% !important;\n            min-width: 50% !important;\n        }\n\n        #colibri-5914-c31        dl:nth-of-type(2n +1 ) {\n            clear: both;\n        }\n\n        }\n        #colibri-5914-c31        .gallery-item {\n            position: relative;\n        }\n\n        \n    <\/style>\n    <div   class='colibri-5914-c31-dls-wrapper gallery-items-wrapper' ><dl class='gallery-item masonry-item'>\n\t\t\t<dt class='gallery-icon landscape'>\n\t\t\t\t<a data-fancybox=\"colibri-5914-c31-group\" href='https:\/\/diocesisdelinares.com\/100\/wp-content\/uploads\/2023\/05\/IMG_0316.png'><img loading=\"lazy\" decoding=\"async\"  width=\"300\" height=\"200\" src=\"https:\/\/diocesisdelinares.com\/100\/wp-content\/uploads\/2023\/05\/IMG_0316-300x200.png\"  class='colibri-5914-c31-image' alt=\"\" srcset=\"https:\/\/diocesisdelinares.com\/100\/wp-content\/uploads\/2023\/05\/IMG_0316-300x200.png 300w, https:\/\/diocesisdelinares.com\/100\/wp-content\/uploads\/2023\/05\/IMG_0316-1024x683.png 1024w, https:\/\/diocesisdelinares.com\/100\/wp-content\/uploads\/2023\/05\/IMG_0316-768x512.png 768w, https:\/\/diocesisdelinares.com\/100\/wp-content\/uploads\/2023\/05\/IMG_0316-1536x1024.png 1536w, https:\/\/diocesisdelinares.com\/100\/wp-content\/uploads\/2023\/05\/IMG_0316-2048x1365.png 2048w\" sizes=\"auto, (max-width: 300px) 100vw, 300px\" \/><\/a>\n\t\t\t<\/dt><\/dl><dl class='gallery-item masonry-item'>\n\t\t\t<dt class='gallery-icon landscape'>\n\t\t\t\t<a data-fancybox=\"colibri-5914-c31-group\" href='https:\/\/diocesisdelinares.com\/100\/wp-content\/uploads\/2023\/05\/IMG_0317.png'><img loading=\"lazy\" decoding=\"async\"  width=\"300\" height=\"200\" src=\"https:\/\/diocesisdelinares.com\/100\/wp-content\/uploads\/2023\/05\/IMG_0317-300x200.png\"  class='colibri-5914-c31-image' alt=\"\" srcset=\"https:\/\/diocesisdelinares.com\/100\/wp-content\/uploads\/2023\/05\/IMG_0317-300x200.png 300w, https:\/\/diocesisdelinares.com\/100\/wp-content\/uploads\/2023\/05\/IMG_0317-1024x683.png 1024w, https:\/\/diocesisdelinares.com\/100\/wp-content\/uploads\/2023\/05\/IMG_0317-768x512.png 768w, https:\/\/diocesisdelinares.com\/100\/wp-content\/uploads\/2023\/05\/IMG_0317-1536x1024.png 1536w, https:\/\/diocesisdelinares.com\/100\/wp-content\/uploads\/2023\/05\/IMG_0317-2048x1365.png 2048w\" sizes=\"auto, (max-width: 300px) 100vw, 300px\" \/><\/a>\n\t\t\t<\/dt><\/dl><dl class='gallery-item masonry-item'>\n\t\t\t<dt class='gallery-icon landscape'>\n\t\t\t\t<a data-fancybox=\"colibri-5914-c31-group\" href='https:\/\/diocesisdelinares.com\/100\/wp-content\/uploads\/2023\/05\/IMG_0323.png'><img loading=\"lazy\" decoding=\"async\"  width=\"300\" height=\"200\" src=\"https:\/\/diocesisdelinares.com\/100\/wp-content\/uploads\/2023\/05\/IMG_0323-300x200.png\"  class='colibri-5914-c31-image' alt=\"\" srcset=\"https:\/\/diocesisdelinares.com\/100\/wp-content\/uploads\/2023\/05\/IMG_0323-300x200.png 300w, https:\/\/diocesisdelinares.com\/100\/wp-content\/uploads\/2023\/05\/IMG_0323-1024x683.png 1024w, https:\/\/diocesisdelinares.com\/100\/wp-content\/uploads\/2023\/05\/IMG_0323-768x512.png 768w, https:\/\/diocesisdelinares.com\/100\/wp-content\/uploads\/2023\/05\/IMG_0323-1536x1024.png 1536w, https:\/\/diocesisdelinares.com\/100\/wp-content\/uploads\/2023\/05\/IMG_0323-2048x1365.png 2048w\" sizes=\"auto, (max-width: 300px) 100vw, 300px\" \/><\/a>\n\t\t\t<\/dt><\/dl><dl class='gallery-item masonry-item'>\n\t\t\t<dt class='gallery-icon landscape'>\n\t\t\t\t<a data-fancybox=\"colibri-5914-c31-group\" href='https:\/\/diocesisdelinares.com\/100\/wp-content\/uploads\/2023\/05\/IMG_0324.png'><img loading=\"lazy\" decoding=\"async\"  width=\"300\" height=\"200\" src=\"https:\/\/diocesisdelinares.com\/100\/wp-content\/uploads\/2023\/05\/IMG_0324-300x200.png\"  class='colibri-5914-c31-image' alt=\"\" srcset=\"https:\/\/diocesisdelinares.com\/100\/wp-content\/uploads\/2023\/05\/IMG_0324-300x200.png 300w, https:\/\/diocesisdelinares.com\/100\/wp-content\/uploads\/2023\/05\/IMG_0324-1024x683.png 1024w, https:\/\/diocesisdelinares.com\/100\/wp-content\/uploads\/2023\/05\/IMG_0324-768x512.png 768w, https:\/\/diocesisdelinares.com\/100\/wp-content\/uploads\/2023\/05\/IMG_0324-1536x1024.png 1536w, https:\/\/diocesisdelinares.com\/100\/wp-content\/uploads\/2023\/05\/IMG_0324-2048x1365.png 2048w\" sizes=\"auto, (max-width: 300px) 100vw, 300px\" \/><\/a>\n\t\t\t<\/dt><\/dl><dl class='gallery-item masonry-item'>\n\t\t\t<dt class='gallery-icon landscape'>\n\t\t\t\t<a data-fancybox=\"colibri-5914-c31-group\" href='https:\/\/diocesisdelinares.com\/100\/wp-content\/uploads\/2023\/05\/IMG_0325.png'><img loading=\"lazy\" decoding=\"async\"  width=\"300\" height=\"200\" src=\"https:\/\/diocesisdelinares.com\/100\/wp-content\/uploads\/2023\/05\/IMG_0325-300x200.png\"  class='colibri-5914-c31-image' alt=\"\" srcset=\"https:\/\/diocesisdelinares.com\/100\/wp-content\/uploads\/2023\/05\/IMG_0325-300x200.png 300w, https:\/\/diocesisdelinares.com\/100\/wp-content\/uploads\/2023\/05\/IMG_0325-1024x683.png 1024w, https:\/\/diocesisdelinares.com\/100\/wp-content\/uploads\/2023\/05\/IMG_0325-768x512.png 768w, https:\/\/diocesisdelinares.com\/100\/wp-content\/uploads\/2023\/05\/IMG_0325-1536x1024.png 1536w, https:\/\/diocesisdelinares.com\/100\/wp-content\/uploads\/2023\/05\/IMG_0325-2048x1365.png 2048w\" sizes=\"auto, (max-width: 300px) 100vw, 300px\" \/><\/a>\n\t\t\t<\/dt><\/dl><dl class='gallery-item masonry-item'>\n\t\t\t<dt class='gallery-icon portrait'>\n\t\t\t\t<a data-fancybox=\"colibri-5914-c31-group\" href='https:\/\/diocesisdelinares.com\/100\/wp-content\/uploads\/2023\/05\/IMG_9460.png'><img loading=\"lazy\" decoding=\"async\"  width=\"225\" height=\"300\" src=\"https:\/\/diocesisdelinares.com\/100\/wp-content\/uploads\/2023\/05\/IMG_9460-225x300.png\"  class='colibri-5914-c31-image' alt=\"\" srcset=\"https:\/\/diocesisdelinares.com\/100\/wp-content\/uploads\/2023\/05\/IMG_9460-225x300.png 225w, https:\/\/diocesisdelinares.com\/100\/wp-content\/uploads\/2023\/05\/IMG_9460-768x1024.png 768w, https:\/\/diocesisdelinares.com\/100\/wp-content\/uploads\/2023\/05\/IMG_9460-1152x1536.png 1152w, https:\/\/diocesisdelinares.com\/100\/wp-content\/uploads\/2023\/05\/IMG_9460-1536x2048.png 1536w\" sizes=\"auto, (max-width: 225px) 100vw, 225px\" \/><\/a>\n\t\t\t<\/dt><\/dl><dl class='gallery-item masonry-item'>\n\t\t\t<dt class='gallery-icon portrait'>\n\t\t\t\t<a data-fancybox=\"colibri-5914-c31-group\" href='https:\/\/diocesisdelinares.com\/100\/wp-content\/uploads\/2023\/05\/IMG_9461.png'><img loading=\"lazy\" decoding=\"async\"  width=\"225\" height=\"300\" src=\"https:\/\/diocesisdelinares.com\/100\/wp-content\/uploads\/2023\/05\/IMG_9461-225x300.png\"  class='colibri-5914-c31-image' alt=\"\" srcset=\"https:\/\/diocesisdelinares.com\/100\/wp-content\/uploads\/2023\/05\/IMG_9461-225x300.png 225w, https:\/\/diocesisdelinares.com\/100\/wp-content\/uploads\/2023\/05\/IMG_9461-768x1024.png 768w, https:\/\/diocesisdelinares.com\/100\/wp-content\/uploads\/2023\/05\/IMG_9461-1152x1536.png 1152w, https:\/\/diocesisdelinares.com\/100\/wp-content\/uploads\/2023\/05\/IMG_9461-1536x2048.png 1536w\" sizes=\"auto, (max-width: 225px) 100vw, 225px\" \/><\/a>\n\t\t\t<\/dt><\/dl><dl class='gallery-item masonry-item'>\n\t\t\t<dt class='gallery-icon landscape'>\n\t\t\t\t<a data-fancybox=\"colibri-5914-c31-group\" href='https:\/\/diocesisdelinares.com\/100\/wp-content\/uploads\/2023\/05\/IMG_9463.png'><img loading=\"lazy\" decoding=\"async\"  width=\"300\" height=\"225\" src=\"https:\/\/diocesisdelinares.com\/100\/wp-content\/uploads\/2023\/05\/IMG_9463-300x225.png\"  class='colibri-5914-c31-image' alt=\"\" srcset=\"https:\/\/diocesisdelinares.com\/100\/wp-content\/uploads\/2023\/05\/IMG_9463-300x225.png 300w, https:\/\/diocesisdelinares.com\/100\/wp-content\/uploads\/2023\/05\/IMG_9463-1024x768.png 1024w, https:\/\/diocesisdelinares.com\/100\/wp-content\/uploads\/2023\/05\/IMG_9463-768x576.png 768w, https:\/\/diocesisdelinares.com\/100\/wp-content\/uploads\/2023\/05\/IMG_9463-1536x1152.png 1536w, https:\/\/diocesisdelinares.com\/100\/wp-content\/uploads\/2023\/05\/IMG_9463-2048x1536.png 2048w\" sizes=\"auto, (max-width: 300px) 100vw, 300px\" \/><\/a>\n\t\t\t<\/dt><\/dl><dl class='gallery-item masonry-item'>\n\t\t\t<dt class='gallery-icon landscape'>\n\t\t\t\t<a data-fancybox=\"colibri-5914-c31-group\" href='https:\/\/diocesisdelinares.com\/100\/wp-content\/uploads\/2023\/05\/IMG_9464.png'><img loading=\"lazy\" decoding=\"async\"  width=\"300\" height=\"225\" src=\"https:\/\/diocesisdelinares.com\/100\/wp-content\/uploads\/2023\/05\/IMG_9464-300x225.png\"  class='colibri-5914-c31-image' alt=\"\" srcset=\"https:\/\/diocesisdelinares.com\/100\/wp-content\/uploads\/2023\/05\/IMG_9464-300x225.png 300w, https:\/\/diocesisdelinares.com\/100\/wp-content\/uploads\/2023\/05\/IMG_9464-1024x768.png 1024w, https:\/\/diocesisdelinares.com\/100\/wp-content\/uploads\/2023\/05\/IMG_9464-768x576.png 768w, https:\/\/diocesisdelinares.com\/100\/wp-content\/uploads\/2023\/05\/IMG_9464-1536x1152.png 1536w, https:\/\/diocesisdelinares.com\/100\/wp-content\/uploads\/2023\/05\/IMG_9464-2048x1536.png 2048w\" sizes=\"auto, (max-width: 300px) 100vw, 300px\" \/><\/a>\n\t\t\t<\/dt><\/dl><dl class='gallery-item masonry-item'>\n\t\t\t<dt class='gallery-icon landscape'>\n\t\t\t\t<a data-fancybox=\"colibri-5914-c31-group\" href='https:\/\/diocesisdelinares.com\/100\/wp-content\/uploads\/2023\/05\/IMG_9470.png'><img loading=\"lazy\" decoding=\"async\"  width=\"300\" height=\"225\" src=\"https:\/\/diocesisdelinares.com\/100\/wp-content\/uploads\/2023\/05\/IMG_9470-300x225.png\"  class='colibri-5914-c31-image' alt=\"\" srcset=\"https:\/\/diocesisdelinares.com\/100\/wp-content\/uploads\/2023\/05\/IMG_9470-300x225.png 300w, https:\/\/diocesisdelinares.com\/100\/wp-content\/uploads\/2023\/05\/IMG_9470-1024x768.png 1024w, https:\/\/diocesisdelinares.com\/100\/wp-content\/uploads\/2023\/05\/IMG_9470-768x576.png 768w, https:\/\/diocesisdelinares.com\/100\/wp-content\/uploads\/2023\/05\/IMG_9470-1536x1152.png 1536w, https:\/\/diocesisdelinares.com\/100\/wp-content\/uploads\/2023\/05\/IMG_9470-2048x1536.png 2048w\" sizes=\"auto, (max-width: 300px) 100vw, 300px\" \/><\/a>\n\t\t\t<\/dt><\/dl><dl class='gallery-item masonry-item'>\n\t\t\t<dt class='gallery-icon landscape'>\n\t\t\t\t<a data-fancybox=\"colibri-5914-c31-group\" href='https:\/\/diocesisdelinares.com\/100\/wp-content\/uploads\/2023\/05\/IMG_9471.png'><img loading=\"lazy\" decoding=\"async\"  width=\"300\" height=\"225\" src=\"https:\/\/diocesisdelinares.com\/100\/wp-content\/uploads\/2023\/05\/IMG_9471-300x225.png\"  class='colibri-5914-c31-image' alt=\"\" srcset=\"https:\/\/diocesisdelinares.com\/100\/wp-content\/uploads\/2023\/05\/IMG_9471-300x225.png 300w, https:\/\/diocesisdelinares.com\/100\/wp-content\/uploads\/2023\/05\/IMG_9471-1024x768.png 1024w, https:\/\/diocesisdelinares.com\/100\/wp-content\/uploads\/2023\/05\/IMG_9471-768x576.png 768w, https:\/\/diocesisdelinares.com\/100\/wp-content\/uploads\/2023\/05\/IMG_9471-1536x1152.png 1536w, https:\/\/diocesisdelinares.com\/100\/wp-content\/uploads\/2023\/05\/IMG_9471-2048x1536.png 2048w\" sizes=\"auto, (max-width: 300px) 100vw, 300px\" \/><\/a>\n\t\t\t<\/dt><\/dl><dl class='gallery-item masonry-item'>\n\t\t\t<dt class='gallery-icon landscape'>\n\t\t\t\t<a data-fancybox=\"colibri-5914-c31-group\" href='https:\/\/diocesisdelinares.com\/100\/wp-content\/uploads\/2023\/05\/IMG_9472.png'><img loading=\"lazy\" decoding=\"async\"  width=\"300\" height=\"225\" src=\"https:\/\/diocesisdelinares.com\/100\/wp-content\/uploads\/2023\/05\/IMG_9472-300x225.png\"  class='colibri-5914-c31-image' alt=\"\" srcset=\"https:\/\/diocesisdelinares.com\/100\/wp-content\/uploads\/2023\/05\/IMG_9472-300x225.png 300w, https:\/\/diocesisdelinares.com\/100\/wp-content\/uploads\/2023\/05\/IMG_9472-1024x768.png 1024w, https:\/\/diocesisdelinares.com\/100\/wp-content\/uploads\/2023\/05\/IMG_9472-768x576.png 768w, https:\/\/diocesisdelinares.com\/100\/wp-content\/uploads\/2023\/05\/IMG_9472-1536x1152.png 1536w, https:\/\/diocesisdelinares.com\/100\/wp-content\/uploads\/2023\/05\/IMG_9472-2048x1536.png 2048w\" sizes=\"auto, (max-width: 300px) 100vw, 300px\" \/><\/a>\n\t\t\t<\/dt><\/dl><dl class='gallery-item masonry-item'>\n\t\t\t<dt class='gallery-icon landscape'>\n\t\t\t\t<a data-fancybox=\"colibri-5914-c31-group\" href='https:\/\/diocesisdelinares.com\/100\/wp-content\/uploads\/2023\/05\/IMG_9473.png'><img loading=\"lazy\" decoding=\"async\"  width=\"300\" height=\"225\" src=\"https:\/\/diocesisdelinares.com\/100\/wp-content\/uploads\/2023\/05\/IMG_9473-300x225.png\"  class='colibri-5914-c31-image' alt=\"\" srcset=\"https:\/\/diocesisdelinares.com\/100\/wp-content\/uploads\/2023\/05\/IMG_9473-300x225.png 300w, https:\/\/diocesisdelinares.com\/100\/wp-content\/uploads\/2023\/05\/IMG_9473-1024x768.png 1024w, https:\/\/diocesisdelinares.com\/100\/wp-content\/uploads\/2023\/05\/IMG_9473-768x576.png 768w, https:\/\/diocesisdelinares.com\/100\/wp-content\/uploads\/2023\/05\/IMG_9473-1536x1152.png 1536w, https:\/\/diocesisdelinares.com\/100\/wp-content\/uploads\/2023\/05\/IMG_9473-2048x1536.png 2048w\" sizes=\"auto, (max-width: 300px) 100vw, 300px\" \/><\/a>\n\t\t\t<\/dt><\/dl><dl class='gallery-item masonry-item'>\n\t\t\t<dt class='gallery-icon landscape'>\n\t\t\t\t<a data-fancybox=\"colibri-5914-c31-group\" href='https:\/\/diocesisdelinares.com\/100\/wp-content\/uploads\/2023\/05\/IMG_9474.png'><img loading=\"lazy\" decoding=\"async\"  width=\"300\" height=\"225\" src=\"https:\/\/diocesisdelinares.com\/100\/wp-content\/uploads\/2023\/05\/IMG_9474-300x225.png\"  class='colibri-5914-c31-image' alt=\"\" srcset=\"https:\/\/diocesisdelinares.com\/100\/wp-content\/uploads\/2023\/05\/IMG_9474-300x225.png 300w, https:\/\/diocesisdelinares.com\/100\/wp-content\/uploads\/2023\/05\/IMG_9474-1024x768.png 1024w, https:\/\/diocesisdelinares.com\/100\/wp-content\/uploads\/2023\/05\/IMG_9474-768x576.png 768w, https:\/\/diocesisdelinares.com\/100\/wp-content\/uploads\/2023\/05\/IMG_9474-1536x1152.png 1536w, https:\/\/diocesisdelinares.com\/100\/wp-content\/uploads\/2023\/05\/IMG_9474-2048x1536.png 2048w\" sizes=\"auto, (max-width: 300px) 100vw, 300px\" \/><\/a>\n\t\t\t<\/dt><\/dl><dl class='gallery-item masonry-item'>\n\t\t\t<dt class='gallery-icon landscape'>\n\t\t\t\t<a data-fancybox=\"colibri-5914-c31-group\" href='https:\/\/diocesisdelinares.com\/100\/wp-content\/uploads\/2023\/05\/IMG_9475.png'><img loading=\"lazy\" decoding=\"async\"  width=\"300\" height=\"225\" src=\"https:\/\/diocesisdelinares.com\/100\/wp-content\/uploads\/2023\/05\/IMG_9475-300x225.png\"  class='colibri-5914-c31-image' alt=\"\" srcset=\"https:\/\/diocesisdelinares.com\/100\/wp-content\/uploads\/2023\/05\/IMG_9475-300x225.png 300w, https:\/\/diocesisdelinares.com\/100\/wp-content\/uploads\/2023\/05\/IMG_9475-1024x768.png 1024w, https:\/\/diocesisdelinares.com\/100\/wp-content\/uploads\/2023\/05\/IMG_9475-768x576.png 768w, https:\/\/diocesisdelinares.com\/100\/wp-content\/uploads\/2023\/05\/IMG_9475-1536x1152.png 1536w, https:\/\/diocesisdelinares.com\/100\/wp-content\/uploads\/2023\/05\/IMG_9475-2048x1536.png 2048w\" sizes=\"auto, (max-width: 300px) 100vw, 300px\" \/><\/a>\n\t\t\t<\/dt><\/dl><dl class='gallery-item masonry-item'>\n\t\t\t<dt class='gallery-icon landscape'>\n\t\t\t\t<a data-fancybox=\"colibri-5914-c31-group\" href='https:\/\/diocesisdelinares.com\/100\/wp-content\/uploads\/2023\/05\/IMG_9479.png'><img loading=\"lazy\" decoding=\"async\"  width=\"300\" height=\"225\" src=\"https:\/\/diocesisdelinares.com\/100\/wp-content\/uploads\/2023\/05\/IMG_9479-300x225.png\"  class='colibri-5914-c31-image' alt=\"\" srcset=\"https:\/\/diocesisdelinares.com\/100\/wp-content\/uploads\/2023\/05\/IMG_9479-300x225.png 300w, https:\/\/diocesisdelinares.com\/100\/wp-content\/uploads\/2023\/05\/IMG_9479-1024x768.png 1024w, https:\/\/diocesisdelinares.com\/100\/wp-content\/uploads\/2023\/05\/IMG_9479-768x576.png 768w, https:\/\/diocesisdelinares.com\/100\/wp-content\/uploads\/2023\/05\/IMG_9479-1536x1152.png 1536w, https:\/\/diocesisdelinares.com\/100\/wp-content\/uploads\/2023\/05\/IMG_9479-2048x1536.png 2048w\" sizes=\"auto, (max-width: 300px) 100vw, 300px\" \/><\/a>\n\t\t\t<\/dt><\/dl><dl class='gallery-item masonry-item'>\n\t\t\t<dt class='gallery-icon landscape'>\n\t\t\t\t<a data-fancybox=\"colibri-5914-c31-group\" href='https:\/\/diocesisdelinares.com\/100\/wp-content\/uploads\/2023\/05\/IMG_9480.png'><img loading=\"lazy\" decoding=\"async\"  width=\"300\" height=\"225\" src=\"https:\/\/diocesisdelinares.com\/100\/wp-content\/uploads\/2023\/05\/IMG_9480-300x225.png\"  class='colibri-5914-c31-image' alt=\"\" srcset=\"https:\/\/diocesisdelinares.com\/100\/wp-content\/uploads\/2023\/05\/IMG_9480-300x225.png 300w, https:\/\/diocesisdelinares.com\/100\/wp-content\/uploads\/2023\/05\/IMG_9480-1024x768.png 1024w, https:\/\/diocesisdelinares.com\/100\/wp-content\/uploads\/2023\/05\/IMG_9480-768x576.png 768w, https:\/\/diocesisdelinares.com\/100\/wp-content\/uploads\/2023\/05\/IMG_9480-1536x1152.png 1536w, https:\/\/diocesisdelinares.com\/100\/wp-content\/uploads\/2023\/05\/IMG_9480-2048x1536.png 2048w\" sizes=\"auto, (max-width: 300px) 100vw, 300px\" \/><\/a>\n\t\t\t<\/dt><\/dl>\n\t\t\t\n\t\t<\/div>\n<style>#colibri-5914-c31 .wp-caption-text.gallery-caption{display:none;}<\/style><\/div><\/div>\n                <\/div>\n              <\/div>\n            <\/div>\n          <\/div>\n        <\/div>\n      <\/div>\n      <div data-colibri-id=\"5914-c32\" class=\"h-row-container gutters-row-lg-2 gutters-row-md-2 gutters-row-0 gutters-row-v-lg-2 gutters-row-v-md-2 gutters-row-v-2 style-2430 style-local-5914-c32 position-relative\">\n        <!---->\n        <div class=\"h-row justify-content-lg-center justify-content-md-center justify-content-center align-items-lg-stretch align-items-md-stretch align-items-stretch gutters-col-lg-2 gutters-col-md-2 gutters-col-0 gutters-col-v-lg-2 gutters-col-v-md-2 gutters-col-v-2\">\n          <!---->\n          <div class=\"h-column h-column-container d-flex h-col-lg-auto h-col-md-auto h-col-auto style-2431-outer style-local-5914-c33-outer\">\n            <div data-colibri-id=\"5914-c33\" class=\"d-flex h-flex-basis h-column__inner h-px-lg-2 h-px-md-2 h-px-2 v-inner-lg-2 v-inner-md-2 v-inner-2 style-2431 style-local-5914-c33 position-relative\">\n              <!---->\n              <!---->\n              <div class=\"w-100 h-y-container h-column__content h-column__v-align flex-basis-100 align-self-lg-start align-self-md-start align-self-start\">\n                <!---->\n                <div data-colibri-component=\"video\" data-colibri-id=\"5914-c34\" class=\"d-block h-video d-block h-video style-2432 style-local-5914-c34 position-relative h-element\">\n                  <!---->\n                  <!---->\n                  <div class=\"video-container position-relative\">\n                    <div class=\"h-global-transition-all ratio-inner\"><iframe src=https:\/\/www.youtube.com\/embed\/urZ1zk0Xlr8?autoplay=0&amp;mute=0&amp;modestbranding=0&amp;rel=0&amp;enablejsapi=1&amp; class='h-video-main'  allowfullscreen><\/iframe><\/div>\n                  <\/div>\n                <\/div>\n              <\/div>\n            <\/div>\n          <\/div>\n        <\/div>\n      <\/div>\n    <\/div>\n  <\/div>\n<\/div>","protected":false},"excerpt":{"rendered":"<p>Volver a la p\u00e1gina de inicio Carruaje de dos ruedas \u00abLas cabritas\u00bb Los carruajes, eran el medio de transporte com\u00fanmente utilizado desde el siglo XVIII, cuando algunos rudimentarios caminos comenzaban a comunicar nuestros poblados, cumpliendo una funci\u00f3n esencial. Son parte de un Chile profundo, de su modo de vivir, de una cultura agraria que perdura [&hellip;]<\/p>\n","protected":false},"author":1,"featured_media":0,"parent":5743,"menu_order":0,"comment_status":"closed","ping_status":"closed","template":"page-templates\/full-width-page.php","meta":{"footnotes":""},"class_list":["post-5914","page","type-page","status-publish","hentry"],"_links":{"self":[{"href":"https:\/\/diocesisdelinares.com\/100\/wp-json\/wp\/v2\/pages\/5914","targetHints":{"allow":["GET"]}}],"collection":[{"href":"https:\/\/diocesisdelinares.com\/100\/wp-json\/wp\/v2\/pages"}],"about":[{"href":"https:\/\/diocesisdelinares.com\/100\/wp-json\/wp\/v2\/types\/page"}],"author":[{"embeddable":true,"href":"https:\/\/diocesisdelinares.com\/100\/wp-json\/wp\/v2\/users\/1"}],"replies":[{"embeddable":true,"href":"https:\/\/diocesisdelinares.com\/100\/wp-json\/wp\/v2\/comments?post=5914"}],"version-history":[{"count":10,"href":"https:\/\/diocesisdelinares.com\/100\/wp-json\/wp\/v2\/pages\/5914\/revisions"}],"predecessor-version":[{"id":6236,"href":"https:\/\/diocesisdelinares.com\/100\/wp-json\/wp\/v2\/pages\/5914\/revisions\/6236"}],"up":[{"embeddable":true,"href":"https:\/\/diocesisdelinares.com\/100\/wp-json\/wp\/v2\/pages\/5743"}],"wp:attachment":[{"href":"https:\/\/diocesisdelinares.com\/100\/wp-json\/wp\/v2\/media?parent=5914"}],"curies":[{"name":"wp","href":"https:\/\/api.w.org\/{rel}","templated":true}]}}