{"id":5743,"date":"2023-05-25T15:34:15","date_gmt":"2023-05-25T15:34:15","guid":{"rendered":"https:\/\/diocesisdelinares.com\/100\/?page_id=5743"},"modified":"2023-05-26T13:42:51","modified_gmt":"2023-05-26T13:42:51","slug":"parroquia-san-francisco-parral","status":"publish","type":"page","link":"https:\/\/diocesisdelinares.com\/100\/parroquia-san-francisco-parral\/","title":{"rendered":"Parroquia San Francisco Parral"},"content":{"rendered":"<div data-colibri-id=\"5743-c1\" class=\"style-2045 style-local-5743-c1 position-relative\">\n  <!---->\n  <div data-colibri-component=\"section\" data-colibri-id=\"5743-c2\" id=\"custom\" class=\"h-section h-section-global-spacing d-flex align-items-lg-center align-items-md-center align-items-center style-2046 style-local-5743-c2 position-relative\">\n    <!---->\n    <!---->\n    <div class=\"h-section-grid-container h-section-boxed-container\">\n      <!---->\n      <div data-colibri-id=\"5743-c3\" class=\"h-row-container gutters-row-lg-2 gutters-row-md-2 gutters-row-0 gutters-row-v-lg-2 gutters-row-v-md-2 gutters-row-v-2 style-2451 style-local-5743-c3 position-relative\">\n        <!---->\n        <div class=\"h-row justify-content-lg-center justify-content-md-center justify-content-center align-items-lg-stretch align-items-md-stretch align-items-stretch gutters-col-lg-2 gutters-col-md-2 gutters-col-0 gutters-col-v-lg-2 gutters-col-v-md-2 gutters-col-v-2\">\n          <!---->\n          <div class=\"h-column h-column-container d-flex h-col-lg-auto h-col-md-auto h-col-auto style-2452-outer style-local-5743-c4-outer\">\n            <div data-colibri-id=\"5743-c4\" class=\"d-flex h-flex-basis h-column__inner h-px-lg-2 h-px-md-2 h-px-2 v-inner-lg-2 v-inner-md-2 v-inner-2 style-2452 style-local-5743-c4 position-relative\">\n              <!---->\n              <!---->\n              <div class=\"w-100 h-y-container h-column__content h-column__v-align flex-basis-100 align-self-lg-start align-self-md-start align-self-start\">\n                <!---->\n                <div data-colibri-id=\"5743-c5\" class=\"h-x-container style-2554 style-local-5743-c5 position-relative h-element\">\n                  <!---->\n                  <div class=\"h-x-container-inner style-dynamic-5743-c5-group\">\n                    <!----><span class=\"h-button__outer style-2555-outer style-local-5743-c6-outer d-inline-flex h-element\"><a  h-use-smooth-scroll=\"true\" href=\"https:\/\/diocesisdelinares.com\/100\/\"  data-colibri-id=\"5743-c6\" class=\"d-flex w-100 align-items-center h-button justify-content-lg-center justify-content-md-center justify-content-center style-2555 style-local-5743-c6 position-relative\"><!----><!----> <span >Volver a la p\u00e1gina de inicio<\/span><\/a>\n                    <\/span>\n                  <\/div>\n                <\/div>\n              <\/div>\n            <\/div>\n          <\/div>\n        <\/div>\n      <\/div>\n      <div data-colibri-id=\"5743-c7\" class=\"h-row-container gutters-row-lg-2 gutters-row-md-2 gutters-row-0 gutters-row-v-lg-2 gutters-row-v-md-2 gutters-row-v-2 style-2047 style-local-5743-c7 position-relative\">\n        <!---->\n        <div class=\"h-row justify-content-lg-center justify-content-md-center justify-content-center align-items-lg-stretch align-items-md-stretch align-items-stretch gutters-col-lg-2 gutters-col-md-2 gutters-col-0 gutters-col-v-lg-2 gutters-col-v-md-2 gutters-col-v-2\">\n          <!---->\n          <div class=\"h-column h-column-container d-flex h-col-lg-auto h-col-md-auto h-col-auto style-2048-outer style-local-5743-c8-outer\">\n            <div data-colibri-id=\"5743-c8\" class=\"d-flex h-flex-basis h-column__inner h-px-lg-2 h-px-md-2 h-px-2 v-inner-lg-2 v-inner-md-2 v-inner-2 style-2048 style-local-5743-c8 position-relative\">\n              <!---->\n              <!---->\n              <div class=\"w-100 h-y-container h-column__content h-column__v-align flex-basis-100 align-self-lg-start align-self-md-start align-self-start\">\n                <!---->\n                <div data-colibri-id=\"5743-c9\" class=\"h-global-transition-all h-heading style-2049 style-local-5743-c9 position-relative h-element\">\n                  <!---->\n                  <div class=\"h-heading__outer style-2049 style-local-5743-c9\">\n                    <!---->\n                    <!---->\n                    <h3 class=\"\">Parroquia San Francisco, Parral<\/h3>\n                  <\/div>\n                <\/div>\n              <\/div>\n            <\/div>\n          <\/div>\n        <\/div>\n      <\/div>\n      <div data-colibri-id=\"5743-c10\" class=\"h-row-container gutters-row-lg-2 gutters-row-md-2 gutters-row-0 gutters-row-v-lg-2 gutters-row-v-md-2 gutters-row-v-2 style-2050 style-local-5743-c10 position-relative\">\n        <!---->\n        <div class=\"h-row justify-content-lg-center justify-content-md-center justify-content-center align-items-lg-stretch align-items-md-stretch align-items-stretch gutters-col-lg-2 gutters-col-md-2 gutters-col-0 gutters-col-v-lg-2 gutters-col-v-md-2 gutters-col-v-2\">\n          <!---->\n          <div class=\"h-column h-column-container d-flex h-col-lg-auto h-col-md-auto h-col-auto style-2051-outer style-local-5743-c11-outer\">\n            <div data-colibri-id=\"5743-c11\" class=\"d-flex h-flex-basis h-column__inner h-px-lg-2 h-px-md-2 h-px-2 v-inner-lg-2 v-inner-md-2 v-inner-2 style-2051 style-local-5743-c11 position-relative\">\n              <!---->\n              <!---->\n              <div class=\"w-100 h-y-container h-column__content h-column__v-align flex-basis-100 align-self-lg-start align-self-md-start align-self-start\">\n                <!---->\n                <div data-colibri-id=\"5743-c12\" class=\"h-text h-text-component style-2052 style-local-5743-c12 position-relative h-element\">\n                  <!---->\n                  <!---->\n                  <div class=\"\">\n                    <p>El 16 de julio, se cumplir\u00e1n 127 a\u00f1os de la fundaci\u00f3n del Convento San Miguel Arc\u00e1ngel en Parral, que marca la llegada de los Franciscanos a tierras del Maule Sur. Pero, ser\u00e1 el 13 de junio de 1961, d\u00eda de San Antonio, en que se firmar\u00e1\n                      el decreto de erecci\u00f3n de la parroquia San Francisco en Parral, siendo Obispo de Linares Monse\u00f1or Augusto Salinas Fuenzalida. Asumiendo ese mismo d\u00eda su primer p\u00e1rroco Fray Artemio Elceario Valderrama. Destinando desde entonces,\n                      la congregaci\u00f3n, a much\u00edsimos Sacerdotes y Hermanos coadjutores, que con su servicio, misi\u00f3n y carisma han estampado su huella en la identidad de los parralinos y comunidades bajo su atenci\u00f3n, siendo reconocidos por el Pueblo sencillo\n                      y creyente como presencia cercana y fraterna de Dios.<\/p>\n                  <\/div>\n                <\/div>\n              <\/div>\n            <\/div>\n          <\/div>\n        <\/div>\n      <\/div>\n    <\/div>\n  <\/div>\n  <div data-colibri-component=\"section\" data-colibri-id=\"5743-c13\" id=\"overlappable\" class=\"h-section h-section-global-spacing d-flex align-items-lg-center align-items-md-center align-items-center style-2265 style-local-5743-c13 position-relative\">\n    <!---->\n    <!---->\n    <div class=\"h-section-grid-container h-section-boxed-container\">\n      <!---->\n      <div data-colibri-id=\"5743-c14\" class=\"h-row-container gutters-row-lg-2 gutters-row-md-2 gutters-row-0 gutters-row-v-lg-2 gutters-row-v-md-2 gutters-row-v-2 style-2319 style-local-5743-c14 position-relative\">\n        <!---->\n        <div class=\"h-row justify-content-lg-center justify-content-md-center justify-content-center align-items-lg-stretch align-items-md-stretch align-items-stretch gutters-col-lg-2 gutters-col-md-2 gutters-col-0 gutters-col-v-lg-2 gutters-col-v-md-2 gutters-col-v-2\">\n          <!---->\n          <div class=\"h-column h-column-container d-flex h-col-lg-auto h-col-md-auto h-col-auto style-2320-outer style-local-5743-c15-outer\">\n            <div data-colibri-id=\"5743-c15\" class=\"d-flex h-flex-basis h-column__inner h-px-lg-2 h-px-md-2 h-px-2 v-inner-lg-2 v-inner-md-2 v-inner-2 style-2320 style-local-5743-c15 position-relative\">\n              <!---->\n              <!---->\n              <div class=\"w-100 h-y-container h-column__content h-column__v-align flex-basis-100 align-self-lg-start align-self-md-start align-self-start\">\n                <!---->\n                <div data-colibri-id=\"5743-c16\" class=\"style-2321 style-local-5743-c16 position-relative h-element\">\n                  <!---->\n                <\/div>\n              <\/div>\n            <\/div>\n          <\/div>\n        <\/div>\n      <\/div>\n      <div data-colibri-id=\"5743-c17\" class=\"h-row-container gutters-row-lg-0 gutters-row-md-0 gutters-row-0 gutters-row-v-lg-0 gutters-row-v-md-0 gutters-row-v-0 style-2266 style-local-5743-c17 position-relative\">\n        <!---->\n        <div class=\"h-row justify-content-lg-center justify-content-md-center justify-content-center align-items-lg-stretch align-items-md-stretch align-items-stretch gutters-col-lg-0 gutters-col-md-0 gutters-col-0 gutters-col-v-lg-0 gutters-col-v-md-0 gutters-col-v-0\">\n          <!---->\n          <div class=\"h-column h-column-container d-flex h-col-lg-auto h-col-md-auto h-col-auto style-2267-outer style-local-5743-c18-outer\">\n            <div data-colibri-id=\"5743-c18\" class=\"d-flex h-flex-basis h-column__inner h-px-lg-0 h-px-md-0 h-px-0 v-inner-lg-0 v-inner-md-0 v-inner-0 style-2267 style-local-5743-c18 position-relative\">\n              <!---->\n              <!---->\n              <div class=\"w-100 h-y-container h-column__content h-column__v-align flex-basis-100 align-self-lg-start align-self-md-start align-self-start\">\n                <!---->\n                <div data-colibri-id=\"5743-c19\" class=\"style-2318 style-local-5743-c19 position-relative h-element\">\n                  <!---->\n                <\/div>\n              <\/div>\n            <\/div>\n          <\/div>\n          <div class=\"h-column h-column-container d-flex h-col-lg-auto h-col-md-auto h-col-auto style-2268-outer style-local-5743-c20-outer\">\n            <div data-colibri-id=\"5743-c20\" class=\"d-flex h-flex-basis h-column__inner h-px-lg-2 h-px-md-2 h-px-2 v-inner-lg-2 v-inner-md-2 v-inner-2 style-2268 style-local-5743-c20 position-relative\">\n              <!---->\n              <!---->\n              <div class=\"w-100 h-y-container h-column__content h-column__v-align flex-basis-100 align-self-lg-center align-self-md-center align-self-center\">\n                <!---->\n                <div data-colibri-id=\"5743-c21\" class=\"h-global-transition-all h-heading style-2269 style-local-5743-c21 position-relative h-element\">\n                  <!---->\n                  <div class=\"h-heading__outer style-2269 style-local-5743-c21\">\n                    <!---->\n                    <!---->\n                    <h4 class=\"\"><\/h4>\n                  <\/div>\n                <\/div>\n                <div data-colibri-id=\"5743-c22\" class=\"h-text h-text-component style-2270 style-local-5743-c22 position-relative h-element\">\n                  <!---->\n                  <!---->\n                  <div class=\"\">\n                    <p><span style=\"font-weight: 300; font-size: 16px; font-family: Muli; color: rgb(51, 51, 51);\">Dentro de sus caracter\u00edsticas se puede apreciar, la hermosa imagen de San Francisco de As\u00eds que junto a la Gruta de Nuestra Se\u00f1ora de Lourdes dan la bienvenida a los feligreses. Al entrar, a la mano izquierda, ya se puede apreciar la imagen de \u201cel Se\u00f1or de los males incurables\u201d. Ingresando al interior del Templo, la bienvenida la dan las im\u00e1genes de San Francisco de As\u00eds y Santa Clara, que se mantienen firmes junto al Se\u00f1or Crucificado.<\/span><\/p>\n                  <\/div>\n                <\/div>\n              <\/div>\n            <\/div>\n          <\/div>\n          <div class=\"h-column h-column-container d-flex h-col-lg-auto h-col-md-auto h-col-auto style-2268-outer style-local-5743-c23-outer\">\n            <div data-colibri-id=\"5743-c23\" class=\"d-flex h-flex-basis h-column__inner h-px-lg-2 h-px-md-2 h-px-2 v-inner-lg-2 v-inner-md-2 v-inner-2 style-2268 style-local-5743-c23 position-relative\">\n              <!---->\n              <!---->\n              <div class=\"w-100 h-y-container h-column__content h-column__v-align flex-basis-100 align-self-lg-center align-self-md-center align-self-center\">\n                <!---->\n                <div data-colibri-id=\"5743-c24\" class=\"h-global-transition-all h-heading style-2269 style-local-5743-c24 position-relative h-element\">\n                  <!---->\n                  <div class=\"h-heading__outer style-2269 style-local-5743-c24\">\n                    <!---->\n                    <!---->\n                    <h4 class=\"\"><\/h4>\n                  <\/div>\n                <\/div>\n                <div data-colibri-id=\"5743-c25\" class=\"h-text h-text-component style-2270 style-local-5743-c25 position-relative h-element\">\n                  <!---->\n                  <!---->\n                  <div class=\"\">\n                    <p><span style=\"font-weight: 300; font-size: 16px; font-family: Muli; color: rgb(51, 51, 51);\">Desde la Nave central se pueden apreciar las hermosas l\u00e1mparas sujetas a las enormes vigas del techo. Por la nave del lado izquierdo, se pueden apreciar las devociones a San Judas Tadeo, San Pancracio, Padre P\u00edo, San Sebasti\u00e1n, Santa Rita y el Sagrado Coraz\u00f3n de Jes\u00fas. Por la Nave del lado derecho, se encuentran las devociones a San Antonio, la Inmaculada Concepci\u00f3n, Santa Teresa de Los Andes, San Alberto Hurtado, Nuestra Se\u00f1ora del Rosario de Pompeya y san Expedito.<\/span><\/p>\n                  <\/div>\n                <\/div>\n                <div data-colibri-id=\"5743-c26\" class=\"d-block style-2274 style-local-5743-c26 position-relative h-element\">\n                  <!---->\n                  <div class=\"h-image__frame-container-outer\">\n                    <div class=\"h-image__frame-container\">\n                      <!---->\n                      <!---->\n                      <img loading=\"lazy\" decoding=\"async\" width=\"1919\" height=\"1919\" src=\"https:\/\/diocesisdelinares.com\/100\/wp-content\/uploads\/2023\/05\/cropped-Lamparas-Parroquia-San-Francisco-Parral-scaled-1.jpg\" class=\"wp-image-5785 style-2274-image style-local-5743-c26-image\" alt=\"\" srcset=\"https:\/\/diocesisdelinares.com\/100\/wp-content\/uploads\/2023\/05\/cropped-Lamparas-Parroquia-San-Francisco-Parral-scaled-1.jpg 1919w, https:\/\/diocesisdelinares.com\/100\/wp-content\/uploads\/2023\/05\/cropped-Lamparas-Parroquia-San-Francisco-Parral-scaled-1-300x300.jpg 300w, https:\/\/diocesisdelinares.com\/100\/wp-content\/uploads\/2023\/05\/cropped-Lamparas-Parroquia-San-Francisco-Parral-scaled-1-1024x1024.jpg 1024w, https:\/\/diocesisdelinares.com\/100\/wp-content\/uploads\/2023\/05\/cropped-Lamparas-Parroquia-San-Francisco-Parral-scaled-1-150x150.jpg 150w, https:\/\/diocesisdelinares.com\/100\/wp-content\/uploads\/2023\/05\/cropped-Lamparas-Parroquia-San-Francisco-Parral-scaled-1-768x768.jpg 768w, https:\/\/diocesisdelinares.com\/100\/wp-content\/uploads\/2023\/05\/cropped-Lamparas-Parroquia-San-Francisco-Parral-scaled-1-1536x1536.jpg 1536w\" sizes=\"auto, (max-width: 1919px) 100vw, 1919px\" \/>\n                      <div class=\"h-image__frame h-hide-lg h-hide-md h-hide-sm style-2274-frameImage style-local-5743-c26-frameImage\"><\/div>\n                    <\/div>\n                  <\/div>\n                <\/div>\n              <\/div>\n            <\/div>\n          <\/div>\n          <div class=\"h-column h-column-container d-flex h-col-lg-auto h-col-md-auto h-col-auto style-2273-outer style-local-5743-c27-outer\">\n            <div data-colibri-id=\"5743-c27\" class=\"d-flex h-flex-basis h-column__inner h-ui-empty-state-container h-px-lg-0 h-px-md-0 h-px-0 v-inner-lg-0 v-inner-md-0 v-inner-0 style-2273 style-local-5743-c27 position-relative\">\n              <!---->\n              <!---->\n              <div class=\"w-100 h-y-container h-column__content h-column__v-align flex-basis-100\">\n                <!---->\n              <\/div>\n            <\/div>\n          <\/div>\n        <\/div>\n      <\/div>\n    <\/div>\n  <\/div>\n  <div data-colibri-component=\"section\" data-colibri-id=\"5743-c28\" id=\"about\" class=\"h-section h-section-global-spacing d-flex align-items-lg-center align-items-md-center align-items-center style-2275 style-local-5743-c28 position-relative\">\n    <!---->\n    <!---->\n    <div class=\"h-section-grid-container h-section-boxed-container\">\n      <!---->\n      <div data-colibri-id=\"5743-c29\" class=\"h-row-container gutters-row-lg-2 gutters-row-md-2 gutters-row-2 gutters-row-v-lg-2 gutters-row-v-md-2 gutters-row-v-2 style-2276 style-local-5743-c29 position-relative\">\n        <!---->\n        <div class=\"h-row justify-content-lg-center justify-content-md-center justify-content-center align-items-lg-center align-items-md-center align-items-center gutters-col-lg-2 gutters-col-md-2 gutters-col-2 gutters-col-v-lg-2 gutters-col-v-md-2 gutters-col-v-2\">\n          <!---->\n          <div class=\"h-column h-column-container d-flex h-col-lg-auto h-col-md-auto h-col-auto align-self-lg-center align-self-md-center align-self-center style-2277-outer style-local-5743-c30-outer\">\n            <div data-colibri-id=\"5743-c30\" class=\"d-flex h-flex-basis h-column__inner h-px-lg-0 h-px-md-0 h-px-0 v-inner-lg-0 v-inner-md-0 v-inner-0 style-2277 style-local-5743-c30 position-relative\">\n              <!---->\n              <!---->\n              <div class=\"w-100 h-y-container h-column__content h-column__v-align flex-basis-100 align-self-lg-center align-self-md-center align-self-center\">\n                <!---->\n                <div data-colibri-id=\"5743-c31\" class=\"d-block style-2292 style-local-5743-c31 position-relative h-element\">\n                  <!---->\n                  <div class=\"h-image__frame-container-outer\">\n                    <div class=\"h-image__frame-container\">\n                      <!---->\n                      <!---->\n                      <img loading=\"lazy\" decoding=\"async\" width=\"1920\" height=\"2560\" src=\"https:\/\/diocesisdelinares.com\/100\/wp-content\/uploads\/2023\/05\/Virgen-del-Carmen-Parroquia-San-Francisco-Parral-scaled.jpg\" class=\"wp-image-5906 style-2292-image style-local-5743-c31-image\" alt=\"\" srcset=\"https:\/\/diocesisdelinares.com\/100\/wp-content\/uploads\/2023\/05\/Virgen-del-Carmen-Parroquia-San-Francisco-Parral-scaled.jpg 1920w, https:\/\/diocesisdelinares.com\/100\/wp-content\/uploads\/2023\/05\/Virgen-del-Carmen-Parroquia-San-Francisco-Parral-225x300.jpg 225w, https:\/\/diocesisdelinares.com\/100\/wp-content\/uploads\/2023\/05\/Virgen-del-Carmen-Parroquia-San-Francisco-Parral-768x1024.jpg 768w, https:\/\/diocesisdelinares.com\/100\/wp-content\/uploads\/2023\/05\/Virgen-del-Carmen-Parroquia-San-Francisco-Parral-1152x1536.jpg 1152w, https:\/\/diocesisdelinares.com\/100\/wp-content\/uploads\/2023\/05\/Virgen-del-Carmen-Parroquia-San-Francisco-Parral-1536x2048.jpg 1536w\" sizes=\"auto, (max-width: 1920px) 100vw, 1920px\" \/>\n                      <div class=\"h-image__frame h-hide-lg h-hide-md h-hide-sm style-2292-frameImage style-local-5743-c31-frameImage\"><\/div>\n                    <\/div>\n                  <\/div>\n                <\/div>\n                <div data-colibri-id=\"5743-c32\" class=\"h-multiple-image style-2278 style-local-5743-c32 position-relative h-element\">\n                  <!---->\n                  <div class=\"position-relative\">\n                    <div class=\"h-multiple-image-inside-container\">\n                      <div class=\"ratio-inner\">\n                        <div data-colibri-id=\"5743-c33\" class=\"d-block style-2279 style-local-5743-c33 position-relative h-element\">\n                          <!---->\n                          <div class=\"h-image__frame-container-outer\">\n                            <div class=\"h-image__frame-container\">\n                              <!---->\n                              <!---->\n                              <img loading=\"lazy\" decoding=\"async\" width=\"1438\" height=\"2559\" src=\"https:\/\/diocesisdelinares.com\/100\/wp-content\/uploads\/2023\/05\/cropped-pesebre-2-parroquia-San-Francisco-Parral-scaled-1.jpg\" class=\"style-2278-images style-local-5743-c32-images wp-image-5806 style-2279-image style-local-5743-c33-image\" alt=\"\" srcset=\"https:\/\/diocesisdelinares.com\/100\/wp-content\/uploads\/2023\/05\/cropped-pesebre-2-parroquia-San-Francisco-Parral-scaled-1.jpg 1438w, https:\/\/diocesisdelinares.com\/100\/wp-content\/uploads\/2023\/05\/cropped-pesebre-2-parroquia-San-Francisco-Parral-scaled-1-169x300.jpg 169w, https:\/\/diocesisdelinares.com\/100\/wp-content\/uploads\/2023\/05\/cropped-pesebre-2-parroquia-San-Francisco-Parral-scaled-1-575x1024.jpg 575w, https:\/\/diocesisdelinares.com\/100\/wp-content\/uploads\/2023\/05\/cropped-pesebre-2-parroquia-San-Francisco-Parral-scaled-1-768x1367.jpg 768w, https:\/\/diocesisdelinares.com\/100\/wp-content\/uploads\/2023\/05\/cropped-pesebre-2-parroquia-San-Francisco-Parral-scaled-1-863x1536.jpg 863w, https:\/\/diocesisdelinares.com\/100\/wp-content\/uploads\/2023\/05\/cropped-pesebre-2-parroquia-San-Francisco-Parral-scaled-1-1151x2048.jpg 1151w\" sizes=\"auto, (max-width: 1438px) 100vw, 1438px\" \/>\n                              <div class=\"h-image__frame h-hide-lg h-hide-md h-hide-sm style-2279-frameImage style-local-5743-c33-frameImage\"><\/div>\n                            <\/div>\n                          <\/div>\n                        <\/div>\n                      <\/div>\n                    <\/div>\n                  <\/div>\n                <\/div>\n              <\/div>\n            <\/div>\n          <\/div>\n          <div class=\"h-column h-column-container d-flex h-col-lg-auto h-col-md-auto h-col-auto align-self-lg-center align-self-md-center align-self-center style-2281-outer style-local-5743-c34-outer\">\n            <div data-colibri-id=\"5743-c34\" class=\"d-flex h-flex-basis h-column__inner h-px-lg-0 h-px-md-0 h-px-0 v-inner-lg-0 v-inner-md-0 v-inner-0 style-2281 style-local-5743-c34 position-relative\">\n              <!---->\n              <!---->\n              <div class=\"w-100 h-y-container h-column__content h-column__v-align flex-basis-100 align-self-lg-center align-self-md-center align-self-center\">\n                <!---->\n                <div data-colibri-id=\"5743-c35\" class=\"d-block style-2282 style-local-5743-c35 position-relative h-element\">\n                  <!---->\n                  <div class=\"h-image__frame-container-outer\">\n                    <div class=\"h-image__frame-container\">\n                      <!---->\n                      <!---->\n                      <img loading=\"lazy\" decoding=\"async\" width=\"644\" height=\"645\" src=\"https:\/\/diocesisdelinares.com\/100\/wp-content\/uploads\/2023\/05\/cropped-San-Jose-Parroquia-San-Francisco-Parral.jpg\" class=\"wp-image-5803 style-2282-image style-local-5743-c35-image\" alt=\"\" srcset=\"https:\/\/diocesisdelinares.com\/100\/wp-content\/uploads\/2023\/05\/cropped-San-Jose-Parroquia-San-Francisco-Parral.jpg 644w, https:\/\/diocesisdelinares.com\/100\/wp-content\/uploads\/2023\/05\/cropped-San-Jose-Parroquia-San-Francisco-Parral-300x300.jpg 300w, https:\/\/diocesisdelinares.com\/100\/wp-content\/uploads\/2023\/05\/cropped-San-Jose-Parroquia-San-Francisco-Parral-150x150.jpg 150w\" sizes=\"auto, (max-width: 644px) 100vw, 644px\" \/>\n                      <div class=\"h-image__frame h-hide-lg h-hide-md h-hide-sm style-2282-frameImage style-local-5743-c35-frameImage\"><\/div>\n                    <\/div>\n                  <\/div>\n                <\/div>\n                <div data-colibri-id=\"5743-c36\" class=\"h-row-container gutters-row-lg-0 gutters-row-md-0 gutters-row-0 gutters-row-v-lg-0 gutters-row-v-md-0 gutters-row-v-0 style-2283 style-local-5743-c36 position-relative\">\n                  <!---->\n                  <div class=\"h-row justify-content-lg-center justify-content-md-end justify-content-center align-items-lg-stretch align-items-md-stretch align-items-stretch gutters-col-lg-0 gutters-col-md-0 gutters-col-0 gutters-col-v-lg-0 gutters-col-v-md-0 gutters-col-v-0\">\n                    <!---->\n                    <div class=\"h-column h-column-container d-flex h-col-lg-auto h-col-md-auto h-col-auto style-2284-outer style-local-5743-c37-outer\">\n                      <div data-colibri-id=\"5743-c37\" class=\"d-flex h-flex-basis h-column__inner h-px-lg-0 h-px-md-0 h-px-0 v-inner-lg-0 v-inner-md-0 v-inner-0 style-2284 style-local-5743-c37 position-relative\">\n                        <!---->\n                        <!---->\n                        <div class=\"w-100 h-y-container h-column__content h-column__v-align flex-basis-100 align-self-lg-start align-self-md-start align-self-center\">\n                          <!---->\n                          <div data-colibri-id=\"5743-c38\" class=\"h-text h-text-component style-2286 style-local-5743-c38 position-relative h-element\">\n                            <!---->\n                            <!---->\n                            <div class=\"\">\n                              <p>En el Altar se encuentran las im\u00e1genes de San Jos\u00e9 y de la Virgen del Carmen. Al lado izquierdo un lugar preferencial para el Pesebre que conmemora los 800 a\u00f1os de aquella primera imagen formada por San Francisco de As\u00eds,\n                                en la Navidad de 1223, en el pueblo de Greccio, Italia.<\/p>\n                              <p>Destacan tambi\u00e9n una antigua Custodia, de metales mixtos y hermosos tallados, as\u00ed como las silenciosas pilas con agua bendita a la entrada del templo.<\/p>\n                              <p>Digno de ser destacado es una imagen de san Francisco, tallada en madera de una pieza, de 30 cm. Y que ha acompa\u00f1ado a los Frailes desde su llegada a estas tierras del Maule y que tambi\u00e9n acompa\u00f1a las principales celebraciones\n                                de la comunidad.<\/p>\n                              <p>As\u00ed como las im\u00e1genes de San Francisco de 41 cm. Que, en sus manos, sin yagas, sostiene una paloma. Y un San Francisco de 40cm. En la que se pueden ver las yagas en sus manos sosteniendo el crucifico.<\/p>\n                              <p>\n                                <br>\n                              <\/p>\n                            <\/div>\n                          <\/div>\n                        <\/div>\n                      <\/div>\n                    <\/div>\n                  <\/div>\n                <\/div>\n              <\/div>\n            <\/div>\n          <\/div>\n        <\/div>\n      <\/div>\n    <\/div>\n  <\/div>\n  <div data-colibri-component=\"section\" data-colibri-id=\"5743-c39\" id=\"features\" class=\"h-section h-section-global-spacing d-flex align-items-lg-center align-items-md-center align-items-center style-2293 style-local-5743-c39 position-relative\">\n    <!---->\n    <!---->\n    <div class=\"h-section-grid-container h-section-boxed-container\">\n      <div data-colibri-id=\"5743-c73\" class=\"h-row-container gutters-row-lg-2 gutters-row-md-2 gutters-row-0 gutters-row-v-lg-2 gutters-row-v-md-2 gutters-row-v-2 style-2306 style-local-5743-c73 position-relative\">\n        <!---->\n        <div class=\"h-row justify-content-lg-center justify-content-md-center justify-content-center align-items-lg-stretch align-items-md-stretch align-items-stretch gutters-col-lg-2 gutters-col-md-2 gutters-col-0 gutters-col-v-lg-2 gutters-col-v-md-2 gutters-col-v-2\">\n          <!---->\n          <div class=\"h-column h-column-container d-flex h-col-lg-auto h-col-md-auto h-col-auto style-2307-outer style-local-5743-c74-outer\">\n            <div data-colibri-id=\"5743-c74\" class=\"d-flex h-flex-basis h-column__inner h-px-lg-2 h-px-md-2 h-px-2 v-inner-lg-2 v-inner-md-2 v-inner-2 style-2307 style-local-5743-c74 position-relative\">\n              <!---->\n              <!---->\n              <div class=\"w-100 h-y-container h-column__content h-column__v-align flex-basis-100 align-self-lg-start align-self-md-start align-self-start\">\n                <!---->\n                <div data-colibri-id=\"5743-c75\" class=\"h-global-transition-all h-heading style-2308 style-local-5743-c75 position-relative h-element\">\n                  <!---->\n                  <div class=\"h-heading__outer style-2308 style-local-5743-c75\">\n                    <!---->\n                    <!---->\n                    <h2 class=\"\">Patrimonio Destacado<\/h2>\n                  <\/div>\n                <\/div>\n                <div data-colibri-id=\"5743-c76\" class=\"h-lead h-text h-text-component style-2309 style-local-5743-c76 position-relative h-element\">\n                  <!---->\n                  <!---->\n                  <div class=\"\"><\/div>\n                <\/div>\n              <\/div>\n            <\/div>\n          <\/div>\n        <\/div>\n      <\/div>\n      <div data-colibri-id=\"5743-c40\" class=\"h-row-container gutters-row-lg-2 gutters-row-md-2 gutters-row-2 gutters-row-v-lg-2 gutters-row-v-md-2 gutters-row-v-2 style-2294 style-local-5743-c40 position-relative\">\n        <!---->\n        <div class=\"h-row justify-content-lg-center justify-content-md-center justify-content-center align-items-lg-stretch align-items-md-stretch align-items-stretch gutters-col-lg-2 gutters-col-md-2 gutters-col-2 gutters-col-v-lg-2 gutters-col-v-md-2 gutters-col-v-2\">\n          <!---->\n          <div class=\"h-column h-column-container d-flex h-col-lg-6 h-col-md-6 h-col-12 style-2295-outer style-local-5743-c41-outer\">\n            <div data-colibri-id=\"5743-c41\" class=\"d-flex h-flex-basis h-column__inner h-px-lg-0 h-px-md-0 h-px-0 v-inner-lg-0 v-inner-md-0 v-inner-0 style-2295 style-local-5743-c41 position-relative\">\n              <!---->\n              <!---->\n              <div class=\"w-100 h-y-container h-column__content h-column__v-align flex-basis-100 align-self-lg-start align-self-md-start align-self-start\">\n                <!---->\n                <div data-colibri-id=\"5743-c42\" class=\"h-row-container gutters-row-lg-0 gutters-row-md-0 gutters-row-0 gutters-row-v-lg-0 gutters-row-v-md-0 gutters-row-v-0 style-2296 style-local-5743-c42 position-relative\">\n                  <!---->\n                  <div class=\"h-row justify-content-lg-center justify-content-md-center justify-content-center align-items-lg-stretch align-items-md-stretch align-items-stretch gutters-col-lg-0 gutters-col-md-0 gutters-col-0 gutters-col-v-lg-0 gutters-col-v-md-0 gutters-col-v-0\">\n                    <!---->\n                    <div class=\"h-column h-column-container d-flex h-col-lg-auto h-col-md-auto h-col-auto style-2297-outer style-local-5743-c43-outer\">\n                      <div data-colibri-id=\"5743-c43\" class=\"d-flex h-flex-basis h-column__inner h-ui-empty-state-container h-px-lg-0 h-px-md-0 h-px-0 v-inner-lg-0 v-inner-md-0 v-inner-0 style-2297 style-local-5743-c43 position-relative\">\n                        <!---->\n                        <!---->\n                        <div class=\"w-100 h-y-container h-column__content h-column__v-align flex-basis-100\">\n                          <!---->\n                        <\/div>\n                      <\/div>\n                    <\/div>\n                    <div class=\"h-column h-column-container d-flex h-col-lg-auto h-col-md-auto h-col-auto style-2298-outer style-local-5743-c44-outer\">\n                      <div data-colibri-id=\"5743-c44\" class=\"d-flex h-flex-basis h-column__inner h-px-lg-3 h-px-md-3 h-px-3 v-inner-lg-3 v-inner-md-3 v-inner-3 style-2298 style-local-5743-c44 position-relative\">\n                        <!---->\n                        <!---->\n                        <div class=\"w-100 h-y-container h-column__content h-column__v-align flex-basis-100 align-self-lg-center align-self-md-center align-self-center\">\n                          <!---->\n                          <div data-colibri-id=\"5743-c45\" class=\"h-global-transition-all h-heading style-2299 style-local-5743-c45 position-relative h-element\">\n                            <!---->\n                            <div class=\"h-heading__outer style-2299 style-local-5743-c45\">\n                              <!---->\n                              <!---->\n                              <a href=\"https:\/\/diocesisdelinares.com\/100\/parroquia-san-francisco-parral\/carruaje\/\" h-use-smooth-scroll=\"true\">\n                                <h4 class=\"\">Carruaje de dos ruedas \u201cLas Cabritas\u201d<\/h4>\n                              <\/a>\n                            <\/div>\n                          <\/div>\n                          <div data-colibri-id=\"5743-c46\" class=\"h-text h-text-component style-2300 style-local-5743-c46 position-relative h-element\">\n                            <!---->\n                            <!---->\n                            <div class=\"\"><\/div>\n                          <\/div>\n                          <div data-colibri-id=\"5743-c47\" class=\"h-x-container style-2301 style-local-5743-c47 position-relative h-element\">\n                            <!---->\n                            <div class=\"h-x-container-inner style-dynamic-5743-c47-group style-2301-spacing style-local-5743-c47-spacing\"><span class=\"h-button__outer style-2302-outer style-local-5743-c48-outer d-inline-flex h-element\"><a h-use-smooth-scroll=\"true\" href=\"https:\/\/diocesisdelinares.com\/100\/parroquia-san-francisco-parral\/carruaje\/\" target=\"_blank\" data-colibri-id=\"5743-c48\" class=\"d-flex w-100 align-items-center h-button justify-content-lg-center justify-content-md-center justify-content-center style-2302 style-local-5743-c48 position-relative\" rel=\"noopener\"><!----><!----> <span>Saber M\u00e1s<\/span><\/a>\n                              <\/span>\n                            <\/div>\n                          <\/div>\n                        <\/div>\n                      <\/div>\n                    <\/div>\n                  <\/div>\n                <\/div>\n              <\/div>\n            <\/div>\n          <\/div>\n          <div class=\"h-column h-column-container d-flex h-col-lg-6 h-col-md-6 h-col-12 style-2295-outer style-local-5743-c49-outer\">\n            <div data-colibri-id=\"5743-c49\" class=\"d-flex h-flex-basis h-column__inner h-px-lg-0 h-px-md-0 h-px-0 v-inner-lg-0 v-inner-md-0 v-inner-0 style-2295 style-local-5743-c49 position-relative\">\n              <!---->\n              <!---->\n              <div class=\"w-100 h-y-container h-column__content h-column__v-align flex-basis-100 align-self-lg-start align-self-md-start align-self-start\">\n                <!---->\n                <div data-colibri-id=\"5743-c50\" class=\"h-row-container gutters-row-lg-0 gutters-row-md-0 gutters-row-0 gutters-row-v-lg-0 gutters-row-v-md-0 gutters-row-v-0 style-2296 style-local-5743-c50 position-relative\">\n                  <!---->\n                  <div class=\"h-row justify-content-lg-center justify-content-md-center justify-content-center align-items-lg-stretch align-items-md-stretch align-items-stretch gutters-col-lg-0 gutters-col-md-0 gutters-col-0 gutters-col-v-lg-0 gutters-col-v-md-0 gutters-col-v-0\">\n                    <!---->\n                    <div class=\"h-column h-column-container d-flex h-col-lg-auto h-col-md-auto h-col-auto style-2303-outer style-local-5743-c51-outer\">\n                      <div data-colibri-id=\"5743-c51\" class=\"d-flex h-flex-basis h-column__inner h-ui-empty-state-container h-px-lg-0 h-px-md-0 h-px-0 v-inner-lg-0 v-inner-md-0 v-inner-0 style-2303 style-local-5743-c51 position-relative\">\n                        <!---->\n                        <!---->\n                        <div class=\"w-100 h-y-container h-column__content h-column__v-align flex-basis-100\">\n                          <!---->\n                        <\/div>\n                      <\/div>\n                    <\/div>\n                    <div class=\"h-column h-column-container d-flex h-col-lg-auto h-col-md-auto h-col-auto style-2298-outer style-local-5743-c52-outer\">\n                      <div data-colibri-id=\"5743-c52\" class=\"d-flex h-flex-basis h-column__inner h-px-lg-3 h-px-md-3 h-px-3 v-inner-lg-3 v-inner-md-3 v-inner-3 style-2298 style-local-5743-c52 position-relative\">\n                        <!---->\n                        <!---->\n                        <div class=\"w-100 h-y-container h-column__content h-column__v-align flex-basis-100 align-self-lg-center align-self-md-center align-self-center\">\n                          <!---->\n                          <div data-colibri-id=\"5743-c53\" class=\"h-global-transition-all h-heading style-2299 style-local-5743-c53 position-relative h-element\">\n                            <!---->\n                            <div class=\"h-heading__outer style-2299 style-local-5743-c53\">\n                              <!---->\n                              <!---->\n                              <h4 class=\"\">\u201cEl Se\u00f1or de los Males Incurables\u201d<\/h4>\n                            <\/div>\n                          <\/div>\n                          <div data-colibri-id=\"5743-c54\" class=\"h-text h-text-component style-2300 style-local-5743-c54 position-relative h-element\">\n                            <!---->\n                            <!---->\n                            <div class=\"\"><\/div>\n                          <\/div>\n                          <div data-colibri-id=\"5743-c55\" class=\"h-x-container style-2301 style-local-5743-c55 position-relative h-element\">\n                            <!---->\n                            <div class=\"h-x-container-inner style-dynamic-5743-c55-group style-2301-spacing style-local-5743-c55-spacing\"><span class=\"h-button__outer style-2302-outer style-local-5743-c56-outer d-inline-flex h-element\"><a h-use-smooth-scroll=\"true\" href=\"https:\/\/diocesisdelinares.com\/100\/parroquia-san-francisco-parral\/imagenmilagrosa\/\" target=\"_blank\" data-colibri-id=\"5743-c56\" class=\"d-flex w-100 align-items-center h-button justify-content-lg-center justify-content-md-center justify-content-center style-2302 style-local-5743-c56 position-relative\" rel=\"noopener\"><!----><!----> <span>saber M\u00e1s<\/span><\/a>\n                              <\/span>\n                            <\/div>\n                          <\/div>\n                        <\/div>\n                      <\/div>\n                    <\/div>\n                  <\/div>\n                <\/div>\n              <\/div>\n            <\/div>\n          <\/div>\n          <div class=\"h-column h-column-container d-flex h-col-lg-6 h-col-md-6 h-col-12 style-2295-outer style-local-5743-c57-outer\">\n            <div data-colibri-id=\"5743-c57\" class=\"d-flex h-flex-basis h-column__inner h-px-lg-0 h-px-md-0 h-px-0 v-inner-lg-0 v-inner-md-0 v-inner-0 style-2295 style-local-5743-c57 position-relative\">\n              <!---->\n              <!---->\n              <div class=\"w-100 h-y-container h-column__content h-column__v-align flex-basis-100 align-self-lg-start align-self-md-start align-self-start\">\n                <!---->\n                <div data-colibri-id=\"5743-c58\" class=\"h-row-container gutters-row-lg-0 gutters-row-md-0 gutters-row-0 gutters-row-v-lg-0 gutters-row-v-md-0 gutters-row-v-0 style-2296 style-local-5743-c58 position-relative\">\n                  <!---->\n                  <div class=\"h-row justify-content-lg-center justify-content-md-center justify-content-center align-items-lg-stretch align-items-md-stretch align-items-stretch gutters-col-lg-0 gutters-col-md-0 gutters-col-0 gutters-col-v-lg-0 gutters-col-v-md-0 gutters-col-v-0\">\n                    <!---->\n                    <div class=\"h-column h-column-container d-flex h-col-lg-auto h-col-md-auto h-col-auto style-2304-outer style-local-5743-c59-outer\">\n                      <div data-colibri-id=\"5743-c59\" class=\"d-flex h-flex-basis h-column__inner h-ui-empty-state-container h-px-lg-0 h-px-md-0 h-px-0 v-inner-lg-0 v-inner-md-0 v-inner-0 style-2304 style-local-5743-c59 position-relative\">\n                        <!---->\n                        <!---->\n                        <div class=\"w-100 h-y-container h-column__content h-column__v-align flex-basis-100\">\n                          <!---->\n                        <\/div>\n                      <\/div>\n                    <\/div>\n                    <div class=\"h-column h-column-container d-flex h-col-lg-auto h-col-md-auto h-col-auto style-2298-outer style-local-5743-c60-outer\">\n                      <div data-colibri-id=\"5743-c60\" class=\"d-flex h-flex-basis h-column__inner h-px-lg-3 h-px-md-3 h-px-3 v-inner-lg-3 v-inner-md-3 v-inner-3 style-2298 style-local-5743-c60 position-relative\">\n                        <!---->\n                        <!---->\n                        <div class=\"w-100 h-y-container h-column__content h-column__v-align flex-basis-100 align-self-lg-center align-self-md-center align-self-center\">\n                          <!---->\n                          <div data-colibri-id=\"5743-c61\" class=\"h-global-transition-all h-heading style-2299 style-local-5743-c61 position-relative h-element\">\n                            <!---->\n                            <div class=\"h-heading__outer style-2299 style-local-5743-c61\">\n                              <!---->\n                              <!---->\n                              <h4 class=\"\">\u201cEl Cristo de la Patagua\u201d<\/h4>\n                            <\/div>\n                          <\/div>\n                          <div data-colibri-id=\"5743-c62\" class=\"h-text h-text-component style-2300 style-local-5743-c62 position-relative h-element\">\n                            <!---->\n                            <!---->\n                            <div class=\"\"><\/div>\n                          <\/div>\n                          <div data-colibri-id=\"5743-c63\" class=\"h-x-container style-2301 style-local-5743-c63 position-relative h-element\">\n                            <!---->\n                            <div class=\"h-x-container-inner style-dynamic-5743-c63-group style-2301-spacing style-local-5743-c63-spacing\"><span class=\"h-button__outer style-2302-outer style-local-5743-c64-outer d-inline-flex h-element\"><a h-use-smooth-scroll=\"true\" href=\"https:\/\/diocesisdelinares.com\/100\/parroquia-san-francisco-parral\/cristo-de-la-patagua\/\" target=\"_blank\" data-colibri-id=\"5743-c64\" class=\"d-flex w-100 align-items-center h-button justify-content-lg-center justify-content-md-center justify-content-center style-2302 style-local-5743-c64 position-relative\" rel=\"noopener\"><!----><!----> <span>saber M\u00e1s<\/span><\/a>\n                              <\/span>\n                            <\/div>\n                          <\/div>\n                        <\/div>\n                      <\/div>\n                    <\/div>\n                  <\/div>\n                <\/div>\n              <\/div>\n            <\/div>\n          <\/div>\n          <div class=\"h-column h-column-container d-flex h-col-lg-6 h-col-md-6 h-col-12 style-2295-outer style-local-5743-c65-outer\">\n            <div data-colibri-id=\"5743-c65\" class=\"d-flex h-flex-basis h-column__inner h-px-lg-0 h-px-md-0 h-px-0 v-inner-lg-0 v-inner-md-0 v-inner-0 style-2295 style-local-5743-c65 position-relative\">\n              <!---->\n              <!---->\n              <div class=\"w-100 h-y-container h-column__content h-column__v-align flex-basis-100 align-self-lg-start align-self-md-start align-self-start\">\n                <!---->\n                <div data-colibri-id=\"5743-c66\" class=\"h-row-container gutters-row-lg-0 gutters-row-md-0 gutters-row-0 gutters-row-v-lg-0 gutters-row-v-md-0 gutters-row-v-0 style-2296 style-local-5743-c66 position-relative\">\n                  <!---->\n                  <div class=\"h-row justify-content-lg-center justify-content-md-center justify-content-center align-items-lg-stretch align-items-md-stretch align-items-stretch gutters-col-lg-0 gutters-col-md-0 gutters-col-0 gutters-col-v-lg-0 gutters-col-v-md-0 gutters-col-v-0\">\n                    <!---->\n                    <div class=\"h-column h-column-container d-flex h-col-lg-auto h-col-md-auto h-col-auto style-2305-outer style-local-5743-c67-outer\">\n                      <div data-colibri-id=\"5743-c67\" class=\"d-flex h-flex-basis h-column__inner h-ui-empty-state-container h-px-lg-0 h-px-md-0 h-px-0 v-inner-lg-0 v-inner-md-0 v-inner-0 style-2305 style-local-5743-c67 position-relative\">\n                        <!---->\n                        <!---->\n                        <div class=\"w-100 h-y-container h-column__content h-column__v-align flex-basis-100\">\n                          <!---->\n                        <\/div>\n                      <\/div>\n                    <\/div>\n                    <div class=\"h-column h-column-container d-flex h-col-lg-auto h-col-md-auto h-col-auto style-2298-outer style-local-5743-c68-outer\">\n                      <div data-colibri-id=\"5743-c68\" class=\"d-flex h-flex-basis h-column__inner h-px-lg-3 h-px-md-3 h-px-3 v-inner-lg-3 v-inner-md-3 v-inner-3 style-2298 style-local-5743-c68 position-relative\">\n                        <!---->\n                        <!---->\n                        <div class=\"w-100 h-y-container h-column__content h-column__v-align flex-basis-100 align-self-lg-center align-self-md-center align-self-center\">\n                          <!---->\n                          <div data-colibri-id=\"5743-c69\" class=\"h-global-transition-all h-heading style-2299 style-local-5743-c69 position-relative h-element\">\n                            <!---->\n                            <div class=\"h-heading__outer style-2299 style-local-5743-c69\">\n                              <!---->\n                              <!---->\n                              <h4 class=\"\">San Francisco de As\u00eds<\/h4>\n                            <\/div>\n                          <\/div>\n                          <div data-colibri-id=\"5743-c70\" class=\"h-text h-text-component style-2300 style-local-5743-c70 position-relative h-element\">\n                            <!---->\n                            <!---->\n                            <div class=\"\"><\/div>\n                          <\/div>\n                          <div data-colibri-id=\"5743-c71\" class=\"h-x-container style-2301 style-local-5743-c71 position-relative h-element\">\n                            <!---->\n                            <div class=\"h-x-container-inner style-dynamic-5743-c71-group style-2301-spacing style-local-5743-c71-spacing\"><span class=\"h-button__outer style-2302-outer style-local-5743-c72-outer d-inline-flex h-element\"><a h-use-smooth-scroll=\"true\" href=\"https:\/\/diocesisdelinares.com\/100\/parroquia-san-francisco-parral\/pazybien\/\" target=\"_blank\" data-colibri-id=\"5743-c72\" class=\"d-flex w-100 align-items-center h-button justify-content-lg-center justify-content-md-center justify-content-center style-2302 style-local-5743-c72 position-relative\" rel=\"noopener\"><!----><!----> <span>Saber M\u00e1s<\/span><\/a>\n                              <\/span>\n                            <\/div>\n                          <\/div>\n                        <\/div>\n                      <\/div>\n                    <\/div>\n                  <\/div>\n                <\/div>\n              <\/div>\n            <\/div>\n          <\/div>\n        <\/div>\n      <\/div>\n    <\/div>\n  <\/div>\n  <div data-colibri-component=\"section\" data-colibri-id=\"5743-c77\" id=\"photo-gallery\" class=\"h-section h-section-global-spacing d-flex align-items-lg-center align-items-md-center align-items-center style-2310 style-local-5743-c77 position-relative\">\n    <!---->\n    <!---->\n    <div class=\"h-section-grid-container h-section-boxed-container\">\n      <div data-colibri-id=\"5743-c81\" class=\"h-row-container gutters-row-lg-2 gutters-row-md-2 gutters-row-2 gutters-row-v-lg-2 gutters-row-v-md-2 gutters-row-v-2 style-2314 style-local-5743-c81 position-relative\">\n        <!---->\n        <div class=\"h-row justify-content-lg-center justify-content-md-center justify-content-center align-items-lg-stretch align-items-md-stretch align-items-stretch gutters-col-lg-2 gutters-col-md-2 gutters-col-2 gutters-col-v-lg-2 gutters-col-v-md-2 gutters-col-v-2\">\n          <!---->\n          <div class=\"h-column h-column-container d-flex h-col-lg-auto h-col-md-auto h-col-auto style-2315-outer style-local-5743-c82-outer\">\n            <div data-colibri-id=\"5743-c82\" class=\"d-flex h-flex-basis h-column__inner h-px-lg-2 h-px-md-2 h-px-2 v-inner-lg-2 v-inner-md-2 v-inner-2 style-2315 style-local-5743-c82 position-relative\">\n              <!---->\n              <!---->\n              <div class=\"w-100 h-y-container h-column__content h-column__v-align flex-basis-100 align-self-lg-start align-self-md-start align-self-start\">\n                <!---->\n                <div data-colibri-id=\"5743-c83\" class=\"h-global-transition-all h-heading style-2316 style-local-5743-c83 position-relative h-element\">\n                  <!---->\n                  <div class=\"h-heading__outer style-2316 style-local-5743-c83\">\n                    <!---->\n                    <!---->\n                    <h2 class=\"\">Galer\u00eda Fotogr\u00e1fica<\/h2>\n                  <\/div>\n                <\/div>\n              <\/div>\n            <\/div>\n          <\/div>\n        <\/div>\n      <\/div>\n      <div data-colibri-id=\"5743-c78\" class=\"h-row-container gutters-row-lg-2 gutters-row-md-2 gutters-row-0 gutters-row-v-lg-2 gutters-row-v-md-2 gutters-row-v-2 style-2311 style-local-5743-c78 position-relative\">\n        <!---->\n        <div class=\"h-row justify-content-lg-center justify-content-md-center justify-content-center align-items-lg-stretch align-items-md-stretch align-items-stretch gutters-col-lg-2 gutters-col-md-2 gutters-col-0 gutters-col-v-lg-2 gutters-col-v-md-2 gutters-col-v-2\">\n          <!---->\n          <div class=\"h-column h-column-container d-flex h-col-lg-auto h-col-md-auto h-col-auto style-2312-outer style-local-5743-c79-outer\">\n            <div data-colibri-id=\"5743-c79\" class=\"d-flex h-flex-basis h-column__inner h-px-lg-2 h-px-md-2 h-px-2 v-inner-lg-2 v-inner-md-2 v-inner-2 style-2312 style-local-5743-c79 position-relative\">\n              <!---->\n              <!---->\n              <div class=\"w-100 h-y-container h-column__content h-column__v-align flex-basis-100 align-self-lg-start align-self-md-start align-self-start\">\n                <!---->\n                <div data-colibri-component=\"\" data-colibri-id=\"5743-c80\" class=\"h-photo-gallery margin-none caption-displayTrue caption-vertical-align-top style-2313 style-local-5743-c80 position-relative h-element\">\n                  <!---->\n                  <div class=\"h-global-transition-all\"><div id='colibri-5743-c80' class='gallery-wrapper'>    <style type=\"text\/css\">\n\n        @media (min-width: 1023px) {        #colibri-5743-c80        dl {\n            float: left;\n            width: 33.333333333333% !important;\n            max-width: 33.333333333333% !important;\n            min-width: 33.333333333333% !important;\n        }\n\n        #colibri-5743-c80        dl:nth-of-type(3n +1 ) {\n            clear: both;\n        }\n\n        }@media (min-width: 768px) and (max-width: 1023px) {        #colibri-5743-c80        dl {\n            float: left;\n            width: 25% !important;\n            max-width: 25% !important;\n            min-width: 25% !important;\n        }\n\n        #colibri-5743-c80        dl:nth-of-type(4n +1 ) {\n            clear: both;\n        }\n\n        }@media (max-width: 767px) {        #colibri-5743-c80        dl {\n            float: left;\n            width: 50% !important;\n            max-width: 50% !important;\n            min-width: 50% !important;\n        }\n\n        #colibri-5743-c80        dl:nth-of-type(2n +1 ) {\n            clear: both;\n        }\n\n        }\n        #colibri-5743-c80        .gallery-item {\n            position: relative;\n        }\n\n        \n    <\/style>\n    <div   class='colibri-5743-c80-dls-wrapper gallery-items-wrapper' ><dl class='gallery-item masonry-item'>\n\t\t\t<dt class='gallery-icon portrait'>\n\t\t\t\t<a data-fancybox=\"colibri-5743-c80-group\" href='https:\/\/diocesisdelinares.com\/100\/wp-content\/uploads\/2023\/05\/custodia.jpg'><img loading=\"lazy\" decoding=\"async\"  width=\"200\" height=\"300\" src=\"https:\/\/diocesisdelinares.com\/100\/wp-content\/uploads\/2023\/05\/custodia-200x300.jpg\"  class='colibri-5743-c80-image' alt=\"\" srcset=\"https:\/\/diocesisdelinares.com\/100\/wp-content\/uploads\/2023\/05\/custodia-200x300.jpg 200w, https:\/\/diocesisdelinares.com\/100\/wp-content\/uploads\/2023\/05\/custodia.jpg 574w\" sizes=\"auto, (max-width: 200px) 100vw, 200px\" \/><\/a>\n\t\t\t<\/dt><\/dl><dl class='gallery-item masonry-item'>\n\t\t\t<dt class='gallery-icon portrait'>\n\t\t\t\t<a data-fancybox=\"colibri-5743-c80-group\" href='https:\/\/diocesisdelinares.com\/100\/wp-content\/uploads\/2023\/05\/20230523_101654-scaled.jpg'><img loading=\"lazy\" decoding=\"async\"  width=\"225\" height=\"300\" src=\"https:\/\/diocesisdelinares.com\/100\/wp-content\/uploads\/2023\/05\/20230523_101654-225x300.jpg\"  class='colibri-5743-c80-image' alt=\"\" srcset=\"https:\/\/diocesisdelinares.com\/100\/wp-content\/uploads\/2023\/05\/20230523_101654-225x300.jpg 225w, https:\/\/diocesisdelinares.com\/100\/wp-content\/uploads\/2023\/05\/20230523_101654-768x1024.jpg 768w, https:\/\/diocesisdelinares.com\/100\/wp-content\/uploads\/2023\/05\/20230523_101654-1152x1536.jpg 1152w, https:\/\/diocesisdelinares.com\/100\/wp-content\/uploads\/2023\/05\/20230523_101654-1536x2048.jpg 1536w, https:\/\/diocesisdelinares.com\/100\/wp-content\/uploads\/2023\/05\/20230523_101654-scaled.jpg 1920w\" sizes=\"auto, (max-width: 225px) 100vw, 225px\" \/><\/a>\n\t\t\t<\/dt><\/dl><dl class='gallery-item masonry-item'>\n\t\t\t<dt class='gallery-icon portrait'>\n\t\t\t\t<a data-fancybox=\"colibri-5743-c80-group\" href='https:\/\/diocesisdelinares.com\/100\/wp-content\/uploads\/2023\/05\/20230523_102042-scaled.jpg'><img loading=\"lazy\" decoding=\"async\"  width=\"225\" height=\"300\" src=\"https:\/\/diocesisdelinares.com\/100\/wp-content\/uploads\/2023\/05\/20230523_102042-225x300.jpg\"  class='colibri-5743-c80-image' alt=\"\" srcset=\"https:\/\/diocesisdelinares.com\/100\/wp-content\/uploads\/2023\/05\/20230523_102042-225x300.jpg 225w, https:\/\/diocesisdelinares.com\/100\/wp-content\/uploads\/2023\/05\/20230523_102042-768x1024.jpg 768w, https:\/\/diocesisdelinares.com\/100\/wp-content\/uploads\/2023\/05\/20230523_102042-1152x1536.jpg 1152w, https:\/\/diocesisdelinares.com\/100\/wp-content\/uploads\/2023\/05\/20230523_102042-1536x2048.jpg 1536w, https:\/\/diocesisdelinares.com\/100\/wp-content\/uploads\/2023\/05\/20230523_102042-scaled.jpg 1920w\" sizes=\"auto, (max-width: 225px) 100vw, 225px\" \/><\/a>\n\t\t\t<\/dt><\/dl><dl class='gallery-item masonry-item'>\n\t\t\t<dt class='gallery-icon portrait'>\n\t\t\t\t<a data-fancybox=\"colibri-5743-c80-group\" href='https:\/\/diocesisdelinares.com\/100\/wp-content\/uploads\/2023\/05\/20230523_102104-scaled.jpg'><img loading=\"lazy\" decoding=\"async\"  width=\"225\" height=\"300\" src=\"https:\/\/diocesisdelinares.com\/100\/wp-content\/uploads\/2023\/05\/20230523_102104-225x300.jpg\"  class='colibri-5743-c80-image' alt=\"\" srcset=\"https:\/\/diocesisdelinares.com\/100\/wp-content\/uploads\/2023\/05\/20230523_102104-225x300.jpg 225w, https:\/\/diocesisdelinares.com\/100\/wp-content\/uploads\/2023\/05\/20230523_102104-768x1024.jpg 768w, https:\/\/diocesisdelinares.com\/100\/wp-content\/uploads\/2023\/05\/20230523_102104-1152x1536.jpg 1152w, https:\/\/diocesisdelinares.com\/100\/wp-content\/uploads\/2023\/05\/20230523_102104-1536x2048.jpg 1536w, https:\/\/diocesisdelinares.com\/100\/wp-content\/uploads\/2023\/05\/20230523_102104-scaled.jpg 1920w\" sizes=\"auto, (max-width: 225px) 100vw, 225px\" \/><\/a>\n\t\t\t<\/dt><\/dl><dl class='gallery-item masonry-item'>\n\t\t\t<dt class='gallery-icon portrait'>\n\t\t\t\t<a data-fancybox=\"colibri-5743-c80-group\" href='https:\/\/diocesisdelinares.com\/100\/wp-content\/uploads\/2023\/05\/IMG_9421.jpg'><img loading=\"lazy\" decoding=\"async\"  width=\"225\" height=\"300\" src=\"https:\/\/diocesisdelinares.com\/100\/wp-content\/uploads\/2023\/05\/IMG_9421-225x300.jpg\"  class='colibri-5743-c80-image' alt=\"\" srcset=\"https:\/\/diocesisdelinares.com\/100\/wp-content\/uploads\/2023\/05\/IMG_9421-225x300.jpg 225w, https:\/\/diocesisdelinares.com\/100\/wp-content\/uploads\/2023\/05\/IMG_9421.jpg 645w\" sizes=\"auto, (max-width: 225px) 100vw, 225px\" \/><\/a>\n\t\t\t<\/dt><\/dl><dl class='gallery-item masonry-item'>\n\t\t\t<dt class='gallery-icon portrait'>\n\t\t\t\t<a data-fancybox=\"colibri-5743-c80-group\" href='https:\/\/diocesisdelinares.com\/100\/wp-content\/uploads\/2023\/05\/IMG_9423.jpg'><img loading=\"lazy\" decoding=\"async\"  width=\"225\" height=\"300\" src=\"https:\/\/diocesisdelinares.com\/100\/wp-content\/uploads\/2023\/05\/IMG_9423-225x300.jpg\"  class='colibri-5743-c80-image' alt=\"\" srcset=\"https:\/\/diocesisdelinares.com\/100\/wp-content\/uploads\/2023\/05\/IMG_9423-225x300.jpg 225w, https:\/\/diocesisdelinares.com\/100\/wp-content\/uploads\/2023\/05\/IMG_9423.jpg 645w\" sizes=\"auto, (max-width: 225px) 100vw, 225px\" \/><\/a>\n\t\t\t<\/dt><\/dl><dl class='gallery-item masonry-item'>\n\t\t\t<dt class='gallery-icon portrait'>\n\t\t\t\t<a data-fancybox=\"colibri-5743-c80-group\" href='https:\/\/diocesisdelinares.com\/100\/wp-content\/uploads\/2023\/05\/IMG_9427.jpg'><img loading=\"lazy\" decoding=\"async\"  width=\"225\" height=\"300\" src=\"https:\/\/diocesisdelinares.com\/100\/wp-content\/uploads\/2023\/05\/IMG_9427-225x300.jpg\"  class='colibri-5743-c80-image' alt=\"\" srcset=\"https:\/\/diocesisdelinares.com\/100\/wp-content\/uploads\/2023\/05\/IMG_9427-225x300.jpg 225w, https:\/\/diocesisdelinares.com\/100\/wp-content\/uploads\/2023\/05\/IMG_9427.jpg 645w\" sizes=\"auto, (max-width: 225px) 100vw, 225px\" \/><\/a>\n\t\t\t<\/dt><\/dl><dl class='gallery-item masonry-item'>\n\t\t\t<dt class='gallery-icon portrait'>\n\t\t\t\t<a data-fancybox=\"colibri-5743-c80-group\" href='https:\/\/diocesisdelinares.com\/100\/wp-content\/uploads\/2023\/05\/IMG_9482.jpg'><img loading=\"lazy\" decoding=\"async\"  width=\"225\" height=\"300\" src=\"https:\/\/diocesisdelinares.com\/100\/wp-content\/uploads\/2023\/05\/IMG_9482-225x300.jpg\"  class='colibri-5743-c80-image' alt=\"\" srcset=\"https:\/\/diocesisdelinares.com\/100\/wp-content\/uploads\/2023\/05\/IMG_9482-225x300.jpg 225w, https:\/\/diocesisdelinares.com\/100\/wp-content\/uploads\/2023\/05\/IMG_9482.jpg 250w\" sizes=\"auto, (max-width: 225px) 100vw, 225px\" \/><\/a>\n\t\t\t<\/dt><\/dl><dl class='gallery-item masonry-item'>\n\t\t\t<dt class='gallery-icon portrait'>\n\t\t\t\t<a data-fancybox=\"colibri-5743-c80-group\" href='https:\/\/diocesisdelinares.com\/100\/wp-content\/uploads\/2023\/05\/IMG_9439-1.jpg'><img loading=\"lazy\" decoding=\"async\"  width=\"225\" height=\"300\" src=\"https:\/\/diocesisdelinares.com\/100\/wp-content\/uploads\/2023\/05\/IMG_9439-1-225x300.jpg\"  class='colibri-5743-c80-image' alt=\"\" srcset=\"https:\/\/diocesisdelinares.com\/100\/wp-content\/uploads\/2023\/05\/IMG_9439-1-225x300.jpg 225w, https:\/\/diocesisdelinares.com\/100\/wp-content\/uploads\/2023\/05\/IMG_9439-1.jpg 645w\" sizes=\"auto, (max-width: 225px) 100vw, 225px\" \/><\/a>\n\t\t\t<\/dt><\/dl><dl class='gallery-item masonry-item'>\n\t\t\t<dt class='gallery-icon portrait'>\n\t\t\t\t<a data-fancybox=\"colibri-5743-c80-group\" href='https:\/\/diocesisdelinares.com\/100\/wp-content\/uploads\/2023\/05\/IMG_9440.jpg'><img loading=\"lazy\" decoding=\"async\"  width=\"225\" height=\"300\" src=\"https:\/\/diocesisdelinares.com\/100\/wp-content\/uploads\/2023\/05\/IMG_9440-225x300.jpg\"  class='colibri-5743-c80-image' alt=\"\" srcset=\"https:\/\/diocesisdelinares.com\/100\/wp-content\/uploads\/2023\/05\/IMG_9440-225x300.jpg 225w, https:\/\/diocesisdelinares.com\/100\/wp-content\/uploads\/2023\/05\/IMG_9440.jpg 645w\" sizes=\"auto, (max-width: 225px) 100vw, 225px\" \/><\/a>\n\t\t\t<\/dt><\/dl><dl class='gallery-item masonry-item'>\n\t\t\t<dt class='gallery-icon portrait'>\n\t\t\t\t<a data-fancybox=\"colibri-5743-c80-group\" href='https:\/\/diocesisdelinares.com\/100\/wp-content\/uploads\/2023\/05\/IMG_9441.jpg'><img loading=\"lazy\" decoding=\"async\"  width=\"225\" height=\"300\" src=\"https:\/\/diocesisdelinares.com\/100\/wp-content\/uploads\/2023\/05\/IMG_9441-225x300.jpg\"  class='colibri-5743-c80-image' alt=\"\" srcset=\"https:\/\/diocesisdelinares.com\/100\/wp-content\/uploads\/2023\/05\/IMG_9441-225x300.jpg 225w, https:\/\/diocesisdelinares.com\/100\/wp-content\/uploads\/2023\/05\/IMG_9441.jpg 645w\" sizes=\"auto, (max-width: 225px) 100vw, 225px\" \/><\/a>\n\t\t\t<\/dt><\/dl><dl class='gallery-item masonry-item'>\n\t\t\t<dt class='gallery-icon landscape'>\n\t\t\t\t<a data-fancybox=\"colibri-5743-c80-group\" href='https:\/\/diocesisdelinares.com\/100\/wp-content\/uploads\/2023\/05\/cropped-20230523_094420-scaled-1.jpg'><img loading=\"lazy\" decoding=\"async\"  width=\"300\" height=\"300\" src=\"https:\/\/diocesisdelinares.com\/100\/wp-content\/uploads\/2023\/05\/cropped-20230523_094420-scaled-1-300x300.jpg\"  class='colibri-5743-c80-image' alt=\"\" srcset=\"https:\/\/diocesisdelinares.com\/100\/wp-content\/uploads\/2023\/05\/cropped-20230523_094420-scaled-1-300x300.jpg 300w, https:\/\/diocesisdelinares.com\/100\/wp-content\/uploads\/2023\/05\/cropped-20230523_094420-scaled-1-1024x1024.jpg 1024w, https:\/\/diocesisdelinares.com\/100\/wp-content\/uploads\/2023\/05\/cropped-20230523_094420-scaled-1-150x150.jpg 150w, https:\/\/diocesisdelinares.com\/100\/wp-content\/uploads\/2023\/05\/cropped-20230523_094420-scaled-1-768x768.jpg 768w, https:\/\/diocesisdelinares.com\/100\/wp-content\/uploads\/2023\/05\/cropped-20230523_094420-scaled-1-1536x1536.jpg 1536w, https:\/\/diocesisdelinares.com\/100\/wp-content\/uploads\/2023\/05\/cropped-20230523_094420-scaled-1.jpg 1919w\" sizes=\"auto, (max-width: 300px) 100vw, 300px\" \/><\/a>\n\t\t\t<\/dt><\/dl><dl class='gallery-item masonry-item'>\n\t\t\t<dt class='gallery-icon landscape'>\n\t\t\t\t<a data-fancybox=\"colibri-5743-c80-group\" href='https:\/\/diocesisdelinares.com\/100\/wp-content\/uploads\/2023\/05\/20230523_101007-scaled.jpg'><img loading=\"lazy\" decoding=\"async\"  width=\"300\" height=\"225\" src=\"https:\/\/diocesisdelinares.com\/100\/wp-content\/uploads\/2023\/05\/20230523_101007-300x225.jpg\"  class='colibri-5743-c80-image' alt=\"\" srcset=\"https:\/\/diocesisdelinares.com\/100\/wp-content\/uploads\/2023\/05\/20230523_101007-300x225.jpg 300w, https:\/\/diocesisdelinares.com\/100\/wp-content\/uploads\/2023\/05\/20230523_101007-1024x768.jpg 1024w, https:\/\/diocesisdelinares.com\/100\/wp-content\/uploads\/2023\/05\/20230523_101007-768x576.jpg 768w, https:\/\/diocesisdelinares.com\/100\/wp-content\/uploads\/2023\/05\/20230523_101007-1536x1152.jpg 1536w, https:\/\/diocesisdelinares.com\/100\/wp-content\/uploads\/2023\/05\/20230523_101007-2048x1536.jpg 2048w\" sizes=\"auto, (max-width: 300px) 100vw, 300px\" \/><\/a>\n\t\t\t<\/dt><\/dl><dl class='gallery-item masonry-item'>\n\t\t\t<dt class='gallery-icon landscape'>\n\t\t\t\t<a data-fancybox=\"colibri-5743-c80-group\" href='https:\/\/diocesisdelinares.com\/100\/wp-content\/uploads\/2023\/05\/IMG_9438.jpg'><img loading=\"lazy\" decoding=\"async\"  width=\"300\" height=\"225\" src=\"https:\/\/diocesisdelinares.com\/100\/wp-content\/uploads\/2023\/05\/IMG_9438-300x225.jpg\"  class='colibri-5743-c80-image' alt=\"\" srcset=\"https:\/\/diocesisdelinares.com\/100\/wp-content\/uploads\/2023\/05\/IMG_9438-300x225.jpg 300w, https:\/\/diocesisdelinares.com\/100\/wp-content\/uploads\/2023\/05\/IMG_9438-1024x768.jpg 1024w, https:\/\/diocesisdelinares.com\/100\/wp-content\/uploads\/2023\/05\/IMG_9438-768x576.jpg 768w, https:\/\/diocesisdelinares.com\/100\/wp-content\/uploads\/2023\/05\/IMG_9438.jpg 1146w\" sizes=\"auto, (max-width: 300px) 100vw, 300px\" \/><\/a>\n\t\t\t<\/dt><\/dl><dl class='gallery-item masonry-item'>\n\t\t\t<dt class='gallery-icon landscape'>\n\t\t\t\t<a data-fancybox=\"colibri-5743-c80-group\" href='https:\/\/diocesisdelinares.com\/100\/wp-content\/uploads\/2023\/05\/20230523_101113-scaled.jpg'><img loading=\"lazy\" decoding=\"async\"  width=\"300\" height=\"225\" src=\"https:\/\/diocesisdelinares.com\/100\/wp-content\/uploads\/2023\/05\/20230523_101113-300x225.jpg\"  class='colibri-5743-c80-image' alt=\"\" srcset=\"https:\/\/diocesisdelinares.com\/100\/wp-content\/uploads\/2023\/05\/20230523_101113-300x225.jpg 300w, https:\/\/diocesisdelinares.com\/100\/wp-content\/uploads\/2023\/05\/20230523_101113-1024x768.jpg 1024w, https:\/\/diocesisdelinares.com\/100\/wp-content\/uploads\/2023\/05\/20230523_101113-768x576.jpg 768w, https:\/\/diocesisdelinares.com\/100\/wp-content\/uploads\/2023\/05\/20230523_101113-1536x1152.jpg 1536w, https:\/\/diocesisdelinares.com\/100\/wp-content\/uploads\/2023\/05\/20230523_101113-2048x1536.jpg 2048w\" sizes=\"auto, (max-width: 300px) 100vw, 300px\" \/><\/a>\n\t\t\t<\/dt><\/dl><dl class='gallery-item masonry-item'>\n\t\t\t<dt class='gallery-icon landscape'>\n\t\t\t\t<a data-fancybox=\"colibri-5743-c80-group\" href='https:\/\/diocesisdelinares.com\/100\/wp-content\/uploads\/2023\/05\/20230523_094656-scaled.jpg'><img loading=\"lazy\" decoding=\"async\"  width=\"300\" height=\"225\" src=\"https:\/\/diocesisdelinares.com\/100\/wp-content\/uploads\/2023\/05\/20230523_094656-300x225.jpg\"  class='colibri-5743-c80-image' alt=\"\" srcset=\"https:\/\/diocesisdelinares.com\/100\/wp-content\/uploads\/2023\/05\/20230523_094656-300x225.jpg 300w, https:\/\/diocesisdelinares.com\/100\/wp-content\/uploads\/2023\/05\/20230523_094656-1024x768.jpg 1024w, https:\/\/diocesisdelinares.com\/100\/wp-content\/uploads\/2023\/05\/20230523_094656-768x576.jpg 768w, https:\/\/diocesisdelinares.com\/100\/wp-content\/uploads\/2023\/05\/20230523_094656-1536x1152.jpg 1536w, https:\/\/diocesisdelinares.com\/100\/wp-content\/uploads\/2023\/05\/20230523_094656-2048x1536.jpg 2048w\" sizes=\"auto, (max-width: 300px) 100vw, 300px\" \/><\/a>\n\t\t\t<\/dt><\/dl><dl class='gallery-item masonry-item'>\n\t\t\t<dt class='gallery-icon landscape'>\n\t\t\t\t<a data-fancybox=\"colibri-5743-c80-group\" href='https:\/\/diocesisdelinares.com\/100\/wp-content\/uploads\/2023\/05\/20230523_101555-scaled.jpg'><img loading=\"lazy\" decoding=\"async\"  width=\"300\" height=\"225\" src=\"https:\/\/diocesisdelinares.com\/100\/wp-content\/uploads\/2023\/05\/20230523_101555-300x225.jpg\"  class='colibri-5743-c80-image' alt=\"\" srcset=\"https:\/\/diocesisdelinares.com\/100\/wp-content\/uploads\/2023\/05\/20230523_101555-300x225.jpg 300w, https:\/\/diocesisdelinares.com\/100\/wp-content\/uploads\/2023\/05\/20230523_101555-1024x768.jpg 1024w, https:\/\/diocesisdelinares.com\/100\/wp-content\/uploads\/2023\/05\/20230523_101555-768x576.jpg 768w, https:\/\/diocesisdelinares.com\/100\/wp-content\/uploads\/2023\/05\/20230523_101555-1536x1152.jpg 1536w, https:\/\/diocesisdelinares.com\/100\/wp-content\/uploads\/2023\/05\/20230523_101555-2048x1536.jpg 2048w\" sizes=\"auto, (max-width: 300px) 100vw, 300px\" \/><\/a>\n\t\t\t<\/dt><\/dl><dl class='gallery-item masonry-item'>\n\t\t\t<dt class='gallery-icon landscape'>\n\t\t\t\t<a data-fancybox=\"colibri-5743-c80-group\" href='https:\/\/diocesisdelinares.com\/100\/wp-content\/uploads\/2023\/05\/20230523_101508-scaled.jpg'><img loading=\"lazy\" decoding=\"async\"  width=\"300\" height=\"225\" src=\"https:\/\/diocesisdelinares.com\/100\/wp-content\/uploads\/2023\/05\/20230523_101508-300x225.jpg\"  class='colibri-5743-c80-image' alt=\"\" srcset=\"https:\/\/diocesisdelinares.com\/100\/wp-content\/uploads\/2023\/05\/20230523_101508-300x225.jpg 300w, https:\/\/diocesisdelinares.com\/100\/wp-content\/uploads\/2023\/05\/20230523_101508-1024x768.jpg 1024w, https:\/\/diocesisdelinares.com\/100\/wp-content\/uploads\/2023\/05\/20230523_101508-768x576.jpg 768w, https:\/\/diocesisdelinares.com\/100\/wp-content\/uploads\/2023\/05\/20230523_101508-1536x1152.jpg 1536w, https:\/\/diocesisdelinares.com\/100\/wp-content\/uploads\/2023\/05\/20230523_101508-2048x1536.jpg 2048w\" sizes=\"auto, (max-width: 300px) 100vw, 300px\" \/><\/a>\n\t\t\t<\/dt><\/dl>\n\t\t\t\n\t\t<\/div>\n<style>#colibri-5743-c80 .wp-caption-text.gallery-caption{display:none;}<\/style><\/div><\/div>\n                <\/div>\n              <\/div>\n            <\/div>\n          <\/div>\n        <\/div>\n      <\/div>\n    <\/div>\n  <\/div>\n<\/div>","protected":false},"excerpt":{"rendered":"<p>Volver a la p\u00e1gina de inicio Parroquia San Francisco, Parral El 16 de julio, se cumplir\u00e1n 127 a\u00f1os de la fundaci\u00f3n del Convento San Miguel Arc\u00e1ngel en Parral, que marca la llegada de los Franciscanos a tierras del Maule Sur. Pero, ser\u00e1 el 13 de junio de 1961, d\u00eda de San Antonio, en que se [&hellip;]<\/p>\n","protected":false},"author":1,"featured_media":0,"parent":0,"menu_order":0,"comment_status":"closed","ping_status":"closed","template":"page-templates\/full-width-page.php","meta":{"footnotes":""},"class_list":["post-5743","page","type-page","status-publish","hentry"],"_links":{"self":[{"href":"https:\/\/diocesisdelinares.com\/100\/wp-json\/wp\/v2\/pages\/5743","targetHints":{"allow":["GET"]}}],"collection":[{"href":"https:\/\/diocesisdelinares.com\/100\/wp-json\/wp\/v2\/pages"}],"about":[{"href":"https:\/\/diocesisdelinares.com\/100\/wp-json\/wp\/v2\/types\/page"}],"author":[{"embeddable":true,"href":"https:\/\/diocesisdelinares.com\/100\/wp-json\/wp\/v2\/users\/1"}],"replies":[{"embeddable":true,"href":"https:\/\/diocesisdelinares.com\/100\/wp-json\/wp\/v2\/comments?post=5743"}],"version-history":[{"count":20,"href":"https:\/\/diocesisdelinares.com\/100\/wp-json\/wp\/v2\/pages\/5743\/revisions"}],"predecessor-version":[{"id":6257,"href":"https:\/\/diocesisdelinares.com\/100\/wp-json\/wp\/v2\/pages\/5743\/revisions\/6257"}],"wp:attachment":[{"href":"https:\/\/diocesisdelinares.com\/100\/wp-json\/wp\/v2\/media?parent=5743"}],"curies":[{"name":"wp","href":"https:\/\/api.w.org\/{rel}","templated":true}]}}