{"id":5076,"date":"2023-01-17T15:16:05","date_gmt":"2023-01-17T15:16:05","guid":{"rendered":"https:\/\/diocesisdelinares.com\/100\/?page_id=5076"},"modified":"2024-07-19T17:09:58","modified_gmt":"2024-07-19T17:09:58","slug":"documentos-2","status":"publish","type":"page","link":"https:\/\/diocesisdelinares.com\/100\/documentos-2\/","title":{"rendered":"Documentos Hist\u00f3ricos Varios"},"content":{"rendered":"<div data-colibri-id=\"5076-c1\" class=\"style-1455 style-local-5076-c1 position-relative\">\n  <!---->\n  <div data-colibri-component=\"section\" data-colibri-id=\"5076-c2\" id=\"reusable-sections\" class=\"h-section h-section-global-spacing d-flex align-items-lg-center align-items-md-center align-items-center style-1556 style-local-5076-c2 position-relative\">\n    <!---->\n    <!---->\n    <div class=\"h-section-grid-container h-section-boxed-container\">\n      <!---->\n      <div data-colibri-id=\"5076-c3\" class=\"h-row-container gutters-row-lg-2 gutters-row-md-2 gutters-row-2 gutters-row-v-lg-2 gutters-row-v-md-2 gutters-row-v-2 style-1557 style-local-5076-c3 position-relative\">\n        <!---->\n        <div class=\"h-row justify-content-lg-center justify-content-md-center justify-content-center align-items-lg-stretch align-items-md-stretch align-items-stretch gutters-col-lg-2 gutters-col-md-2 gutters-col-2 gutters-col-v-lg-2 gutters-col-v-md-2 gutters-col-v-2\">\n          <!---->\n          <div class=\"h-column h-column-container d-flex h-col-lg-auto h-col-md-auto h-col-auto style-1558-outer style-local-5076-c4-outer\">\n            <div data-colibri-id=\"5076-c4\" class=\"d-flex h-flex-basis h-column__inner h-px-lg-2 h-px-md-2 h-px-2 v-inner-lg-2 v-inner-md-2 v-inner-2 style-1558 style-local-5076-c4 position-relative\">\n              <!---->\n              <!---->\n              <div class=\"w-100 h-y-container h-column__content h-column__v-align flex-basis-100 align-self-lg-start align-self-md-start align-self-start\">\n                <!---->\n                <div data-colibri-id=\"5076-c5\" class=\"h-global-transition-all h-heading style-1559 style-local-5076-c5 position-relative h-element\">\n                  <!---->\n                  <div class=\"h-heading__outer style-1559 style-local-5076-c5\">\n                    <!---->\n                    <!---->\n                    <h5 class=\"\">decretos y nombramientos 1926<\/h5>\n                  <\/div>\n                <\/div>\n                <div data-colibri-id=\"5076-c6\" class=\"h-global-transition-all h-heading style-1560 style-local-5076-c6 position-relative h-element\">\n                  <!---->\n                  <div class=\"h-heading__outer style-1560 style-local-5076-c6\">\n                    <!---->\n                    <!---->\n                    <h3 class=\"\">Archivo 1926<\/h3>\n                  <\/div>\n                <\/div>\n                <div data-colibri-id=\"5076-c7\" class=\"h-text h-text-component style-1561 style-local-5076-c7 position-relative h-element\">\n                  <!---->\n                  <!---->\n                  <div class=\"\"><\/div>\n                <\/div>\n                <div data-colibri-id=\"5076-c8\" class=\"h-text h-text-component style-1562 style-local-5076-c8 position-relative h-element\">\n                  <!---->\n                  <!---->\n                  <div class=\"\"><\/div>\n                <\/div>\n                <div data-colibri-id=\"5076-c9\" class=\"h-x-container style-1563 style-local-5076-c9 position-relative h-element\">\n                  <!---->\n                  <div class=\"h-x-container-inner style-dynamic-5076-c9-group style-1563-spacing style-local-5076-c9-spacing\"><span class=\"h-button__outer style-1564-outer style-local-5076-c10-outer d-inline-flex h-element\"><a h-use-smooth-scroll=\"true\" href=\"https:\/\/diocesisdelinares.com\/100\/wp-content\/uploads\/2023\/01\/Decreto-ano-1926.pdf\" target=\"_blank\" data-colibri-id=\"5076-c10\" class=\"d-flex w-100 align-items-center h-button justify-content-lg-center justify-content-md-center justify-content-center style-1564 style-local-5076-c10 position-relative\" rel=\"noopener\"><!----><!----> <span>Revisar  Documento<\/span>                    <span class=\"h-svg-icon h-button__icon style-1564-icon style-local-5076-c10-icon\"><!--Icon by Icons8 Line Awesome (https:\/\/icons8.com\/line-awesome)--><svg version=\"1.1\" xmlns=\"http:\/\/www.w3.org\/2000\/svg\" xmlns:xlink=\"http:\/\/www.w3.org\/1999\/xlink\" id=\"angle-double-right\" viewBox=\"0 0 512 545.5\"><path d=\"M145.5 108.5l168 168L325 288l-11.5 11.5-168 168-22.5-23L279.5 288 123 131.5zm112 0l168 168L437 288l-11.5 11.5-168 168-22.5-23L391.5 288 235 131.5z\"><\/path><\/svg><\/span><\/a>\n                    <\/span>\n                  <\/div>\n                <\/div>\n              <\/div>\n            <\/div>\n          <\/div>\n          <div class=\"h-column h-column-container d-flex h-col-lg-auto h-col-md-auto h-col-auto style-1565-outer style-local-5076-c11-outer\">\n            <div data-colibri-id=\"5076-c11\" class=\"d-flex h-flex-basis h-column__inner h-px-lg-2 h-px-md-2 h-px-2 v-inner-lg-2 v-inner-md-2 v-inner-2 style-1565 style-local-5076-c11 position-relative\">\n              <!---->\n              <!---->\n              <div class=\"w-100 h-y-container h-column__content h-column__v-align flex-basis-100 align-self-lg-start align-self-md-start align-self-start\">\n                <!---->\n                <div data-colibri-id=\"5076-c12\" class=\"d-block style-1566 style-local-5076-c12 position-relative h-element\">\n                  <!---->\n                  <div class=\"h-image__frame-container-outer\">\n                    <a href=\"https:\/\/diocesisdelinares.com\/100\/wp-content\/uploads\/2023\/01\/Decreto-ano-1926.pdf\" target=\"_blank\" h-use-smooth-scroll=\"true\" class=\"image-link\" rel=\"noopener\">\n                      <div class=\"h-image__frame-container\">\n                        <!---->\n                        <!---->\n                        <img loading=\"lazy\" decoding=\"async\" width=\"1789\" height=\"1794\" src=\"https:\/\/diocesisdelinares.com\/100\/wp-content\/uploads\/2023\/01\/cropped-Decreto-ano-1926-0001.jpg\" class=\"wp-image-5098 style-1566-image style-local-5076-c12-image\" alt=\"\" srcset=\"https:\/\/diocesisdelinares.com\/100\/wp-content\/uploads\/2023\/01\/cropped-Decreto-ano-1926-0001.jpg 1789w, https:\/\/diocesisdelinares.com\/100\/wp-content\/uploads\/2023\/01\/cropped-Decreto-ano-1926-0001-300x300.jpg 300w, https:\/\/diocesisdelinares.com\/100\/wp-content\/uploads\/2023\/01\/cropped-Decreto-ano-1926-0001-1021x1024.jpg 1021w, https:\/\/diocesisdelinares.com\/100\/wp-content\/uploads\/2023\/01\/cropped-Decreto-ano-1926-0001-150x150.jpg 150w, https:\/\/diocesisdelinares.com\/100\/wp-content\/uploads\/2023\/01\/cropped-Decreto-ano-1926-0001-768x770.jpg 768w, https:\/\/diocesisdelinares.com\/100\/wp-content\/uploads\/2023\/01\/cropped-Decreto-ano-1926-0001-1532x1536.jpg 1532w\" sizes=\"auto, (max-width: 1789px) 100vw, 1789px\" \/>\n                        <div class=\"h-image__frame style-1566-frameImage style-local-5076-c12-frameImage\"><\/div>\n                      <\/div>\n                    <\/a>\n                  <\/div>\n                <\/div>\n              <\/div>\n            <\/div>\n          <\/div>\n        <\/div>\n      <\/div>\n    <\/div>\n  <\/div>\n  <div data-colibri-component=\"section\" data-colibri-id=\"5076-c13\" id=\"reusable-sections-4\" class=\"h-section h-section-global-spacing d-flex align-items-lg-center align-items-md-center align-items-center style-1539 style-local-5076-c13 position-relative\">\n    <!---->\n    <!---->\n    <div class=\"h-section-grid-container h-section-boxed-container\">\n      <!---->\n      <div data-colibri-id=\"5076-c14\" class=\"h-row-container gutters-row-lg-2 gutters-row-md-2 gutters-row-2 gutters-row-v-lg-2 gutters-row-v-md-2 gutters-row-v-2 style-1540 style-local-5076-c14 position-relative\">\n        <!---->\n        <div class=\"h-row justify-content-lg-center justify-content-md-center justify-content-center align-items-lg-stretch align-items-md-stretch align-items-stretch gutters-col-lg-2 gutters-col-md-2 gutters-col-2 gutters-col-v-lg-2 gutters-col-v-md-2 gutters-col-v-2\">\n          <!---->\n          <div class=\"h-column h-column-container d-flex h-col-lg-auto h-col-md-auto h-col-auto style-1541-outer style-local-5076-c15-outer\">\n            <div data-colibri-id=\"5076-c15\" class=\"d-flex h-flex-basis h-column__inner h-px-lg-2 h-px-md-2 h-px-2 v-inner-lg-2 v-inner-md-2 v-inner-2 style-1541 style-local-5076-c15 position-relative\">\n              <!---->\n              <!---->\n              <div class=\"w-100 h-y-container h-column__content h-column__v-align flex-basis-100 align-self-lg-start align-self-md-start align-self-start\">\n                <!---->\n                <div data-colibri-id=\"5076-c16\" class=\"d-block style-1542 style-local-5076-c16 position-relative h-element\">\n                  <!---->\n                  <div class=\"h-image__frame-container-outer\">\n                    <a href=\"https:\/\/diocesisdelinares.com\/100\/wp-content\/uploads\/2022\/12\/Ordenanza-sobre-cuentas-diocesanas-1946-2.pdf\" h-use-smooth-scroll=\"true\" class=\"image-link\">\n                      <div class=\"h-image__frame-container\">\n                        <!---->\n                        <!---->\n                        <img loading=\"lazy\" decoding=\"async\" width=\"1654\" height=\"2560\" src=\"https:\/\/diocesisdelinares.com\/100\/wp-content\/uploads\/2022\/12\/Ordenanza-sobre-cuentas-diocesanas-1946-0003-scaled.jpg\" class=\"wp-image-4877 style-1542-image style-local-5076-c16-image\" alt=\"\" srcset=\"https:\/\/diocesisdelinares.com\/100\/wp-content\/uploads\/2022\/12\/Ordenanza-sobre-cuentas-diocesanas-1946-0003-scaled.jpg 1654w, https:\/\/diocesisdelinares.com\/100\/wp-content\/uploads\/2022\/12\/Ordenanza-sobre-cuentas-diocesanas-1946-0003-194x300.jpg 194w, https:\/\/diocesisdelinares.com\/100\/wp-content\/uploads\/2022\/12\/Ordenanza-sobre-cuentas-diocesanas-1946-0003-662x1024.jpg 662w, https:\/\/diocesisdelinares.com\/100\/wp-content\/uploads\/2022\/12\/Ordenanza-sobre-cuentas-diocesanas-1946-0003-768x1189.jpg 768w, https:\/\/diocesisdelinares.com\/100\/wp-content\/uploads\/2022\/12\/Ordenanza-sobre-cuentas-diocesanas-1946-0003-992x1536.jpg 992w, https:\/\/diocesisdelinares.com\/100\/wp-content\/uploads\/2022\/12\/Ordenanza-sobre-cuentas-diocesanas-1946-0003-1323x2048.jpg 1323w\" sizes=\"auto, (max-width: 1654px) 100vw, 1654px\" \/>\n                        <div class=\"h-image__frame style-1542-frameImage style-local-5076-c16-frameImage\"><\/div>\n                      <\/div>\n                    <\/a>\n                  <\/div>\n                <\/div>\n              <\/div>\n            <\/div>\n          <\/div>\n          <div class=\"h-column h-column-container d-flex h-col-lg-auto h-col-md-auto h-col-auto style-1543-outer style-local-5076-c17-outer\">\n            <div data-colibri-id=\"5076-c17\" class=\"d-flex h-flex-basis h-column__inner h-px-lg-2 h-px-md-2 h-px-2 v-inner-lg-2 v-inner-md-2 v-inner-2 style-1543 style-local-5076-c17 position-relative\">\n              <!---->\n              <!---->\n              <div class=\"w-100 h-y-container h-column__content h-column__v-align flex-basis-100 align-self-lg-start align-self-md-start align-self-start\">\n                <!---->\n                <div data-colibri-id=\"5076-c18\" class=\"h-global-transition-all h-heading style-1544 style-local-5076-c18 position-relative h-element\">\n                  <!---->\n                  <div class=\"h-heading__outer style-1544 style-local-5076-c18\">\n                    <!---->\n                    <!---->\n                    <a href=\"https:\/\/diocesisdelinares.com\/100\/wp-content\/uploads\/2022\/12\/Ordenanza-sobre-cuentas-diocesanas-1946-2.pdf\" h-use-smooth-scroll=\"true\">\n                      <h5 class=\"\">Ordenanza sobre cuentas diocesanas<\/h5>\n                    <\/a>\n                  <\/div>\n                <\/div>\n                <div data-colibri-id=\"5076-c19\" class=\"h-global-transition-all h-heading style-1545 style-local-5076-c19 position-relative h-element\">\n                  <!---->\n                  <div class=\"h-heading__outer style-1545 style-local-5076-c19\">\n                    <!---->\n                    <!---->\n                    <h3 class=\"\">A\u00f1o 1946<\/h3>\n                  <\/div>\n                <\/div>\n                <div data-colibri-id=\"5076-c20\" class=\"h-text h-text-component style-1546 style-local-5076-c20 position-relative h-element\">\n                  <!---->\n                  <!---->\n                  <div class=\"\"><\/div>\n                <\/div>\n                <div data-colibri-id=\"5076-c21\" class=\"h-text h-text-component style-1547 style-local-5076-c21 position-relative h-element\">\n                  <!---->\n                  <!---->\n                  <div class=\"\"><\/div>\n                <\/div>\n                <div data-colibri-id=\"5076-c22\" class=\"h-x-container style-1548 style-local-5076-c22 position-relative h-element\">\n                  <!---->\n                  <div class=\"h-x-container-inner style-dynamic-5076-c22-group style-1548-spacing style-local-5076-c22-spacing\"><span class=\"h-button__outer style-1549-outer style-local-5076-c23-outer d-inline-flex h-element\"><a h-use-smooth-scroll=\"true\" href=\"https:\/\/diocesisdelinares.com\/100\/wp-content\/uploads\/2022\/12\/Ordenanza-sobre-cuentas-diocesanas-1946-2.pdf\" target=\"_blank\" data-colibri-id=\"5076-c23\" class=\"d-flex w-100 align-items-center h-button justify-content-lg-center justify-content-md-center justify-content-center style-1549 style-local-5076-c23 position-relative\" rel=\"noopener\"><!----><!----> <span>Revisar Documento<\/span>                    <span class=\"h-svg-icon h-button__icon style-1549-icon style-local-5076-c23-icon\"><!--Icon by Icons8 Line Awesome (https:\/\/icons8.com\/line-awesome)--><svg version=\"1.1\" xmlns=\"http:\/\/www.w3.org\/2000\/svg\" xmlns:xlink=\"http:\/\/www.w3.org\/1999\/xlink\" id=\"angle-double-right\" viewBox=\"0 0 512 545.5\"><path d=\"M145.5 108.5l168 168L325 288l-11.5 11.5-168 168-22.5-23L279.5 288 123 131.5zm112 0l168 168L437 288l-11.5 11.5-168 168-22.5-23L391.5 288 235 131.5z\"><\/path><\/svg><\/span><\/a>\n                    <\/span>\n                  <\/div>\n                <\/div>\n              <\/div>\n            <\/div>\n          <\/div>\n        <\/div>\n      <\/div>\n    <\/div>\n  <\/div>\n  <div data-colibri-component=\"section\" data-colibri-id=\"5076-c24\" data-aos=\"zoomIn\" id=\"rembrandt-hall\" class=\"h-section h-section-global-spacing d-flex align-items-lg-center align-items-md-center align-items-center style-1465 style-local-5076-c24 position-relative\">\n    <!---->\n    <!---->\n    <div class=\"h-section-grid-container h-section-boxed-container\">\n      <!---->\n      <div data-colibri-id=\"5076-c25\" class=\"h-row-container gutters-row-lg-2 gutters-row-md-2 gutters-row-2 gutters-row-v-lg-2 gutters-row-v-md-2 gutters-row-v-2 style-1466 style-local-5076-c25 position-relative\">\n        <!---->\n        <div class=\"h-row justify-content-lg-center justify-content-md-center justify-content-center align-items-lg-stretch align-items-md-stretch align-items-stretch gutters-col-lg-2 gutters-col-md-2 gutters-col-2 gutters-col-v-lg-2 gutters-col-v-md-2 gutters-col-v-2\">\n          <!---->\n          <div class=\"h-column h-column-container d-flex h-col-lg-auto h-col-md-auto h-col-auto style-1467-outer style-local-5076-c26-outer\">\n            <div data-colibri-id=\"5076-c26\" class=\"d-flex h-flex-basis h-column__inner h-px-lg-2 h-px-md-2 h-px-2 v-inner-lg-2 v-inner-md-2 v-inner-2 style-1467 style-local-5076-c26 position-relative\">\n              <!---->\n              <!---->\n              <div class=\"w-100 h-y-container h-column__content h-column__v-align flex-basis-100 align-self-lg-start align-self-md-start align-self-start\">\n                <!---->\n                <div data-colibri-id=\"5076-c27\" class=\"d-block style-1468 style-local-5076-c27 position-relative h-element\">\n                  <!---->\n                  <div class=\"h-image__frame-container-outer\">\n                    <a href=\"https:\/\/diocesisdelinares.com\/100\/wp-content\/uploads\/2022\/03\/Consagracion-de-la-Iglesia-Catedral-de-San-Ambrosio-7-sept-1963.pdf\" target=\"_blank\" h-use-smooth-scroll=\"true\" class=\"image-link\" rel=\"noopener\">\n                      <div class=\"h-image__frame-container\">\n                        <!---->\n                        <!---->\n                        <img loading=\"lazy\" decoding=\"async\" width=\"1539\" height=\"2130\" src=\"https:\/\/diocesisdelinares.com\/100\/wp-content\/uploads\/2022\/03\/Consagracion-de-la-Iglesia-Catedral-de-San-Ambrosio-7-sept-1963-0001.jpg\" class=\"wp-image-3938 style-1468-image style-local-5076-c27-image\" alt=\"\" srcset=\"https:\/\/diocesisdelinares.com\/100\/wp-content\/uploads\/2022\/03\/Consagracion-de-la-Iglesia-Catedral-de-San-Ambrosio-7-sept-1963-0001.jpg 1539w, https:\/\/diocesisdelinares.com\/100\/wp-content\/uploads\/2022\/03\/Consagracion-de-la-Iglesia-Catedral-de-San-Ambrosio-7-sept-1963-0001-217x300.jpg 217w, https:\/\/diocesisdelinares.com\/100\/wp-content\/uploads\/2022\/03\/Consagracion-de-la-Iglesia-Catedral-de-San-Ambrosio-7-sept-1963-0001-740x1024.jpg 740w, https:\/\/diocesisdelinares.com\/100\/wp-content\/uploads\/2022\/03\/Consagracion-de-la-Iglesia-Catedral-de-San-Ambrosio-7-sept-1963-0001-768x1063.jpg 768w, https:\/\/diocesisdelinares.com\/100\/wp-content\/uploads\/2022\/03\/Consagracion-de-la-Iglesia-Catedral-de-San-Ambrosio-7-sept-1963-0001-1110x1536.jpg 1110w, https:\/\/diocesisdelinares.com\/100\/wp-content\/uploads\/2022\/03\/Consagracion-de-la-Iglesia-Catedral-de-San-Ambrosio-7-sept-1963-0001-1480x2048.jpg 1480w\" sizes=\"auto, (max-width: 1539px) 100vw, 1539px\" \/>\n                        <div class=\"h-image__frame style-1468-frameImage style-local-5076-c27-frameImage\"><\/div>\n                      <\/div>\n                    <\/a>\n                  <\/div>\n                <\/div>\n              <\/div>\n            <\/div>\n          <\/div>\n          <div class=\"h-column h-column-container d-flex h-col-lg-auto h-col-md-auto h-col-auto style-1469-outer style-local-5076-c28-outer\">\n            <div data-colibri-id=\"5076-c28\" class=\"d-flex h-flex-basis h-column__inner h-px-lg-2 h-px-md-2 h-px-2 v-inner-lg-2 v-inner-md-2 v-inner-2 style-1469 style-local-5076-c28 position-relative\">\n              <!---->\n              <!---->\n              <div class=\"w-100 h-y-container h-column__content h-column__v-align flex-basis-100 align-self-lg-start align-self-md-start align-self-start\">\n                <!---->\n                <div data-colibri-id=\"5076-c29\" class=\"h-global-transition-all h-heading style-1470 style-local-5076-c29 position-relative h-element\">\n                  <!---->\n                  <div class=\"h-heading__outer style-1470 style-local-5076-c29\">\n                    <!---->\n                    <!---->\n                    <h5 class=\"\">Consagraci\u00f3n Templo catedral<\/h5>\n                  <\/div>\n                <\/div>\n                <div data-colibri-id=\"5076-c30\" class=\"h-global-transition-all h-heading style-1471 style-local-5076-c30 position-relative h-element\">\n                  <!---->\n                  <div class=\"h-heading__outer style-1471 style-local-5076-c30\">\n                    <!---->\n                    <!---->\n                    <h3 class=\"\">07 septiembre 1963<\/h3>\n                  <\/div>\n                <\/div>\n                <div data-colibri-id=\"5076-c31\" class=\"h-text h-text-component style-1472 style-local-5076-c31 position-relative h-element\">\n                  <!---->\n                  <!---->\n                  <div class=\"\"><\/div>\n                <\/div>\n                <div data-colibri-id=\"5076-c32\" class=\"h-text h-text-component style-1473 style-local-5076-c32 position-relative h-element\">\n                  <!---->\n                  <!---->\n                  <div class=\"\"><\/div>\n                <\/div>\n                <div data-colibri-id=\"5076-c33\" class=\"h-x-container style-1474 style-local-5076-c33 position-relative h-element\">\n                  <!---->\n                  <div class=\"h-x-container-inner style-dynamic-5076-c33-group style-1474-spacing style-local-5076-c33-spacing\"><span class=\"h-button__outer style-1475-outer style-local-5076-c34-outer d-inline-flex h-element\"><a h-use-smooth-scroll=\"true\" href=\"https:\/\/diocesisdelinares.com\/100\/wp-content\/uploads\/2022\/03\/Consagracion-de-la-Iglesia-Catedral-de-San-Ambrosio-7-sept-1963.pdf\" target=\"_blank\" data-colibri-id=\"5076-c34\" class=\"d-flex w-100 align-items-center h-button justify-content-lg-center justify-content-md-center justify-content-center style-1475 style-local-5076-c34 position-relative\" rel=\"noopener\"><!----><!----> <span>Revisar Documento<\/span>                    <span class=\"h-svg-icon h-button__icon style-1475-icon style-local-5076-c34-icon\"><!--Icon by Icons8 Line Awesome (https:\/\/icons8.com\/line-awesome)--><svg version=\"1.1\" xmlns=\"http:\/\/www.w3.org\/2000\/svg\" xmlns:xlink=\"http:\/\/www.w3.org\/1999\/xlink\" id=\"angle-double-right\" viewBox=\"0 0 512 545.5\"><path d=\"M145.5 108.5l168 168L325 288l-11.5 11.5-168 168-22.5-23L279.5 288 123 131.5zm112 0l168 168L437 288l-11.5 11.5-168 168-22.5-23L391.5 288 235 131.5z\"><\/path><\/svg><\/span><\/a>\n                    <\/span>\n                  <\/div>\n                <\/div>\n              <\/div>\n            <\/div>\n          <\/div>\n        <\/div>\n      <\/div>\n    <\/div>\n  <\/div>\n  <div data-colibri-component=\"section\" data-colibri-id=\"5076-c35\" data-aos=\"zoomIn\" id=\"modern\" class=\"h-section h-section-global-spacing d-flex align-items-lg-center align-items-md-center align-items-center style-1476 style-local-5076-c35 position-relative\">\n    <!---->\n    <!---->\n    <div class=\"h-section-grid-container h-section-boxed-container\">\n      <!---->\n      <div data-colibri-id=\"5076-c36\" class=\"h-row-container gutters-row-lg-2 gutters-row-md-2 gutters-row-2 gutters-row-v-lg-2 gutters-row-v-md-2 gutters-row-v-2 style-1477 style-local-5076-c36 position-relative\">\n        <!---->\n        <div class=\"h-row justify-content-lg-center justify-content-md-center justify-content-center align-items-lg-stretch align-items-md-stretch align-items-stretch gutters-col-lg-2 gutters-col-md-2 gutters-col-2 gutters-col-v-lg-2 gutters-col-v-md-2 gutters-col-v-2\">\n          <!---->\n          <div class=\"h-column h-column-container d-flex h-col-lg-auto h-col-md-auto h-col-auto style-1478-outer style-local-5076-c37-outer\">\n            <div data-colibri-id=\"5076-c37\" class=\"d-flex h-flex-basis h-column__inner h-px-lg-2 h-px-md-2 h-px-2 v-inner-lg-2 v-inner-md-2 v-inner-2 style-1478 style-local-5076-c37 position-relative\">\n              <!---->\n              <!---->\n              <div class=\"w-100 h-y-container h-column__content h-column__v-align flex-basis-100 align-self-lg-start align-self-md-start align-self-start\">\n                <!---->\n                <div data-colibri-id=\"5076-c38\" class=\"h-global-transition-all h-heading style-1479 style-local-5076-c38 position-relative h-element\">\n                  <!---->\n                  <div class=\"h-heading__outer style-1479 style-local-5076-c38\">\n                    <!---->\n                    <!---->\n                    <h5 class=\"\">carta pastoral La catedral de linares<\/h5>\n                  <\/div>\n                <\/div>\n                <div data-colibri-id=\"5076-c39\" class=\"h-global-transition-all h-heading style-1480 style-local-5076-c39 position-relative h-element\">\n                  <!---->\n                  <div class=\"h-heading__outer style-1480 style-local-5076-c39\">\n                    <!---->\n                    <!---->\n                    <h3 class=\"\">Monse\u00f1or Juan Subercaseaux<\/h3>\n                  <\/div>\n                <\/div>\n                <div data-colibri-id=\"5076-c40\" class=\"h-text h-text-component style-1481 style-local-5076-c40 position-relative h-element\">\n                  <!---->\n                  <!---->\n                  <div class=\"\"><\/div>\n                <\/div>\n                <div data-colibri-id=\"5076-c41\" class=\"h-text h-text-component style-1482 style-local-5076-c41 position-relative h-element\">\n                  <!---->\n                  <!---->\n                  <div class=\"\"><\/div>\n                <\/div>\n                <div data-colibri-id=\"5076-c42\" class=\"h-x-container style-1483 style-local-5076-c42 position-relative h-element\">\n                  <!---->\n                  <div class=\"h-x-container-inner style-dynamic-5076-c42-group style-1483-spacing style-local-5076-c42-spacing\"><span class=\"h-button__outer style-1475-outer style-local-5076-c43-outer d-inline-flex h-element\"><a h-use-smooth-scroll=\"true\" href=\"https:\/\/diocesisdelinares.com\/100\/wp-content\/uploads\/2022\/03\/La-Catedral-de-San-Ambrosio_carta-pastoral-M.-Juan-Subercaseaux.pdf\" target=\"_blank\" data-colibri-id=\"5076-c43\" class=\"d-flex w-100 align-items-center h-button justify-content-lg-center justify-content-md-center justify-content-center style-1475 style-local-5076-c43 position-relative\" rel=\"noopener\"><!----><!----> <span>Revisar  Documento<\/span>                    <span class=\"h-svg-icon h-button__icon style-1475-icon style-local-5076-c43-icon\"><!--Icon by Icons8 Line Awesome (https:\/\/icons8.com\/line-awesome)--><svg version=\"1.1\" xmlns=\"http:\/\/www.w3.org\/2000\/svg\" xmlns:xlink=\"http:\/\/www.w3.org\/1999\/xlink\" id=\"angle-double-right\" viewBox=\"0 0 512 545.5\"><path d=\"M145.5 108.5l168 168L325 288l-11.5 11.5-168 168-22.5-23L279.5 288 123 131.5zm112 0l168 168L437 288l-11.5 11.5-168 168-22.5-23L391.5 288 235 131.5z\"><\/path><\/svg><\/span><\/a>\n                    <\/span>\n                  <\/div>\n                <\/div>\n              <\/div>\n            <\/div>\n          <\/div>\n          <div class=\"h-column h-column-container d-flex h-col-lg-auto h-col-md-auto h-col-auto style-1484-outer style-local-5076-c44-outer\">\n            <div data-colibri-id=\"5076-c44\" class=\"d-flex h-flex-basis h-column__inner h-px-lg-2 h-px-md-2 h-px-2 v-inner-lg-2 v-inner-md-2 v-inner-2 style-1484 style-local-5076-c44 position-relative\">\n              <!---->\n              <!---->\n              <div class=\"w-100 h-y-container h-column__content h-column__v-align flex-basis-100 align-self-lg-start align-self-md-start align-self-start\">\n                <!---->\n                <div data-colibri-id=\"5076-c45\" class=\"d-block style-1485 style-local-5076-c45 position-relative h-element\">\n                  <!---->\n                  <div class=\"h-image__frame-container-outer\">\n                    <a href=\"https:\/\/diocesisdelinares.com\/100\/wp-content\/uploads\/2022\/03\/La-Catedral-de-San-Ambrosio_carta-pastoral-M.-Juan-Subercaseaux.pdf\" target=\"_blank\" h-use-smooth-scroll=\"true\" class=\"image-link\" rel=\"noopener\">\n                      <div class=\"h-image__frame-container\">\n                        <!---->\n                        <!---->\n                        <img loading=\"lazy\" decoding=\"async\" width=\"1492\" height=\"2133\" src=\"https:\/\/diocesisdelinares.com\/100\/wp-content\/uploads\/2022\/03\/candelaria-0001.jpg\" class=\"wp-image-3961 style-1485-image style-local-5076-c45-image\" alt=\"\" srcset=\"https:\/\/diocesisdelinares.com\/100\/wp-content\/uploads\/2022\/03\/candelaria-0001.jpg 1492w, https:\/\/diocesisdelinares.com\/100\/wp-content\/uploads\/2022\/03\/candelaria-0001-210x300.jpg 210w, https:\/\/diocesisdelinares.com\/100\/wp-content\/uploads\/2022\/03\/candelaria-0001-716x1024.jpg 716w, https:\/\/diocesisdelinares.com\/100\/wp-content\/uploads\/2022\/03\/candelaria-0001-768x1098.jpg 768w, https:\/\/diocesisdelinares.com\/100\/wp-content\/uploads\/2022\/03\/candelaria-0001-1074x1536.jpg 1074w, https:\/\/diocesisdelinares.com\/100\/wp-content\/uploads\/2022\/03\/candelaria-0001-1433x2048.jpg 1433w\" sizes=\"auto, (max-width: 1492px) 100vw, 1492px\" \/>\n                        <div class=\"h-image__frame style-1485-frameImage style-local-5076-c45-frameImage\"><\/div>\n                      <\/div>\n                    <\/a>\n                  <\/div>\n                <\/div>\n              <\/div>\n            <\/div>\n          <\/div>\n        <\/div>\n      <\/div>\n    <\/div>\n  <\/div>\n  <div data-colibri-component=\"section\" data-colibri-id=\"5076-c68\" id=\"reusable-sections-3\" class=\"h-section h-section-global-spacing d-flex align-items-lg-center align-items-md-center align-items-center style-3135 style-local-5076-c68 position-relative\">\n    <!---->\n    <!---->\n    <div class=\"h-section-grid-container h-section-boxed-container\">\n      <!---->\n      <div data-colibri-id=\"5076-c69\" class=\"h-row-container gutters-row-lg-2 gutters-row-md-2 gutters-row-2 gutters-row-v-lg-2 gutters-row-v-md-2 gutters-row-v-2 style-3136 style-local-5076-c69 position-relative\">\n        <!---->\n        <div class=\"h-row justify-content-lg-center justify-content-md-center justify-content-center align-items-lg-stretch align-items-md-stretch align-items-stretch gutters-col-lg-2 gutters-col-md-2 gutters-col-2 gutters-col-v-lg-2 gutters-col-v-md-2 gutters-col-v-2\">\n          <!---->\n          <div class=\"h-column h-column-container d-flex h-col-lg-auto h-col-md-auto h-col-auto style-3137-outer style-local-5076-c70-outer\">\n            <div data-colibri-id=\"5076-c70\" class=\"d-flex h-flex-basis h-column__inner h-px-lg-2 h-px-md-2 h-px-2 v-inner-lg-2 v-inner-md-2 v-inner-2 style-3137 style-local-5076-c70 position-relative\">\n              <!---->\n              <!---->\n              <div class=\"w-100 h-y-container h-column__content h-column__v-align flex-basis-100 align-self-lg-start align-self-md-start align-self-start\">\n                <!---->\n                <div data-colibri-id=\"5076-c71\" class=\"h-global-transition-all h-heading style-3138 style-local-5076-c71 position-relative h-element\">\n                  <!---->\n                  <div class=\"h-heading__outer style-3138 style-local-5076-c71\">\n                    <!---->\n                    <!---->\n                    <h5 class=\"\">Recuerdo de la consagracion episcopa, D. Roberto Moreira Martin\u00e9z<\/h5>\n                  <\/div>\n                <\/div>\n                <div data-colibri-id=\"5076-c72\" class=\"h-global-transition-all h-heading style-3139 style-local-5076-c72 position-relative h-element\">\n                  <!---->\n                  <div class=\"h-heading__outer style-3139 style-local-5076-c72\">\n                    <!---->\n                    <!---->\n                    <h3 class=\"\">11 de Junio de 1941<\/h3>\n                  <\/div>\n                <\/div>\n                <div data-colibri-id=\"5076-c73\" class=\"h-text h-text-component style-3140 style-local-5076-c73 position-relative h-element\">\n                  <!---->\n                  <!---->\n                  <div class=\"\"><\/div>\n                <\/div>\n                <div data-colibri-id=\"5076-c74\" class=\"h-text h-text-component style-3141 style-local-5076-c74 position-relative h-element\">\n                  <!---->\n                  <!---->\n                  <div class=\"\"><\/div>\n                <\/div>\n                <div data-colibri-id=\"5076-c75\" class=\"h-x-container style-3142 style-local-5076-c75 position-relative h-element\">\n                  <!---->\n                  <div class=\"h-x-container-inner style-dynamic-5076-c75-group style-3142-spacing style-local-5076-c75-spacing\"><span class=\"h-button__outer style-3143-outer style-local-5076-c76-outer d-inline-flex h-element\"><a h-use-smooth-scroll=\"true\" href=\"https:\/\/diocesisdelinares.com\/100\/wp-content\/uploads\/2024\/04\/Recuerdo-de-la-consagracion-episcopa-D.-Roberto-Moreira-Martinez-1.pdf\" target=\"_blank\" data-colibri-id=\"5076-c76\" class=\"d-flex w-100 align-items-center h-button justify-content-lg-center justify-content-md-center justify-content-center style-3143 style-local-5076-c76 position-relative\" rel=\"noopener\"><!----><!----> <span>Revisar  Documento<\/span>                    <span class=\"h-svg-icon h-button__icon style-3143-icon style-local-5076-c76-icon\"><!--Icon by Icons8 Line Awesome (https:\/\/icons8.com\/line-awesome)--><svg version=\"1.1\" xmlns=\"http:\/\/www.w3.org\/2000\/svg\" xmlns:xlink=\"http:\/\/www.w3.org\/1999\/xlink\" id=\"angle-double-right\" viewBox=\"0 0 512 545.5\"><path d=\"M145.5 108.5l168 168L325 288l-11.5 11.5-168 168-22.5-23L279.5 288 123 131.5zm112 0l168 168L437 288l-11.5 11.5-168 168-22.5-23L391.5 288 235 131.5z\"><\/path><\/svg><\/span><\/a>\n                    <\/span>\n                  <\/div>\n                <\/div>\n              <\/div>\n            <\/div>\n          <\/div>\n          <div class=\"h-column h-column-container d-flex h-col-lg-auto h-col-md-auto h-col-auto style-3144-outer style-local-5076-c77-outer\">\n            <div data-colibri-id=\"5076-c77\" class=\"d-flex h-flex-basis h-column__inner h-px-lg-2 h-px-md-2 h-px-2 v-inner-lg-2 v-inner-md-2 v-inner-2 style-3144 style-local-5076-c77 position-relative\">\n              <!---->\n              <!---->\n              <div class=\"w-100 h-y-container h-column__content h-column__v-align flex-basis-100 align-self-lg-start align-self-md-start align-self-start\">\n                <!---->\n                <div data-colibri-id=\"5076-c78\" class=\"d-block style-3145 style-local-5076-c78 position-relative h-element\">\n                  <!---->\n                  <div class=\"h-image__frame-container-outer\">\n                    <a href=\"https:\/\/diocesisdelinares.com\/100\/wp-content\/uploads\/2024\/04\/Recuerdo-de-la-consagracion-episcopa-D.-Roberto-Moreira-Martinez-1.pdf\" target=\"_blank\" h-use-smooth-scroll=\"true\" class=\"image-link\" rel=\"noopener\">\n                      <div class=\"h-image__frame-container\">\n                        <!---->\n                        <!---->\n                        <img loading=\"lazy\" decoding=\"async\" width=\"1305\" height=\"1980\" src=\"https:\/\/diocesisdelinares.com\/100\/wp-content\/uploads\/2024\/04\/Recuerdo-de-la-consagracion-episcopa-D.-Roberto-Moreira-Martinez-0001.jpg\" class=\"wp-image-7453 style-3145-image style-local-5076-c78-image\" alt=\"\" srcset=\"https:\/\/diocesisdelinares.com\/100\/wp-content\/uploads\/2024\/04\/Recuerdo-de-la-consagracion-episcopa-D.-Roberto-Moreira-Martinez-0001.jpg 1305w, https:\/\/diocesisdelinares.com\/100\/wp-content\/uploads\/2024\/04\/Recuerdo-de-la-consagracion-episcopa-D.-Roberto-Moreira-Martinez-0001-198x300.jpg 198w, https:\/\/diocesisdelinares.com\/100\/wp-content\/uploads\/2024\/04\/Recuerdo-de-la-consagracion-episcopa-D.-Roberto-Moreira-Martinez-0001-675x1024.jpg 675w, https:\/\/diocesisdelinares.com\/100\/wp-content\/uploads\/2024\/04\/Recuerdo-de-la-consagracion-episcopa-D.-Roberto-Moreira-Martinez-0001-768x1165.jpg 768w, https:\/\/diocesisdelinares.com\/100\/wp-content\/uploads\/2024\/04\/Recuerdo-de-la-consagracion-episcopa-D.-Roberto-Moreira-Martinez-0001-1012x1536.jpg 1012w\" sizes=\"auto, (max-width: 1305px) 100vw, 1305px\" \/>\n                        <div class=\"h-image__frame style-3145-frameImage style-local-5076-c78-frameImage\"><\/div>\n                      <\/div>\n                    <\/a>\n                  <\/div>\n                <\/div>\n              <\/div>\n            <\/div>\n          <\/div>\n        <\/div>\n      <\/div>\n    <\/div>\n  <\/div>\n<\/div>","protected":false},"excerpt":{"rendered":"<p>decretos y nombramientos 1926 Archivo 1926 Revisar Documento Ordenanza sobre cuentas diocesanas A\u00f1o 1946 Revisar Documento Consagraci\u00f3n Templo catedral 07 septiembre 1963 Revisar Documento carta pastoral La catedral de linares Monse\u00f1or Juan Subercaseaux Revisar Documento Recuerdo de la consagracion episcopa, D. Roberto Moreira Martin\u00e9z 11 de Junio de 1941 Revisar Documento<\/p>\n","protected":false},"author":1,"featured_media":0,"parent":0,"menu_order":0,"comment_status":"closed","ping_status":"closed","template":"page-templates\/full-width-page.php","meta":{"footnotes":""},"class_list":["post-5076","page","type-page","status-publish","hentry"],"_links":{"self":[{"href":"https:\/\/diocesisdelinares.com\/100\/wp-json\/wp\/v2\/pages\/5076","targetHints":{"allow":["GET"]}}],"collection":[{"href":"https:\/\/diocesisdelinares.com\/100\/wp-json\/wp\/v2\/pages"}],"about":[{"href":"https:\/\/diocesisdelinares.com\/100\/wp-json\/wp\/v2\/types\/page"}],"author":[{"embeddable":true,"href":"https:\/\/diocesisdelinares.com\/100\/wp-json\/wp\/v2\/users\/1"}],"replies":[{"embeddable":true,"href":"https:\/\/diocesisdelinares.com\/100\/wp-json\/wp\/v2\/comments?post=5076"}],"version-history":[{"count":16,"href":"https:\/\/diocesisdelinares.com\/100\/wp-json\/wp\/v2\/pages\/5076\/revisions"}],"predecessor-version":[{"id":7814,"href":"https:\/\/diocesisdelinares.com\/100\/wp-json\/wp\/v2\/pages\/5076\/revisions\/7814"}],"wp:attachment":[{"href":"https:\/\/diocesisdelinares.com\/100\/wp-json\/wp\/v2\/media?parent=5076"}],"curies":[{"name":"wp","href":"https:\/\/api.w.org\/{rel}","templated":true}]}}