{"id":5007,"date":"2023-01-17T14:40:27","date_gmt":"2023-01-17T14:40:27","guid":{"rendered":"https:\/\/diocesisdelinares.com\/100\/?page_id=5007"},"modified":"2024-07-19T17:01:26","modified_gmt":"2024-07-19T17:01:26","slug":"sinodos","status":"publish","type":"page","link":"https:\/\/diocesisdelinares.com\/100\/sinodos\/","title":{"rendered":"Sinodos"},"content":{"rendered":"<div data-colibri-id=\"5007-c1\" class=\"style-1252 style-local-5007-c1 position-relative\">\n  <!---->\n  <div data-colibri-component=\"section\" data-colibri-id=\"5007-c2\" data-aos=\"zoomIn\" id=\"contemporary\" class=\"h-section h-section-global-spacing d-flex align-items-lg-center align-items-md-center align-items-center style-1283 style-local-5007-c2 position-relative\">\n    <!---->\n    <!---->\n    <div class=\"h-section-grid-container h-section-boxed-container\">\n      <!---->\n      <div data-colibri-id=\"5007-c3\" class=\"h-row-container gutters-row-lg-2 gutters-row-md-2 gutters-row-2 gutters-row-v-lg-2 gutters-row-v-md-2 gutters-row-v-2 style-1284 style-local-5007-c3 position-relative\">\n        <!---->\n        <div class=\"h-row justify-content-lg-center justify-content-md-center justify-content-center align-items-lg-stretch align-items-md-stretch align-items-stretch gutters-col-lg-2 gutters-col-md-2 gutters-col-2 gutters-col-v-lg-2 gutters-col-v-md-2 gutters-col-v-2\">\n          <!---->\n          <div class=\"h-column h-column-container d-flex h-col-lg-auto h-col-md-auto h-col-auto style-1285-outer style-local-5007-c4-outer\">\n            <div data-colibri-id=\"5007-c4\" class=\"d-flex h-flex-basis h-column__inner h-px-lg-2 h-px-md-2 h-px-2 v-inner-lg-2 v-inner-md-2 v-inner-2 style-1285 style-local-5007-c4 position-relative\">\n              <!---->\n              <!---->\n              <div class=\"w-100 h-y-container h-column__content h-column__v-align flex-basis-100 align-self-lg-start align-self-md-start align-self-start\">\n                <!---->\n                <div data-colibri-id=\"5007-c5\" class=\"d-block style-1286 style-local-5007-c5 position-relative h-element\">\n                  <!---->\n                  <div class=\"h-image__frame-container-outer\">\n                    <a href=\"https:\/\/diocesisdelinares.com\/100\/wp-content\/uploads\/2022\/03\/Sinodo-Diocesano-noviembre-1967.pdf\" target=\"_blank\" h-use-smooth-scroll=\"true\" class=\"image-link\" rel=\"noopener\">\n                      <div class=\"h-image__frame-container\">\n                        <!---->\n                        <!---->\n                        <img loading=\"lazy\" decoding=\"async\" width=\"1762\" height=\"2560\" src=\"https:\/\/diocesisdelinares.com\/100\/wp-content\/uploads\/2022\/03\/Sinodo-Diocesano-noviembre-1967-0001-scaled.jpg\" class=\"wp-image-4005 style-1286-image style-local-5007-c5-image\" alt=\"\" srcset=\"https:\/\/diocesisdelinares.com\/100\/wp-content\/uploads\/2022\/03\/Sinodo-Diocesano-noviembre-1967-0001-scaled.jpg 1762w, https:\/\/diocesisdelinares.com\/100\/wp-content\/uploads\/2022\/03\/Sinodo-Diocesano-noviembre-1967-0001-206x300.jpg 206w, https:\/\/diocesisdelinares.com\/100\/wp-content\/uploads\/2022\/03\/Sinodo-Diocesano-noviembre-1967-0001-705x1024.jpg 705w, https:\/\/diocesisdelinares.com\/100\/wp-content\/uploads\/2022\/03\/Sinodo-Diocesano-noviembre-1967-0001-768x1116.jpg 768w, https:\/\/diocesisdelinares.com\/100\/wp-content\/uploads\/2022\/03\/Sinodo-Diocesano-noviembre-1967-0001-1057x1536.jpg 1057w, https:\/\/diocesisdelinares.com\/100\/wp-content\/uploads\/2022\/03\/Sinodo-Diocesano-noviembre-1967-0001-1409x2048.jpg 1409w\" sizes=\"auto, (max-width: 1762px) 100vw, 1762px\" \/>\n                        <div class=\"h-image__frame style-1286-frameImage style-local-5007-c5-frameImage\"><\/div>\n                      <\/div>\n                    <\/a>\n                  <\/div>\n                <\/div>\n              <\/div>\n            <\/div>\n          <\/div>\n          <div class=\"h-column h-column-container d-flex h-col-lg-auto h-col-md-auto h-col-auto style-1287-outer style-local-5007-c6-outer\">\n            <div data-colibri-id=\"5007-c6\" class=\"d-flex h-flex-basis h-column__inner h-px-lg-2 h-px-md-2 h-px-2 v-inner-lg-2 v-inner-md-2 v-inner-2 style-1287 style-local-5007-c6 position-relative\">\n              <!---->\n              <!---->\n              <div class=\"w-100 h-y-container h-column__content h-column__v-align flex-basis-100 align-self-lg-start align-self-md-start align-self-start\">\n                <!---->\n                <div data-colibri-id=\"5007-c7\" class=\"h-global-transition-all h-heading style-1288 style-local-5007-c7 position-relative h-element\">\n                  <!---->\n                  <div class=\"h-heading__outer style-1288 style-local-5007-c7\">\n                    <!---->\n                    <!---->\n                    <h5 class=\"\">sinodo diocesano 1967<\/h5>\n                  <\/div>\n                <\/div>\n                <div data-colibri-id=\"5007-c8\" class=\"h-global-transition-all h-heading style-1289 style-local-5007-c8 position-relative h-element\">\n                  <!---->\n                  <div class=\"h-heading__outer style-1289 style-local-5007-c8\">\n                    <!---->\n                    <!---->\n                    <h3 class=\"\"><\/h3>\n                  <\/div>\n                <\/div>\n                <div data-colibri-id=\"5007-c9\" class=\"h-text h-text-component style-1290 style-local-5007-c9 position-relative h-element\">\n                  <!---->\n                  <!---->\n                  <div class=\"\">\n                    <p><strong>La Iglesia naci\u00f3 como semilla peque\u00f1a junto al Mar de Tiber\u00edades, pero cobr\u00f3 energ\u00eda y dinamismo con la fuerza del Esp\u00edritu Santo en Pentecost\u00e9s.<\/strong><\/p>\n                  <\/div>\n                <\/div>\n                <div data-colibri-id=\"5007-c10\" class=\"h-x-container style-1291 style-local-5007-c10 position-relative h-element\">\n                  <!---->\n                  <div class=\"h-x-container-inner style-dynamic-5007-c10-group style-1291-spacing style-local-5007-c10-spacing\"><span class=\"h-button__outer style-1272-outer style-local-5007-c11-outer d-inline-flex h-element\"><a h-use-smooth-scroll=\"true\" href=\"https:\/\/diocesisdelinares.com\/100\/wp-content\/uploads\/2022\/03\/Sinodo-Diocesano-noviembre-1967.pdf\" target=\"_blank\" data-colibri-id=\"5007-c11\" class=\"d-flex w-100 align-items-center h-button justify-content-lg-center justify-content-md-center justify-content-center style-1272 style-local-5007-c11 position-relative\" rel=\"noopener\"><!----><!----> <span>Revisar Documento<\/span>                    <span class=\"h-svg-icon h-button__icon style-1272-icon style-local-5007-c11-icon\"><!--Icon by Icons8 Line Awesome (https:\/\/icons8.com\/line-awesome)--><svg version=\"1.1\" xmlns=\"http:\/\/www.w3.org\/2000\/svg\" xmlns:xlink=\"http:\/\/www.w3.org\/1999\/xlink\" id=\"angle-double-right\" viewBox=\"0 0 512 545.5\"><path d=\"M145.5 108.5l168 168L325 288l-11.5 11.5-168 168-22.5-23L279.5 288 123 131.5zm112 0l168 168L437 288l-11.5 11.5-168 168-22.5-23L391.5 288 235 131.5z\"><\/path><\/svg><\/span><\/a>\n                    <\/span>\n                  <\/div>\n                <\/div>\n              <\/div>\n            <\/div>\n          <\/div>\n        <\/div>\n      <\/div>\n    <\/div>\n  <\/div>\n  <div data-colibri-component=\"section\" data-colibri-id=\"5007-c12\" id=\"reusable-sections\" class=\"h-section h-section-global-spacing d-flex align-items-lg-center align-items-md-center align-items-center style-3304 style-local-5007-c12 position-relative\">\n    <!---->\n    <!---->\n    <div class=\"h-section-grid-container h-section-boxed-container\">\n      <!---->\n      <div data-colibri-id=\"5007-c13\" class=\"h-row-container gutters-row-lg-2 gutters-row-md-2 gutters-row-2 gutters-row-v-lg-2 gutters-row-v-md-2 gutters-row-v-2 style-3305 style-local-5007-c13 position-relative\">\n        <!---->\n        <div class=\"h-row justify-content-lg-center justify-content-md-center justify-content-center align-items-lg-stretch align-items-md-stretch align-items-stretch gutters-col-lg-2 gutters-col-md-2 gutters-col-2 gutters-col-v-lg-2 gutters-col-v-md-2 gutters-col-v-2\">\n          <!---->\n          <div class=\"h-column h-column-container d-flex h-col-lg-auto h-col-md-auto h-col-auto style-3306-outer style-local-5007-c14-outer\">\n            <div data-colibri-id=\"5007-c14\" class=\"d-flex h-flex-basis h-column__inner h-px-lg-2 h-px-md-2 h-px-2 v-inner-lg-2 v-inner-md-2 v-inner-2 style-3306 style-local-5007-c14 position-relative\">\n              <!---->\n              <!---->\n              <div class=\"w-100 h-y-container h-column__content h-column__v-align flex-basis-100 align-self-lg-start align-self-md-start align-self-start\">\n                <!---->\n                <div data-colibri-id=\"5007-c15\" class=\"h-global-transition-all h-heading style-3307 style-local-5007-c15 position-relative h-element\">\n                  <!---->\n                  <div class=\"h-heading__outer style-3307 style-local-5007-c15\">\n                    <!---->\n                    <!---->\n                    <h5 class=\"\">Plan Pastoral 1986-1989<\/h5>\n                  <\/div>\n                <\/div>\n                <div data-colibri-id=\"5007-c16\" class=\"h-global-transition-all h-heading style-3308 style-local-5007-c16 position-relative h-element\">\n                  <!---->\n                  <div class=\"h-heading__outer style-3308 style-local-5007-c16\">\n                    <!---->\n                    <!---->\n                    <h3 class=\"\"><\/h3>\n                  <\/div>\n                <\/div>\n                <div data-colibri-id=\"5007-c17\" class=\"h-text h-text-component style-3309 style-local-5007-c17 position-relative h-element\">\n                  <!---->\n                  <!---->\n                  <div class=\"\"><\/div>\n                <\/div>\n                <div data-colibri-id=\"5007-c18\" class=\"h-text h-text-component style-3310 style-local-5007-c18 position-relative h-element\">\n                  <!---->\n                  <!---->\n                  <div class=\"\"><\/div>\n                <\/div>\n                <div data-colibri-id=\"5007-c19\" class=\"h-x-container style-3311 style-local-5007-c19 position-relative h-element\">\n                  <!---->\n                  <div class=\"h-x-container-inner style-dynamic-5007-c19-group style-3311-spacing style-local-5007-c19-spacing\"><span class=\"h-button__outer style-3312-outer style-local-5007-c20-outer d-inline-flex h-element\"><a h-use-smooth-scroll=\"true\" href=\"https:\/\/diocesisdelinares.com\/100\/wp-content\/uploads\/2024\/07\/Plan-Pastoral-1986-1989.pdf\" target=\"_blank\" data-colibri-id=\"5007-c20\" class=\"d-flex w-100 align-items-center h-button justify-content-lg-center justify-content-md-center justify-content-center style-3312 style-local-5007-c20 position-relative\" rel=\"noopener\"><!----><!----> <span>Revisar  Documento<\/span>                    <span class=\"h-svg-icon h-button__icon style-3312-icon style-local-5007-c20-icon\"><!--Icon by Icons8 Line Awesome (https:\/\/icons8.com\/line-awesome)--><svg version=\"1.1\" xmlns=\"http:\/\/www.w3.org\/2000\/svg\" xmlns:xlink=\"http:\/\/www.w3.org\/1999\/xlink\" id=\"angle-double-right\" viewBox=\"0 0 512 545.5\"><path d=\"M145.5 108.5l168 168L325 288l-11.5 11.5-168 168-22.5-23L279.5 288 123 131.5zm112 0l168 168L437 288l-11.5 11.5-168 168-22.5-23L391.5 288 235 131.5z\"><\/path><\/svg><\/span><\/a>\n                    <\/span>\n                  <\/div>\n                <\/div>\n              <\/div>\n            <\/div>\n          <\/div>\n          <div class=\"h-column h-column-container d-flex h-col-lg-auto h-col-md-auto h-col-auto style-3313-outer style-local-5007-c21-outer\">\n            <div data-colibri-id=\"5007-c21\" class=\"d-flex h-flex-basis h-column__inner h-px-lg-2 h-px-md-2 h-px-2 v-inner-lg-2 v-inner-md-2 v-inner-2 style-3313 style-local-5007-c21 position-relative\">\n              <!---->\n              <!---->\n              <div class=\"w-100 h-y-container h-column__content h-column__v-align flex-basis-100 align-self-lg-start align-self-md-start align-self-start\">\n                <!---->\n                <div data-colibri-id=\"5007-c22\" class=\"d-block style-3314 style-local-5007-c22 position-relative h-element\">\n                  <!---->\n                  <div class=\"h-image__frame-container-outer\">\n                    <a href=\"https:\/\/diocesisdelinares.com\/100\/wp-content\/uploads\/2024\/07\/Plan-Pastoral-1986-1989.pdf\" target=\"_blank\" h-use-smooth-scroll=\"true\" class=\"image-link\" rel=\"noopener\">\n                      <div class=\"h-image__frame-container\">\n                        <!---->\n                        <!---->\n                        <img loading=\"lazy\" decoding=\"async\" width=\"2560\" height=\"2047\" src=\"https:\/\/diocesisdelinares.com\/100\/wp-content\/uploads\/2024\/07\/Diocesis-Linares-0003-scaled.jpg\" class=\"wp-image-7769 style-3314-image style-local-5007-c22-image\" alt=\"\" srcset=\"https:\/\/diocesisdelinares.com\/100\/wp-content\/uploads\/2024\/07\/Diocesis-Linares-0003-scaled.jpg 2560w, https:\/\/diocesisdelinares.com\/100\/wp-content\/uploads\/2024\/07\/Diocesis-Linares-0003-300x240.jpg 300w, https:\/\/diocesisdelinares.com\/100\/wp-content\/uploads\/2024\/07\/Diocesis-Linares-0003-1024x819.jpg 1024w, https:\/\/diocesisdelinares.com\/100\/wp-content\/uploads\/2024\/07\/Diocesis-Linares-0003-768x614.jpg 768w, https:\/\/diocesisdelinares.com\/100\/wp-content\/uploads\/2024\/07\/Diocesis-Linares-0003-1536x1228.jpg 1536w, https:\/\/diocesisdelinares.com\/100\/wp-content\/uploads\/2024\/07\/Diocesis-Linares-0003-2048x1637.jpg 2048w\" sizes=\"auto, (max-width: 2560px) 100vw, 2560px\" \/>\n                        <div class=\"h-image__frame style-3314-frameImage style-local-5007-c22-frameImage\"><\/div>\n                      <\/div>\n                    <\/a>\n                  <\/div>\n                <\/div>\n              <\/div>\n            <\/div>\n          <\/div>\n        <\/div>\n      <\/div>\n    <\/div>\n  <\/div>\n  <div data-colibri-component=\"section\" data-colibri-id=\"5007-c27\" id=\"reusable-sections-2\" class=\"h-section h-section-global-spacing d-flex align-items-lg-center align-items-md-center align-items-center style-3319 style-local-5007-c27 position-relative\">\n    <!---->\n    <!---->\n    <div class=\"h-section-grid-container h-section-boxed-container\">\n      <!---->\n      <div data-colibri-id=\"5007-c28\" class=\"h-row-container gutters-row-lg-2 gutters-row-md-2 gutters-row-2 gutters-row-v-lg-2 gutters-row-v-md-2 gutters-row-v-2 style-3320 style-local-5007-c28 position-relative\">\n        <!---->\n        <div class=\"h-row justify-content-lg-center justify-content-md-center justify-content-center align-items-lg-stretch align-items-md-stretch align-items-stretch gutters-col-lg-2 gutters-col-md-2 gutters-col-2 gutters-col-v-lg-2 gutters-col-v-md-2 gutters-col-v-2\">\n          <!---->\n          <div class=\"h-column h-column-container d-flex h-col-lg-auto h-col-md-auto h-col-auto style-3321-outer style-local-5007-c29-outer\">\n            <div data-colibri-id=\"5007-c29\" class=\"d-flex h-flex-basis h-column__inner h-px-lg-2 h-px-md-2 h-px-2 v-inner-lg-2 v-inner-md-2 v-inner-2 style-3321 style-local-5007-c29 position-relative\">\n              <!---->\n              <!---->\n              <div class=\"w-100 h-y-container h-column__content h-column__v-align flex-basis-100 align-self-lg-start align-self-md-start align-self-start\">\n                <!---->\n                <div data-colibri-id=\"5007-c30\" class=\"d-block style-3322 style-local-5007-c30 position-relative h-element\">\n                  <!---->\n                  <div class=\"h-image__frame-container-outer\">\n                    <a href=\"https:\/\/diocesisdelinares.com\/100\/wp-content\/uploads\/2024\/07\/XXIV-Asamblea-Sinodal-cuadernillo-de-formacion-2004.pdf\" target=\"_blank\" h-use-smooth-scroll=\"true\" class=\"image-link\" rel=\"noopener\">\n                      <div class=\"h-image__frame-container\">\n                        <!---->\n                        <!---->\n                        <img loading=\"lazy\" decoding=\"async\" width=\"1887\" height=\"2523\" src=\"https:\/\/diocesisdelinares.com\/100\/wp-content\/uploads\/2024\/07\/XXIV-Asamblea-Sinodal-cuadernillo-de-formacion-2004-0001.png\" class=\"wp-image-7787 style-3322-image style-local-5007-c30-image\" alt=\"\" srcset=\"https:\/\/diocesisdelinares.com\/100\/wp-content\/uploads\/2024\/07\/XXIV-Asamblea-Sinodal-cuadernillo-de-formacion-2004-0001.png 1887w, https:\/\/diocesisdelinares.com\/100\/wp-content\/uploads\/2024\/07\/XXIV-Asamblea-Sinodal-cuadernillo-de-formacion-2004-0001-224x300.png 224w, https:\/\/diocesisdelinares.com\/100\/wp-content\/uploads\/2024\/07\/XXIV-Asamblea-Sinodal-cuadernillo-de-formacion-2004-0001-766x1024.png 766w, https:\/\/diocesisdelinares.com\/100\/wp-content\/uploads\/2024\/07\/XXIV-Asamblea-Sinodal-cuadernillo-de-formacion-2004-0001-768x1027.png 768w, https:\/\/diocesisdelinares.com\/100\/wp-content\/uploads\/2024\/07\/XXIV-Asamblea-Sinodal-cuadernillo-de-formacion-2004-0001-1149x1536.png 1149w, https:\/\/diocesisdelinares.com\/100\/wp-content\/uploads\/2024\/07\/XXIV-Asamblea-Sinodal-cuadernillo-de-formacion-2004-0001-1532x2048.png 1532w\" sizes=\"auto, (max-width: 1887px) 100vw, 1887px\" \/>\n                        <div class=\"h-image__frame style-3322-frameImage style-local-5007-c30-frameImage\"><\/div>\n                      <\/div>\n                    <\/a>\n                  <\/div>\n                <\/div>\n              <\/div>\n            <\/div>\n          <\/div>\n          <div class=\"h-column h-column-container d-flex h-col-lg-auto h-col-md-auto h-col-auto style-3323-outer style-local-5007-c31-outer\">\n            <div data-colibri-id=\"5007-c31\" class=\"d-flex h-flex-basis h-column__inner h-px-lg-2 h-px-md-2 h-px-2 v-inner-lg-2 v-inner-md-2 v-inner-2 style-3323 style-local-5007-c31 position-relative\">\n              <!---->\n              <!---->\n              <div class=\"w-100 h-y-container h-column__content h-column__v-align flex-basis-100 align-self-lg-start align-self-md-start align-self-start\">\n                <!---->\n                <div data-colibri-id=\"5007-c32\" class=\"h-global-transition-all h-heading style-3324 style-local-5007-c32 position-relative h-element\">\n                  <!---->\n                  <div class=\"h-heading__outer style-3324 style-local-5007-c32\">\n                    <!---->\n                    <!---->\n                    <h5 class=\"\">\u00abFamilia, esperanza del TERCER MILENIO<\/h5>\n                  <\/div>\n                <\/div>\n                <div data-colibri-id=\"5007-c33\" class=\"h-global-transition-all h-heading style-3325 style-local-5007-c33 position-relative h-element\">\n                  <!---->\n                  <div class=\"h-heading__outer style-3325 style-local-5007-c33\">\n                    <!---->\n                    <!---->\n                    <h3 class=\"\">XXIV ASAMBLEA SINODAL 2004&nbsp;<\/h3>\n                  <\/div>\n                <\/div>\n                <div data-colibri-id=\"5007-c34\" class=\"h-text h-text-component style-3326 style-local-5007-c34 position-relative h-element\">\n                  <!---->\n                  <!---->\n                  <div class=\"\">\n                    <p>Cuadernillo de Formaci\u00f3n&nbsp;<\/p>\n                  <\/div>\n                <\/div>\n                <div data-colibri-id=\"5007-c35\" class=\"h-text h-text-component style-3327 style-local-5007-c35 position-relative h-element\">\n                  <!---->\n                  <!---->\n                  <div class=\"\"><\/div>\n                <\/div>\n                <div data-colibri-id=\"5007-c36\" class=\"h-x-container style-3328 style-local-5007-c36 position-relative h-element\">\n                  <!---->\n                  <div class=\"h-x-container-inner style-dynamic-5007-c36-group style-3328-spacing style-local-5007-c36-spacing\"><span class=\"h-button__outer style-3329-outer style-local-5007-c37-outer d-inline-flex h-element\"><a h-use-smooth-scroll=\"true\" href=\"https:\/\/diocesisdelinares.com\/100\/wp-content\/uploads\/2024\/07\/XXIV-Asamblea-Sinodal-cuadernillo-de-formacion-2004.pdf\" target=\"_blank\" data-colibri-id=\"5007-c37\" class=\"d-flex w-100 align-items-center h-button justify-content-lg-center justify-content-md-center justify-content-center style-3329 style-local-5007-c37 position-relative\" rel=\"noopener\"><!----><!----> <span>Revisar Documento<\/span>                    <span class=\"h-svg-icon h-button__icon style-3329-icon style-local-5007-c37-icon\"><!--Icon by Icons8 Line Awesome (https:\/\/icons8.com\/line-awesome)--><svg version=\"1.1\" xmlns=\"http:\/\/www.w3.org\/2000\/svg\" xmlns:xlink=\"http:\/\/www.w3.org\/1999\/xlink\" id=\"angle-double-right\" viewBox=\"0 0 512 545.5\"><path d=\"M145.5 108.5l168 168L325 288l-11.5 11.5-168 168-22.5-23L279.5 288 123 131.5zm112 0l168 168L437 288l-11.5 11.5-168 168-22.5-23L391.5 288 235 131.5z\"><\/path><\/svg><\/span><\/a>\n                    <\/span>\n                  <\/div>\n                <\/div>\n              <\/div>\n            <\/div>\n          <\/div>\n        <\/div>\n      <\/div>\n    <\/div>\n  <\/div>\n  <div data-colibri-component=\"section\" data-colibri-id=\"5007-c167\" id=\"reusable-sections-4\" class=\"h-section h-section-global-spacing d-flex align-items-lg-center align-items-md-center align-items-center style-3417 style-local-5007-c167 position-relative\">\n    <!---->\n    <!---->\n    <div class=\"h-section-grid-container h-section-boxed-container\">\n      <!---->\n      <div data-colibri-id=\"5007-c168\" class=\"h-row-container gutters-row-lg-2 gutters-row-md-2 gutters-row-2 gutters-row-v-lg-2 gutters-row-v-md-2 gutters-row-v-2 style-3418 style-local-5007-c168 position-relative\">\n        <!---->\n        <div class=\"h-row justify-content-lg-center justify-content-md-center justify-content-center align-items-lg-stretch align-items-md-stretch align-items-stretch gutters-col-lg-2 gutters-col-md-2 gutters-col-2 gutters-col-v-lg-2 gutters-col-v-md-2 gutters-col-v-2\">\n          <!---->\n          <div class=\"h-column h-column-container d-flex h-col-lg-auto h-col-md-auto h-col-auto style-3419-outer style-local-5007-c169-outer\">\n            <div data-colibri-id=\"5007-c169\" class=\"d-flex h-flex-basis h-column__inner h-px-lg-2 h-px-md-2 h-px-2 v-inner-lg-2 v-inner-md-2 v-inner-2 style-3419 style-local-5007-c169 position-relative\">\n              <!---->\n              <!---->\n              <div class=\"w-100 h-y-container h-column__content h-column__v-align flex-basis-100 align-self-lg-start align-self-md-start align-self-start\">\n                <!---->\n                <div data-colibri-id=\"5007-c170\" class=\"h-global-transition-all h-heading style-3420 style-local-5007-c170 position-relative h-element\">\n                  <!---->\n                  <div class=\"h-heading__outer style-3420 style-local-5007-c170\">\n                    <!---->\n                    <!---->\n                    <h5 class=\"\">plan pastoral 2004 &#8211; 2006<\/h5>\n                  <\/div>\n                <\/div>\n                <div data-colibri-id=\"5007-c171\" class=\"h-global-transition-all h-heading style-3421 style-local-5007-c171 position-relative h-element\">\n                  <!---->\n                  <div class=\"h-heading__outer style-3421 style-local-5007-c171\">\n                    <!---->\n                    <!---->\n                    <h3 class=\"\"><\/h3>\n                  <\/div>\n                <\/div>\n                <div data-colibri-id=\"5007-c172\" class=\"h-text h-text-component style-3422 style-local-5007-c172 position-relative h-element\">\n                  <!---->\n                  <!---->\n                  <div class=\"\"><\/div>\n                <\/div>\n                <div data-colibri-id=\"5007-c173\" class=\"h-text h-text-component style-3423 style-local-5007-c173 position-relative h-element\">\n                  <!---->\n                  <!---->\n                  <div class=\"\"><\/div>\n                <\/div>\n                <div data-colibri-id=\"5007-c174\" class=\"h-x-container style-3424 style-local-5007-c174 position-relative h-element\">\n                  <!---->\n                  <div class=\"h-x-container-inner style-dynamic-5007-c174-group style-3424-spacing style-local-5007-c174-spacing\"><span class=\"h-button__outer style-3425-outer style-local-5007-c175-outer d-inline-flex h-element\"><a h-use-smooth-scroll=\"true\" href=\"https:\/\/diocesisdelinares.com\/100\/wp-content\/uploads\/2024\/07\/Plan-Pastoral-2004-2006.pdf\" target=\"_blank\" data-colibri-id=\"5007-c175\" class=\"d-flex w-100 align-items-center h-button justify-content-lg-center justify-content-md-center justify-content-center style-3425 style-local-5007-c175 position-relative\" rel=\"noopener\"><!----><!----> <span>Revisar  Documento<\/span>                    <span class=\"h-svg-icon h-button__icon style-3425-icon style-local-5007-c175-icon\"><!--Icon by Icons8 Line Awesome (https:\/\/icons8.com\/line-awesome)--><svg version=\"1.1\" xmlns=\"http:\/\/www.w3.org\/2000\/svg\" xmlns:xlink=\"http:\/\/www.w3.org\/1999\/xlink\" id=\"angle-double-right\" viewBox=\"0 0 512 545.5\"><path d=\"M145.5 108.5l168 168L325 288l-11.5 11.5-168 168-22.5-23L279.5 288 123 131.5zm112 0l168 168L437 288l-11.5 11.5-168 168-22.5-23L391.5 288 235 131.5z\"><\/path><\/svg><\/span><\/a>\n                    <\/span>\n                  <\/div>\n                <\/div>\n              <\/div>\n            <\/div>\n          <\/div>\n          <div class=\"h-column h-column-container d-flex h-col-lg-auto h-col-md-auto h-col-auto style-3426-outer style-local-5007-c176-outer\">\n            <div data-colibri-id=\"5007-c176\" class=\"d-flex h-flex-basis h-column__inner h-px-lg-2 h-px-md-2 h-px-2 v-inner-lg-2 v-inner-md-2 v-inner-2 style-3426 style-local-5007-c176 position-relative\">\n              <!---->\n              <!---->\n              <div class=\"w-100 h-y-container h-column__content h-column__v-align flex-basis-100 align-self-lg-start align-self-md-start align-self-start\">\n                <!---->\n                <div data-colibri-id=\"5007-c177\" class=\"d-block style-3427 style-local-5007-c177 position-relative h-element\">\n                  <!---->\n                  <div class=\"h-image__frame-container-outer\">\n                    <a href=\"https:\/\/diocesisdelinares.com\/100\/wp-content\/uploads\/2024\/07\/Plan-Pastoral-2004-2006.pdf\" target=\"_blank\" h-use-smooth-scroll=\"true\" class=\"image-link\" rel=\"noopener\">\n                      <div class=\"h-image__frame-container\">\n                        <!---->\n                        <!---->\n                        <img loading=\"lazy\" decoding=\"async\" width=\"1980\" height=\"1725\" src=\"https:\/\/diocesisdelinares.com\/100\/wp-content\/uploads\/2024\/07\/Plan-Pastoral-2004-2006-0001.png\" class=\"wp-image-7795 style-3427-image style-local-5007-c177-image\" alt=\"\" srcset=\"https:\/\/diocesisdelinares.com\/100\/wp-content\/uploads\/2024\/07\/Plan-Pastoral-2004-2006-0001.png 1980w, https:\/\/diocesisdelinares.com\/100\/wp-content\/uploads\/2024\/07\/Plan-Pastoral-2004-2006-0001-300x261.png 300w, https:\/\/diocesisdelinares.com\/100\/wp-content\/uploads\/2024\/07\/Plan-Pastoral-2004-2006-0001-1024x892.png 1024w, https:\/\/diocesisdelinares.com\/100\/wp-content\/uploads\/2024\/07\/Plan-Pastoral-2004-2006-0001-768x669.png 768w, https:\/\/diocesisdelinares.com\/100\/wp-content\/uploads\/2024\/07\/Plan-Pastoral-2004-2006-0001-1536x1338.png 1536w\" sizes=\"auto, (max-width: 1980px) 100vw, 1980px\" \/>\n                        <div class=\"h-image__frame style-3427-frameImage style-local-5007-c177-frameImage\"><\/div>\n                      <\/div>\n                    <\/a>\n                  <\/div>\n                <\/div>\n              <\/div>\n            <\/div>\n          <\/div>\n        <\/div>\n      <\/div>\n    <\/div>\n  <\/div>\n  <div data-colibri-component=\"section\" data-colibri-id=\"5007-c192\" id=\"reusable-sections-5\" class=\"h-section h-section-global-spacing d-flex align-items-lg-center align-items-md-center align-items-center style-3442 style-local-5007-c192 position-relative\">\n    <!---->\n    <!---->\n    <div class=\"h-section-grid-container h-section-boxed-container\">\n      <!---->\n      <div data-colibri-id=\"5007-c193\" class=\"h-row-container gutters-row-lg-2 gutters-row-md-2 gutters-row-2 gutters-row-v-lg-2 gutters-row-v-md-2 gutters-row-v-2 style-3443 style-local-5007-c193 position-relative\">\n        <!---->\n        <div class=\"h-row justify-content-lg-center justify-content-md-center justify-content-center align-items-lg-stretch align-items-md-stretch align-items-stretch gutters-col-lg-2 gutters-col-md-2 gutters-col-2 gutters-col-v-lg-2 gutters-col-v-md-2 gutters-col-v-2\">\n          <!---->\n          <div class=\"h-column h-column-container d-flex h-col-lg-auto h-col-md-auto h-col-auto style-3444-outer style-local-5007-c194-outer\">\n            <div data-colibri-id=\"5007-c194\" class=\"d-flex h-flex-basis h-column__inner h-px-lg-2 h-px-md-2 h-px-2 v-inner-lg-2 v-inner-md-2 v-inner-2 style-3444 style-local-5007-c194 position-relative\">\n              <!---->\n              <!---->\n              <div class=\"w-100 h-y-container h-column__content h-column__v-align flex-basis-100 align-self-lg-start align-self-md-start align-self-start\">\n                <!---->\n                <div data-colibri-id=\"5007-c195\" class=\"d-block style-3445 style-local-5007-c195 position-relative h-element\">\n                  <!---->\n                  <div class=\"h-image__frame-container-outer\">\n                    <a href=\"https:\/\/diocesisdelinares.com\/100\/wp-content\/uploads\/2024\/07\/Orientaciones-Pastorales-2009-2013.pdf\" target=\"_blank\" h-use-smooth-scroll=\"true\" class=\"image-link\" rel=\"noopener\">\n                      <div class=\"h-image__frame-container\">\n                        <!---->\n                        <!---->\n                        <img loading=\"lazy\" decoding=\"async\" width=\"2114\" height=\"2924\" src=\"https:\/\/diocesisdelinares.com\/100\/wp-content\/uploads\/2024\/07\/Orientaciones-Pastorales-2009-2013-0001.png\" class=\"wp-image-7804 style-3445-image style-local-5007-c195-image\" alt=\"\" srcset=\"https:\/\/diocesisdelinares.com\/100\/wp-content\/uploads\/2024\/07\/Orientaciones-Pastorales-2009-2013-0001.png 2114w, https:\/\/diocesisdelinares.com\/100\/wp-content\/uploads\/2024\/07\/Orientaciones-Pastorales-2009-2013-0001-217x300.png 217w, https:\/\/diocesisdelinares.com\/100\/wp-content\/uploads\/2024\/07\/Orientaciones-Pastorales-2009-2013-0001-740x1024.png 740w, https:\/\/diocesisdelinares.com\/100\/wp-content\/uploads\/2024\/07\/Orientaciones-Pastorales-2009-2013-0001-768x1062.png 768w, https:\/\/diocesisdelinares.com\/100\/wp-content\/uploads\/2024\/07\/Orientaciones-Pastorales-2009-2013-0001-1111x1536.png 1111w, https:\/\/diocesisdelinares.com\/100\/wp-content\/uploads\/2024\/07\/Orientaciones-Pastorales-2009-2013-0001-1481x2048.png 1481w\" sizes=\"auto, (max-width: 2114px) 100vw, 2114px\" \/>\n                        <div class=\"h-image__frame style-3445-frameImage style-local-5007-c195-frameImage\"><\/div>\n                      <\/div>\n                    <\/a>\n                  <\/div>\n                <\/div>\n              <\/div>\n            <\/div>\n          <\/div>\n          <div class=\"h-column h-column-container d-flex h-col-lg-auto h-col-md-auto h-col-auto style-3446-outer style-local-5007-c196-outer\">\n            <div data-colibri-id=\"5007-c196\" class=\"d-flex h-flex-basis h-column__inner h-px-lg-2 h-px-md-2 h-px-2 v-inner-lg-2 v-inner-md-2 v-inner-2 style-3446 style-local-5007-c196 position-relative\">\n              <!---->\n              <!---->\n              <div class=\"w-100 h-y-container h-column__content h-column__v-align flex-basis-100 align-self-lg-start align-self-md-start align-self-start\">\n                <!---->\n                <div data-colibri-id=\"5007-c197\" class=\"h-global-transition-all h-heading style-3447 style-local-5007-c197 position-relative h-element\">\n                  <!---->\n                  <div class=\"h-heading__outer style-3447 style-local-5007-c197\">\n                    <!---->\n                    <!---->\n                    <h5 class=\"\">orientaciones pastorales&nbsp; 2009 -2013<\/h5>\n                  <\/div>\n                <\/div>\n                <div data-colibri-id=\"5007-c198\" class=\"h-global-transition-all h-heading style-3448 style-local-5007-c198 position-relative h-element\">\n                  <!---->\n                  <div class=\"h-heading__outer style-3448 style-local-5007-c198\">\n                    <!---->\n                    <!---->\n                    <h3 class=\"\"><\/h3>\n                  <\/div>\n                <\/div>\n                <div data-colibri-id=\"5007-c199\" class=\"h-text h-text-component style-3449 style-local-5007-c199 position-relative h-element\">\n                  <!---->\n                  <!---->\n                  <div class=\"\">\n                    <p>Una Iglesia Disc\u00edpula y Misionera en tiempos de Misi\u00f3n Continental<\/p>\n                  <\/div>\n                <\/div>\n                <div data-colibri-id=\"5007-c200\" class=\"h-text h-text-component style-3450 style-local-5007-c200 position-relative h-element\">\n                  <!---->\n                  <!---->\n                  <div class=\"\"><\/div>\n                <\/div>\n                <div data-colibri-id=\"5007-c201\" class=\"h-x-container style-3451 style-local-5007-c201 position-relative h-element\">\n                  <!---->\n                  <div class=\"h-x-container-inner style-dynamic-5007-c201-group style-3451-spacing style-local-5007-c201-spacing\"><span class=\"h-button__outer style-3452-outer style-local-5007-c202-outer d-inline-flex h-element\"><a h-use-smooth-scroll=\"true\" href=\"https:\/\/diocesisdelinares.com\/100\/wp-content\/uploads\/2024\/07\/Orientaciones-Pastorales-2009-2013.pdf\" target=\"_blank\" data-colibri-id=\"5007-c202\" class=\"d-flex w-100 align-items-center h-button justify-content-lg-center justify-content-md-center justify-content-center style-3452 style-local-5007-c202 position-relative\" rel=\"noopener\"><!----><!----> <span>Revisar Documento<\/span>                    <span class=\"h-svg-icon h-button__icon style-3452-icon style-local-5007-c202-icon\"><!--Icon by Icons8 Line Awesome (https:\/\/icons8.com\/line-awesome)--><svg version=\"1.1\" xmlns=\"http:\/\/www.w3.org\/2000\/svg\" xmlns:xlink=\"http:\/\/www.w3.org\/1999\/xlink\" id=\"angle-double-right\" viewBox=\"0 0 512 545.5\"><path d=\"M145.5 108.5l168 168L325 288l-11.5 11.5-168 168-22.5-23L279.5 288 123 131.5zm112 0l168 168L437 288l-11.5 11.5-168 168-22.5-23L391.5 288 235 131.5z\"><\/path><\/svg><\/span><\/a>\n                    <\/span>\n                  <\/div>\n                <\/div>\n              <\/div>\n            <\/div>\n          <\/div>\n        <\/div>\n      <\/div>\n    <\/div>\n  <\/div>\n<\/div>","protected":false},"excerpt":{"rendered":"<p>sinodo diocesano 1967 La Iglesia naci\u00f3 como semilla peque\u00f1a junto al Mar de Tiber\u00edades, pero cobr\u00f3 energ\u00eda y dinamismo con la fuerza del Esp\u00edritu Santo en Pentecost\u00e9s. Revisar Documento Plan Pastoral 1986-1989 Revisar Documento \u00abFamilia, esperanza del TERCER MILENIO XXIV ASAMBLEA SINODAL 2004&nbsp; Cuadernillo de Formaci\u00f3n&nbsp; Revisar Documento plan pastoral 2004 &#8211; 2006 Revisar Documento [&hellip;]<\/p>\n","protected":false},"author":1,"featured_media":0,"parent":0,"menu_order":0,"comment_status":"closed","ping_status":"closed","template":"page-templates\/full-width-page.php","meta":{"footnotes":""},"class_list":["post-5007","page","type-page","status-publish","hentry"],"_links":{"self":[{"href":"https:\/\/diocesisdelinares.com\/100\/wp-json\/wp\/v2\/pages\/5007","targetHints":{"allow":["GET"]}}],"collection":[{"href":"https:\/\/diocesisdelinares.com\/100\/wp-json\/wp\/v2\/pages"}],"about":[{"href":"https:\/\/diocesisdelinares.com\/100\/wp-json\/wp\/v2\/types\/page"}],"author":[{"embeddable":true,"href":"https:\/\/diocesisdelinares.com\/100\/wp-json\/wp\/v2\/users\/1"}],"replies":[{"embeddable":true,"href":"https:\/\/diocesisdelinares.com\/100\/wp-json\/wp\/v2\/comments?post=5007"}],"version-history":[{"count":12,"href":"https:\/\/diocesisdelinares.com\/100\/wp-json\/wp\/v2\/pages\/5007\/revisions"}],"predecessor-version":[{"id":7807,"href":"https:\/\/diocesisdelinares.com\/100\/wp-json\/wp\/v2\/pages\/5007\/revisions\/7807"}],"wp:attachment":[{"href":"https:\/\/diocesisdelinares.com\/100\/wp-json\/wp\/v2\/media?parent=5007"}],"curies":[{"name":"wp","href":"https:\/\/api.w.org\/{rel}","templated":true}]}}