{"id":4341,"date":"2022-03-30T00:56:59","date_gmt":"2022-03-30T00:56:59","guid":{"rendered":"https:\/\/diocesisdelinares.com\/100\/?page_id=4341"},"modified":"2022-03-30T12:57:39","modified_gmt":"2022-03-30T12:57:39","slug":"arte-religioso","status":"publish","type":"page","link":"https:\/\/diocesisdelinares.com\/100\/arte-religioso\/","title":{"rendered":"Arte Religioso"},"content":{"rendered":"<div data-colibri-id=\"4341-c1\" class=\"style-888 style-local-4341-c1 position-relative\">\n  <!---->\n  <div data-colibri-component=\"section\" data-colibri-id=\"4341-c2\" id=\"virtual-tour\" class=\"h-section h-section-global-spacing d-flex align-items-lg-center align-items-md-center align-items-center style-889 style-local-4341-c2 position-relative\">\n    <!---->\n    <!---->\n    <div class=\"h-section-grid-container h-section-boxed-container\">\n      <!---->\n      <div data-colibri-id=\"4341-c3\" class=\"h-row-container gutters-row-lg-2 gutters-row-md-2 gutters-row-2 gutters-row-v-lg-2 gutters-row-v-md-2 gutters-row-v-2 style-890 style-local-4341-c3 position-relative\">\n        <!---->\n        <div class=\"h-row justify-content-lg-start justify-content-md-center justify-content-start align-items-lg-stretch align-items-md-stretch align-items-stretch gutters-col-lg-2 gutters-col-md-2 gutters-col-2 gutters-col-v-lg-2 gutters-col-v-md-2 gutters-col-v-2\">\n          <!---->\n          <div class=\"h-column h-column-container d-flex h-col-lg-auto h-col-md-auto h-col-auto style-891-outer style-local-4341-c4-outer\">\n            <div data-colibri-id=\"4341-c4\" class=\"d-flex h-flex-basis h-column__inner h-px-lg-0 h-px-md-0 h-px-0 v-inner-lg-2 v-inner-md-2 v-inner-2 style-891 style-local-4341-c4 position-relative\">\n              <!---->\n              <!---->\n              <div class=\"w-100 h-y-container h-column__content h-column__v-align flex-basis-100 align-self-lg-center align-self-md-center align-self-center\">\n                <!---->\n                <div data-colibri-id=\"4341-c5\" class=\"h-global-transition-all h-heading style-892 style-local-4341-c5 position-relative h-element\">\n                  <!---->\n                  <div class=\"h-heading__outer style-892 style-local-4341-c5\">\n                    <!---->\n                    <!---->\n                    <h5 class=\"\">Importancia de las im\u00e1genes religiosas<\/h5>\n                  <\/div>\n                <\/div>\n                <div data-colibri-id=\"4341-c6\" class=\"h-global-transition-all h-heading style-893 style-local-4341-c6 position-relative h-element\">\n                  <!---->\n                  <div class=\"h-heading__outer style-893 style-local-4341-c6\">\n                    <!---->\n                    <!---->\n                    <h3 class=\"\"><\/h3>\n                  <\/div>\n                <\/div>\n              <\/div>\n            <\/div>\n          <\/div>\n          <div class=\"h-column h-column-container d-flex h-col-lg h-col-md-auto h-col-auto style-894-outer style-local-4341-c7-outer\">\n            <div data-colibri-id=\"4341-c7\" class=\"d-flex h-flex-basis h-column__inner h-px-lg-2 h-px-md-2 h-px-2 v-inner-lg-2 v-inner-md-2 v-inner-2 style-894 style-local-4341-c7 position-relative\">\n              <!---->\n              <!---->\n              <div class=\"w-100 h-y-container h-column__content h-column__v-align flex-basis-100 align-self-lg-start align-self-md-start align-self-start\">\n                <!---->\n                <div data-colibri-id=\"4341-c8\" class=\"h-text h-text-component style-895 style-local-4341-c8 position-relative h-element\">\n                  <!---->\n                  <!---->\n                  <div class=\"\">\n                    <p>Se denomina como arte religioso, principalmente, a la producci\u00f3n de im\u00e1genes y obras de arte fundamentadas en pasajes b\u00edblicos y figuras centrales del imaginario cat\u00f3lico occidental.<\/p>\n                    <p>Este g\u00e9nero art\u00edstico tiene sus or\u00edgenes en la consolidaci\u00f3n de la fe, y cruza la historia del arte desde la \u00e9poca pre- rom\u00e1nica hasta el neoclasicismo del siglo XIX, donde comienza a perder fuerza. En Am\u00e9rica Latina se destaca como\n                      eje primordial del arte colonial<\/p>\n                    <p>Cabe destacar que hasta el d\u00eda de hoy se siguen produciendo obras con motivos religiosos .<\/p>\n                    <p>\n                      <br>\n                    <\/p>\n                  <\/div>\n                <\/div>\n                <div data-colibri-id=\"4341-c9\" class=\"h-x-container style-896 style-local-4341-c9 position-relative h-element\">\n                  <!---->\n                  <div class=\"h-x-container-inner style-dynamic-4341-c9-group style-896-spacing style-local-4341-c9-spacing\"><span class=\"h-button__outer style-897-outer style-local-4341-c10-outer d-inline-flex h-element\"><a h-use-smooth-scroll=\"true\" href=\"\"  data-colibri-id=\"4341-c10\" class=\"d-flex w-100 align-items-center h-button justify-content-lg-center justify-content-md-center justify-content-center style-897 style-local-4341-c10 position-relative\"><!----><!----> <span>Tour Virtual<\/span><\/a>\n                    <\/span>\n                  <\/div>\n                <\/div>\n              <\/div>\n            <\/div>\n          <\/div>\n        <\/div>\n      <\/div>\n      <div data-colibri-id=\"4341-c11\" class=\"h-row-container gutters-row-lg-2 gutters-row-md-2 gutters-row-0 gutters-row-v-lg-2 gutters-row-v-md-2 gutters-row-v-2 style-898 style-local-4341-c11 position-relative\">\n        <!---->\n        <div class=\"h-row justify-content-lg-center justify-content-md-center justify-content-center align-items-lg-stretch align-items-md-stretch align-items-stretch gutters-col-lg-2 gutters-col-md-2 gutters-col-0 gutters-col-v-lg-2 gutters-col-v-md-2 gutters-col-v-2\">\n          <!---->\n          <div class=\"h-column h-column-container d-flex h-col-lg-6 h-col-md-6 h-col-12 style-899-outer style-local-4341-c12-outer\">\n            <div data-colibri-id=\"4341-c12\" class=\"d-flex h-flex-basis h-column__inner h-px-lg-2 h-px-md-2 h-px-2 v-inner-lg-2 v-inner-md-2 v-inner-2 style-899 style-local-4341-c12 position-relative\">\n              <!---->\n              <!---->\n              <div class=\"w-100 h-y-container h-column__content h-column__v-align flex-basis-100 align-self-lg-start align-self-md-start align-self-start\">\n                <!---->\n                <div data-colibri-id=\"4341-c13\" class=\"h-global-transition-all h-heading style-900 style-local-4341-c13 position-relative h-element\">\n                  <!---->\n                  <div class=\"h-heading__outer style-900 style-local-4341-c13\">\n                    <!---->\n                    <!---->\n                    <h3 class=\"\">Nuestra Se\u00f1ora del Maule<\/h3>\n                  <\/div>\n                <\/div>\n                <div data-colibri-id=\"4341-c14\" class=\"h-text h-text-component style-941 style-local-4341-c14 position-relative h-element\">\n                  <!---->\n                  <!---->\n                  <div class=\"\">\n                    <p>Artista: Carlos Moya Villalobos<\/p>\n                    <p>Las obras de Moya tienen un indudable valor est\u00e9tico, potenciado por su valor simb\u00f3lico espiritual. Si al contemplar las esculturas descubrimos belleza, dada por las proporciones, vol\u00famenes y el delicado tallado, se nos devela belleza,\n                      tambi\u00e9n, cuando en la contemplaci\u00f3n nos encontramos con la oraci\u00f3n, es decir, nos acerca a la experiencia de lo sagrado. De esta manera la obra nos conecta con dos esferas: una sensible y otra espiritual; la primera percibida por\n                      nuestros sentidos, que traducen esta materia y sus vol\u00famenes en un fen\u00f3meno est\u00e9tico y la segunda percibida por nuestra espiritualidad, que encuentra en estas formas un veh\u00edculo efectivo para vincularnos con lo divino.&nbsp;<\/p>\n                  <\/div>\n                <\/div>\n              <\/div>\n            <\/div>\n          <\/div>\n          <div class=\"h-column h-column-container d-flex h-col-lg-6 h-col-md-6 h-col-12 style-945-outer style-local-4341-c15-outer\">\n            <div data-colibri-id=\"4341-c15\" class=\"d-flex h-flex-basis h-column__inner h-px-lg-2 h-px-md-2 h-px-2 v-inner-lg-2 v-inner-md-2 v-inner-2 style-945 style-local-4341-c15 position-relative\">\n              <!---->\n              <!---->\n              <div class=\"w-100 h-y-container h-column__content h-column__v-align flex-basis-100 align-self-lg-start align-self-md-start align-self-start\">\n                <!---->\n                <div data-colibri-id=\"4341-c16\" class=\"d-block style-946 style-local-4341-c16 position-relative h-element\">\n                  <!---->\n                  <div class=\"h-image__frame-container-outer\">\n                    <div class=\"h-image__frame-container\">\n                      <!---->\n                      <!---->\n                      <img loading=\"lazy\" decoding=\"async\" width=\"1197\" height=\"1197\" src=\"https:\/\/diocesisdelinares.com\/100\/wp-content\/uploads\/2022\/03\/cropped-cropped-Virgen-del-Maule_2.jpeg\" class=\"wp-image-4254 style-946-image style-local-4341-c16-image\" alt=\"\" srcset=\"https:\/\/diocesisdelinares.com\/100\/wp-content\/uploads\/2022\/03\/cropped-cropped-Virgen-del-Maule_2.jpeg 1197w, https:\/\/diocesisdelinares.com\/100\/wp-content\/uploads\/2022\/03\/cropped-cropped-Virgen-del-Maule_2-300x300.jpeg 300w, https:\/\/diocesisdelinares.com\/100\/wp-content\/uploads\/2022\/03\/cropped-cropped-Virgen-del-Maule_2-1024x1024.jpeg 1024w, https:\/\/diocesisdelinares.com\/100\/wp-content\/uploads\/2022\/03\/cropped-cropped-Virgen-del-Maule_2-150x150.jpeg 150w, https:\/\/diocesisdelinares.com\/100\/wp-content\/uploads\/2022\/03\/cropped-cropped-Virgen-del-Maule_2-768x768.jpeg 768w\" sizes=\"auto, (max-width: 1197px) 100vw, 1197px\" \/>\n                      <div class=\"h-image__frame h-hide-lg h-hide-md h-hide-sm style-946-frameImage style-local-4341-c16-frameImage\"><\/div>\n                    <\/div>\n                  <\/div>\n                <\/div>\n              <\/div>\n            <\/div>\n          <\/div>\n        <\/div>\n      <\/div>\n      <div data-colibri-id=\"4341-c17\" class=\"h-row-container gutters-row-lg-2 gutters-row-md-2 gutters-row-0 gutters-row-v-lg-2 gutters-row-v-md-2 gutters-row-v-2 style-942 style-local-4341-c17 position-relative\">\n        <!---->\n        <div class=\"h-row justify-content-lg-center justify-content-md-center justify-content-center align-items-lg-stretch align-items-md-stretch align-items-stretch gutters-col-lg-2 gutters-col-md-2 gutters-col-0 gutters-col-v-lg-2 gutters-col-v-md-2 gutters-col-v-2\">\n          <!---->\n          <div class=\"h-column h-column-container d-flex h-col-lg-auto h-col-md-auto h-col-auto style-943-outer style-local-4341-c18-outer\">\n            <div data-colibri-id=\"4341-c18\" class=\"d-flex h-flex-basis h-column__inner h-px-lg-2 h-px-md-2 h-px-2 v-inner-lg-2 v-inner-md-2 v-inner-2 style-943 style-local-4341-c18 position-relative\">\n              <!---->\n              <!---->\n              <div class=\"w-100 h-y-container h-column__content h-column__v-align flex-basis-100 align-self-lg-start align-self-md-start align-self-start\">\n                <!---->\n                <div data-colibri-id=\"4341-c19\" class=\"h-multiple-image style-947 style-local-4341-c19 position-relative h-element\">\n                  <!---->\n                  <div class=\"position-relative\">\n                    <div class=\"h-multiple-image-inside-container\">\n                      <div class=\"ratio-inner\">\n                        <div data-colibri-id=\"4341-c20\" class=\"d-block style-948 style-local-4341-c20 position-relative h-element\">\n                          <!---->\n                          <div class=\"h-image__frame-container-outer\">\n                            <div class=\"h-image__frame-container\">\n                              <!---->\n                              <!---->\n                              <img loading=\"lazy\" decoding=\"async\" width=\"1200\" height=\"1196\" src=\"https:\/\/diocesisdelinares.com\/100\/wp-content\/uploads\/2022\/03\/cropped-Virgen-del-Maule_detalle-manos-del-nino.jpeg\" class=\"style-947-images style-local-4341-c19-images wp-image-4278 style-948-image style-local-4341-c20-image\" alt=\"\" srcset=\"https:\/\/diocesisdelinares.com\/100\/wp-content\/uploads\/2022\/03\/cropped-Virgen-del-Maule_detalle-manos-del-nino.jpeg 1200w, https:\/\/diocesisdelinares.com\/100\/wp-content\/uploads\/2022\/03\/cropped-Virgen-del-Maule_detalle-manos-del-nino-300x300.jpeg 300w, https:\/\/diocesisdelinares.com\/100\/wp-content\/uploads\/2022\/03\/cropped-Virgen-del-Maule_detalle-manos-del-nino-1024x1021.jpeg 1024w, https:\/\/diocesisdelinares.com\/100\/wp-content\/uploads\/2022\/03\/cropped-Virgen-del-Maule_detalle-manos-del-nino-150x150.jpeg 150w, https:\/\/diocesisdelinares.com\/100\/wp-content\/uploads\/2022\/03\/cropped-Virgen-del-Maule_detalle-manos-del-nino-768x765.jpeg 768w\" sizes=\"auto, (max-width: 1200px) 100vw, 1200px\" \/>\n                              <div class=\"h-image__frame h-hide-lg h-hide-md h-hide-sm style-948-frameImage style-local-4341-c20-frameImage\"><\/div>\n                            <\/div>\n                          <\/div>\n                        <\/div>\n                        <div data-colibri-id=\"4341-c21\" class=\"d-block style-949 style-local-4341-c21 position-relative h-element\">\n                          <!---->\n                          <div class=\"h-image__frame-container-outer\">\n                            <div class=\"h-image__frame-container\">\n                              <!---->\n                              <!---->\n                              <img loading=\"lazy\" decoding=\"async\" width=\"1197\" height=\"1197\" src=\"https:\/\/diocesisdelinares.com\/100\/wp-content\/uploads\/2022\/03\/cropped-cropped-Virgen-del-Maule_2.jpeg\" class=\"style-947-images style-local-4341-c19-images wp-image-4254 style-949-image style-local-4341-c21-image\" alt=\"\" srcset=\"https:\/\/diocesisdelinares.com\/100\/wp-content\/uploads\/2022\/03\/cropped-cropped-Virgen-del-Maule_2.jpeg 1197w, https:\/\/diocesisdelinares.com\/100\/wp-content\/uploads\/2022\/03\/cropped-cropped-Virgen-del-Maule_2-300x300.jpeg 300w, https:\/\/diocesisdelinares.com\/100\/wp-content\/uploads\/2022\/03\/cropped-cropped-Virgen-del-Maule_2-1024x1024.jpeg 1024w, https:\/\/diocesisdelinares.com\/100\/wp-content\/uploads\/2022\/03\/cropped-cropped-Virgen-del-Maule_2-150x150.jpeg 150w, https:\/\/diocesisdelinares.com\/100\/wp-content\/uploads\/2022\/03\/cropped-cropped-Virgen-del-Maule_2-768x768.jpeg 768w\" sizes=\"auto, (max-width: 1197px) 100vw, 1197px\" \/>\n                              <div class=\"h-image__frame h-hide-lg h-hide-md h-hide-sm style-949-frameImage style-local-4341-c21-frameImage\"><\/div>\n                            <\/div>\n                          <\/div>\n                        <\/div>\n                        <div data-colibri-id=\"4341-c22\" class=\"d-block style-950 style-local-4341-c22 position-relative h-element\">\n                          <!---->\n                          <div class=\"h-image__frame-container-outer\">\n                            <div class=\"h-image__frame-container\">\n                              <!---->\n                              <!---->\n                              <img loading=\"lazy\" decoding=\"async\" width=\"1177\" height=\"2560\" src=\"https:\/\/diocesisdelinares.com\/100\/wp-content\/uploads\/2022\/03\/cropped-Ntra-Sra-del-Maule.-scaled-1.jpg\" class=\"style-947-images style-local-4341-c19-images wp-image-4365 style-950-image style-local-4341-c22-image\" alt=\"\" srcset=\"https:\/\/diocesisdelinares.com\/100\/wp-content\/uploads\/2022\/03\/cropped-Ntra-Sra-del-Maule.-scaled-1.jpg 1177w, https:\/\/diocesisdelinares.com\/100\/wp-content\/uploads\/2022\/03\/cropped-Ntra-Sra-del-Maule.-scaled-1-138x300.jpg 138w, https:\/\/diocesisdelinares.com\/100\/wp-content\/uploads\/2022\/03\/cropped-Ntra-Sra-del-Maule.-scaled-1-471x1024.jpg 471w, https:\/\/diocesisdelinares.com\/100\/wp-content\/uploads\/2022\/03\/cropped-Ntra-Sra-del-Maule.-scaled-1-768x1670.jpg 768w, https:\/\/diocesisdelinares.com\/100\/wp-content\/uploads\/2022\/03\/cropped-Ntra-Sra-del-Maule.-scaled-1-706x1536.jpg 706w, https:\/\/diocesisdelinares.com\/100\/wp-content\/uploads\/2022\/03\/cropped-Ntra-Sra-del-Maule.-scaled-1-942x2048.jpg 942w\" sizes=\"auto, (max-width: 1177px) 100vw, 1177px\" \/>\n                              <div class=\"h-image__frame h-hide-lg h-hide-md h-hide-sm style-950-frameImage style-local-4341-c22-frameImage\"><\/div>\n                            <\/div>\n                          <\/div>\n                        <\/div>\n                      <\/div>\n                    <\/div>\n                  <\/div>\n                <\/div>\n                <div data-colibri-id=\"4341-c23\" class=\"h-text h-text-component style-951 style-local-4341-c23 position-relative h-element\">\n                  <!---->\n                  <!---->\n                  <div class=\"\">\n                    <p>Nuestra Se\u00f1ora del Maule (Templo Catedral de Linares) la Virgen seg\u00fan su autor: \u00bb tiene una fisonom\u00eda que es como verse una mujer campesina o una pobladora que le ha tocado trabajar mucho, entonces sus manos son robustas y de esta\n                      manera se identifica con ella y le sirve, luego, para encontrarse con s\u00ed misma. Viendo que la evangelizaci\u00f3n y el mensaje de salvaci\u00f3n est\u00e1n en lo que hacemos cotidianamente, en nuestra cultura, ver al trabajo como presencia salvadora\u00bb<\/p>\n                  <\/div>\n                <\/div>\n              <\/div>\n            <\/div>\n          <\/div>\n        <\/div>\n      <\/div>\n    <\/div>\n  <\/div>\n  <div data-colibri-component=\"section\" data-colibri-id=\"4341-c24\" id=\"custom\" class=\"h-section h-section-global-spacing d-flex align-items-lg-center align-items-md-center align-items-center style-952 style-local-4341-c24 position-relative\">\n    <!---->\n    <!---->\n    <div class=\"h-section-grid-container h-section-boxed-container\">\n      <!---->\n      <div data-colibri-id=\"4341-c25\" class=\"h-row-container gutters-row-lg-2 gutters-row-md-2 gutters-row-0 gutters-row-v-lg-2 gutters-row-v-md-2 gutters-row-v-2 style-953 style-local-4341-c25 position-relative\">\n        <!---->\n        <div class=\"h-row justify-content-lg-center justify-content-md-center justify-content-center align-items-lg-stretch align-items-md-stretch align-items-stretch gutters-col-lg-2 gutters-col-md-2 gutters-col-0 gutters-col-v-lg-2 gutters-col-v-md-2 gutters-col-v-2\">\n          <!---->\n          <div class=\"h-column h-column-container d-flex h-col-lg-auto h-col-md-auto h-col-auto style-954-outer style-local-4341-c26-outer\">\n            <div data-colibri-id=\"4341-c26\" class=\"d-flex h-flex-basis h-column__inner h-px-lg-2 h-px-md-2 h-px-2 v-inner-lg-2 v-inner-md-2 v-inner-2 style-954 style-local-4341-c26 position-relative\">\n              <!---->\n              <!---->\n              <div class=\"w-100 h-y-container h-column__content h-column__v-align flex-basis-100 align-self-lg-start align-self-md-start align-self-start\">\n                <!---->\n                <div data-colibri-id=\"4341-c27\" class=\"h-multiple-image style-955 style-local-4341-c27 position-relative h-element\">\n                  <!---->\n                  <div class=\"position-relative\">\n                    <div class=\"h-multiple-image-inside-container\">\n                      <div class=\"ratio-inner\">\n                        <div data-colibri-id=\"4341-c28\" class=\"d-block style-956 style-local-4341-c28 position-relative h-element\">\n                          <!---->\n                          <div class=\"h-image__frame-container-outer\">\n                            <div class=\"h-image__frame-container\">\n                              <!---->\n                              <!---->\n                              <img loading=\"lazy\" decoding=\"async\" width=\"723\" height=\"1031\" src=\"https:\/\/diocesisdelinares.com\/100\/wp-content\/uploads\/2022\/03\/Virgen-de-la-Encarnacion.jpg\" class=\"style-955-images style-local-4341-c27-images wp-image-4370 style-956-image style-local-4341-c28-image\" alt=\"\" srcset=\"https:\/\/diocesisdelinares.com\/100\/wp-content\/uploads\/2022\/03\/Virgen-de-la-Encarnacion.jpg 723w, https:\/\/diocesisdelinares.com\/100\/wp-content\/uploads\/2022\/03\/Virgen-de-la-Encarnacion-210x300.jpg 210w, https:\/\/diocesisdelinares.com\/100\/wp-content\/uploads\/2022\/03\/Virgen-de-la-Encarnacion-718x1024.jpg 718w\" sizes=\"auto, (max-width: 723px) 100vw, 723px\" \/>\n                              <div class=\"h-image__frame h-hide-lg h-hide-md h-hide-sm style-956-frameImage style-local-4341-c28-frameImage\"><\/div>\n                            <\/div>\n                          <\/div>\n                        <\/div>\n                        <div data-colibri-id=\"4341-c29\" class=\"d-block style-957 style-local-4341-c29 position-relative h-element\">\n                          <!---->\n                          <div class=\"h-image__frame-container-outer\">\n                            <div class=\"h-image__frame-container\">\n                              <!---->\n                              <!---->\n                              <img loading=\"lazy\" decoding=\"async\" width=\"846\" height=\"1169\" src=\"https:\/\/diocesisdelinares.com\/100\/wp-content\/uploads\/2022\/03\/Reportaje-Revista-ED2.jpg\" class=\"style-955-images style-local-4341-c27-images wp-image-4366 style-957-image style-local-4341-c29-image\" alt=\"\" srcset=\"https:\/\/diocesisdelinares.com\/100\/wp-content\/uploads\/2022\/03\/Reportaje-Revista-ED2.jpg 846w, https:\/\/diocesisdelinares.com\/100\/wp-content\/uploads\/2022\/03\/Reportaje-Revista-ED2-217x300.jpg 217w, https:\/\/diocesisdelinares.com\/100\/wp-content\/uploads\/2022\/03\/Reportaje-Revista-ED2-741x1024.jpg 741w, https:\/\/diocesisdelinares.com\/100\/wp-content\/uploads\/2022\/03\/Reportaje-Revista-ED2-768x1061.jpg 768w\" sizes=\"auto, (max-width: 846px) 100vw, 846px\" \/>\n                              <div class=\"h-image__frame h-hide-lg h-hide-md h-hide-sm style-957-frameImage style-local-4341-c29-frameImage\"><\/div>\n                            <\/div>\n                          <\/div>\n                        <\/div>\n                        <div data-colibri-id=\"4341-c30\" class=\"d-block style-958 style-local-4341-c30 position-relative h-element\">\n                          <!---->\n                          <div class=\"h-image__frame-container-outer\">\n                            <div class=\"h-image__frame-container\">\n                              <!---->\n                              <!---->\n                              <img loading=\"lazy\" decoding=\"async\" width=\"835\" height=\"1169\" src=\"https:\/\/diocesisdelinares.com\/100\/wp-content\/uploads\/2022\/03\/Reportaje-Revista-ED.jpg\" class=\"style-955-images style-local-4341-c27-images wp-image-4367 style-958-image style-local-4341-c30-image\" alt=\"\" srcset=\"https:\/\/diocesisdelinares.com\/100\/wp-content\/uploads\/2022\/03\/Reportaje-Revista-ED.jpg 835w, https:\/\/diocesisdelinares.com\/100\/wp-content\/uploads\/2022\/03\/Reportaje-Revista-ED-214x300.jpg 214w, https:\/\/diocesisdelinares.com\/100\/wp-content\/uploads\/2022\/03\/Reportaje-Revista-ED-731x1024.jpg 731w, https:\/\/diocesisdelinares.com\/100\/wp-content\/uploads\/2022\/03\/Reportaje-Revista-ED-768x1075.jpg 768w\" sizes=\"auto, (max-width: 835px) 100vw, 835px\" \/>\n                              <div class=\"h-image__frame h-hide-lg h-hide-md h-hide-sm style-958-frameImage style-local-4341-c30-frameImage\"><\/div>\n                            <\/div>\n                          <\/div>\n                        <\/div>\n                      <\/div>\n                    <\/div>\n                  <\/div>\n                <\/div>\n              <\/div>\n            <\/div>\n          <\/div>\n        <\/div>\n      <\/div>\n    <\/div>\n  <\/div>\n<\/div>","protected":false},"excerpt":{"rendered":"<p>Importancia de las im\u00e1genes religiosas Se denomina como arte religioso, principalmente, a la producci\u00f3n de im\u00e1genes y obras de arte fundamentadas en pasajes b\u00edblicos y figuras centrales del imaginario cat\u00f3lico occidental. Este g\u00e9nero art\u00edstico tiene sus or\u00edgenes en la consolidaci\u00f3n de la fe, y cruza la historia del arte desde la \u00e9poca pre- rom\u00e1nica hasta [&hellip;]<\/p>\n","protected":false},"author":1,"featured_media":0,"parent":0,"menu_order":0,"comment_status":"closed","ping_status":"closed","template":"page-templates\/full-width-page.php","meta":{"footnotes":""},"class_list":["post-4341","page","type-page","status-publish","hentry"],"_links":{"self":[{"href":"https:\/\/diocesisdelinares.com\/100\/wp-json\/wp\/v2\/pages\/4341","targetHints":{"allow":["GET"]}}],"collection":[{"href":"https:\/\/diocesisdelinares.com\/100\/wp-json\/wp\/v2\/pages"}],"about":[{"href":"https:\/\/diocesisdelinares.com\/100\/wp-json\/wp\/v2\/types\/page"}],"author":[{"embeddable":true,"href":"https:\/\/diocesisdelinares.com\/100\/wp-json\/wp\/v2\/users\/1"}],"replies":[{"embeddable":true,"href":"https:\/\/diocesisdelinares.com\/100\/wp-json\/wp\/v2\/comments?post=4341"}],"version-history":[{"count":4,"href":"https:\/\/diocesisdelinares.com\/100\/wp-json\/wp\/v2\/pages\/4341\/revisions"}],"predecessor-version":[{"id":4373,"href":"https:\/\/diocesisdelinares.com\/100\/wp-json\/wp\/v2\/pages\/4341\/revisions\/4373"}],"wp:attachment":[{"href":"https:\/\/diocesisdelinares.com\/100\/wp-json\/wp\/v2\/media?parent=4341"}],"curies":[{"name":"wp","href":"https:\/\/api.w.org\/{rel}","templated":true}]}}