{"id":2048,"date":"2019-06-03T14:42:30","date_gmt":"2019-06-03T14:42:30","guid":{"rendered":"http:\/\/gabi.extendstudio.net\/museum\/index.php\/colibri-wp\/"},"modified":"2025-03-18T14:37:47","modified_gmt":"2025-03-18T14:37:47","slug":"colibri-wp","status":"publish","type":"page","link":"https:\/\/diocesisdelinares.com\/100\/","title":{"rendered":"Inicio"},"content":{"rendered":"<div data-colibri-id=\"2048-c1\" class=\"style-141 style-local-2048-c1 position-relative\">\n  <!---->\n  <div data-colibri-component=\"section\" data-colibri-id=\"2048-c2\" id=\"short-description\" class=\"h-section h-section-global-spacing d-flex align-items-lg-center align-items-md-center align-items-center style-161 style-local-2048-c2 position-relative\">\n    <!---->\n    <!---->\n    <div class=\"h-section-grid-container h-section-boxed-container\">\n      <!---->\n      <div data-colibri-id=\"2048-c3\" class=\"h-row-container gutters-row-lg-0 gutters-row-md-0 gutters-row-0 gutters-row-v-lg-0 gutters-row-v-md-0 gutters-row-v-0 style-162 style-local-2048-c3 position-relative\">\n        <!---->\n        <div class=\"h-row justify-content-lg-center justify-content-md-center justify-content-center align-items-lg-stretch align-items-md-stretch align-items-stretch gutters-col-lg-0 gutters-col-md-0 gutters-col-0 gutters-col-v-lg-0 gutters-col-v-md-0 gutters-col-v-0\">\n          <!---->\n          <div class=\"h-column h-column-container d-flex h-col-lg-6 h-col-md-6 h-col-12 style-163-outer style-local-2048-c4-outer\">\n            <div data-colibri-id=\"2048-c4\" class=\"d-flex h-flex-basis h-column__inner h-px-lg-3 h-px-md-3 h-px-3 v-inner-lg-3 v-inner-md-3 v-inner-3 style-163 style-local-2048-c4 position-relative\">\n              <!---->\n              <!---->\n              <div class=\"w-100 h-y-container h-column__content h-column__v-align flex-basis-100 align-self-lg-center align-self-md-center align-self-center\">\n                <!---->\n                <div data-colibri-id=\"2048-c5\" class=\"d-block style-3003 style-local-2048-c5 position-relative h-element\">\n                  <!---->\n                  <div class=\"h-image__frame-container-outer\">\n                    <div class=\"h-image__frame-container\">\n                      <!---->\n                      <!---->\n                      <img decoding=\"async\" src=\"https:\/\/diocesisdelinares.com\/100\/wp-content\/uploads\/2023\/12\/cropped-logo-centenario-full-150x150.png\" class=\"style-3003-image style-local-2048-c5-image\">\n                      <div class=\"h-image__frame h-hide-lg h-hide-md h-hide-sm style-3003-frameImage style-local-2048-c5-frameImage\"><\/div>\n                    <\/div>\n                  <\/div>\n                <\/div>\n                <div data-colibri-id=\"2048-c6\" class=\"h-text h-text-component style-172 style-local-2048-c6 position-relative h-element\">\n                  <!---->\n                  <!---->\n                  <div class=\"\">\n                    <p><span style=\"color: rgb(198, 155, 6); font-family: Muli; font-size: 20px; font-weight: 300;\">18&nbsp;OCTUBRE&nbsp;1925 &#8211; 18 OCTUBRE&nbsp;2025<\/span><\/p>\n                  <\/div>\n                <\/div>\n              <\/div>\n            <\/div>\n          <\/div>\n          <div class=\"h-column h-column-container d-flex h-col-lg-6 h-col-md-6 h-col-12 style-3002-outer style-local-2048-c7-outer\">\n            <div data-colibri-id=\"2048-c7\" class=\"d-flex h-flex-basis h-column__inner h-px-lg-0 h-px-md-0 h-px-0 v-inner-lg-0 v-inner-md-0 v-inner-0 style-3002 style-local-2048-c7 position-relative\">\n              <!---->\n              <!---->\n              <div class=\"w-100 h-y-container h-column__content h-column__v-align flex-basis-100 align-self-lg-start align-self-md-start align-self-start\">\n                <!---->\n                <div data-colibri-id=\"2048-c8\" class=\"style-3004 style-local-2048-c8 position-relative h-element\">\n                  <!---->\n                <\/div>\n                <div data-colibri-id=\"2048-c9\" class=\"h-global-transition-all h-heading style-167 style-local-2048-c9 position-relative h-element\">\n                  <!---->\n                  <div class=\"h-heading__outer style-167 style-local-2048-c9\">\n                    <!---->\n                    <!---->\n                    <h6 class=\"\">100 a\u00f1os sembrando las semillas del reino en tierras maulinas<\/h6>\n                  <\/div>\n                <\/div>\n              <\/div>\n            <\/div>\n          <\/div>\n        <\/div>\n      <\/div>\n      <div data-colibri-id=\"2048-c10\" class=\"h-row-container gutters-row-lg-2 gutters-row-md-2 gutters-row-0 gutters-row-v-lg-2 gutters-row-v-md-2 gutters-row-v-2 style-821 style-local-2048-c10 position-relative\">\n        <!---->\n        <div class=\"h-row justify-content-lg-center justify-content-md-center justify-content-center align-items-lg-stretch align-items-md-stretch align-items-stretch gutters-col-lg-2 gutters-col-md-2 gutters-col-0 gutters-col-v-lg-2 gutters-col-v-md-2 gutters-col-v-2\">\n          <!---->\n          <div class=\"h-column h-column-container d-flex h-col-lg-auto h-col-md-auto h-col-auto style-822-outer style-local-2048-c11-outer\">\n            <div data-colibri-id=\"2048-c11\" class=\"d-flex h-flex-basis h-column__inner h-px-lg-2 h-px-md-2 h-px-2 v-inner-lg-2 v-inner-md-2 v-inner-2 style-822 style-local-2048-c11 position-relative\">\n              <!---->\n              <!---->\n              <div class=\"w-100 h-y-container h-column__content h-column__v-align flex-basis-100 align-self-lg-start align-self-md-start align-self-start\">\n                <!---->\n                <div data-colibri-id=\"2048-c12\" class=\"h-x-container style-24 style-local-2048-c12 position-relative h-element\">\n                  <!---->\n                  <div class=\"h-x-container-inner style-dynamic-2048-c12-group style-24-spacing style-local-2048-c12-spacing\"><span class=\"h-button__outer style-25-outer style-local-2048-c13-outer d-inline-flex h-element\"><a h-use-smooth-scroll=\"true\" href=\"https:\/\/diocesisdelinares.com\/100\/carlos_camus\/\"  data-colibri-id=\"2048-c13\" class=\"d-flex w-100 align-items-center h-button justify-content-lg-center justify-content-md-center justify-content-center style-25 style-local-2048-c13 position-relative\"><!----><!----> <span>Libros de M. Carlos Camus<\/span><\/a>\n                    <\/span><span class=\"h-button__outer style-26-outer style-local-2048-c14-outer d-inline-flex h-element\"><a h-use-smooth-scroll=\"true\" href=\"https:\/\/diocesisdelinares.com\/100\/historicos\/\" target=\"_blank\"  data-colibri-id=\"2048-c14\" class=\"d-flex w-100 align-items-center h-button justify-content-lg-center justify-content-md-center justify-content-center style-26 style-local-2048-c14 position-relative\"><!----><!----> <span>Documentos Hist\u00f3ricos <\/span><\/a>\n                    <\/span>\n                  <\/div>\n                <\/div>\n              <\/div>\n            <\/div>\n          <\/div>\n          <div class=\"h-column h-column-container d-flex h-col-lg-auto h-col-md-auto h-col-auto style-1036-outer style-local-2048-c15-outer\">\n            <div data-colibri-id=\"2048-c15\" class=\"d-flex h-flex-basis h-column__inner h-px-lg-2 h-px-md-2 h-px-2 v-inner-lg-2 v-inner-md-2 v-inner-2 style-1036 style-local-2048-c15 position-relative\">\n              <!---->\n              <!---->\n              <div class=\"w-100 h-y-container h-column__content h-column__v-align flex-basis-100 align-self-lg-start align-self-md-start align-self-start\">\n                <!---->\n                <div data-colibri-id=\"2048-c16\" class=\"h-x-container style-1037 style-local-2048-c16 position-relative h-element\">\n                  <!---->\n                  <div class=\"h-x-container-inner style-dynamic-2048-c16-group style-1037-spacing style-local-2048-c16-spacing\"><span class=\"h-button__outer style-1038-outer style-local-2048-c17-outer d-inline-flex h-element\"><a h-use-smooth-scroll=\"true\" href=\"https:\/\/diocesisdelinares.com\/100\/wp-content\/uploads\/2022\/04\/Cancionero-Mas-Cerca-de-la-Luz_.pdf\" target=\"_blank\"  data-colibri-id=\"2048-c17\" class=\"d-flex w-100 align-items-center h-button justify-content-lg-center justify-content-md-center justify-content-center style-1038 style-local-2048-c17 position-relative\"><!----><!----> <span>CANCIONERO M\u00c1S CERCA DE LA LUZ<\/span><\/a>\n                    <\/span>\n                  <\/div>\n                <\/div>\n              <\/div>\n            <\/div>\n          <\/div>\n        <\/div>\n      <\/div>\n    <\/div>\n  <\/div>\n  <div data-colibri-component=\"section\" data-colibri-id=\"2048-c18\" id=\"about\" class=\"h-section h-section-global-spacing d-flex align-items-lg-center align-items-md-center align-items-center style-178 style-local-2048-c18 position-relative\">\n    <!---->\n    <!---->\n    <div class=\"h-section-grid-container h-section-boxed-container\">\n      <!---->\n      <div data-colibri-id=\"2048-c19\" class=\"h-row-container gutters-row-lg-2 gutters-row-md-2 gutters-row-0 gutters-row-v-lg-2 gutters-row-v-md-2 gutters-row-v-2 style-3014 style-local-2048-c19 position-relative\">\n        <!---->\n        <div class=\"h-row justify-content-lg-center justify-content-md-center justify-content-center align-items-lg-stretch align-items-md-stretch align-items-stretch gutters-col-lg-2 gutters-col-md-2 gutters-col-0 gutters-col-v-lg-2 gutters-col-v-md-2 gutters-col-v-2\">\n          <!---->\n          <div class=\"h-column h-column-container d-flex h-col-lg-auto h-col-md-auto h-col-auto style-3015-outer style-local-2048-c20-outer\">\n            <div data-colibri-id=\"2048-c20\" class=\"d-flex h-flex-basis h-column__inner h-px-lg-2 h-px-md-2 h-px-2 v-inner-lg-2 v-inner-md-2 v-inner-2 style-3015 style-local-2048-c20 position-relative\">\n              <!---->\n              <!---->\n              <div class=\"w-100 h-y-container h-column__content h-column__v-align flex-basis-100 align-self-lg-start align-self-md-start align-self-start\">\n                <!---->\n                <div data-colibri-id=\"2048-c21\" class=\"h-global-transition-all h-heading style-3016 style-local-2048-c21 position-relative h-element\">\n                  <!---->\n                  <div class=\"h-heading__outer style-3016 style-local-2048-c21\">\n                    <!---->\n                    <!---->\n                    <h3 class=\"\">L\u00ednea de Tiempo Diocesana<\/h3>\n                  <\/div>\n                <\/div>\n              <\/div>\n            <\/div>\n          <\/div>\n        <\/div>\n      <\/div>\n      <div data-colibri-id=\"2048-c22\" class=\"h-row-container gutters-row-lg-2 gutters-row-md-2 gutters-row-0 gutters-row-v-lg-2 gutters-row-v-md-2 gutters-row-v-2 style-3011 style-local-2048-c22 position-relative\">\n        <!---->\n        <div class=\"h-row justify-content-lg-center justify-content-md-center justify-content-center align-items-lg-stretch align-items-md-stretch align-items-stretch gutters-col-lg-2 gutters-col-md-2 gutters-col-0 gutters-col-v-lg-2 gutters-col-v-md-2 gutters-col-v-2\">\n          <!---->\n          <div class=\"h-column h-column-container d-flex h-col-lg-auto h-col-md-auto h-col-auto style-3012-outer style-local-2048-c23-outer\">\n            <div data-colibri-id=\"2048-c23\" class=\"d-flex h-flex-basis h-column__inner h-px-lg-2 h-px-md-2 h-px-2 v-inner-lg-2 v-inner-md-2 v-inner-2 style-3012 style-local-2048-c23 position-relative\">\n              <!---->\n              <!---->\n              <div class=\"w-100 h-y-container h-column__content h-column__v-align flex-basis-100 align-self-lg-start align-self-md-start align-self-start\">\n                <!---->\n                <div data-colibri-id=\"2048-c24\" class=\"style-3013 style-local-2048-c24 position-relative h-element\">\n                  <!---->\n                  <div class=\"\"><iframe src='https:\/\/cdn.knightlab.com\/libs\/timeline3\/latest\/embed\/index.html?source=1xv5dr7nIssIzW69AEafoOyDBaKBR8fsmLoxAB4EYN74&font=Default&lang=es&initial_zoom=2&height=650' width='100%' height='650' webkitallowfullscreen mozallowfullscreen allowfullscreen frameborder='0'><\/iframe><\/div>\n                <\/div>\n                <div data-colibri-id=\"2048-c25\" class=\"h-x-container style-3017 style-local-2048-c25 position-relative h-element\">\n                  <!---->\n                  <div class=\"h-x-container-inner style-dynamic-2048-c25-group style-3017-spacing style-local-2048-c25-spacing\"><span class=\"h-button__outer style-3018-outer style-local-2048-c26-outer d-inline-flex h-element\"><a h-use-smooth-scroll=\"true\" href=\"https:\/\/cdn.knightlab.com\/libs\/timeline3\/latest\/embed\/index.html?source=1xv5dr7nIssIzW69AEafoOyDBaKBR8fsmLoxAB4EYN74&amp;font=Default&amp;lang=en&amp;initial_zoom=2&amp;height=650\" target=\"_blank\"  data-colibri-id=\"2048-c26\" class=\"d-flex w-100 align-items-center h-button justify-content-lg-center justify-content-md-center justify-content-center style-3018 style-local-2048-c26 position-relative\"><!----><!----> <span>Ver Pantalla Completa<\/span><\/a>\n                    <\/span>\n                  <\/div>\n                <\/div>\n              <\/div>\n            <\/div>\n          <\/div>\n        <\/div>\n      <\/div>\n      <div data-colibri-id=\"2048-c27\" class=\"h-row-container gutters-row-lg-0 gutters-row-md-0 gutters-row-2 gutters-row-v-lg-0 gutters-row-v-md-0 gutters-row-v-2 style-179 style-local-2048-c27 position-relative\">\n        <!---->\n        <div class=\"h-row justify-content-lg-center justify-content-md-center justify-content-center align-items-lg-stretch align-items-md-stretch align-items-stretch gutters-col-lg-0 gutters-col-md-0 gutters-col-2 gutters-col-v-lg-0 gutters-col-v-md-0 gutters-col-v-2\">\n          <!---->\n          <div class=\"h-column h-column-container d-flex h-col-lg-auto h-col-md-auto h-col-auto style-180-outer style-local-2048-c28-outer\">\n            <div data-colibri-id=\"2048-c28\" class=\"d-flex h-flex-basis h-column__inner h-ui-empty-state-container h-px-lg-2 h-px-md-2 h-px-2 v-inner-lg-2 v-inner-md-2 v-inner-2 style-180 style-local-2048-c28 position-relative\">\n              <!---->\n              <!---->\n              <div class=\"w-100 h-y-container h-column__content h-column__v-align flex-basis-100\">\n                <!---->\n              <\/div>\n            <\/div>\n          <\/div>\n          <div class=\"h-column h-column-container d-flex h-col-lg-auto h-col-md-auto h-col-auto style-3106-outer style-local-2048-c29-outer\">\n            <div data-colibri-id=\"2048-c29\" class=\"d-flex h-flex-basis h-column__inner h-ui-empty-state-container h-px-lg-2 h-px-md-2 h-px-2 v-inner-lg-2 v-inner-md-2 v-inner-2 style-3106 style-local-2048-c29 position-relative\">\n              <!---->\n              <!---->\n              <div class=\"w-100 h-y-container h-column__content h-column__v-align flex-basis-100\">\n                <!---->\n              <\/div>\n            <\/div>\n          <\/div>\n        <\/div>\n      <\/div>\n      <div data-colibri-id=\"2048-c30\" class=\"h-row-container gutters-row-lg-2 gutters-row-md-2 gutters-row-0 gutters-row-v-lg-2 gutters-row-v-md-2 gutters-row-v-2 style-2026 style-local-2048-c30 position-relative\">\n        <!---->\n        <div class=\"h-row justify-content-lg-center justify-content-md-center justify-content-center align-items-lg-stretch align-items-md-stretch align-items-stretch gutters-col-lg-2 gutters-col-md-2 gutters-col-0 gutters-col-v-lg-2 gutters-col-v-md-2 gutters-col-v-2\">\n          <!---->\n          <div class=\"h-column h-column-container d-flex h-col-lg-auto h-col-md-auto h-col-auto style-2027-outer style-local-2048-c31-outer\">\n            <div data-colibri-id=\"2048-c31\" class=\"d-flex h-flex-basis h-column__inner h-px-lg-2 h-px-md-2 h-px-2 v-inner-lg-2 v-inner-md-2 v-inner-2 style-2027 style-local-2048-c31 position-relative\">\n              <!---->\n              <!---->\n              <div class=\"w-100 h-y-container h-column__content h-column__v-align flex-basis-100 align-self-lg-start align-self-md-start align-self-start\">\n                <!---->\n                <div data-colibri-id=\"2048-c32\" class=\"h-global-transition-all h-heading style-2028 style-local-2048-c32 position-relative h-element\">\n                  <!---->\n                  <div class=\"h-heading__outer style-2028 style-local-2048-c32\">\n                    <!---->\n                    <!---->\n                    <h2 class=\"\">Especial Patrimonio Cultural-Religioso<\/h2>\n                  <\/div>\n                <\/div>\n              <\/div>\n            <\/div>\n          <\/div>\n        <\/div>\n      <\/div>\n      <div data-colibri-id=\"2048-c33\" class=\"h-row-container gutters-row-lg-2 gutters-row-md-2 gutters-row-0 gutters-row-v-lg-2 gutters-row-v-md-2 gutters-row-v-2 style-2029 style-local-2048-c33 position-relative\">\n        <!---->\n        <div class=\"h-row justify-content-lg-center justify-content-md-center justify-content-center align-items-lg-stretch align-items-md-stretch align-items-stretch gutters-col-lg-2 gutters-col-md-2 gutters-col-0 gutters-col-v-lg-2 gutters-col-v-md-2 gutters-col-v-2\">\n          <!---->\n          <div class=\"h-column h-column-container d-flex h-col-lg-auto h-col-md-auto h-col-auto style-2030-outer style-local-2048-c34-outer\">\n            <div data-colibri-id=\"2048-c34\" class=\"d-flex h-flex-basis h-column__inner h-px-lg-2 h-px-md-2 h-px-2 v-inner-lg-2 v-inner-md-2 v-inner-2 style-2030 style-local-2048-c34 position-relative\">\n              <!---->\n              <!---->\n              <div class=\"w-100 h-y-container h-column__content h-column__v-align flex-basis-100 align-self-lg-start align-self-md-start align-self-start\">\n                <!---->\n                <div data-colibri-id=\"2048-c35\" class=\"h-global-transition-all h-heading style-2036 style-local-2048-c35 position-relative h-element\">\n                  <!---->\n                  <div class=\"h-heading__outer style-2036 style-local-2048-c35\">\n                    <!---->\n                    <!---->\n                    <h4 class=\"\">Templo Catedral Linares<\/h4>\n                  <\/div>\n                <\/div>\n                <div data-colibri-id=\"2048-c36\" class=\"d-block style-2033 style-local-2048-c36 position-relative h-element\">\n                  <!---->\n                  <div class=\"h-image__frame-container-outer\">\n                    <div class=\"h-image__frame-container\">\n                      <!---->\n                      <!---->\n                      <img loading=\"lazy\" decoding=\"async\" width=\"2881\" height=\"2875\" src=\"https:\/\/diocesisdelinares.com\/100\/wp-content\/uploads\/2023\/05\/cropped-IMG_9341-1-1.png\" class=\"wp-image-5672 style-2033-image style-local-2048-c36-image\" alt=\"\" srcset=\"https:\/\/diocesisdelinares.com\/100\/wp-content\/uploads\/2023\/05\/cropped-IMG_9341-1-1.png 2881w, https:\/\/diocesisdelinares.com\/100\/wp-content\/uploads\/2023\/05\/cropped-IMG_9341-1-1-300x300.png 300w, https:\/\/diocesisdelinares.com\/100\/wp-content\/uploads\/2023\/05\/cropped-IMG_9341-1-1-1024x1022.png 1024w, https:\/\/diocesisdelinares.com\/100\/wp-content\/uploads\/2023\/05\/cropped-IMG_9341-1-1-150x150.png 150w, https:\/\/diocesisdelinares.com\/100\/wp-content\/uploads\/2023\/05\/cropped-IMG_9341-1-1-768x766.png 768w, https:\/\/diocesisdelinares.com\/100\/wp-content\/uploads\/2023\/05\/cropped-IMG_9341-1-1-1536x1533.png 1536w, https:\/\/diocesisdelinares.com\/100\/wp-content\/uploads\/2023\/05\/cropped-IMG_9341-1-1-2048x2044.png 2048w\" sizes=\"auto, (max-width: 2881px) 100vw, 2881px\" \/>\n                      <div class=\"h-image__frame h-hide-lg h-hide-md h-hide-sm style-2033-frameImage style-local-2048-c36-frameImage\"><\/div>\n                    <\/div>\n                  <\/div>\n                <\/div>\n                <div data-colibri-id=\"2048-c37\" class=\"h-x-container style-2039 style-local-2048-c37 position-relative h-element\">\n                  <!---->\n                  <div class=\"h-x-container-inner style-dynamic-2048-c37-group style-2039-spacing style-local-2048-c37-spacing\"><span class=\"h-button__outer style-2040-outer style-local-2048-c38-outer d-inline-flex h-element\"><a h-use-smooth-scroll=\"true\" href=\"https:\/\/diocesisdelinares.com\/100\/templo-catedral-linares\/\" target=\"_blank\"  data-colibri-id=\"2048-c38\" class=\"d-flex w-100 align-items-center h-button justify-content-lg-center justify-content-md-center justify-content-center style-2040 style-local-2048-c38 position-relative\"><!----><!----> <span>Saber M\u00e1s<\/span><\/a>\n                    <\/span>\n                  <\/div>\n                <\/div>\n              <\/div>\n            <\/div>\n          <\/div>\n          <div class=\"h-column h-column-container d-flex h-col-lg-auto h-col-md-auto h-col-auto style-2031-outer style-local-2048-c39-outer\">\n            <div data-colibri-id=\"2048-c39\" class=\"d-flex h-flex-basis h-column__inner h-px-lg-2 h-px-md-2 h-px-2 v-inner-lg-2 v-inner-md-2 v-inner-2 style-2031 style-local-2048-c39 position-relative\">\n              <!---->\n              <!---->\n              <div class=\"w-100 h-y-container h-column__content h-column__v-align flex-basis-100 align-self-lg-start align-self-md-start align-self-start\">\n                <!---->\n                <div data-colibri-id=\"2048-c40\" class=\"h-global-transition-all h-heading style-2036 style-local-2048-c40 position-relative h-element\">\n                  <!---->\n                  <div class=\"h-heading__outer style-2036 style-local-2048-c40\">\n                    <!---->\n                    <!---->\n                    <h4 class=\"\">Parroquia San Alfonso, Cauquenes<\/h4>\n                  <\/div>\n                <\/div>\n                <div data-colibri-id=\"2048-c41\" class=\"d-block style-2034 style-local-2048-c41 position-relative h-element\">\n                  <!---->\n                  <div class=\"h-image__frame-container-outer\">\n                    <div class=\"h-image__frame-container\">\n                      <!---->\n                      <!---->\n                      <img loading=\"lazy\" decoding=\"async\" width=\"700\" height=\"699\" src=\"https:\/\/diocesisdelinares.com\/100\/wp-content\/uploads\/2023\/05\/cropped-San-Alfonso-Cauquenes.jpg\" class=\"wp-image-5674 style-2034-image style-local-2048-c41-image\" alt=\"\" srcset=\"https:\/\/diocesisdelinares.com\/100\/wp-content\/uploads\/2023\/05\/cropped-San-Alfonso-Cauquenes.jpg 700w, https:\/\/diocesisdelinares.com\/100\/wp-content\/uploads\/2023\/05\/cropped-San-Alfonso-Cauquenes-300x300.jpg 300w, https:\/\/diocesisdelinares.com\/100\/wp-content\/uploads\/2023\/05\/cropped-San-Alfonso-Cauquenes-150x150.jpg 150w\" sizes=\"auto, (max-width: 700px) 100vw, 700px\" \/>\n                      <div class=\"h-image__frame h-hide-lg h-hide-md h-hide-sm style-2034-frameImage style-local-2048-c41-frameImage\"><\/div>\n                    <\/div>\n                  <\/div>\n                <\/div>\n                <div data-colibri-id=\"2048-c42\" class=\"h-x-container style-2037 style-local-2048-c42 position-relative h-element\">\n                  <!---->\n                  <div class=\"h-x-container-inner style-dynamic-2048-c42-group style-2037-spacing style-local-2048-c42-spacing\"><span class=\"h-button__outer style-2038-outer style-local-2048-c43-outer d-inline-flex h-element\"><a h-use-smooth-scroll=\"true\" href=\"https:\/\/diocesisdelinares.com\/100\/parroquia-san-alfonso\/\" target=\"_blank\"  data-colibri-id=\"2048-c43\" class=\"d-flex w-100 align-items-center h-button justify-content-lg-center justify-content-md-center justify-content-center style-2038 style-local-2048-c43 position-relative\"><!----><!----> <span>Saber M\u00e1s<\/span><\/a>\n                    <\/span>\n                  <\/div>\n                <\/div>\n              <\/div>\n            <\/div>\n          <\/div>\n          <div class=\"h-column h-column-container d-flex h-col-lg-auto h-col-md-auto h-col-auto style-2032-outer style-local-2048-c44-outer\">\n            <div data-colibri-id=\"2048-c44\" class=\"d-flex h-flex-basis h-column__inner h-px-lg-2 h-px-md-2 h-px-2 v-inner-lg-2 v-inner-md-2 v-inner-2 style-2032 style-local-2048-c44 position-relative\">\n              <!---->\n              <!---->\n              <div class=\"w-100 h-y-container h-column__content h-column__v-align flex-basis-100 align-self-lg-start align-self-md-start align-self-start\">\n                <!---->\n                <div data-colibri-id=\"2048-c45\" class=\"h-global-transition-all h-heading style-2036 style-local-2048-c45 position-relative h-element\">\n                  <!---->\n                  <div class=\"h-heading__outer style-2036 style-local-2048-c45\">\n                    <!---->\n                    <!---->\n                    <a href=\"https:\/\/diocesisdelinares.com\/100\/parroquia-san-francisco-parral\/\" target=\"_blank\" h-use-smooth-scroll=\"true\">\n                      <h4 class=\"\">Parroquia San Francisco, Parral<\/h4>\n                    <\/a>\n                  <\/div>\n                <\/div>\n                <div data-colibri-id=\"2048-c46\" class=\"d-block style-2035 style-local-2048-c46 position-relative h-element\">\n                  <!---->\n                  <div class=\"h-image__frame-container-outer\">\n                    <a href=\"https:\/\/diocesisdelinares.com\/100\/parroquia-san-francisco-parral\/\" target=\"_blank\" h-use-smooth-scroll=\"true\" class=\"image-link\">\n                      <div class=\"h-image__frame-container\">\n                        <!---->\n                        <!---->\n                        <img loading=\"lazy\" decoding=\"async\" width=\"573\" height=\"708\" src=\"https:\/\/diocesisdelinares.com\/100\/wp-content\/uploads\/2023\/05\/cropped-Parroquia-San-Francisco-de-Asis-Parral.jpg\" class=\"wp-image-5676 style-2035-image style-local-2048-c46-image\" alt=\"\" srcset=\"https:\/\/diocesisdelinares.com\/100\/wp-content\/uploads\/2023\/05\/cropped-Parroquia-San-Francisco-de-Asis-Parral.jpg 573w, https:\/\/diocesisdelinares.com\/100\/wp-content\/uploads\/2023\/05\/cropped-Parroquia-San-Francisco-de-Asis-Parral-243x300.jpg 243w\" sizes=\"auto, (max-width: 573px) 100vw, 573px\" \/>\n                        <div class=\"h-image__frame h-hide-lg h-hide-md h-hide-sm style-2035-frameImage style-local-2048-c46-frameImage\"><\/div>\n                      <\/div>\n                    <\/a>\n                  <\/div>\n                <\/div>\n                <div data-colibri-id=\"2048-c47\" class=\"h-x-container style-2041 style-local-2048-c47 position-relative h-element\">\n                  <!---->\n                  <div class=\"h-x-container-inner style-dynamic-2048-c47-group style-2041-spacing style-local-2048-c47-spacing\"><span class=\"h-button__outer style-2042-outer style-local-2048-c48-outer d-inline-flex h-element\"><a h-use-smooth-scroll=\"true\" href=\"https:\/\/diocesisdelinares.com\/100\/parroquia-san-francisco-parral\/\" target=\"_blank\"  data-colibri-id=\"2048-c48\" class=\"d-flex w-100 align-items-center h-button justify-content-lg-center justify-content-md-center justify-content-center style-2042 style-local-2048-c48 position-relative\"><!----><!----> <span>Saber M\u00e1s<\/span><\/a>\n                    <\/span>\n                  <\/div>\n                <\/div>\n              <\/div>\n            <\/div>\n          <\/div>\n          <div class=\"h-column h-column-container d-flex h-col-lg-auto h-col-md-auto h-col-auto style-3628-outer style-local-2048-c168-outer\">\n            <div data-colibri-id=\"2048-c168\" class=\"d-flex h-flex-basis h-column__inner h-px-lg-2 h-px-md-2 h-px-2 v-inner-lg-2 v-inner-md-2 v-inner-2 style-3628 style-local-2048-c168 position-relative\">\n              <!---->\n              <!---->\n              <div class=\"w-100 h-y-container h-column__content h-column__v-align flex-basis-100 align-self-lg-start align-self-md-start align-self-start\">\n                <!---->\n                <div data-colibri-id=\"2048-c169\" class=\"h-global-transition-all h-heading style-3629 style-local-2048-c169 position-relative h-element\">\n                  <!---->\n                  <div class=\"h-heading__outer style-3629 style-local-2048-c169\">\n                    <!---->\n                    <!---->\n                    <a href=\"https:\/\/diocesisdelinares.com\/100\/nirivilo\/\" h-use-smooth-scroll=\"true\">\n                      <h4 class=\"\">Parroquia N. Sra. del Carmen, Nirivilo<\/h4>\n                    <\/a>\n                  <\/div>\n                <\/div>\n                <div data-colibri-id=\"2048-c170\" class=\"d-block style-3630 style-local-2048-c170 position-relative h-element\">\n                  <!---->\n                  <div class=\"h-image__frame-container-outer\">\n                    <a href=\"https:\/\/diocesisdelinares.com\/100\/nirivilo\/\" h-use-smooth-scroll=\"true\" class=\"image-link\">\n                      <div class=\"h-image__frame-container\">\n                        <!---->\n                        <!---->\n                        <img loading=\"lazy\" decoding=\"async\" width=\"961\" height=\"960\" src=\"https:\/\/diocesisdelinares.com\/100\/wp-content\/uploads\/2024\/02\/cropped-Parroquia-Nirivilo.png\" class=\"wp-image-8451 style-3630-image style-local-2048-c170-image\" alt=\"\" srcset=\"https:\/\/diocesisdelinares.com\/100\/wp-content\/uploads\/2024\/02\/cropped-Parroquia-Nirivilo.png 961w, https:\/\/diocesisdelinares.com\/100\/wp-content\/uploads\/2024\/02\/cropped-Parroquia-Nirivilo-300x300.png 300w, https:\/\/diocesisdelinares.com\/100\/wp-content\/uploads\/2024\/02\/cropped-Parroquia-Nirivilo-150x150.png 150w, https:\/\/diocesisdelinares.com\/100\/wp-content\/uploads\/2024\/02\/cropped-Parroquia-Nirivilo-768x767.png 768w\" sizes=\"auto, (max-width: 961px) 100vw, 961px\" \/>\n                        <div class=\"h-image__frame h-hide-lg h-hide-md h-hide-sm style-3630-frameImage style-local-2048-c170-frameImage\"><\/div>\n                      <\/div>\n                    <\/a>\n                  <\/div>\n                <\/div>\n                <div data-colibri-id=\"2048-c171\" class=\"h-x-container style-3631 style-local-2048-c171 position-relative h-element\">\n                  <!---->\n                  <div class=\"h-x-container-inner style-dynamic-2048-c171-group style-3631-spacing style-local-2048-c171-spacing\"><span class=\"h-button__outer style-3632-outer style-local-2048-c172-outer d-inline-flex h-element\"><a h-use-smooth-scroll=\"true\" href=\"https:\/\/diocesisdelinares.com\/100\/nirivilo\/\"  data-colibri-id=\"2048-c172\" class=\"d-flex w-100 align-items-center h-button justify-content-lg-center justify-content-md-center justify-content-center style-3632 style-local-2048-c172 position-relative\"><!----><!----> <span>saber m\u00e1s<\/span><\/a>\n                    <\/span>\n                  <\/div>\n                <\/div>\n              <\/div>\n            <\/div>\n          <\/div>\n        <\/div>\n      <\/div>\n      <div data-colibri-id=\"2048-c49\" class=\"h-row-container gutters-row-lg-2 gutters-row-md-2 gutters-row-0 gutters-row-v-lg-2 gutters-row-v-md-2 gutters-row-v-2 style-3259 style-local-2048-c49 position-relative\">\n        <!---->\n        <div class=\"h-row justify-content-lg-center justify-content-md-center justify-content-center align-items-lg-stretch align-items-md-stretch align-items-stretch gutters-col-lg-2 gutters-col-md-2 gutters-col-0 gutters-col-v-lg-2 gutters-col-v-md-2 gutters-col-v-2\">\n          <!---->\n          <div class=\"h-column h-column-container d-flex h-col-lg-auto h-col-md-auto h-col-auto style-3260-outer style-local-2048-c50-outer\">\n            <div data-colibri-id=\"2048-c50\" class=\"d-flex h-flex-basis h-column__inner h-px-lg-2 h-px-md-2 h-px-2 v-inner-lg-2 v-inner-md-2 v-inner-2 style-3260 style-local-2048-c50 position-relative\">\n              <!---->\n              <!---->\n              <div class=\"w-100 h-y-container h-column__content h-column__v-align flex-basis-100 align-self-lg-start align-self-md-start align-self-start\">\n                <!---->\n                <div data-colibri-id=\"2048-c51\" class=\"h-global-transition-all h-heading style-3261 style-local-2048-c51 position-relative h-element\">\n                  <!---->\n                  <div class=\"h-heading__outer style-3261 style-local-2048-c51\">\n                    <!---->\n                    <!---->\n                    <h3 class=\"\">Tours en 3D&nbsp;<\/h3>\n                  <\/div>\n                <\/div>\n                <div data-colibri-id=\"2048-c52\" class=\"h-row-container gutters-row-lg-2 gutters-row-md-2 gutters-row-0 gutters-row-v-lg-2 gutters-row-v-md-2 gutters-row-v-2 style-3262 style-local-2048-c52 position-relative\">\n                  <!---->\n                  <div class=\"h-row justify-content-lg-center justify-content-md-center justify-content-center align-items-lg-stretch align-items-md-stretch align-items-stretch gutters-col-lg-2 gutters-col-md-2 gutters-col-0 gutters-col-v-lg-2 gutters-col-v-md-2 gutters-col-v-2\">\n                    <!---->\n                    <div class=\"h-column h-column-container d-flex h-col-lg-auto h-col-md-auto h-col-auto style-3263-outer style-local-2048-c53-outer\">\n                      <div data-colibri-id=\"2048-c53\" class=\"d-flex h-flex-basis h-column__inner h-px-lg-2 h-px-md-2 h-px-2 v-inner-lg-2 v-inner-md-2 v-inner-2 style-3263 style-local-2048-c53 position-relative\">\n                        <!---->\n                        <!---->\n                        <div class=\"w-100 h-y-container h-column__content h-column__v-align flex-basis-100 align-self-lg-start align-self-md-start align-self-start\">\n                          <!---->\n                          <div data-colibri-id=\"2048-c54\" class=\"d-block style-3596 style-local-2048-c54 position-relative h-element\">\n                            <!---->\n                            <div class=\"h-image__frame-container-outer\">\n                              <a href=\"https:\/\/app.lapentor.com\/sphere\/catedral-de-linares\" target=\"_blank\" h-use-smooth-scroll=\"true\" class=\"image-link\">\n                                <div class=\"h-image__frame-container\">\n                                  <!---->\n                                  <!---->\n                                  <img loading=\"lazy\" decoding=\"async\" width=\"975\" height=\"1463\" src=\"https:\/\/diocesisdelinares.com\/100\/wp-content\/uploads\/2025\/03\/D3X_8227-1.jpg\" class=\"wp-image-8345 style-3596-image style-local-2048-c54-image\" alt=\"\" srcset=\"https:\/\/diocesisdelinares.com\/100\/wp-content\/uploads\/2025\/03\/D3X_8227-1.jpg 975w, https:\/\/diocesisdelinares.com\/100\/wp-content\/uploads\/2025\/03\/D3X_8227-1-200x300.jpg 200w, https:\/\/diocesisdelinares.com\/100\/wp-content\/uploads\/2025\/03\/D3X_8227-1-682x1024.jpg 682w, https:\/\/diocesisdelinares.com\/100\/wp-content\/uploads\/2025\/03\/D3X_8227-1-768x1152.jpg 768w\" sizes=\"auto, (max-width: 975px) 100vw, 975px\" \/>\n                                  <div class=\"h-image__frame h-hide-lg h-hide-md h-hide-sm style-3596-frameImage style-local-2048-c54-frameImage\"><\/div>\n                                <\/div>\n                              <\/a>\n                            <\/div>\n                          <\/div>\n                          <div data-colibri-id=\"2048-c55\" class=\"h-global-transition-all h-heading style-3269 style-local-2048-c55 position-relative h-element\">\n                            <!---->\n                            <div class=\"h-heading__outer style-3269 style-local-2048-c55\">\n                              <!---->\n                              <!---->\n                              <a href=\"https:\/\/app.lapentor.com\/sphere\/catedral-de-linares\" target=\"_blank\" h-use-smooth-scroll=\"true\">\n                                <h5 class=\"\">Templo Catedral de linares<\/h5>\n                              <\/a>\n                            <\/div>\n                          <\/div>\n                          <div data-colibri-id=\"2048-c56\" class=\"h-x-container style-3597 style-local-2048-c56 position-relative h-element\">\n                            <!---->\n                            <div class=\"h-x-container-inner style-dynamic-2048-c56-group style-3597-spacing style-local-2048-c56-spacing\"><span class=\"h-button__outer style-3598-outer style-local-2048-c57-outer d-inline-flex h-element\"><a h-use-smooth-scroll=\"true\" href=\"https:\/\/app.lapentor.com\/sphere\/catedral-de-linares\" target=\"_blank\"  data-colibri-id=\"2048-c57\" class=\"d-flex w-100 align-items-center h-button justify-content-lg-center justify-content-md-center justify-content-center style-3598 style-local-2048-c57 position-relative\"><!----><!----> <span>Iniciar  Recorrido<\/span><\/a>\n                              <\/span>\n                            <\/div>\n                          <\/div>\n                        <\/div>\n                      <\/div>\n                    <\/div>\n                    <div class=\"h-column h-column-container d-flex h-col-lg-auto h-col-md-auto h-col-auto style-3265-outer style-local-2048-c58-outer\">\n                      <div data-colibri-id=\"2048-c58\" class=\"d-flex h-flex-basis h-column__inner h-px-lg-2 h-px-md-2 h-px-2 v-inner-lg-2 v-inner-md-2 v-inner-2 style-3265 style-local-2048-c58 position-relative\">\n                        <!---->\n                        <!---->\n                        <div class=\"w-100 h-y-container h-column__content h-column__v-align flex-basis-100 align-self-lg-start align-self-md-start align-self-start\">\n                          <!---->\n                          <div data-colibri-id=\"2048-c59\" class=\"d-block style-3266 style-local-2048-c59 position-relative h-element\">\n                            <!---->\n                            <div class=\"h-image__frame-container-outer\">\n                              <a href=\"https:\/\/diocesisdelinares.com\/100\/recorrido-virtual-chanco\/\" target=\"_blank\" h-use-smooth-scroll=\"true\" class=\"image-link\">\n                                <div class=\"h-image__frame-container\">\n                                  <!---->\n                                  <!---->\n                                  <img loading=\"lazy\" decoding=\"async\" width=\"1920\" height=\"2560\" src=\"https:\/\/diocesisdelinares.com\/100\/wp-content\/uploads\/2025\/03\/20240127_174201-scaled.jpg\" class=\"wp-image-8279 style-3266-image style-local-2048-c59-image\" alt=\"\" srcset=\"https:\/\/diocesisdelinares.com\/100\/wp-content\/uploads\/2025\/03\/20240127_174201-scaled.jpg 1920w, https:\/\/diocesisdelinares.com\/100\/wp-content\/uploads\/2025\/03\/20240127_174201-225x300.jpg 225w, https:\/\/diocesisdelinares.com\/100\/wp-content\/uploads\/2025\/03\/20240127_174201-768x1024.jpg 768w, https:\/\/diocesisdelinares.com\/100\/wp-content\/uploads\/2025\/03\/20240127_174201-1152x1536.jpg 1152w, https:\/\/diocesisdelinares.com\/100\/wp-content\/uploads\/2025\/03\/20240127_174201-1536x2048.jpg 1536w\" sizes=\"auto, (max-width: 1920px) 100vw, 1920px\" \/>\n                                  <div class=\"h-image__frame h-hide-lg h-hide-md h-hide-sm style-3266-frameImage style-local-2048-c59-frameImage\"><\/div>\n                                <\/div>\n                              <\/a>\n                            <\/div>\n                          <\/div>\n                          <div data-colibri-id=\"2048-c60\" class=\"h-global-transition-all h-heading style-3269 style-local-2048-c60 position-relative h-element\">\n                            <!---->\n                            <div class=\"h-heading__outer style-3269 style-local-2048-c60\">\n                              <!---->\n                              <!---->\n                              <a href=\"https:\/\/diocesisdelinares.com\/100\/recorrido-virtual-chanco\/\" target=\"_blank\" h-use-smooth-scroll=\"true\">\n                                <h5 class=\"\">santuario Nuestra se\u00f1ora de la candelaria, chanco<\/h5>\n                              <\/a>\n                            <\/div>\n                          <\/div>\n                          <div data-colibri-id=\"2048-c61\" class=\"h-x-container style-3272 style-local-2048-c61 position-relative h-element\">\n                            <!---->\n                            <div class=\"h-x-container-inner style-dynamic-2048-c61-group style-3272-spacing style-local-2048-c61-spacing\"><span class=\"h-button__outer style-3273-outer style-local-2048-c62-outer d-inline-flex h-element\"><a h-use-smooth-scroll=\"true\" href=\"https:\/\/diocesisdelinares.com\/100\/recorrido-virtual-chanco\/\" target=\"_blank\"  data-colibri-id=\"2048-c62\" class=\"d-flex w-100 align-items-center h-button justify-content-lg-center justify-content-md-center justify-content-center style-3273 style-local-2048-c62 position-relative\"><!----><!----> <span>Iniciar Recorrido<\/span><\/a>\n                              <\/span>\n                            <\/div>\n                          <\/div>\n                        <\/div>\n                      <\/div>\n                    <\/div>\n                    <div class=\"h-column h-column-container d-flex h-col-lg-auto h-col-md-auto h-col-auto style-3264-outer style-local-2048-c63-outer\">\n                      <div data-colibri-id=\"2048-c63\" class=\"d-flex h-flex-basis h-column__inner h-px-lg-2 h-px-md-2 h-px-2 v-inner-lg-2 v-inner-md-2 v-inner-2 style-3264 style-local-2048-c63 position-relative\">\n                        <!---->\n                        <!---->\n                        <div class=\"w-100 h-y-container h-column__content h-column__v-align flex-basis-100 align-self-lg-start align-self-md-start align-self-start\">\n                          <!---->\n                          <div data-colibri-id=\"2048-c64\" class=\"d-block style-3268 style-local-2048-c64 position-relative h-element\">\n                            <!---->\n                            <div class=\"h-image__frame-container-outer\">\n                              <a href=\"https:\/\/diocesisdelinares.com\/100\/recorrido-virtual\/\" target=\"_blank\" h-use-smooth-scroll=\"true\" class=\"image-link\">\n                                <div class=\"h-image__frame-container\">\n                                  <!---->\n                                  <!---->\n                                  <img loading=\"lazy\" decoding=\"async\" width=\"449\" height=\"599\" src=\"https:\/\/diocesisdelinares.com\/100\/wp-content\/uploads\/2025\/03\/IMG_9350.jpg\" class=\"wp-image-8283 style-3268-image style-local-2048-c64-image\" alt=\"\" srcset=\"https:\/\/diocesisdelinares.com\/100\/wp-content\/uploads\/2025\/03\/IMG_9350.jpg 449w, https:\/\/diocesisdelinares.com\/100\/wp-content\/uploads\/2025\/03\/IMG_9350-225x300.jpg 225w\" sizes=\"auto, (max-width: 449px) 100vw, 449px\" \/>\n                                  <div class=\"h-image__frame h-hide-lg h-hide-md h-hide-sm style-3268-frameImage style-local-2048-c64-frameImage\"><\/div>\n                                <\/div>\n                              <\/a>\n                            <\/div>\n                          <\/div>\n                          <div data-colibri-id=\"2048-c65\" class=\"h-global-transition-all h-heading style-3271 style-local-2048-c65 position-relative h-element\">\n                            <!---->\n                            <div class=\"h-heading__outer style-3271 style-local-2048-c65\">\n                              <!---->\n                              <!---->\n                              <a href=\"https:\/\/diocesisdelinares.com\/100\/recorrido-virtual\/\" target=\"_blank\" h-use-smooth-scroll=\"true\">\n                                <h5 class=\"\">parroquia mar\u00eda auxiliadora (salesianos), linares<\/h5>\n                              <\/a>\n                            <\/div>\n                          <\/div>\n                          <div data-colibri-id=\"2048-c66\" class=\"h-x-container style-3276 style-local-2048-c66 position-relative h-element\">\n                            <!---->\n                            <div class=\"h-x-container-inner style-dynamic-2048-c66-group style-3276-spacing style-local-2048-c66-spacing\"><span class=\"h-button__outer style-3277-outer style-local-2048-c67-outer d-inline-flex h-element\"><a h-use-smooth-scroll=\"true\" href=\"https:\/\/diocesisdelinares.com\/100\/recorrido-virtual\/\" target=\"_blank\"  data-colibri-id=\"2048-c67\" class=\"d-flex w-100 align-items-center h-button justify-content-lg-center justify-content-md-center justify-content-center style-3277 style-local-2048-c67 position-relative\"><!----><!----> <span>iniciar recorrido<\/span><\/a>\n                              <\/span>\n                            <\/div>\n                          <\/div>\n                        <\/div>\n                      <\/div>\n                    <\/div>\n                    <div class=\"h-column h-column-container d-flex h-col-lg-auto h-col-md-auto h-col-auto style-3264-outer style-local-2048-c68-outer\">\n                      <div data-colibri-id=\"2048-c68\" class=\"d-flex h-flex-basis h-column__inner h-px-lg-2 h-px-md-2 h-px-2 v-inner-lg-2 v-inner-md-2 v-inner-2 style-3264 style-local-2048-c68 position-relative\">\n                        <!---->\n                        <!---->\n                        <div class=\"w-100 h-y-container h-column__content h-column__v-align flex-basis-100 align-self-lg-start align-self-md-start align-self-start\">\n                          <!---->\n                          <div data-colibri-id=\"2048-c69\" class=\"d-block style-3268 style-local-2048-c69 position-relative h-element\">\n                            <!---->\n                            <div class=\"h-image__frame-container-outer\">\n                              <a href=\"https:\/\/diocesisdelinares.com\/100\/nirivilo\/\" target=\"_blank\" h-use-smooth-scroll=\"true\" class=\"image-link\">\n                                <div class=\"h-image__frame-container\">\n                                  <!---->\n                                  <!---->\n                                  <img loading=\"lazy\" decoding=\"async\" width=\"1096\" height=\"1462\" src=\"https:\/\/diocesisdelinares.com\/100\/wp-content\/uploads\/2025\/03\/IMG_4881.jpg\" class=\"wp-image-8139 style-3268-image style-local-2048-c69-image\" alt=\"\" srcset=\"https:\/\/diocesisdelinares.com\/100\/wp-content\/uploads\/2025\/03\/IMG_4881.jpg 1096w, https:\/\/diocesisdelinares.com\/100\/wp-content\/uploads\/2025\/03\/IMG_4881-225x300.jpg 225w, https:\/\/diocesisdelinares.com\/100\/wp-content\/uploads\/2025\/03\/IMG_4881-768x1024.jpg 768w\" sizes=\"auto, (max-width: 1096px) 100vw, 1096px\" \/>\n                                  <div class=\"h-image__frame h-hide-lg h-hide-md h-hide-sm style-3268-frameImage style-local-2048-c69-frameImage\"><\/div>\n                                <\/div>\n                              <\/a>\n                            <\/div>\n                          <\/div>\n                          <div data-colibri-id=\"2048-c70\" class=\"h-global-transition-all h-heading style-3271 style-local-2048-c70 position-relative h-element\">\n                            <!---->\n                            <div class=\"h-heading__outer style-3271 style-local-2048-c70\">\n                              <!---->\n                              <!---->\n                              <a href=\"https:\/\/diocesisdelinares.com\/100\/nirivilo\/\" target=\"_blank\" h-use-smooth-scroll=\"true\">\n                                <h5 class=\"\">parroquia Nuestra se\u00f1ora del carmen, nirivilo<\/h5>\n                              <\/a>\n                            <\/div>\n                          <\/div>\n                          <div data-colibri-id=\"2048-c71\" class=\"h-x-container style-3276 style-local-2048-c71 position-relative h-element\">\n                            <!---->\n                            <div class=\"h-x-container-inner style-dynamic-2048-c71-group style-3276-spacing style-local-2048-c71-spacing\"><span class=\"h-button__outer style-3277-outer style-local-2048-c72-outer d-inline-flex h-element\"><a h-use-smooth-scroll=\"true\" href=\"https:\/\/diocesisdelinares.com\/100\/nirivilo\/\" target=\"_blank\"  data-colibri-id=\"2048-c72\" class=\"d-flex w-100 align-items-center h-button justify-content-lg-center justify-content-md-center justify-content-center style-3277 style-local-2048-c72 position-relative\"><!----><!----> <span>iniciar recorrido<\/span><\/a>\n                              <\/span>\n                            <\/div>\n                          <\/div>\n                        <\/div>\n                      <\/div>\n                    <\/div>\n                  <\/div>\n                <\/div>\n              <\/div>\n            <\/div>\n          <\/div>\n          <div class=\"h-column h-column-container d-flex h-col-lg-auto h-col-md-auto h-col-auto style-3260-outer style-local-2048-c73-outer\">\n            <div data-colibri-id=\"2048-c73\" class=\"d-flex h-flex-basis h-column__inner h-px-lg-2 h-px-md-2 h-px-2 v-inner-lg-2 v-inner-md-2 v-inner-2 style-3260 style-local-2048-c73 position-relative\">\n              <!---->\n              <!---->\n              <div class=\"w-100 h-y-container h-column__content h-column__v-align flex-basis-100 align-self-lg-start align-self-md-start align-self-start\">\n                <!---->\n                <div data-colibri-id=\"2048-c74\" class=\"h-row-container gutters-row-lg-2 gutters-row-md-2 gutters-row-0 gutters-row-v-lg-2 gutters-row-v-md-2 gutters-row-v-2 style-3262 style-local-2048-c74 position-relative\">\n                  <!---->\n                  <div class=\"h-row justify-content-lg-center justify-content-md-center justify-content-center align-items-lg-stretch align-items-md-stretch align-items-stretch gutters-col-lg-2 gutters-col-md-2 gutters-col-0 gutters-col-v-lg-2 gutters-col-v-md-2 gutters-col-v-2\">\n                    <!---->\n                    <div class=\"h-column h-column-container d-flex h-col-lg-auto h-col-md-auto h-col-auto style-3263-outer style-local-2048-c75-outer\">\n                      <div data-colibri-id=\"2048-c75\" class=\"d-flex h-flex-basis h-column__inner h-px-lg-2 h-px-md-2 h-px-2 v-inner-lg-2 v-inner-md-2 v-inner-2 style-3263 style-local-2048-c75 position-relative\">\n                        <!---->\n                        <!---->\n                        <div class=\"w-100 h-y-container h-column__content h-column__v-align flex-basis-100 align-self-lg-start align-self-md-start align-self-start\">\n                          <!---->\n                          <div data-colibri-id=\"2048-c76\" class=\"d-block style-3266 style-local-2048-c76 position-relative h-element\">\n                            <!---->\n                            <div class=\"h-image__frame-container-outer\">\n                              <a href=\"https:\/\/diocesisdelinares.com\/100\/parroquia-longavi\/\" target=\"_blank\" h-use-smooth-scroll=\"true\" class=\"image-link\">\n                                <div class=\"h-image__frame-container\">\n                                  <!---->\n                                  <!---->\n                                  <img loading=\"lazy\" decoding=\"async\" width=\"1280\" height=\"923\" src=\"https:\/\/diocesisdelinares.com\/100\/wp-content\/uploads\/2024\/08\/cropped-DJI_0413-scaled-2.jpg\" class=\"wp-image-7872 style-3266-image style-local-2048-c76-image\" alt=\"\" srcset=\"https:\/\/diocesisdelinares.com\/100\/wp-content\/uploads\/2024\/08\/cropped-DJI_0413-scaled-2.jpg 1280w, https:\/\/diocesisdelinares.com\/100\/wp-content\/uploads\/2024\/08\/cropped-DJI_0413-scaled-2-300x216.jpg 300w, https:\/\/diocesisdelinares.com\/100\/wp-content\/uploads\/2024\/08\/cropped-DJI_0413-scaled-2-1024x738.jpg 1024w, https:\/\/diocesisdelinares.com\/100\/wp-content\/uploads\/2024\/08\/cropped-DJI_0413-scaled-2-768x554.jpg 768w\" sizes=\"auto, (max-width: 1280px) 100vw, 1280px\" \/>\n                                  <div class=\"h-image__frame h-hide-lg h-hide-md h-hide-sm style-3266-frameImage style-local-2048-c76-frameImage\"><\/div>\n                                <\/div>\n                              <\/a>\n                            <\/div>\n                          <\/div>\n                          <div data-colibri-id=\"2048-c77\" class=\"h-global-transition-all h-heading style-3269 style-local-2048-c77 position-relative h-element\">\n                            <!---->\n                            <div class=\"h-heading__outer style-3269 style-local-2048-c77\">\n                              <!---->\n                              <!---->\n                              <a href=\"https:\/\/diocesisdelinares.com\/100\/parroquia-longavi\/\" target=\"_blank\" h-use-smooth-scroll=\"true\">\n                                <h5 class=\"\">parroquia San Lorenzo m\u00e1rtir, longav\u00ed<\/h5>\n                              <\/a>\n                            <\/div>\n                          <\/div>\n                          <div data-colibri-id=\"2048-c78\" class=\"h-x-container style-3280 style-local-2048-c78 position-relative h-element\">\n                            <!---->\n                            <div class=\"h-x-container-inner style-dynamic-2048-c78-group style-3280-spacing style-local-2048-c78-spacing\"><span class=\"h-button__outer style-3281-outer style-local-2048-c79-outer d-inline-flex h-element\"><a h-use-smooth-scroll=\"true\" href=\"https:\/\/diocesisdelinares.com\/100\/parroquia-longavi\/\" target=\"_blank\"  data-colibri-id=\"2048-c79\" class=\"d-flex w-100 align-items-center h-button justify-content-lg-center justify-content-md-center justify-content-center style-3281 style-local-2048-c79 position-relative\"><!----><!----> <span>iniciar recorrido<\/span><\/a>\n                              <\/span>\n                            <\/div>\n                          <\/div>\n                        <\/div>\n                      <\/div>\n                    <\/div>\n                    <div class=\"h-column h-column-container d-flex h-col-lg-auto h-col-md-auto h-col-auto style-3263-outer style-local-2048-c80-outer\">\n                      <div data-colibri-id=\"2048-c80\" class=\"d-flex h-flex-basis h-column__inner h-px-lg-2 h-px-md-2 h-px-2 v-inner-lg-2 v-inner-md-2 v-inner-2 style-3263 style-local-2048-c80 position-relative\">\n                        <!---->\n                        <!---->\n                        <div class=\"w-100 h-y-container h-column__content h-column__v-align flex-basis-100 align-self-lg-start align-self-md-start align-self-start\">\n                          <!---->\n                          <div data-colibri-id=\"2048-c81\" class=\"d-block style-3266 style-local-2048-c81 position-relative h-element\">\n                            <!---->\n                            <div class=\"h-image__frame-container-outer\">\n                              <a href=\"https:\/\/diocesisdelinares.com\/100\/putu\/\" target=\"_blank\" h-use-smooth-scroll=\"true\" class=\"image-link\">\n                                <div class=\"h-image__frame-container\">\n                                  <!---->\n                                  <!---->\n                                  <img loading=\"lazy\" decoding=\"async\" width=\"960\" height=\"960\" src=\"https:\/\/diocesisdelinares.com\/100\/wp-content\/uploads\/2024\/05\/cropped-WhatsApp-Image-2024-05-25-at-19.43.37.jpeg\" class=\"wp-image-7697 style-3266-image style-local-2048-c81-image\" alt=\"\" srcset=\"https:\/\/diocesisdelinares.com\/100\/wp-content\/uploads\/2024\/05\/cropped-WhatsApp-Image-2024-05-25-at-19.43.37.jpeg 960w, https:\/\/diocesisdelinares.com\/100\/wp-content\/uploads\/2024\/05\/cropped-WhatsApp-Image-2024-05-25-at-19.43.37-300x300.jpeg 300w, https:\/\/diocesisdelinares.com\/100\/wp-content\/uploads\/2024\/05\/cropped-WhatsApp-Image-2024-05-25-at-19.43.37-150x150.jpeg 150w, https:\/\/diocesisdelinares.com\/100\/wp-content\/uploads\/2024\/05\/cropped-WhatsApp-Image-2024-05-25-at-19.43.37-768x768.jpeg 768w\" sizes=\"auto, (max-width: 960px) 100vw, 960px\" \/>\n                                  <div class=\"h-image__frame h-hide-lg h-hide-md h-hide-sm style-3266-frameImage style-local-2048-c81-frameImage\"><\/div>\n                                <\/div>\n                              <\/a>\n                            <\/div>\n                          <\/div>\n                          <div data-colibri-id=\"2048-c82\" class=\"h-global-transition-all h-heading style-3269 style-local-2048-c82 position-relative h-element\">\n                            <!---->\n                            <div class=\"h-heading__outer style-3269 style-local-2048-c82\">\n                              <!---->\n                              <!---->\n                              <a href=\"https:\/\/diocesisdelinares.com\/100\/putu\/\" target=\"_blank\" h-use-smooth-scroll=\"true\">\n                                <h5 class=\"\">parroquia nuestra se\u00f1ora del tr\u00e1nsito, put\u00fa<\/h5>\n                              <\/a>\n                            <\/div>\n                          <\/div>\n                          <div data-colibri-id=\"2048-c83\" class=\"h-x-container style-3280 style-local-2048-c83 position-relative h-element\">\n                            <!---->\n                            <div class=\"h-x-container-inner style-dynamic-2048-c83-group style-3280-spacing style-local-2048-c83-spacing\"><span class=\"h-button__outer style-3281-outer style-local-2048-c84-outer d-inline-flex h-element\"><a h-use-smooth-scroll=\"true\" href=\"https:\/\/diocesisdelinares.com\/100\/putu\/\" target=\"_blank\"  data-colibri-id=\"2048-c84\" class=\"d-flex w-100 align-items-center h-button justify-content-lg-center justify-content-md-center justify-content-center style-3281 style-local-2048-c84 position-relative\"><!----><!----> <span>iniciar recorrido<\/span><\/a>\n                              <\/span>\n                            <\/div>\n                          <\/div>\n                        <\/div>\n                      <\/div>\n                    <\/div>\n                    <div class=\"h-column h-column-container d-flex h-col-lg-auto h-col-md-auto h-col-auto style-3265-outer style-local-2048-c85-outer\">\n                      <div data-colibri-id=\"2048-c85\" class=\"d-flex h-flex-basis h-column__inner h-px-lg-2 h-px-md-2 h-px-2 v-inner-lg-2 v-inner-md-2 v-inner-2 style-3265 style-local-2048-c85 position-relative\">\n                        <!---->\n                        <!---->\n                        <div class=\"w-100 h-y-container h-column__content h-column__v-align flex-basis-100 align-self-lg-start align-self-md-start align-self-start\">\n                          <!---->\n                          <div data-colibri-id=\"2048-c86\" class=\"d-block style-3267 style-local-2048-c86 position-relative h-element\">\n                            <!---->\n                            <div class=\"h-image__frame-container-outer\">\n                              <a href=\"https:\/\/diocesisdelinares.com\/100\/panimavida\/\" target=\"_blank\" h-use-smooth-scroll=\"true\" class=\"image-link\">\n                                <div class=\"h-image__frame-container\">\n                                  <!---->\n                                  <!---->\n                                  <img loading=\"lazy\" decoding=\"async\" width=\"720\" height=\"720\" src=\"https:\/\/diocesisdelinares.com\/100\/wp-content\/uploads\/2024\/05\/cropped-WhatsApp-Image-2024-05-25-at-19.47.10.jpeg\" class=\"wp-image-7699 style-3267-image style-local-2048-c86-image\" alt=\"\" srcset=\"https:\/\/diocesisdelinares.com\/100\/wp-content\/uploads\/2024\/05\/cropped-WhatsApp-Image-2024-05-25-at-19.47.10.jpeg 720w, https:\/\/diocesisdelinares.com\/100\/wp-content\/uploads\/2024\/05\/cropped-WhatsApp-Image-2024-05-25-at-19.47.10-300x300.jpeg 300w, https:\/\/diocesisdelinares.com\/100\/wp-content\/uploads\/2024\/05\/cropped-WhatsApp-Image-2024-05-25-at-19.47.10-150x150.jpeg 150w\" sizes=\"auto, (max-width: 720px) 100vw, 720px\" \/>\n                                  <div class=\"h-image__frame h-hide-lg h-hide-md h-hide-sm style-3267-frameImage style-local-2048-c86-frameImage\"><\/div>\n                                <\/div>\n                              <\/a>\n                            <\/div>\n                          <\/div>\n                          <div data-colibri-id=\"2048-c87\" class=\"h-global-transition-all h-heading style-3270 style-local-2048-c87 position-relative h-element\">\n                            <!---->\n                            <div class=\"h-heading__outer style-3270 style-local-2048-c87\">\n                              <!---->\n                              <!---->\n                              <a href=\"https:\/\/diocesisdelinares.com\/100\/panimavida\/\" target=\"_blank\" h-use-smooth-scroll=\"true\">\n                                <h5 class=\"\">parroquia nuestra se\u00f1ora de la buena esperanza, Panim\u00e1vida<\/h5>\n                              <\/a>\n                            <\/div>\n                          <\/div>\n                          <div data-colibri-id=\"2048-c88\" class=\"h-x-container style-3278 style-local-2048-c88 position-relative h-element\">\n                            <!---->\n                            <div class=\"h-x-container-inner style-dynamic-2048-c88-group style-3278-spacing style-local-2048-c88-spacing\"><span class=\"h-button__outer style-3279-outer style-local-2048-c89-outer d-inline-flex h-element\"><a h-use-smooth-scroll=\"true\" href=\"https:\/\/diocesisdelinares.com\/100\/panimavida\/\" target=\"_blank\"  data-colibri-id=\"2048-c89\" class=\"d-flex w-100 align-items-center h-button justify-content-lg-center justify-content-md-center justify-content-center style-3279 style-local-2048-c89 position-relative\"><!----><!----> <span>iniciar recorrido<\/span><\/a>\n                              <\/span>\n                            <\/div>\n                          <\/div>\n                        <\/div>\n                      <\/div>\n                    <\/div>\n                    <div class=\"h-column h-column-container d-flex h-col-lg-auto h-col-md-auto h-col-auto style-3570-outer style-local-2048-c90-outer\">\n                      <div data-colibri-id=\"2048-c90\" class=\"d-flex h-flex-basis h-column__inner h-px-lg-2 h-px-md-2 h-px-2 v-inner-lg-2 v-inner-md-2 v-inner-2 style-3570 style-local-2048-c90 position-relative\">\n                        <!---->\n                        <!---->\n                        <div class=\"w-100 h-y-container h-column__content h-column__v-align flex-basis-100 align-self-lg-start align-self-md-start align-self-start\">\n                          <!---->\n                          <div data-colibri-id=\"2048-c91\" class=\"d-block style-3267 style-local-2048-c91 position-relative h-element\">\n                            <!---->\n                            <div class=\"h-image__frame-container-outer\">\n                              <a href=\"https:\/\/app.lapentor.com\/sphere\/san-jose-constitucion\" target=\"_blank\" h-use-smooth-scroll=\"true\" class=\"image-link\">\n                                <div class=\"h-image__frame-container\">\n                                  <!---->\n                                  <!---->\n                                  <img loading=\"lazy\" decoding=\"async\" width=\"1440\" height=\"1440\" src=\"https:\/\/diocesisdelinares.com\/100\/wp-content\/uploads\/2024\/05\/cropped-DJI_0011-scaled-1.jpg\" class=\"wp-image-7694 style-3267-image style-local-2048-c91-image\" alt=\"\" srcset=\"https:\/\/diocesisdelinares.com\/100\/wp-content\/uploads\/2024\/05\/cropped-DJI_0011-scaled-1.jpg 1440w, https:\/\/diocesisdelinares.com\/100\/wp-content\/uploads\/2024\/05\/cropped-DJI_0011-scaled-1-300x300.jpg 300w, https:\/\/diocesisdelinares.com\/100\/wp-content\/uploads\/2024\/05\/cropped-DJI_0011-scaled-1-1024x1024.jpg 1024w, https:\/\/diocesisdelinares.com\/100\/wp-content\/uploads\/2024\/05\/cropped-DJI_0011-scaled-1-150x150.jpg 150w, https:\/\/diocesisdelinares.com\/100\/wp-content\/uploads\/2024\/05\/cropped-DJI_0011-scaled-1-768x768.jpg 768w\" sizes=\"auto, (max-width: 1440px) 100vw, 1440px\" \/>\n                                  <div class=\"h-image__frame h-hide-lg h-hide-md h-hide-sm style-3267-frameImage style-local-2048-c91-frameImage\"><\/div>\n                                <\/div>\n                              <\/a>\n                            <\/div>\n                          <\/div>\n                          <div data-colibri-id=\"2048-c92\" class=\"h-global-transition-all h-heading style-3270 style-local-2048-c92 position-relative h-element\">\n                            <!---->\n                            <div class=\"h-heading__outer style-3270 style-local-2048-c92\">\n                              <!---->\n                              <!---->\n                              <a href=\"https:\/\/app.lapentor.com\/sphere\/san-jose-constitucion\" target=\"_blank\" h-use-smooth-scroll=\"true\">\n                                <h5 class=\"\">parroquia san jos\u00e9 , constituci\u00f3n<\/h5>\n                              <\/a>\n                            <\/div>\n                          <\/div>\n                          <div data-colibri-id=\"2048-c93\" class=\"h-x-container style-3274 style-local-2048-c93 position-relative h-element\">\n                            <!---->\n                            <div class=\"h-x-container-inner style-dynamic-2048-c93-group style-3274-spacing style-local-2048-c93-spacing\"><span class=\"h-button__outer style-3275-outer style-local-2048-c94-outer d-inline-flex h-element\"><a h-use-smooth-scroll=\"true\" href=\"https:\/\/app.lapentor.com\/sphere\/san-jose-constitucion\" target=\"_blank\"  data-colibri-id=\"2048-c94\" class=\"d-flex w-100 align-items-center h-button justify-content-lg-center justify-content-md-center justify-content-center style-3275 style-local-2048-c94 position-relative\"><!----><!----> <span>iniciar recorrido<\/span><\/a>\n                              <\/span>\n                            <\/div>\n                          <\/div>\n                        <\/div>\n                      <\/div>\n                    <\/div>\n                  <\/div>\n                <\/div>\n              <\/div>\n            <\/div>\n          <\/div>\n        <\/div>\n      <\/div>\n    <\/div>\n  <\/div>\n  <div data-colibri-component=\"section\" data-colibri-id=\"2048-c95\" id=\"arts\" class=\"h-section h-section-global-spacing d-flex align-items-lg-center align-items-md-center align-items-center style-202 style-local-2048-c95 position-relative\">\n    <div class=\"background-wrapper\">\n      <div class=\"background-layer background-layer-media-container-lg\">\n        <!---->\n        <div class=\"overlay-layer\">\n          <div class=\"overlay-image-layer\" style=\"background-color: rgb(252, 252, 252); opacity: 0.96;\"><\/div>\n        <\/div>\n      <\/div>\n      <div class=\"background-layer background-layer-media-container-md\">\n        <!---->\n        <div class=\"overlay-layer\">\n          <div class=\"overlay-image-layer\" style=\"background-color: rgb(252, 252, 252); opacity: 0.96;\"><\/div>\n        <\/div>\n      <\/div>\n      <div class=\"background-layer background-layer-media-container\">\n        <!---->\n        <div class=\"overlay-layer\">\n          <div class=\"overlay-image-layer\" style=\"background-color: rgb(252, 252, 252); opacity: 0.96;\"><\/div>\n        <\/div>\n      <\/div>\n    <\/div>\n    <!---->\n    <div class=\"h-section-grid-container h-section-boxed-container\">\n      <div data-colibri-id=\"2048-c132\" class=\"h-row-container gutters-row-lg-2 gutters-row-md-2 gutters-row-2 gutters-row-v-lg-2 gutters-row-v-md-2 gutters-row-v-2 style-212 style-local-2048-c132 position-relative\">\n        <!---->\n        <div class=\"h-row justify-content-lg-center justify-content-md-center justify-content-center align-items-lg-stretch align-items-md-stretch align-items-stretch gutters-col-lg-2 gutters-col-md-2 gutters-col-2 gutters-col-v-lg-2 gutters-col-v-md-2 gutters-col-v-2\">\n          <!---->\n          <div class=\"h-column h-column-container d-flex h-col-lg-auto h-col-md-auto h-col-auto style-213-outer style-local-2048-c133-outer\">\n            <div data-colibri-id=\"2048-c133\" class=\"d-flex h-flex-basis h-column__inner h-px-lg-2 h-px-md-2 h-px-2 v-inner-lg-2 v-inner-md-2 v-inner-2 style-213 style-local-2048-c133 position-relative\">\n              <!---->\n              <!---->\n              <div class=\"w-100 h-y-container h-column__content h-column__v-align flex-basis-100 align-self-lg-start align-self-md-start align-self-start\">\n                <!---->\n                <div data-colibri-id=\"2048-c134\" class=\"h-global-transition-all h-heading style-214 style-local-2048-c134 position-relative h-element\">\n                  <!---->\n                  <div class=\"h-heading__outer style-214 style-local-2048-c134\">\n                    <!---->\n                    <!---->\n                    <h2 class=\"\">Destacados<\/h2>\n                  <\/div>\n                <\/div>\n              <\/div>\n            <\/div>\n          <\/div>\n        <\/div>\n      <\/div>\n      <div data-colibri-id=\"2048-c96\" class=\"h-row-container gutters-row-lg-0 gutters-row-md-0 gutters-row-2 gutters-row-v-lg-0 gutters-row-v-md-0 gutters-row-v-0 style-203 style-local-2048-c96 position-relative\">\n        <!---->\n        <div class=\"h-row justify-content-lg-center justify-content-md-center justify-content-center align-items-lg-stretch align-items-md-stretch align-items-stretch gutters-col-lg-0 gutters-col-md-0 gutters-col-2 gutters-col-v-lg-0 gutters-col-v-md-0 gutters-col-v-0\">\n          <!---->\n          <div class=\"h-column h-column-container d-flex h-col-lg-2 h-col-md-6 h-col-12 style-306-outer style-local-2048-c97-outer\">\n            <div data-colibri-id=\"2048-c97\" class=\"d-flex h-flex-basis h-column__inner h-px-lg-2 h-px-md-2 h-px-2 v-inner-lg-2 v-inner-md-2 v-inner-2 style-306 style-local-2048-c97 position-relative\">\n              <!---->\n              <!---->\n              <div class=\"w-100 h-y-container h-column__content h-column__v-align flex-basis-100 align-self-lg-start align-self-md-start align-self-start\">\n                <!---->\n                <div data-colibri-id=\"2048-c98\" class=\"d-block style-216 style-local-2048-c98 position-relative h-element\">\n                  <!---->\n                  <div class=\"h-image__frame-container-outer\">\n                    <div class=\"h-image__frame-container\">\n                      <!---->\n                      <!---->\n                      <img loading=\"lazy\" decoding=\"async\" width=\"500\" height=\"500\" src=\"https:\/\/diocesisdelinares.com\/100\/wp-content\/uploads\/2025\/03\/cropped-1.png\" class=\"wp-image-8222 style-216-image style-local-2048-c98-image\" alt=\"\" srcset=\"https:\/\/diocesisdelinares.com\/100\/wp-content\/uploads\/2025\/03\/cropped-1.png 500w, https:\/\/diocesisdelinares.com\/100\/wp-content\/uploads\/2025\/03\/cropped-1-300x300.png 300w, https:\/\/diocesisdelinares.com\/100\/wp-content\/uploads\/2025\/03\/cropped-1-150x150.png 150w\" sizes=\"auto, (max-width: 500px) 100vw, 500px\" \/>\n                      <div class=\"h-image__frame h-hide-lg h-hide-md h-hide-sm style-216-frameImage style-local-2048-c98-frameImage\"><\/div>\n                    <\/div>\n                  <\/div>\n                <\/div>\n                <div data-colibri-id=\"2048-c99\" class=\"h-global-transition-all h-heading style-206 style-local-2048-c99 position-relative h-element\">\n                  <!---->\n                  <div class=\"h-heading__outer style-206 style-local-2048-c99\">\n                    <!---->\n                    <!---->\n                    <a href=\"https:\/\/diocesisdelinares.com\/100\/recorrido-virtual\/\" target=\"_blank\" h-use-smooth-scroll=\"true\">\n                      <h5 class=\"\">recorridos virtuales<\/h5>\n                    <\/a>\n                  <\/div>\n                <\/div>\n                <div data-colibri-id=\"2048-c100\" class=\"h-x-container style-219 style-local-2048-c100 position-relative h-element\">\n                  <!---->\n                  <div class=\"h-x-container-inner style-dynamic-2048-c100-group style-219-spacing style-local-2048-c100-spacing\"><span class=\"h-button__outer style-221-outer style-local-2048-c101-outer d-inline-flex h-element\"><a h-use-smooth-scroll=\"true\" href=\"https:\/\/app.lapentor.com\/sphere\/catedral-de-linares\" target=\"_blank\"  data-colibri-id=\"2048-c101\" class=\"d-flex w-100 align-items-center h-button justify-content-lg-center justify-content-md-center justify-content-center style-221 style-local-2048-c101 position-relative\"><!----><!----> <span>Templo Catedral <\/span>                    <span class=\"h-svg-icon h-button__icon style-221-icon style-local-2048-c101-icon\"><!--Icon by Icons8 Line Awesome (https:\/\/icons8.com\/line-awesome)--><svg version=\"1.1\" xmlns=\"http:\/\/www.w3.org\/2000\/svg\" xmlns:xlink=\"http:\/\/www.w3.org\/1999\/xlink\" id=\"angle-double-right\" viewBox=\"0 0 512 545.5\"><path d=\"M145.5 108.5l168 168L325 288l-11.5 11.5-168 168-22.5-23L279.5 288 123 131.5zm112 0l168 168L437 288l-11.5 11.5-168 168-22.5-23L391.5 288 235 131.5z\"><\/path><\/svg><\/span><\/a>\n                    <\/span><span class=\"h-button__outer style-221-outer style-local-2048-c102-outer d-inline-flex h-element\"><a h-use-smooth-scroll=\"true\" href=\"https:\/\/diocesisdelinares.com\/100\/recorrido-virtual-chanco\/\" target=\"_blank\"  data-colibri-id=\"2048-c102\" class=\"d-flex w-100 align-items-center h-button justify-content-lg-center justify-content-md-center justify-content-center style-221 style-local-2048-c102 position-relative\"><!----><!----> <span>San Ambrosio, chanco<\/span>                    <span class=\"h-svg-icon h-button__icon style-221-icon style-local-2048-c102-icon\"><!--Icon by Icons8 Line Awesome (https:\/\/icons8.com\/line-awesome)--><svg version=\"1.1\" xmlns=\"http:\/\/www.w3.org\/2000\/svg\" xmlns:xlink=\"http:\/\/www.w3.org\/1999\/xlink\" id=\"angle-double-right\" viewBox=\"0 0 512 545.5\"><path d=\"M145.5 108.5l168 168L325 288l-11.5 11.5-168 168-22.5-23L279.5 288 123 131.5zm112 0l168 168L437 288l-11.5 11.5-168 168-22.5-23L391.5 288 235 131.5z\"><\/path><\/svg><\/span><\/a>\n                    <\/span><span class=\"h-button__outer style-221-outer style-local-2048-c103-outer d-inline-flex h-element\"><a h-use-smooth-scroll=\"true\" href=\"https:\/\/diocesisdelinares.com\/100\/recorrido-virtual\/\" target=\"_blank\"  data-colibri-id=\"2048-c103\" class=\"d-flex w-100 align-items-center h-button justify-content-lg-center justify-content-md-center justify-content-center style-221 style-local-2048-c103 position-relative\"><!----><!----> <span>Mar\u00eda Auxiliadora, Linares<\/span>                    <span class=\"h-svg-icon h-button__icon style-221-icon style-local-2048-c103-icon\"><!--Icon by Icons8 Line Awesome (https:\/\/icons8.com\/line-awesome)--><svg version=\"1.1\" xmlns=\"http:\/\/www.w3.org\/2000\/svg\" xmlns:xlink=\"http:\/\/www.w3.org\/1999\/xlink\" id=\"angle-double-right\" viewBox=\"0 0 512 545.5\"><path d=\"M145.5 108.5l168 168L325 288l-11.5 11.5-168 168-22.5-23L279.5 288 123 131.5zm112 0l168 168L437 288l-11.5 11.5-168 168-22.5-23L391.5 288 235 131.5z\"><\/path><\/svg><\/span><\/a>\n                    <\/span><span class=\"h-button__outer style-221-outer style-local-2048-c104-outer d-inline-flex h-element\"><a h-use-smooth-scroll=\"true\" href=\"https:\/\/diocesisdelinares.com\/100\/nirivilo\/\" target=\"_blank\"  data-colibri-id=\"2048-c104\" class=\"d-flex w-100 align-items-center h-button justify-content-lg-center justify-content-md-center justify-content-center style-221 style-local-2048-c104 position-relative\"><!----><!----> <span>N. Sra. del Carmen, Nirivilo<\/span>                    <span class=\"h-svg-icon h-button__icon style-221-icon style-local-2048-c104-icon\"><!--Icon by Icons8 Line Awesome (https:\/\/icons8.com\/line-awesome)--><svg version=\"1.1\" xmlns=\"http:\/\/www.w3.org\/2000\/svg\" xmlns:xlink=\"http:\/\/www.w3.org\/1999\/xlink\" id=\"angle-double-right\" viewBox=\"0 0 512 545.5\"><path d=\"M145.5 108.5l168 168L325 288l-11.5 11.5-168 168-22.5-23L279.5 288 123 131.5zm112 0l168 168L437 288l-11.5 11.5-168 168-22.5-23L391.5 288 235 131.5z\"><\/path><\/svg><\/span><\/a>\n                    <\/span><span class=\"h-button__outer style-221-outer style-local-2048-c105-outer d-inline-flex h-element\"><a h-use-smooth-scroll=\"true\" href=\"https:\/\/diocesisdelinares.com\/100\/parroquia-longavi\/\" target=\"_blank\"  data-colibri-id=\"2048-c105\" class=\"d-flex w-100 align-items-center h-button justify-content-lg-center justify-content-md-center justify-content-center style-221 style-local-2048-c105 position-relative\"><!----><!----> <span>San Lorenzo, Longav\u00ed<\/span>                    <span class=\"h-svg-icon h-button__icon style-221-icon style-local-2048-c105-icon\"><!--Icon by Icons8 Line Awesome (https:\/\/icons8.com\/line-awesome)--><svg version=\"1.1\" xmlns=\"http:\/\/www.w3.org\/2000\/svg\" xmlns:xlink=\"http:\/\/www.w3.org\/1999\/xlink\" id=\"angle-double-right\" viewBox=\"0 0 512 545.5\"><path d=\"M145.5 108.5l168 168L325 288l-11.5 11.5-168 168-22.5-23L279.5 288 123 131.5zm112 0l168 168L437 288l-11.5 11.5-168 168-22.5-23L391.5 288 235 131.5z\"><\/path><\/svg><\/span><\/a>\n                    <\/span><span class=\"h-button__outer style-221-outer style-local-2048-c106-outer d-inline-flex h-element\"><a h-use-smooth-scroll=\"true\" href=\"https:\/\/diocesisdelinares.com\/100\/putu\/\" target=\"_blank\"  data-colibri-id=\"2048-c106\" class=\"d-flex w-100 align-items-center h-button justify-content-lg-center justify-content-md-center justify-content-center style-221 style-local-2048-c106 position-relative\"><!----><!----> <span>N. Sra. del Tr\u00e1nsito, Put\u00fa<\/span>                    <span class=\"h-svg-icon h-button__icon style-221-icon style-local-2048-c106-icon\"><!--Icon by Icons8 Line Awesome (https:\/\/icons8.com\/line-awesome)--><svg version=\"1.1\" xmlns=\"http:\/\/www.w3.org\/2000\/svg\" xmlns:xlink=\"http:\/\/www.w3.org\/1999\/xlink\" id=\"angle-double-right\" viewBox=\"0 0 512 545.5\"><path d=\"M145.5 108.5l168 168L325 288l-11.5 11.5-168 168-22.5-23L279.5 288 123 131.5zm112 0l168 168L437 288l-11.5 11.5-168 168-22.5-23L391.5 288 235 131.5z\"><\/path><\/svg><\/span><\/a>\n                    <\/span><span class=\"h-button__outer style-221-outer style-local-2048-c107-outer d-inline-flex h-element\"><a h-use-smooth-scroll=\"true\" href=\"https:\/\/diocesisdelinares.com\/100\/panimavida\/\" target=\"_blank\"  data-colibri-id=\"2048-c107\" class=\"d-flex w-100 align-items-center h-button justify-content-lg-center justify-content-md-center justify-content-center style-221 style-local-2048-c107 position-relative\"><!----><!----> <span>N. Sra. de la Buena Esperanza, Panim\u00e1vida<\/span>                    <span class=\"h-svg-icon h-button__icon style-221-icon style-local-2048-c107-icon\"><!--Icon by Icons8 Line Awesome (https:\/\/icons8.com\/line-awesome)--><svg version=\"1.1\" xmlns=\"http:\/\/www.w3.org\/2000\/svg\" xmlns:xlink=\"http:\/\/www.w3.org\/1999\/xlink\" id=\"angle-double-right\" viewBox=\"0 0 512 545.5\"><path d=\"M145.5 108.5l168 168L325 288l-11.5 11.5-168 168-22.5-23L279.5 288 123 131.5zm112 0l168 168L437 288l-11.5 11.5-168 168-22.5-23L391.5 288 235 131.5z\"><\/path><\/svg><\/span><\/a>\n                    <\/span><span class=\"h-button__outer style-221-outer style-local-2048-c108-outer d-inline-flex h-element\"><a h-use-smooth-scroll=\"true\" href=\"https:\/\/app.lapentor.com\/sphere\/san-jose-constitucion\" target=\"_blank\"  data-colibri-id=\"2048-c108\" class=\"d-flex w-100 align-items-center h-button justify-content-lg-center justify-content-md-center justify-content-center style-221 style-local-2048-c108 position-relative\"><!----><!----> <span>San Jos\u00e9, Constituci\u00f3n<\/span>                    <span class=\"h-svg-icon h-button__icon style-221-icon style-local-2048-c108-icon\"><!--Icon by Icons8 Line Awesome (https:\/\/icons8.com\/line-awesome)--><svg version=\"1.1\" xmlns=\"http:\/\/www.w3.org\/2000\/svg\" xmlns:xlink=\"http:\/\/www.w3.org\/1999\/xlink\" id=\"angle-double-right\" viewBox=\"0 0 512 545.5\"><path d=\"M145.5 108.5l168 168L325 288l-11.5 11.5-168 168-22.5-23L279.5 288 123 131.5zm112 0l168 168L437 288l-11.5 11.5-168 168-22.5-23L391.5 288 235 131.5z\"><\/path><\/svg><\/span><\/a>\n                    <\/span>\n                  <\/div>\n                <\/div>\n              <\/div>\n            <\/div>\n          <\/div>\n          <div class=\"h-column h-column-container d-flex h-col-lg-2 h-col-md-6 h-col-12 style-307-outer style-local-2048-c109-outer\">\n            <div data-colibri-id=\"2048-c109\" class=\"d-flex h-flex-basis h-column__inner h-px-lg-2 h-px-md-2 h-px-2 v-inner-lg-2 v-inner-md-2 v-inner-2 style-307 style-local-2048-c109 position-relative\">\n              <!---->\n              <!---->\n              <div class=\"w-100 h-y-container h-column__content h-column__v-align flex-basis-100 align-self-lg-start align-self-md-start align-self-start\">\n                <!---->\n                <div data-colibri-id=\"2048-c110\" class=\"d-block style-216 style-local-2048-c110 position-relative h-element\">\n                  <!---->\n                  <div class=\"h-image__frame-container-outer\">\n                    <div class=\"h-image__frame-container\">\n                      <!---->\n                      <!---->\n                      <img loading=\"lazy\" decoding=\"async\" width=\"500\" height=\"500\" src=\"https:\/\/diocesisdelinares.com\/100\/wp-content\/uploads\/2025\/03\/cropped-2.png\" class=\"wp-image-8225 style-216-image style-local-2048-c110-image\" alt=\"\" srcset=\"https:\/\/diocesisdelinares.com\/100\/wp-content\/uploads\/2025\/03\/cropped-2.png 500w, https:\/\/diocesisdelinares.com\/100\/wp-content\/uploads\/2025\/03\/cropped-2-300x300.png 300w, https:\/\/diocesisdelinares.com\/100\/wp-content\/uploads\/2025\/03\/cropped-2-150x150.png 150w\" sizes=\"auto, (max-width: 500px) 100vw, 500px\" \/>\n                      <div class=\"h-image__frame h-hide-lg h-hide-md h-hide-sm style-216-frameImage style-local-2048-c110-frameImage\"><\/div>\n                    <\/div>\n                  <\/div>\n                <\/div>\n                <div data-colibri-id=\"2048-c111\" class=\"h-global-transition-all h-heading style-231 style-local-2048-c111 position-relative h-element\">\n                  <!---->\n                  <div class=\"h-heading__outer style-231 style-local-2048-c111\">\n                    <!---->\n                    <!---->\n                    <h5 class=\"\">Ruta Mariana<\/h5>\n                  <\/div>\n                <\/div>\n                <div data-colibri-id=\"2048-c112\" class=\"h-x-container style-222 style-local-2048-c112 position-relative h-element\">\n                  <!---->\n                  <div class=\"h-x-container-inner style-dynamic-2048-c112-group style-222-spacing style-local-2048-c112-spacing\"><span class=\"h-button__outer style-230-outer style-local-2048-c113-outer d-inline-flex h-element\"><a h-use-smooth-scroll=\"true\" href=\"https:\/\/diocesisdelinares.com\/100\/sauzal\/\"  data-colibri-id=\"2048-c113\" class=\"d-flex w-100 align-items-center h-button justify-content-lg-center justify-content-md-center justify-content-center style-230 style-local-2048-c113 position-relative\"><!----><!----> <span>Sauzal, Nuestra Se\u00f1ora del Rosario<\/span>                    <span class=\"h-svg-icon h-button__icon style-230-icon style-local-2048-c113-icon\"><!--Icon by Icons8 Line Awesome (https:\/\/icons8.com\/line-awesome)--><svg version=\"1.1\" xmlns=\"http:\/\/www.w3.org\/2000\/svg\" xmlns:xlink=\"http:\/\/www.w3.org\/1999\/xlink\" id=\"angle-double-right\" viewBox=\"0 0 512 545.5\"><path d=\"M145.5 108.5l168 168L325 288l-11.5 11.5-168 168-22.5-23L279.5 288 123 131.5zm112 0l168 168L437 288l-11.5 11.5-168 168-22.5-23L391.5 288 235 131.5z\"><\/path><\/svg><\/span><\/a>\n                    <\/span><span class=\"h-button__outer style-230-outer style-local-2048-c114-outer d-inline-flex h-element\"><a h-use-smooth-scroll=\"true\" href=\"https:\/\/diocesisdelinares.com\/100\/nirivilo\/\"  data-colibri-id=\"2048-c114\" class=\"d-flex w-100 align-items-center h-button justify-content-lg-center justify-content-md-center justify-content-center style-230 style-local-2048-c114 position-relative\"><!----><!----> <span>Nirivilo, N. Sra. del Carmen<\/span>                    <span class=\"h-svg-icon h-button__icon style-230-icon style-local-2048-c114-icon\"><!--Icon by Icons8 Line Awesome (https:\/\/icons8.com\/line-awesome)--><svg version=\"1.1\" xmlns=\"http:\/\/www.w3.org\/2000\/svg\" xmlns:xlink=\"http:\/\/www.w3.org\/1999\/xlink\" id=\"angle-double-right\" viewBox=\"0 0 512 545.5\"><path d=\"M145.5 108.5l168 168L325 288l-11.5 11.5-168 168-22.5-23L279.5 288 123 131.5zm112 0l168 168L437 288l-11.5 11.5-168 168-22.5-23L391.5 288 235 131.5z\"><\/path><\/svg><\/span><\/a>\n                    <\/span>\n                  <\/div>\n                <\/div>\n              <\/div>\n            <\/div>\n          <\/div>\n          <div class=\"h-column h-column-container d-flex h-col-lg-2 h-col-md-6 h-col-12 style-204-outer style-local-2048-c115-outer\">\n            <div data-colibri-id=\"2048-c115\" class=\"d-flex h-flex-basis h-column__inner h-px-lg-2 h-px-md-2 h-px-2 v-inner-lg-2 v-inner-md-2 v-inner-2 style-204 style-local-2048-c115 position-relative\">\n              <!---->\n              <!---->\n              <div class=\"w-100 h-y-container h-column__content h-column__v-align flex-basis-100 align-self-lg-start align-self-md-start align-self-start\">\n                <!---->\n                <div data-colibri-id=\"2048-c116\" class=\"d-block style-216 style-local-2048-c116 position-relative h-element\">\n                  <!---->\n                  <div class=\"h-image__frame-container-outer\">\n                    <div class=\"h-image__frame-container\">\n                      <!---->\n                      <!---->\n                      <img loading=\"lazy\" decoding=\"async\" width=\"500\" height=\"500\" src=\"https:\/\/diocesisdelinares.com\/100\/wp-content\/uploads\/2025\/03\/cropped-3.png\" class=\"wp-image-8226 style-216-image style-local-2048-c116-image\" alt=\"\" srcset=\"https:\/\/diocesisdelinares.com\/100\/wp-content\/uploads\/2025\/03\/cropped-3.png 500w, https:\/\/diocesisdelinares.com\/100\/wp-content\/uploads\/2025\/03\/cropped-3-300x300.png 300w, https:\/\/diocesisdelinares.com\/100\/wp-content\/uploads\/2025\/03\/cropped-3-150x150.png 150w\" sizes=\"auto, (max-width: 500px) 100vw, 500px\" \/>\n                      <div class=\"h-image__frame h-hide-lg h-hide-md h-hide-sm style-216-frameImage style-local-2048-c116-frameImage\"><\/div>\n                    <\/div>\n                  <\/div>\n                <\/div>\n                <div data-colibri-id=\"2048-c117\" class=\"h-global-transition-all h-heading style-232 style-local-2048-c117 position-relative h-element\">\n                  <!---->\n                  <div class=\"h-heading__outer style-232 style-local-2048-c117\">\n                    <!---->\n                    <!---->\n                    <h5 class=\"\">fiestas patronales<\/h5>\n                  <\/div>\n                <\/div>\n                <div data-colibri-id=\"2048-c118\" class=\"h-x-container style-224 style-local-2048-c118 position-relative h-element\">\n                  <!---->\n                  <div class=\"h-x-container-inner style-dynamic-2048-c118-group style-224-spacing style-local-2048-c118-spacing\"><span class=\"h-button__outer style-229-outer style-local-2048-c119-outer d-inline-flex h-element\"><a h-use-smooth-scroll=\"true\" href=\"https:\/\/diocesisdelinares.com\/100\/san-francisco-de-huerta-de-maule\/\"  data-colibri-id=\"2048-c119\" class=\"d-flex w-100 align-items-center h-button justify-content-lg-center justify-content-md-center justify-content-center style-229 style-local-2048-c119 position-relative\"><!----><!----> <span>San Francisco Huerta de Maule<\/span>                    <span class=\"h-svg-icon h-button__icon style-229-icon style-local-2048-c119-icon\"><!--Icon by Icons8 Line Awesome (https:\/\/icons8.com\/line-awesome)--><svg version=\"1.1\" xmlns=\"http:\/\/www.w3.org\/2000\/svg\" xmlns:xlink=\"http:\/\/www.w3.org\/1999\/xlink\" id=\"angle-double-right\" viewBox=\"0 0 512 545.5\"><path d=\"M145.5 108.5l168 168L325 288l-11.5 11.5-168 168-22.5-23L279.5 288 123 131.5zm112 0l168 168L437 288l-11.5 11.5-168 168-22.5-23L391.5 288 235 131.5z\"><\/path><\/svg><\/span><\/a>\n                    <\/span>\n                  <\/div>\n                <\/div>\n              <\/div>\n            <\/div>\n          <\/div>\n          <div class=\"h-column h-column-container d-flex h-col-lg-2 h-col-md-6 h-col-12 style-218-outer style-local-2048-c120-outer\">\n            <div data-colibri-id=\"2048-c120\" class=\"d-flex h-flex-basis h-column__inner h-px-lg-2 h-px-md-2 h-px-2 v-inner-lg-2 v-inner-md-2 v-inner-2 style-218 style-local-2048-c120 position-relative\">\n              <!---->\n              <!---->\n              <div class=\"w-100 h-y-container h-column__content h-column__v-align flex-basis-100 align-self-lg-start align-self-md-start align-self-start\">\n                <!---->\n                <div data-colibri-id=\"2048-c121\" class=\"d-block style-216 style-local-2048-c121 position-relative h-element\">\n                  <!---->\n                  <div class=\"h-image__frame-container-outer\">\n                    <div class=\"h-image__frame-container\">\n                      <!---->\n                      <!---->\n                      <img loading=\"lazy\" decoding=\"async\" width=\"500\" height=\"500\" src=\"https:\/\/diocesisdelinares.com\/100\/wp-content\/uploads\/2025\/03\/cropped-4.png\" class=\"wp-image-8227 style-216-image style-local-2048-c121-image\" alt=\"\" srcset=\"https:\/\/diocesisdelinares.com\/100\/wp-content\/uploads\/2025\/03\/cropped-4.png 500w, https:\/\/diocesisdelinares.com\/100\/wp-content\/uploads\/2025\/03\/cropped-4-300x300.png 300w, https:\/\/diocesisdelinares.com\/100\/wp-content\/uploads\/2025\/03\/cropped-4-150x150.png 150w\" sizes=\"auto, (max-width: 500px) 100vw, 500px\" \/>\n                      <div class=\"h-image__frame h-hide-lg h-hide-md h-hide-sm style-216-frameImage style-local-2048-c121-frameImage\"><\/div>\n                    <\/div>\n                  <\/div>\n                <\/div>\n                <div data-colibri-id=\"2048-c122\" class=\"h-global-transition-all h-heading style-233 style-local-2048-c122 position-relative h-element\">\n                  <!---->\n                  <div class=\"h-heading__outer style-233 style-local-2048-c122\">\n                    <!---->\n                    <!---->\n                    <a href=\"https:\/\/www.canva.com\/design\/DAFo_6fqeO0\/wGYgJ8kKtZDe6ltYYIIJSw\/view?utm_content=DAFo_6fqeO0&amp;utm_campaign=designshare&amp;utm_medium=link&amp;utm_source=publishsharelink\" h-use-smooth-scroll=\"true\">\n                      <h5 class=\"\">afiches sinodos<\/h5>\n                    <\/a>\n                  <\/div>\n                <\/div>\n                <div data-colibri-id=\"2048-c123\" class=\"h-text h-text-component style-207 style-local-2048-c123 position-relative h-element\">\n                  <!---->\n                  <!---->\n                  <div class=\"\">\n                    <p>Afiches hist\u00f3ricos de nuestras Asambleas Sinodales desde 2009 a 2023<\/p>\n                  <\/div>\n                <\/div>\n                <div data-colibri-id=\"2048-c124\" class=\"h-x-container style-226 style-local-2048-c124 position-relative h-element\">\n                  <!---->\n                  <div class=\"h-x-container-inner style-dynamic-2048-c124-group style-226-spacing style-local-2048-c124-spacing\"><span class=\"h-button__outer style-228-outer style-local-2048-c125-outer d-inline-flex h-element\"><a h-use-smooth-scroll=\"true\" href=\"https:\/\/www.canva.com\/design\/DAFo_6fqeO0\/wGYgJ8kKtZDe6ltYYIIJSw\/view?utm_content=DAFo_6fqeO0&amp;utm_campaign=designshare&amp;utm_medium=link&amp;utm_source=publishsharelink\"  data-colibri-id=\"2048-c125\" class=\"d-flex w-100 align-items-center h-button justify-content-lg-center justify-content-md-center justify-content-center style-228 style-local-2048-c125 position-relative\"><!----><!----> <span>ver afiches<\/span>                    <span class=\"h-svg-icon h-button__icon style-228-icon style-local-2048-c125-icon\"><!--Icon by Icons8 Line Awesome (https:\/\/icons8.com\/line-awesome)--><svg version=\"1.1\" xmlns=\"http:\/\/www.w3.org\/2000\/svg\" xmlns:xlink=\"http:\/\/www.w3.org\/1999\/xlink\" id=\"angle-double-right\" viewBox=\"0 0 512 545.5\"><path d=\"M145.5 108.5l168 168L325 288l-11.5 11.5-168 168-22.5-23L279.5 288 123 131.5zm112 0l168 168L437 288l-11.5 11.5-168 168-22.5-23L391.5 288 235 131.5z\"><\/path><\/svg><\/span><\/a>\n                    <\/span>\n                  <\/div>\n                <\/div>\n              <\/div>\n            <\/div>\n          <\/div>\n          <div class=\"h-column h-column-container d-flex h-col-lg-2 h-col-md-6 h-col-12 style-3619-outer style-local-2048-c126-outer\">\n            <div data-colibri-id=\"2048-c126\" class=\"d-flex h-flex-basis h-column__inner h-px-lg-2 h-px-md-2 h-px-2 v-inner-lg-2 v-inner-md-2 v-inner-2 style-3619 style-local-2048-c126 position-relative\">\n              <!---->\n              <!---->\n              <div class=\"w-100 h-y-container h-column__content h-column__v-align flex-basis-100 align-self-lg-start align-self-md-start align-self-start\">\n                <!---->\n                <div data-colibri-id=\"2048-c127\" class=\"d-block style-3622 style-local-2048-c127 position-relative h-element\">\n                  <!---->\n                  <div class=\"h-image__frame-container-outer\">\n                    <a href=\"https:\/\/creators.spotify.com\/pod\/show\/departamento-de-comunicac\" target=\"_blank\" h-use-smooth-scroll=\"true\" class=\"image-link\">\n                      <div class=\"h-image__frame-container\">\n                        <!---->\n                        <!---->\n                        <img loading=\"lazy\" decoding=\"async\" width=\"500\" height=\"500\" src=\"https:\/\/diocesisdelinares.com\/100\/wp-content\/uploads\/2025\/03\/spotify.png\" class=\"wp-image-8400 style-3622-image style-local-2048-c127-image\" alt=\"\" srcset=\"https:\/\/diocesisdelinares.com\/100\/wp-content\/uploads\/2025\/03\/spotify.png 500w, https:\/\/diocesisdelinares.com\/100\/wp-content\/uploads\/2025\/03\/spotify-300x300.png 300w, https:\/\/diocesisdelinares.com\/100\/wp-content\/uploads\/2025\/03\/spotify-150x150.png 150w\" sizes=\"auto, (max-width: 500px) 100vw, 500px\" \/>\n                        <div class=\"h-image__frame h-hide-lg h-hide-md h-hide-sm style-3622-frameImage style-local-2048-c127-frameImage\"><\/div>\n                      <\/div>\n                    <\/a>\n                  <\/div>\n                <\/div>\n                <div data-colibri-id=\"2048-c128\" class=\"h-global-transition-all h-heading style-3623 style-local-2048-c128 position-relative h-element\">\n                  <!---->\n                  <div class=\"h-heading__outer style-3623 style-local-2048-c128\">\n                    <!---->\n                    <!---->\n                    <a href=\"https:\/\/creators.spotify.com\/pod\/show\/departamento-de-comunicac\" target=\"_blank\" h-use-smooth-scroll=\"true\">\n                      <h5 class=\"\">Especial laicos y laicas destacados<\/h5>\n                    <\/a>\n                  <\/div>\n                <\/div>\n                <div data-colibri-id=\"2048-c129\" class=\"h-text h-text-component style-3624 style-local-2048-c129 position-relative h-element\">\n                  <!---->\n                  <!---->\n                  <div class=\"\">\n                    <p>En el a\u00f1o Centenario de la Di\u00f3cesis de Linares, recordamos a Laicos y Laicas que con su testimonio de fe sembraron las semillas del Reino en tierras maulinas<\/p>\n                  <\/div>\n                <\/div>\n                <div data-colibri-id=\"2048-c130\" class=\"h-x-container style-3620 style-local-2048-c130 position-relative h-element\">\n                  <!---->\n                  <div class=\"h-x-container-inner style-dynamic-2048-c130-group style-3620-spacing style-local-2048-c130-spacing\"><span class=\"h-button__outer style-221-outer style-local-2048-c131-outer d-inline-flex h-element\"><a h-use-smooth-scroll=\"true\" href=\"https:\/\/podcasters.spotify.com\/pod\/show\/departamento-de-comunicac\" target=\"_blank\"  data-colibri-id=\"2048-c131\" class=\"d-flex w-100 align-items-center h-button justify-content-lg-center justify-content-md-center justify-content-center style-221 style-local-2048-c131 position-relative\"><!----><!----> <span>Escuchar aqu\u00ed<\/span>                    <span class=\"h-svg-icon h-button__icon style-221-icon style-local-2048-c131-icon\"><!--Icon by Font Awesome (https:\/\/fontawesome.com)-->\n    <svg version=\"1.1\" xmlns=\"http:\/\/www.w3.org\/2000\/svg\" xmlns:xlink=\"http:\/\/www.w3.org\/1999\/xlink\" id=\"forward\" viewBox=\"0 0 1664 1896.0833\">\n      <path d=\"M45 1651q-19 19-32 13t-13-32V160q0-26 13-32t32 13l710 710q9 9 13 19V160q0-26 13-32t32 13l710 710q19 19 19 45t-19 45l-710 710q-19 19-32 13t-13-32V922q-4 10-13 19z\"><\/path>\n    <\/svg><\/span><\/a>\n                    <\/span>\n                  <\/div>\n                <\/div>\n              <\/div>\n            <\/div>\n          <\/div>\n        <\/div>\n      <\/div>\n    <\/div>\n  <\/div>\n  <div data-colibri-component=\"section\" data-colibri-id=\"2048-c135\" id=\"blank\" class=\"h-section h-section-global-spacing d-flex align-items-lg-center align-items-md-center align-items-center style-3601 style-local-2048-c135 position-relative\">\n    <!---->\n    <!---->\n    <div class=\"h-section-grid-container h-section-boxed-container\">\n      <!---->\n      <div data-colibri-id=\"2048-c136\" class=\"h-row-container gutters-row-lg-2 gutters-row-md-2 gutters-row-0 gutters-row-v-lg-2 gutters-row-v-md-2 gutters-row-v-2 style-3609 style-local-2048-c136 position-relative\">\n        <!---->\n        <div class=\"h-row justify-content-lg-center justify-content-md-center justify-content-center align-items-lg-stretch align-items-md-stretch align-items-stretch gutters-col-lg-2 gutters-col-md-2 gutters-col-0 gutters-col-v-lg-2 gutters-col-v-md-2 gutters-col-v-2\">\n          <!---->\n          <div class=\"h-column h-column-container d-flex h-col-lg-auto h-col-md-auto h-col-auto style-3610-outer style-local-2048-c137-outer\">\n            <div data-colibri-id=\"2048-c137\" class=\"d-flex h-flex-basis h-column__inner h-px-lg-2 h-px-md-2 h-px-2 v-inner-lg-2 v-inner-md-2 v-inner-2 style-3610 style-local-2048-c137 position-relative\">\n              <!---->\n              <!---->\n              <div class=\"w-100 h-y-container h-column__content h-column__v-align flex-basis-100 align-self-lg-start align-self-md-start align-self-start\">\n                <!---->\n                <div data-colibri-id=\"2048-c138\" class=\"h-global-transition-all h-heading style-3611 style-local-2048-c138 position-relative h-element\">\n                  <!---->\n                  <div class=\"h-heading__outer style-3611 style-local-2048-c138\">\n                    <!---->\n                    <!---->\n                    <h5 class=\"\">mapa diocesano ilustrado<\/h5>\n                  <\/div>\n                <\/div>\n              <\/div>\n            <\/div>\n          <\/div>\n        <\/div>\n      <\/div>\n      <div data-colibri-id=\"2048-c139\" class=\"h-row-container gutters-row-lg-2 gutters-row-md-2 gutters-row-0 gutters-row-v-lg-2 gutters-row-v-md-2 gutters-row-v-2 style-3612 style-local-2048-c139 position-relative\">\n        <!---->\n        <div class=\"h-row justify-content-lg-center justify-content-md-center justify-content-center align-items-lg-stretch align-items-md-stretch align-items-stretch gutters-col-lg-2 gutters-col-md-2 gutters-col-0 gutters-col-v-lg-2 gutters-col-v-md-2 gutters-col-v-2\">\n          <!---->\n          <div class=\"h-column h-column-container d-flex h-col-lg-auto h-col-md-auto h-col-auto style-3613-outer style-local-2048-c140-outer\">\n            <div data-colibri-id=\"2048-c140\" class=\"d-flex h-flex-basis h-column__inner h-px-lg-2 h-px-md-2 h-px-2 v-inner-lg-2 v-inner-md-2 v-inner-2 style-3613 style-local-2048-c140 position-relative\">\n              <!---->\n              <!---->\n              <div class=\"w-100 h-y-container h-column__content h-column__v-align flex-basis-100 align-self-lg-start align-self-md-start align-self-start\">\n                <!---->\n                <div data-colibri-id=\"2048-c141\" class=\"d-block style-3614 style-local-2048-c141 position-relative h-element\">\n                  <!---->\n                  <div class=\"h-image__frame-container-outer\">\n                    <div class=\"h-image__frame-container\">\n                      <!---->\n                      <!---->\n                      <img loading=\"lazy\" decoding=\"async\" width=\"2707\" height=\"1846\" src=\"https:\/\/diocesisdelinares.com\/100\/wp-content\/uploads\/2025\/03\/Mapa_ilustrado_Diocesano-web.png\" class=\"wp-image-8355 style-3614-image style-local-2048-c141-image\" alt=\"\" srcset=\"https:\/\/diocesisdelinares.com\/100\/wp-content\/uploads\/2025\/03\/Mapa_ilustrado_Diocesano-web.png 2707w, https:\/\/diocesisdelinares.com\/100\/wp-content\/uploads\/2025\/03\/Mapa_ilustrado_Diocesano-web-300x205.png 300w, https:\/\/diocesisdelinares.com\/100\/wp-content\/uploads\/2025\/03\/Mapa_ilustrado_Diocesano-web-1024x698.png 1024w, https:\/\/diocesisdelinares.com\/100\/wp-content\/uploads\/2025\/03\/Mapa_ilustrado_Diocesano-web-768x524.png 768w, https:\/\/diocesisdelinares.com\/100\/wp-content\/uploads\/2025\/03\/Mapa_ilustrado_Diocesano-web-1536x1047.png 1536w, https:\/\/diocesisdelinares.com\/100\/wp-content\/uploads\/2025\/03\/Mapa_ilustrado_Diocesano-web-2048x1397.png 2048w\" sizes=\"auto, (max-width: 2707px) 100vw, 2707px\" \/>\n                      <div class=\"h-image__frame h-hide-lg h-hide-md h-hide-sm style-3614-frameImage style-local-2048-c141-frameImage\"><\/div>\n                    <\/div>\n                  <\/div>\n                <\/div>\n              <\/div>\n            <\/div>\n          <\/div>\n        <\/div>\n      <\/div>\n    <\/div>\n  <\/div>\n  <div data-colibri-component=\"section\" data-colibri-id=\"2048-c146\" id=\"gallery\" class=\"h-section h-section-global-spacing d-flex align-items-lg-center align-items-md-center align-items-center style-296 style-local-2048-c146 position-relative\">\n    <!---->\n    <!---->\n    <div class=\"h-section-grid-container h-section-boxed-container\">\n      <!---->\n      <div data-colibri-id=\"2048-c147\" class=\"h-row-container gutters-row-lg-2 gutters-row-md-2 gutters-row-0 gutters-row-v-lg-2 gutters-row-v-md-2 gutters-row-v-2 style-3022 style-local-2048-c147 position-relative\">\n        <!---->\n        <div class=\"h-row justify-content-lg-center justify-content-md-center justify-content-center align-items-lg-stretch align-items-md-stretch align-items-stretch gutters-col-lg-2 gutters-col-md-2 gutters-col-0 gutters-col-v-lg-2 gutters-col-v-md-2 gutters-col-v-2\">\n          <!---->\n          <div class=\"h-column h-column-container d-flex h-col-lg-auto h-col-md-auto h-col-auto style-3023-outer style-local-2048-c148-outer\">\n            <div data-colibri-id=\"2048-c148\" class=\"d-flex h-flex-basis h-column__inner h-px-lg-2 h-px-md-2 h-px-2 v-inner-lg-2 v-inner-md-2 v-inner-2 style-3023 style-local-2048-c148 position-relative\">\n              <!---->\n              <!---->\n              <div class=\"w-100 h-y-container h-column__content h-column__v-align flex-basis-100 align-self-lg-start align-self-md-start align-self-start\">\n                <!---->\n                <div data-colibri-id=\"2048-c149\" class=\"style-3024 style-local-2048-c149 position-relative h-element\">\n                  <!---->\n                <\/div>\n              <\/div>\n            <\/div>\n          <\/div>\n        <\/div>\n      <\/div>\n      <div data-colibri-id=\"2048-c150\" class=\"h-row-container gutters-row-lg-2 gutters-row-md-2 gutters-row-0 gutters-row-v-lg-2 gutters-row-v-md-2 gutters-row-v-2 style-3025 style-local-2048-c150 position-relative\">\n        <!---->\n        <div class=\"h-row justify-content-lg-center justify-content-md-center justify-content-center align-items-lg-stretch align-items-md-stretch align-items-stretch gutters-col-lg-2 gutters-col-md-2 gutters-col-0 gutters-col-v-lg-2 gutters-col-v-md-2 gutters-col-v-2\">\n          <!---->\n          <div class=\"h-column h-column-container d-flex h-col-lg-auto h-col-md-auto h-col-auto style-3026-outer style-local-2048-c151-outer\">\n            <div data-colibri-id=\"2048-c151\" class=\"d-flex h-flex-basis h-column__inner h-px-lg-2 h-px-md-2 h-px-2 v-inner-lg-2 v-inner-md-2 v-inner-2 style-3026 style-local-2048-c151 position-relative\">\n              <!---->\n              <!---->\n              <div class=\"w-100 h-y-container h-column__content h-column__v-align flex-basis-100 align-self-lg-start align-self-md-start align-self-start\">\n                <!---->\n                <div data-colibri-id=\"2048-c152\" class=\"h-global-transition-all h-heading style-3021 style-local-2048-c152 position-relative h-element\">\n                  <!---->\n                  <div class=\"h-heading__outer style-3021 style-local-2048-c152\">\n                    <!---->\n                    <!---->\n                    <h2 class=\"\"><span style=\"color: rgb(239, 211, 109);\">Destacados<\/span><\/h2>\n                  <\/div>\n                <\/div>\n              <\/div>\n            <\/div>\n          <\/div>\n        <\/div>\n      <\/div>\n      <div data-colibri-id=\"2048-c153\" class=\"h-row-container gutters-row-lg-2 gutters-row-md-2 gutters-row-0 gutters-row-v-lg-2 gutters-row-v-md-2 gutters-row-v-2 style-297 style-local-2048-c153 position-relative\">\n        <!---->\n        <div class=\"h-row justify-content-lg-start justify-content-md-start justify-content-start align-items-lg-stretch align-items-md-stretch align-items-stretch gutters-col-lg-2 gutters-col-md-2 gutters-col-0 gutters-col-v-lg-2 gutters-col-v-md-2 gutters-col-v-2\">\n          <!---->\n          <div class=\"h-column h-column-container d-flex h-col-lg-auto h-col-md-auto h-col-auto style-299-outer style-local-2048-c154-outer\">\n            <div data-colibri-id=\"2048-c154\" class=\"d-flex h-flex-basis h-column__inner h-px-lg-0 h-px-md-0 h-px-0 v-inner-lg-2 v-inner-md-2 v-inner-2 style-299 style-local-2048-c154 position-relative\">\n              <!---->\n              <!---->\n              <div class=\"w-100 h-y-container h-column__content h-column__v-align flex-basis-100 align-self-lg-start align-self-md-start align-self-start\">\n                <!---->\n                <div data-colibri-id=\"2048-c155\" class=\"h-x-container style-1567 style-local-2048-c155 position-relative h-element\">\n                  <!---->\n                  <div class=\"h-x-container-inner style-dynamic-2048-c155-group style-1567-spacing style-local-2048-c155-spacing\"><span class=\"h-button__outer style-1568-outer style-local-2048-c156-outer d-inline-flex h-element\"><a h-use-smooth-scroll=\"true\" href=\"https:\/\/www.canva.com\/design\/DAFYHw43uPA\/sm9Ipy-cU4KQhoMYjGKfjw\/watch?utm_content=DAFYHw43uPA&amp;utm_campaign=designshare&amp;utm_medium=link&amp;utm_source=publishsharelink\" target=\"_blank\"  data-colibri-id=\"2048-c156\" class=\"d-flex w-100 align-items-center h-button justify-content-lg-center justify-content-md-center justify-content-center style-1568 style-local-2048-c156 position-relative\"><!----><!----> <span>Cronolog\u00eda P\u00e1rrocos San Alfonso, Cauquenes<\/span><\/a>\n                    <\/span>\n                  <\/div>\n                <\/div>\n              <\/div>\n            <\/div>\n          <\/div>\n          <div class=\"h-column h-column-container d-flex h-col-lg-auto h-col-md-auto h-col-auto style-299-outer style-local-2048-c157-outer\">\n            <div data-colibri-id=\"2048-c157\" class=\"d-flex h-flex-basis h-column__inner h-px-lg-0 h-px-md-0 h-px-0 v-inner-lg-2 v-inner-md-2 v-inner-2 style-299 style-local-2048-c157 position-relative\">\n              <!---->\n              <!---->\n              <div class=\"w-100 h-y-container h-column__content h-column__v-align flex-basis-100 align-self-lg-start align-self-md-start align-self-start\">\n                <!---->\n                <div data-colibri-id=\"2048-c158\" class=\"h-x-container style-1567 style-local-2048-c158 position-relative h-element\">\n                  <!---->\n                  <div class=\"h-x-container-inner style-dynamic-2048-c158-group style-1567-spacing style-local-2048-c158-spacing\"><span class=\"h-button__outer style-1568-outer style-local-2048-c159-outer d-inline-flex h-element\"><a h-use-smooth-scroll=\"true\" href=\"https:\/\/cdn.knightlab.com\/libs\/timeline3\/latest\/embed\/index.html?source=1iRODwY92dQ61KI0Dnwczazor0gHbw95lnxrXiO54jnc&amp;font=Default&amp;lang=en&amp;initial_zoom=2&amp;height=650\" target=\"_blank\"  data-colibri-id=\"2048-c159\" class=\"d-flex w-100 align-items-center h-button justify-content-lg-center justify-content-md-center justify-content-center style-1568 style-local-2048-c159 position-relative\"><!----><!----> <span>Cronolog\u00eda P\u00e1rrocos Mar\u00eda Auxiliadora, Linares<\/span><\/a>\n                    <\/span>\n                  <\/div>\n                <\/div>\n              <\/div>\n            <\/div>\n          <\/div>\n          <div class=\"h-column h-column-container d-flex h-col-lg-auto h-col-md-auto h-col-auto style-3625-outer style-local-2048-c160-outer\">\n            <div data-colibri-id=\"2048-c160\" class=\"d-flex h-flex-basis h-column__inner h-px-lg-2 h-px-md-2 h-px-2 v-inner-lg-2 v-inner-md-2 v-inner-2 style-3625 style-local-2048-c160 position-relative\">\n              <!---->\n              <!---->\n              <div class=\"w-100 h-y-container h-column__content h-column__v-align flex-basis-100 align-self-lg-start align-self-md-start align-self-start\">\n                <!---->\n                <div data-colibri-id=\"2048-c161\" class=\"h-x-container style-3626 style-local-2048-c161 position-relative h-element\">\n                  <!---->\n                  <div class=\"h-x-container-inner style-dynamic-2048-c161-group style-3626-spacing style-local-2048-c161-spacing\"><span class=\"h-button__outer style-3627-outer style-local-2048-c162-outer d-inline-flex h-element\"><a h-use-smooth-scroll=\"true\" href=\"https:\/\/creators.spotify.com\/pod\/show\/departamento-de-comunicac\"  data-colibri-id=\"2048-c162\" class=\"d-flex w-100 align-items-center h-button justify-content-lg-center justify-content-md-center justify-content-center style-3627 style-local-2048-c162 position-relative\"><!----><!----> <span>Testimonios Especial Laicos y Laicas <\/span><\/a>\n                    <\/span>\n                  <\/div>\n                <\/div>\n              <\/div>\n            <\/div>\n          <\/div>\n        <\/div>\n      <\/div>\n      <div data-colibri-id=\"2048-c163\" class=\"h-row-container gutters-row-lg-2 gutters-row-md-2 gutters-row-0 gutters-row-v-lg-2 gutters-row-v-md-2 gutters-row-v-2 style-3019 style-local-2048-c163 position-relative\">\n        <!---->\n        <div class=\"h-row justify-content-lg-center justify-content-md-center justify-content-center align-items-lg-stretch align-items-md-stretch align-items-stretch gutters-col-lg-2 gutters-col-md-2 gutters-col-0 gutters-col-v-lg-2 gutters-col-v-md-2 gutters-col-v-2\">\n          <!---->\n          <div class=\"h-column h-column-container d-flex h-col-lg-auto h-col-md-auto h-col-auto style-3020-outer style-local-2048-c164-outer\">\n            <div data-colibri-id=\"2048-c164\" class=\"d-flex h-flex-basis h-column__inner h-ui-empty-state-container h-px-lg-2 h-px-md-2 h-px-2 v-inner-lg-2 v-inner-md-2 v-inner-2 style-3020 style-local-2048-c164 position-relative\">\n              <!---->\n              <!---->\n              <div class=\"w-100 h-y-container h-column__content h-column__v-align flex-basis-100\">\n                <!---->\n              <\/div>\n            <\/div>\n          <\/div>\n        <\/div>\n      <\/div>\n      <div data-colibri-id=\"2048-c165\" class=\"h-row-container gutters-row-lg-0 gutters-row-md-0 gutters-row-0 gutters-row-v-lg-0 gutters-row-v-md-0 gutters-row-v-0 style-302 style-local-2048-c165 position-relative\">\n        <!---->\n        <div class=\"h-row justify-content-lg-center justify-content-md-center justify-content-center align-items-lg-stretch align-items-md-stretch align-items-stretch gutters-col-lg-0 gutters-col-md-0 gutters-col-0 gutters-col-v-lg-0 gutters-col-v-md-0 gutters-col-v-0\">\n          <!---->\n          <div class=\"h-column h-column-container d-flex h-col-lg-auto h-col-md-auto h-col-auto style-303-outer style-local-2048-c166-outer\">\n            <div data-colibri-id=\"2048-c166\" class=\"d-flex h-flex-basis h-column__inner h-px-lg-1 h-px-md-1 h-px-1 v-inner-lg-1 v-inner-md-1 v-inner-1 style-303 style-local-2048-c166 position-relative\">\n              <!---->\n              <!---->\n              <div class=\"w-100 h-y-container h-column__content h-column__v-align flex-basis-100 align-self-lg-start align-self-md-start align-self-start\">\n                <!---->\n                <div data-colibri-component=\"masonry\" data-colibri-id=\"2048-c167\" class=\"h-photo-gallery margin-none caption-none style-305 style-local-2048-c167 position-relative h-element\">\n                  <!---->\n                  <div class=\"h-global-transition-all\"><div id='colibri-2048-c167' class='gallery-wrapper'>    <style type=\"text\/css\">\n\n        @media (min-width: 1023px) {        #colibri-2048-c167        dl {\n            float: left;\n            width: 25% !important;\n            max-width: 25% !important;\n            min-width: 25% !important;\n        }\n\n        #colibri-2048-c167        dl:nth-of-type(4n +1 ) {\n            clear: both;\n        }\n\n        }@media (min-width: 768px) and (max-width: 1023px) {        #colibri-2048-c167        dl {\n            float: left;\n            width: 25% !important;\n            max-width: 25% !important;\n            min-width: 25% !important;\n        }\n\n        #colibri-2048-c167        dl:nth-of-type(4n +1 ) {\n            clear: both;\n        }\n\n        }@media (max-width: 767px) {        #colibri-2048-c167        dl {\n            float: left;\n            width: 50% !important;\n            max-width: 50% !important;\n            min-width: 50% !important;\n        }\n\n        #colibri-2048-c167        dl:nth-of-type(2n +1 ) {\n            clear: both;\n        }\n\n        }\n        #colibri-2048-c167        .gallery-item {\n            position: relative;\n        }\n\n        \n    <\/style>\n    <div   class='colibri-2048-c167-dls-wrapper gallery-items-wrapper' ><dl class='gallery-item masonry-item'>\n\t\t\t<dt class='gallery-icon landscape'>\n\t\t\t\t<a data-fancybox=\"colibri-2048-c167-group\" href='https:\/\/diocesisdelinares.com\/100\/wp-content\/uploads\/2025\/03\/DSCF2930.jpg'><img loading=\"lazy\" decoding=\"async\"  width=\"441\" height=\"331\" src=\"https:\/\/diocesisdelinares.com\/100\/wp-content\/uploads\/2025\/03\/DSCF2930.jpg\"  class='colibri-2048-c167-image' alt=\"\" srcset=\"https:\/\/diocesisdelinares.com\/100\/wp-content\/uploads\/2025\/03\/DSCF2930.jpg 441w, https:\/\/diocesisdelinares.com\/100\/wp-content\/uploads\/2025\/03\/DSCF2930-300x225.jpg 300w\" sizes=\"auto, (max-width: 441px) 100vw, 441px\" \/><\/a>\n\t\t\t<\/dt><\/dl><dl class='gallery-item masonry-item'>\n\t\t\t<dt class='gallery-icon landscape'>\n\t\t\t\t<a data-fancybox=\"colibri-2048-c167-group\" href='https:\/\/diocesisdelinares.com\/100\/wp-content\/uploads\/2025\/03\/EmbalseAncoa.jpg'><img loading=\"lazy\" decoding=\"async\"  width=\"1500\" height=\"1025\" src=\"https:\/\/diocesisdelinares.com\/100\/wp-content\/uploads\/2025\/03\/EmbalseAncoa.jpg\"  class='colibri-2048-c167-image' alt=\"\" srcset=\"https:\/\/diocesisdelinares.com\/100\/wp-content\/uploads\/2025\/03\/EmbalseAncoa.jpg 1500w, https:\/\/diocesisdelinares.com\/100\/wp-content\/uploads\/2025\/03\/EmbalseAncoa-300x205.jpg 300w, https:\/\/diocesisdelinares.com\/100\/wp-content\/uploads\/2025\/03\/EmbalseAncoa-1024x700.jpg 1024w, https:\/\/diocesisdelinares.com\/100\/wp-content\/uploads\/2025\/03\/EmbalseAncoa-768x525.jpg 768w\" sizes=\"auto, (max-width: 1500px) 100vw, 1500px\" \/><\/a>\n\t\t\t<\/dt><\/dl><dl class='gallery-item masonry-item'>\n\t\t\t<dt class='gallery-icon landscape'>\n\t\t\t\t<a data-fancybox=\"colibri-2048-c167-group\" href='https:\/\/diocesisdelinares.com\/100\/wp-content\/uploads\/2025\/03\/IMG_6785.jpg'><img loading=\"lazy\" decoding=\"async\"  width=\"1950\" height=\"1462\" src=\"https:\/\/diocesisdelinares.com\/100\/wp-content\/uploads\/2025\/03\/IMG_6785.jpg\"  class='colibri-2048-c167-image' alt=\"\" srcset=\"https:\/\/diocesisdelinares.com\/100\/wp-content\/uploads\/2025\/03\/IMG_6785.jpg 1950w, https:\/\/diocesisdelinares.com\/100\/wp-content\/uploads\/2025\/03\/IMG_6785-300x225.jpg 300w, https:\/\/diocesisdelinares.com\/100\/wp-content\/uploads\/2025\/03\/IMG_6785-1024x768.jpg 1024w, https:\/\/diocesisdelinares.com\/100\/wp-content\/uploads\/2025\/03\/IMG_6785-768x576.jpg 768w, https:\/\/diocesisdelinares.com\/100\/wp-content\/uploads\/2025\/03\/IMG_6785-1536x1152.jpg 1536w\" sizes=\"auto, (max-width: 1950px) 100vw, 1950px\" \/><\/a>\n\t\t\t<\/dt><\/dl><dl class='gallery-item masonry-item'>\n\t\t\t<dt class='gallery-icon landscape'>\n\t\t\t\t<a data-fancybox=\"colibri-2048-c167-group\" href='https:\/\/diocesisdelinares.com\/100\/wp-content\/uploads\/2025\/03\/IMG_8286.jpg'><img loading=\"lazy\" decoding=\"async\"  width=\"2194\" height=\"1462\" src=\"https:\/\/diocesisdelinares.com\/100\/wp-content\/uploads\/2025\/03\/IMG_8286.jpg\"  class='colibri-2048-c167-image' alt=\"\" srcset=\"https:\/\/diocesisdelinares.com\/100\/wp-content\/uploads\/2025\/03\/IMG_8286.jpg 2194w, https:\/\/diocesisdelinares.com\/100\/wp-content\/uploads\/2025\/03\/IMG_8286-300x200.jpg 300w, https:\/\/diocesisdelinares.com\/100\/wp-content\/uploads\/2025\/03\/IMG_8286-1024x682.jpg 1024w, https:\/\/diocesisdelinares.com\/100\/wp-content\/uploads\/2025\/03\/IMG_8286-768x512.jpg 768w, https:\/\/diocesisdelinares.com\/100\/wp-content\/uploads\/2025\/03\/IMG_8286-1536x1024.jpg 1536w, https:\/\/diocesisdelinares.com\/100\/wp-content\/uploads\/2025\/03\/IMG_8286-2048x1365.jpg 2048w\" sizes=\"auto, (max-width: 2194px) 100vw, 2194px\" \/><\/a>\n\t\t\t<\/dt><\/dl><dl class='gallery-item masonry-item'>\n\t\t\t<dt class='gallery-icon landscape'>\n\t\t\t\t<a data-fancybox=\"colibri-2048-c167-group\" href='https:\/\/diocesisdelinares.com\/100\/wp-content\/uploads\/2025\/03\/IMG_8352.jpg'><img loading=\"lazy\" decoding=\"async\"  width=\"2194\" height=\"1462\" src=\"https:\/\/diocesisdelinares.com\/100\/wp-content\/uploads\/2025\/03\/IMG_8352.jpg\"  class='colibri-2048-c167-image' alt=\"\" srcset=\"https:\/\/diocesisdelinares.com\/100\/wp-content\/uploads\/2025\/03\/IMG_8352.jpg 2194w, https:\/\/diocesisdelinares.com\/100\/wp-content\/uploads\/2025\/03\/IMG_8352-300x200.jpg 300w, https:\/\/diocesisdelinares.com\/100\/wp-content\/uploads\/2025\/03\/IMG_8352-1024x682.jpg 1024w, https:\/\/diocesisdelinares.com\/100\/wp-content\/uploads\/2025\/03\/IMG_8352-768x512.jpg 768w, https:\/\/diocesisdelinares.com\/100\/wp-content\/uploads\/2025\/03\/IMG_8352-1536x1024.jpg 1536w, https:\/\/diocesisdelinares.com\/100\/wp-content\/uploads\/2025\/03\/IMG_8352-2048x1365.jpg 2048w\" sizes=\"auto, (max-width: 2194px) 100vw, 2194px\" \/><\/a>\n\t\t\t<\/dt><\/dl><dl class='gallery-item masonry-item'>\n\t\t\t<dt class='gallery-icon portrait'>\n\t\t\t\t<a data-fancybox=\"colibri-2048-c167-group\" href='https:\/\/diocesisdelinares.com\/100\/wp-content\/uploads\/2025\/03\/WhatsApp-Image-2024-04-04-at-10.07.18-AM-4.jpeg'><img loading=\"lazy\" decoding=\"async\"  width=\"963\" height=\"1280\" src=\"https:\/\/diocesisdelinares.com\/100\/wp-content\/uploads\/2025\/03\/WhatsApp-Image-2024-04-04-at-10.07.18-AM-4.jpeg\"  class='colibri-2048-c167-image' alt=\"\" srcset=\"https:\/\/diocesisdelinares.com\/100\/wp-content\/uploads\/2025\/03\/WhatsApp-Image-2024-04-04-at-10.07.18-AM-4.jpeg 963w, https:\/\/diocesisdelinares.com\/100\/wp-content\/uploads\/2025\/03\/WhatsApp-Image-2024-04-04-at-10.07.18-AM-4-226x300.jpeg 226w, https:\/\/diocesisdelinares.com\/100\/wp-content\/uploads\/2025\/03\/WhatsApp-Image-2024-04-04-at-10.07.18-AM-4-770x1024.jpeg 770w, https:\/\/diocesisdelinares.com\/100\/wp-content\/uploads\/2025\/03\/WhatsApp-Image-2024-04-04-at-10.07.18-AM-4-768x1021.jpeg 768w\" sizes=\"auto, (max-width: 963px) 100vw, 963px\" \/><\/a>\n\t\t\t<\/dt><\/dl><dl class='gallery-item masonry-item'>\n\t\t\t<dt class='gallery-icon landscape'>\n\t\t\t\t<a data-fancybox=\"colibri-2048-c167-group\" href='https:\/\/diocesisdelinares.com\/100\/wp-content\/uploads\/2025\/03\/IMG_4780.jpg'><img loading=\"lazy\" decoding=\"async\"  width=\"1950\" height=\"1462\" src=\"https:\/\/diocesisdelinares.com\/100\/wp-content\/uploads\/2025\/03\/IMG_4780.jpg\"  class='colibri-2048-c167-image' alt=\"\" srcset=\"https:\/\/diocesisdelinares.com\/100\/wp-content\/uploads\/2025\/03\/IMG_4780.jpg 1950w, https:\/\/diocesisdelinares.com\/100\/wp-content\/uploads\/2025\/03\/IMG_4780-300x225.jpg 300w, https:\/\/diocesisdelinares.com\/100\/wp-content\/uploads\/2025\/03\/IMG_4780-1024x768.jpg 1024w, https:\/\/diocesisdelinares.com\/100\/wp-content\/uploads\/2025\/03\/IMG_4780-768x576.jpg 768w, https:\/\/diocesisdelinares.com\/100\/wp-content\/uploads\/2025\/03\/IMG_4780-1536x1152.jpg 1536w\" sizes=\"auto, (max-width: 1950px) 100vw, 1950px\" \/><\/a>\n\t\t\t<\/dt><\/dl><dl class='gallery-item masonry-item'>\n\t\t\t<dt class='gallery-icon landscape'>\n\t\t\t\t<a data-fancybox=\"colibri-2048-c167-group\" href='https:\/\/diocesisdelinares.com\/100\/wp-content\/uploads\/2025\/03\/IMG_4802.jpg'><img loading=\"lazy\" decoding=\"async\"  width=\"1950\" height=\"1462\" src=\"https:\/\/diocesisdelinares.com\/100\/wp-content\/uploads\/2025\/03\/IMG_4802.jpg\"  class='colibri-2048-c167-image' alt=\"\" srcset=\"https:\/\/diocesisdelinares.com\/100\/wp-content\/uploads\/2025\/03\/IMG_4802.jpg 1950w, https:\/\/diocesisdelinares.com\/100\/wp-content\/uploads\/2025\/03\/IMG_4802-300x225.jpg 300w, https:\/\/diocesisdelinares.com\/100\/wp-content\/uploads\/2025\/03\/IMG_4802-1024x768.jpg 1024w, https:\/\/diocesisdelinares.com\/100\/wp-content\/uploads\/2025\/03\/IMG_4802-768x576.jpg 768w, https:\/\/diocesisdelinares.com\/100\/wp-content\/uploads\/2025\/03\/IMG_4802-1536x1152.jpg 1536w\" sizes=\"auto, (max-width: 1950px) 100vw, 1950px\" \/><\/a>\n\t\t\t<\/dt><\/dl><dl class='gallery-item masonry-item'>\n\t\t\t<dt class='gallery-icon portrait'>\n\t\t\t\t<a data-fancybox=\"colibri-2048-c167-group\" href='https:\/\/diocesisdelinares.com\/100\/wp-content\/uploads\/2024\/04\/Recuerdo-de-la-consagracion-episcopa-D.-Roberto-Moreira-Martinez-0001.jpg'><img loading=\"lazy\" decoding=\"async\"  width=\"1305\" height=\"1980\" src=\"https:\/\/diocesisdelinares.com\/100\/wp-content\/uploads\/2024\/04\/Recuerdo-de-la-consagracion-episcopa-D.-Roberto-Moreira-Martinez-0001.jpg\"  class='colibri-2048-c167-image' alt=\"\" srcset=\"https:\/\/diocesisdelinares.com\/100\/wp-content\/uploads\/2024\/04\/Recuerdo-de-la-consagracion-episcopa-D.-Roberto-Moreira-Martinez-0001.jpg 1305w, https:\/\/diocesisdelinares.com\/100\/wp-content\/uploads\/2024\/04\/Recuerdo-de-la-consagracion-episcopa-D.-Roberto-Moreira-Martinez-0001-198x300.jpg 198w, https:\/\/diocesisdelinares.com\/100\/wp-content\/uploads\/2024\/04\/Recuerdo-de-la-consagracion-episcopa-D.-Roberto-Moreira-Martinez-0001-675x1024.jpg 675w, https:\/\/diocesisdelinares.com\/100\/wp-content\/uploads\/2024\/04\/Recuerdo-de-la-consagracion-episcopa-D.-Roberto-Moreira-Martinez-0001-768x1165.jpg 768w, https:\/\/diocesisdelinares.com\/100\/wp-content\/uploads\/2024\/04\/Recuerdo-de-la-consagracion-episcopa-D.-Roberto-Moreira-Martinez-0001-1012x1536.jpg 1012w\" sizes=\"auto, (max-width: 1305px) 100vw, 1305px\" \/><\/a>\n\t\t\t<\/dt><\/dl><dl class='gallery-item masonry-item'>\n\t\t\t<dt class='gallery-icon landscape'>\n\t\t\t\t<a data-fancybox=\"colibri-2048-c167-group\" href='https:\/\/diocesisdelinares.com\/100\/wp-content\/uploads\/2024\/02\/Radio-Buena-Nueva.png'><img loading=\"lazy\" decoding=\"async\"  width=\"1280\" height=\"960\" src=\"https:\/\/diocesisdelinares.com\/100\/wp-content\/uploads\/2024\/02\/Radio-Buena-Nueva.png\"  class='colibri-2048-c167-image' alt=\"\" srcset=\"https:\/\/diocesisdelinares.com\/100\/wp-content\/uploads\/2024\/02\/Radio-Buena-Nueva.png 1280w, https:\/\/diocesisdelinares.com\/100\/wp-content\/uploads\/2024\/02\/Radio-Buena-Nueva-300x225.png 300w, https:\/\/diocesisdelinares.com\/100\/wp-content\/uploads\/2024\/02\/Radio-Buena-Nueva-1024x768.png 1024w, https:\/\/diocesisdelinares.com\/100\/wp-content\/uploads\/2024\/02\/Radio-Buena-Nueva-768x576.png 768w\" sizes=\"auto, (max-width: 1280px) 100vw, 1280px\" \/><\/a>\n\t\t\t<\/dt><\/dl><dl class='gallery-item masonry-item'>\n\t\t\t<dt class='gallery-icon landscape'>\n\t\t\t\t<a data-fancybox=\"colibri-2048-c167-group\" href='https:\/\/diocesisdelinares.com\/100\/wp-content\/uploads\/2024\/04\/Quinqueno-0001-scaled.jpg'><img loading=\"lazy\" decoding=\"async\"  width=\"2560\" height=\"1770\" src=\"https:\/\/diocesisdelinares.com\/100\/wp-content\/uploads\/2024\/04\/Quinqueno-0001-scaled.jpg\"  class='colibri-2048-c167-image' alt=\"\" srcset=\"https:\/\/diocesisdelinares.com\/100\/wp-content\/uploads\/2024\/04\/Quinqueno-0001-scaled.jpg 2560w, https:\/\/diocesisdelinares.com\/100\/wp-content\/uploads\/2024\/04\/Quinqueno-0001-300x207.jpg 300w, https:\/\/diocesisdelinares.com\/100\/wp-content\/uploads\/2024\/04\/Quinqueno-0001-1024x708.jpg 1024w, https:\/\/diocesisdelinares.com\/100\/wp-content\/uploads\/2024\/04\/Quinqueno-0001-768x531.jpg 768w, https:\/\/diocesisdelinares.com\/100\/wp-content\/uploads\/2024\/04\/Quinqueno-0001-1536x1062.jpg 1536w, https:\/\/diocesisdelinares.com\/100\/wp-content\/uploads\/2024\/04\/Quinqueno-0001-2048x1416.jpg 2048w\" sizes=\"auto, (max-width: 2560px) 100vw, 2560px\" \/><\/a>\n\t\t\t<\/dt><\/dl><dl class='gallery-item masonry-item'>\n\t\t\t<dt class='gallery-icon portrait'>\n\t\t\t\t<a data-fancybox=\"colibri-2048-c167-group\" href='https:\/\/diocesisdelinares.com\/100\/wp-content\/uploads\/2024\/02\/inicio-construccion-templo-catedral.png'><img loading=\"lazy\" decoding=\"async\"  width=\"1587\" height=\"2245\" src=\"https:\/\/diocesisdelinares.com\/100\/wp-content\/uploads\/2024\/02\/inicio-construccion-templo-catedral.png\"  class='colibri-2048-c167-image' alt=\"\" srcset=\"https:\/\/diocesisdelinares.com\/100\/wp-content\/uploads\/2024\/02\/inicio-construccion-templo-catedral.png 1587w, https:\/\/diocesisdelinares.com\/100\/wp-content\/uploads\/2024\/02\/inicio-construccion-templo-catedral-212x300.png 212w, https:\/\/diocesisdelinares.com\/100\/wp-content\/uploads\/2024\/02\/inicio-construccion-templo-catedral-724x1024.png 724w, https:\/\/diocesisdelinares.com\/100\/wp-content\/uploads\/2024\/02\/inicio-construccion-templo-catedral-768x1086.png 768w, https:\/\/diocesisdelinares.com\/100\/wp-content\/uploads\/2024\/02\/inicio-construccion-templo-catedral-1086x1536.png 1086w, https:\/\/diocesisdelinares.com\/100\/wp-content\/uploads\/2024\/02\/inicio-construccion-templo-catedral-1448x2048.png 1448w\" sizes=\"auto, (max-width: 1587px) 100vw, 1587px\" \/><\/a>\n\t\t\t<\/dt><\/dl><dl class='gallery-item masonry-item'>\n\t\t\t<dt class='gallery-icon portrait'>\n\t\t\t\t<a data-fancybox=\"colibri-2048-c167-group\" href='https:\/\/diocesisdelinares.com\/100\/wp-content\/uploads\/2023\/09\/PORTADA-BN-AGOSTO-2023.jpg'><img loading=\"lazy\" decoding=\"async\"  width=\"1625\" height=\"2245\" src=\"https:\/\/diocesisdelinares.com\/100\/wp-content\/uploads\/2023\/09\/PORTADA-BN-AGOSTO-2023.jpg\"  class='colibri-2048-c167-image' alt=\"\" srcset=\"https:\/\/diocesisdelinares.com\/100\/wp-content\/uploads\/2023\/09\/PORTADA-BN-AGOSTO-2023.jpg 1625w, https:\/\/diocesisdelinares.com\/100\/wp-content\/uploads\/2023\/09\/PORTADA-BN-AGOSTO-2023-217x300.jpg 217w, https:\/\/diocesisdelinares.com\/100\/wp-content\/uploads\/2023\/09\/PORTADA-BN-AGOSTO-2023-741x1024.jpg 741w, https:\/\/diocesisdelinares.com\/100\/wp-content\/uploads\/2023\/09\/PORTADA-BN-AGOSTO-2023-768x1061.jpg 768w, https:\/\/diocesisdelinares.com\/100\/wp-content\/uploads\/2023\/09\/PORTADA-BN-AGOSTO-2023-1112x1536.jpg 1112w, https:\/\/diocesisdelinares.com\/100\/wp-content\/uploads\/2023\/09\/PORTADA-BN-AGOSTO-2023-1482x2048.jpg 1482w\" sizes=\"auto, (max-width: 1625px) 100vw, 1625px\" \/><\/a>\n\t\t\t<\/dt><\/dl><dl class='gallery-item masonry-item'>\n\t\t\t<dt class='gallery-icon landscape'>\n\t\t\t\t<a data-fancybox=\"colibri-2048-c167-group\" href='https:\/\/diocesisdelinares.com\/100\/wp-content\/uploads\/2023\/06\/corpus-christi.jpg'><img loading=\"lazy\" decoding=\"async\"  width=\"1290\" height=\"860\" src=\"https:\/\/diocesisdelinares.com\/100\/wp-content\/uploads\/2023\/06\/corpus-christi.jpg\"  class='colibri-2048-c167-image' alt=\"\" srcset=\"https:\/\/diocesisdelinares.com\/100\/wp-content\/uploads\/2023\/06\/corpus-christi.jpg 1290w, https:\/\/diocesisdelinares.com\/100\/wp-content\/uploads\/2023\/06\/corpus-christi-300x200.jpg 300w, https:\/\/diocesisdelinares.com\/100\/wp-content\/uploads\/2023\/06\/corpus-christi-1024x683.jpg 1024w, https:\/\/diocesisdelinares.com\/100\/wp-content\/uploads\/2023\/06\/corpus-christi-768x512.jpg 768w\" sizes=\"auto, (max-width: 1290px) 100vw, 1290px\" \/><\/a>\n\t\t\t<\/dt><\/dl><dl class='gallery-item masonry-item'>\n\t\t\t<dt class='gallery-icon portrait'>\n\t\t\t\t<a data-fancybox=\"colibri-2048-c167-group\" href='https:\/\/diocesisdelinares.com\/100\/wp-content\/uploads\/2023\/07\/PORTADA-JUNIO-2023.jpg'><img loading=\"lazy\" decoding=\"async\"  width=\"1625\" height=\"2245\" src=\"https:\/\/diocesisdelinares.com\/100\/wp-content\/uploads\/2023\/07\/PORTADA-JUNIO-2023.jpg\"  class='colibri-2048-c167-image' alt=\"\" srcset=\"https:\/\/diocesisdelinares.com\/100\/wp-content\/uploads\/2023\/07\/PORTADA-JUNIO-2023.jpg 1625w, https:\/\/diocesisdelinares.com\/100\/wp-content\/uploads\/2023\/07\/PORTADA-JUNIO-2023-217x300.jpg 217w, https:\/\/diocesisdelinares.com\/100\/wp-content\/uploads\/2023\/07\/PORTADA-JUNIO-2023-741x1024.jpg 741w, https:\/\/diocesisdelinares.com\/100\/wp-content\/uploads\/2023\/07\/PORTADA-JUNIO-2023-768x1061.jpg 768w, https:\/\/diocesisdelinares.com\/100\/wp-content\/uploads\/2023\/07\/PORTADA-JUNIO-2023-1112x1536.jpg 1112w, https:\/\/diocesisdelinares.com\/100\/wp-content\/uploads\/2023\/07\/PORTADA-JUNIO-2023-1482x2048.jpg 1482w\" sizes=\"auto, (max-width: 1625px) 100vw, 1625px\" \/><\/a>\n\t\t\t<\/dt><\/dl><dl class='gallery-item masonry-item'>\n\t\t\t<dt class='gallery-icon portrait'>\n\t\t\t\t<a data-fancybox=\"colibri-2048-c167-group\" href='https:\/\/diocesisdelinares.com\/100\/wp-content\/uploads\/2025\/03\/1982-se-realizan-confirmaciones-de-21-jovenes.jpeg'><img loading=\"lazy\" decoding=\"async\"  width=\"960\" height=\"1280\" src=\"https:\/\/diocesisdelinares.com\/100\/wp-content\/uploads\/2025\/03\/1982-se-realizan-confirmaciones-de-21-jovenes.jpeg\"  class='colibri-2048-c167-image' alt=\"\" srcset=\"https:\/\/diocesisdelinares.com\/100\/wp-content\/uploads\/2025\/03\/1982-se-realizan-confirmaciones-de-21-jovenes.jpeg 960w, https:\/\/diocesisdelinares.com\/100\/wp-content\/uploads\/2025\/03\/1982-se-realizan-confirmaciones-de-21-jovenes-225x300.jpeg 225w, https:\/\/diocesisdelinares.com\/100\/wp-content\/uploads\/2025\/03\/1982-se-realizan-confirmaciones-de-21-jovenes-768x1024.jpeg 768w\" sizes=\"auto, (max-width: 960px) 100vw, 960px\" \/><\/a>\n\t\t\t<\/dt><\/dl><dl class='gallery-item masonry-item'>\n\t\t\t<dt class='gallery-icon portrait'>\n\t\t\t\t<a data-fancybox=\"colibri-2048-c167-group\" href='https:\/\/diocesisdelinares.com\/100\/wp-content\/uploads\/2025\/03\/Hermanas-Paulina-Camus-y-Ester-Aravena.jpeg'><img loading=\"lazy\" decoding=\"async\"  width=\"960\" height=\"1280\" src=\"https:\/\/diocesisdelinares.com\/100\/wp-content\/uploads\/2025\/03\/Hermanas-Paulina-Camus-y-Ester-Aravena.jpeg\"  class='colibri-2048-c167-image' alt=\"\" srcset=\"https:\/\/diocesisdelinares.com\/100\/wp-content\/uploads\/2025\/03\/Hermanas-Paulina-Camus-y-Ester-Aravena.jpeg 960w, https:\/\/diocesisdelinares.com\/100\/wp-content\/uploads\/2025\/03\/Hermanas-Paulina-Camus-y-Ester-Aravena-225x300.jpeg 225w, https:\/\/diocesisdelinares.com\/100\/wp-content\/uploads\/2025\/03\/Hermanas-Paulina-Camus-y-Ester-Aravena-768x1024.jpeg 768w\" sizes=\"auto, (max-width: 960px) 100vw, 960px\" \/><\/a>\n\t\t\t<\/dt><\/dl>\n\t\t\t\n\t\t<\/div>\n<style>#colibri-2048-c167 .wp-caption-text.gallery-caption{display:none;}<\/style><\/div><\/div>\n                <\/div>\n              <\/div>\n            <\/div>\n          <\/div>\n        <\/div>\n      <\/div>\n    <\/div>\n  <\/div>\n<\/div>","protected":false},"excerpt":{"rendered":"<p>18&nbsp;OCTUBRE&nbsp;1925 &#8211; 18 OCTUBRE&nbsp;2025 100 a\u00f1os sembrando las semillas del reino en tierras maulinas Libros de M. Carlos Camus Documentos Hist\u00f3ricos CANCIONERO M\u00c1S CERCA DE LA LUZ L\u00ednea de Tiempo Diocesana Ver Pantalla Completa Especial Patrimonio Cultural-Religioso Templo Catedral Linares Saber M\u00e1s Parroquia San Alfonso, Cauquenes Saber M\u00e1s Parroquia San Francisco, Parral Saber M\u00e1s Parroquia [&hellip;]<\/p>\n","protected":false},"author":1,"featured_media":0,"parent":0,"menu_order":0,"comment_status":"closed","ping_status":"closed","template":"page-templates\/homepage.php","meta":{"footnotes":""},"class_list":["post-2048","page","type-page","status-publish","hentry"],"_links":{"self":[{"href":"https:\/\/diocesisdelinares.com\/100\/wp-json\/wp\/v2\/pages\/2048","targetHints":{"allow":["GET"]}}],"collection":[{"href":"https:\/\/diocesisdelinares.com\/100\/wp-json\/wp\/v2\/pages"}],"about":[{"href":"https:\/\/diocesisdelinares.com\/100\/wp-json\/wp\/v2\/types\/page"}],"author":[{"embeddable":true,"href":"https:\/\/diocesisdelinares.com\/100\/wp-json\/wp\/v2\/users\/1"}],"replies":[{"embeddable":true,"href":"https:\/\/diocesisdelinares.com\/100\/wp-json\/wp\/v2\/comments?post=2048"}],"version-history":[{"count":20,"href":"https:\/\/diocesisdelinares.com\/100\/wp-json\/wp\/v2\/pages\/2048\/revisions"}],"predecessor-version":[{"id":8453,"href":"https:\/\/diocesisdelinares.com\/100\/wp-json\/wp\/v2\/pages\/2048\/revisions\/8453"}],"wp:attachment":[{"href":"https:\/\/diocesisdelinares.com\/100\/wp-json\/wp\/v2\/media?parent=2048"}],"curies":[{"name":"wp","href":"https:\/\/api.w.org\/{rel}","templated":true}]}}